{"id":12911,"date":"2024-09-16T15:41:27","date_gmt":"2024-09-16T13:41:27","guid":{"rendered":"https:\/\/www.camping-baden.com\/faq\/"},"modified":"2026-04-27T09:24:29","modified_gmt":"2026-04-27T07:24:29","slug":"faq","status":"publish","type":"page","link":"https:\/\/www.camping-baden.com\/nl\/faq\/","title":{"rendered":"FAQ"},"content":{"rendered":"<section id=\"ls-section-block_bf8749884b38f3882e3807f7833a83b6\" class=\"ls-section  home-sixth page-one\" >\r\n        <div class=\"container container--wide\">\r\n        \n\n<h1 class=\"ls__heading wp-block-heading has-text-align-center has-color-2-color has-text-color has-link-color wp-elements-bf8d5e0d4c6020dcc03a72476f1c8150\">Veelgestelde vragen<\/h1>\n\n\n\n<div style=\"height:64px\" aria-hidden=\"true\" class=\"wp-block-spacer\"><\/div>\n\n\n\n<div class=\"wp-block-columns are-vertically-aligned-center first is-layout-flex wp-container-core-columns-is-layout-9d6595d7 wp-block-columns-is-layout-flex\">\n<div class=\"wp-block-column is-vertically-aligned-center text is-layout-flow wp-block-column-is-layout-flow\" style=\"flex-basis:45%\">\n<h2 class=\"ls__heading wp-block-heading has-color-2-color has-text-color has-link-color wp-elements-45bf69ffd2857a0fafdd416dd4941cef\">Algemene vragen<\/h2>\n<\/div>\n<\/div>\n\n\n\n<div class=\"wp-block-columns are-vertically-aligned-center first is-layout-flex wp-container-core-columns-is-layout-9d6595d7 wp-block-columns-is-layout-flex\">\n<div class=\"wp-block-column is-vertically-aligned-center is-layout-flow wp-block-column-is-layout-flow\" style=\"flex-basis:55%\"><div id=\"faq\" class=\"faq-container\"><div class=\"faq-wrap\" itemscope=\"\" itemtype=\"https:\/\/schema.org\/FAQPage\"><div class=\"faq__box faq__item\"><div class=\"faq__container\"><div class=\"faq__block\" itemscope=\"\" itemprop=\"mainEntity\" itemtype=\"https:\/\/schema.org\/Question\"><details class=\"faq\"><summary class=\"faq-question\" itemprop=\"name\"><div>Wat zijn de openingstijden van de receptie?<\/div><span class=\"faq-opener\"><\/span><\/summary><div class=\"content\" itemscope=\"\" itemprop=\"acceptedAnswer\" itemtype=\"https:\/\/schema.org\/Answer\"><div itemprop=\"text\"><p><strong>De receptie is geopend:<\/strong><br \/>\nVanaf de opening van de camping <strong>in april, mei en juni<\/strong>: elke dag van <strong>9.00 tot 19.00 uur<\/strong>. <strong>Tot 20u op vrijdag<\/strong>.<br \/>\n<strong>In juli en augustus<\/strong>: elke dag van <strong>9u tot 20u<\/strong><br \/>\n<strong>In september<\/strong>: elke dag van <strong>9u tot 12u30 en van 13u30 tot 19u<\/strong><br \/>\nVan oktober tot maart (behalve de tweede helft van december): de kantoren zijn open van maandag tot vrijdag van 9u tot 12u30 en van 14u tot 18u.<\/p>\n<\/div><\/div><\/details><\/div><\/div><\/div><div class=\"faq__box faq__item\"><div class=\"faq__container\"><div class=\"faq__block\" itemscope=\"\" itemprop=\"mainEntity\" itemtype=\"https:\/\/schema.org\/Question\"><details class=\"faq\"><summary class=\"faq-question\" itemprop=\"name\"><div>Wanneer is de camping open?<\/div><span class=\"faq-opener\"><\/span><\/summary><div class=\"content\" itemscope=\"\" itemprop=\"acceptedAnswer\" itemtype=\"https:\/\/schema.org\/Answer\"><div itemprop=\"text\"><p><strong>De camping en alle diensten zijn geopend van 10 april 2026 tot 20 september 2026.<\/strong><br \/>\n<strong>De g\u00eetes zijn het hele jaar geopend<\/strong>.<\/p>\n<p>Onze kantoren zijn het hele jaar geopend en online reserveren is 24 uur per dag mogelijk!<\/p>\n<\/div><\/div><\/details><\/div><\/div><\/div><div class=\"faq__box faq__item\"><div class=\"faq__container\"><div class=\"faq__block\" itemscope=\"\" itemprop=\"mainEntity\" itemtype=\"https:\/\/schema.org\/Question\"><details class=\"faq\"><summary class=\"faq-question\" itemprop=\"name\"><div>Wat is de grootte en topologie van de camping?<\/div><span class=\"faq-opener\"><\/span><\/summary><div class=\"content\" itemscope=\"\" itemprop=\"acceptedAnswer\" itemtype=\"https:\/\/schema.org\/Answer\"><div itemprop=\"text\"><p>Het landgoed Man\u00e9 Guernehu\u00e9 heeft een totale oppervlakte van <strong>20 hectare<\/strong>. Op een landschapsterrein van 10 hectare vind je een ruime keuze aan staanplaatsen en huuraccommodaties (414 waaronder 242 stacaravans).<br \/>\nOnder het terrein liggen vijvers, ideaal om te wandelen en te vissen in een prachtige natuurlijke omgeving. Een deel van het terrein loopt af in de richting van de vijvers. In dit gedeelte zijn de staanplaatsen terrasvormig.   De rest van het terrein (het overgrote deel) is vlak.<br \/>\nDankzij de<strong>optie &#8220;voorkeursligging&#8221; kun<\/strong> je het deel van het landgoed kiezen waar je wilt zijn.<\/p>\n<\/div><\/div><\/details><\/div><\/div><\/div><div class=\"faq__box faq__item\"><div class=\"faq__container\"><div class=\"faq__block\" itemscope=\"\" itemprop=\"mainEntity\" itemtype=\"https:\/\/schema.org\/Question\"><details class=\"faq\"><summary class=\"faq-question\" itemprop=\"name\"><div>Zijn huisdieren toegestaan op de camping?<\/div><span class=\"faq-opener\"><\/span><\/summary><div class=\"content\" itemscope=\"\" itemprop=\"acceptedAnswer\" itemtype=\"https:\/\/schema.org\/Answer\"><div itemprop=\"text\"><p>Huisdieren zijn welkom op camping Man\u00e9 Guernehu\u00e9, behalve in bepaalde stacaravanzones en in de g\u00eetes.<\/p>\n<p>Er wordt een toeslag in rekening gebracht.<\/p>\n<p>Honden en huisdieren moeten aangelijnd zijn en mogen niet alleen op de staanplaats worden achtergelaten, zelfs niet opgesloten, in afwezigheid van hun baasjes die burgerlijk verantwoordelijk voor hen zijn.<\/p>\n<p>Voor dagelijkse wandelingen kunt u het beste de natuurgebieden aan de rand van de camping bezoeken.<\/p>\n<\/div><\/div><\/details><\/div><\/div><\/div><div class=\"faq__box faq__item\"><div class=\"faq__container\"><div class=\"faq__block\" itemscope=\"\" itemprop=\"mainEntity\" itemtype=\"https:\/\/schema.org\/Question\"><details class=\"faq\"><summary class=\"faq-question\" itemprop=\"name\"><div>Wat zijn de voorwaarden voor terugbetaling als ik mijn boeking annuleer zonder een annuleringsdekking te hebben afgesloten?<\/div><span class=\"faq-opener\"><\/span><\/summary><div class=\"content\" itemscope=\"\" itemprop=\"acceptedAnswer\" itemtype=\"https:\/\/schema.org\/Answer\"><div itemprop=\"text\"><p>De terugbetalingsregelingen in geval van annulering staan vermeld in onze <strong>Algemene Verkoopvoorwaarden<\/strong>, onder het kopje <strong>&#8220;Annulering<\/strong> &#8220;. Raadpleeg deze voorwaarden of neem contact met ons op als u nog vragen hebt. <\/p>\n<p><strong>Artikel 4 van de algemene verkoopvoorwaarden<\/strong> <strong>:<\/strong> <strong> Annulering door de kampeerder<\/strong><br \/>\nIn geval van annulering door de kampeerder, behalve in geval van overmacht, gelden de volgende annulerings- en terugbetalingsvoorwaarden. <strong>Elk annuleringsverzoek moet per post worden verstuurd<\/strong> naar het postadres van de camping Yelloh! Village <strong>of per e-mail<\/strong> (info@camping-baden.com). Telefonische annuleringen kunnen niet in aanmerking worden genomen. Elke annulering leidt tot annulering van de reservering en de camping behoudt zich het recht voor om de accommodatie opnieuw te verhuren.<br \/>\n<strong>a. In geval van annulering door de kampeerder zonder annuleringsdekking <\/strong><br \/>\nOm een van de volgende redenen en tot de datum van aankomst:<br \/>\n-Sluiting van de grenzen door een administratieve beslissing,<br \/>\n-Administratieve sluiting van de camping,<br \/>\n-Beperking van de reis tot een aantal kilometers door een administratieve beslissing waardoor het onmogelijk is om naar de camping te komen,<br \/>\nEen tegoedbon voor het volledige betaalde bedrag, geldig voor twee jaar, zal worden uitgegeven door de camping. Indien de klant deze tegoedbon weigert, zal het betreffende bedrag op verzoek worden terugbetaald.<br \/>\n<strong>Om een andere reden:<\/strong><br \/>\n&#8211; <strong>Geval 1 &#8211; Annulering tot 16 (zestien) dagen voor het begin van het verblijf.<\/strong><br \/>\nDe aanbetaling van 25% van de verblijfskosten wordt door de camping ingehouden als annuleringskosten. De betaalde bedragen, in mindering gebracht op het bedrag van de aanbetaling, zullen worden terugbetaald. Als de betaling geheel of gedeeltelijk is gedaan met een voucher die meer waard is dan de aanbetaling: de aanbetaling van 25% wordt door de camping ingehouden als annuleringskosten. Een nieuwe niet-restitueerbare voucher voor 2 jaar voor gebruik op de camping waar de vakantie werd geannuleerd zal worden uitgegeven voor het bedrag van de oorspronkelijke voucher minus de aanbetaling van 25%. De rest van de betaalde bedragen anders dan de voucher zal worden terugbetaald.<br \/>\n&#8211; <strong>Geval 2: Annulering tussen D-15 en D-8 voor aanvang van de vakantie.<\/strong> De camping houdt 50% van de totale verblijfskosten in als annuleringskosten. Er wordt een tegoedbon uitgegeven voor een bedrag dat overeenkomt met de betaalde bedragen minus de annuleringskosten van 50% van het totale bedrag van het verblijf. Deze tegoedbon wordt niet terugbetaald, is niet overdraagbaar, kan alleen worden gebruikt op de camping waar het verblijf is geannuleerd en is twee jaar geldig.<br \/>\n<strong>&#8211; Geval 3: Annulering tussen D-7 en D-0 voor het begin van de vakantie.<\/strong>  Alle betaalde bedragen, d.w.z. de totale kosten van het verblijf, worden door de camping ingehouden. Er vindt geen terugbetaling plaats. Indien de klant niet binnen twee dagen na aanvang van het verblijf op de camping arriveert zonder de camping hiervan per post of e-mail op de hoogte te hebben gesteld, wordt de reservering als geannuleerd beschouwd door de klant. De camping behoudt zich dan het recht voor om de accommodatie opnieuw te verhuren.  <\/p>\n<\/div><\/div><\/details><\/div><\/div><\/div><div class=\"faq__box faq__item\"><div class=\"faq__container\"><div class=\"faq__block\" itemscope=\"\" itemprop=\"mainEntity\" itemtype=\"https:\/\/schema.org\/Question\"><details class=\"faq\"><summary class=\"faq-question\" itemprop=\"name\"><div>Wat zijn de voorwaarden voor terugbetaling als ik mijn boeking annuleer met de annuleringsgarantie?<\/div><span class=\"faq-opener\"><\/span><\/summary><div class=\"content\" itemscope=\"\" itemprop=\"acceptedAnswer\" itemtype=\"https:\/\/schema.org\/Answer\"><div itemprop=\"text\"><p>De voorwaarden voor terugbetaling in geval van annulering na het <strong>afsluiten van de annuleringsgarantie<\/strong> staan vermeld in onze <strong>Algemene Verkoopvoorwaarden, rubriek &#8220;Annulering&#8221;<\/strong> en in de voorwaarden van de <strong>annuleringsgarantie<\/strong>. Aarzel niet om ze te raadplegen of contact met ons op te nemen als je nog vragen hebt. <\/p>\n<p><strong>Artikel 4 van de Algemene Verkoopvoorwaarden : Annulering door de kampeerder<\/strong><\/p>\n<p><strong>b. In geval van annulering door de kampeerder met een annuleringsgarantie. <\/strong><br \/>\nDe betaalde bedragen worden gedekt door de garantie in overeenstemming met de algemene annuleringsvoorwaarden. Als de reden niet wordt gedekt door de annuleringsverzekering of als het dossier door deze wordt geweigerd, zijn de algemene verkoopvoorwaarden in paragraaf 4 a. (vorige vraag) van toepassing en worden de kosten van de annuleringsverzekering afgetrokken van de betaalde bedragen in geval van annulering.  <\/p>\n<p><strong>ANNULERINGSGARANTIE VOORWAARDEN<\/strong><\/p>\n<p><strong>1\/ UITLEG VAN DE DEKKINGEN<\/strong><br \/>\nDe volgende gebeurtenissen zijn gedekt:<br \/>\na- Ernstige ziekte, ongeval of overlijden :<br \/>\n* uzelf of een andere persoon die uitdrukkelijk vermeld staat in het boekingscontract<br \/>\n* uw echtgeno(o)t(e) (of elke persoon die in een echtelijke relatie leeft onder hetzelfde dak)<br \/>\n* uw rechtstreekse bloedverwanten in opgaande of neergaande lijn<br \/>\n* uw broers of zussen * uw schoonzonen of schoondochters<br \/>\nb- Belangrijke schade veroorzaakt aan uw lokalen, professioneel of priv\u00e9, een hoofd- of tweede verblijf, als gevolg van brand, ontploffing, waterschade of diefstal, die zich voordoet in de 48 uur voor het begin van de vakantie en die het herstel van de lokalen en uw aanwezigheid ter plaatse vereist.<br \/>\nc- Ernstige schade aan uw voertuig als gevolg van een ongeval dat binnen 48 uur voor vertrek heeft plaatsgevonden en waardoor u het voertuig niet kunt gebruiken.<br \/>\nd- Wijzigingen in uw vakantiedata, opgelegd door uw werkgever, die plaatsvinden na de boeking en die de periode van uw verblijf be\u00efnvloeden.<br \/>\ne-ontslag van uzelf (of uw echtgeno(o)t(e)) op voorwaarde dat de uitnodiging voor het kennismakingsgesprek verstuurd wordt nadat de vakantie geboekt is.<br \/>\nf- Overplaatsing van uzelf (of uw echtgeno(o)t(e)), op initiatief van de werkgever, waarbij u van woonplaats verandert, onder de uitdrukkelijke voorwaarde dat de kennisgeving plaatsvindt nadat de vakantie is geboekt. Om gedekt te zijn, moet elke gebeurtenis plaatsvinden nadat de verzekering is afgesloten.<br \/>\n<strong>DEFINITIES<\/strong><br \/>\nZiekte: een door een bevoegde medische instantie naar behoren gecertificeerde verslechtering van de gezondheidstoestand, waardoor de pati\u00ebnt op de begindatum van de boekingsperiode de woning of het ziekenhuis waar hij\/zij wordt behandeld niet kan verlaten en waardoor alle beroeps- of andere activiteiten volledig moeten worden gestaakt.<br \/>\nOngeval: elke onvoorziene en plotselinge gebeurtenis die lichamelijk letsel veroorzaakt bij de persoon die heeft geboekt, dat niet het gevolg is van zijn\/haar opzettelijke handeling, en waardoor hij\/zij niet kan deelnemen aan het geboekte verblijf.<br \/>\n<strong>VERZEKERING IS NOOIT GESCHIKT VOOR VERLIES ALS GEVOLG VAN:<\/strong><br \/>\n&#8211; uw handelingen anders dan voorzien in de polis<br \/>\n&#8211; feiten die bekend waren v\u00f3\u00f3r de boeking, met dien verstande dat de niet te voorziene verergering van een reeds bestaande ziekte geen bekende situatie vormt<br \/>\n&#8211; complicaties of bevalling na het einde van de 6e maand van de zwangerschap<br \/>\n&#8211; een psychische aandoening waarvoor ten tijde van het verblijf geen ziekenhuisopname nodig is<br \/>\n&#8211; operaties of medische ingrepen die gepland zijn voordat de vakantie geboekt is of die daarna uitgevoerd kunnen worden &#8211; dronkenschap, gebruik van drugs, aantasting van de gezondheid als gevolg van de inname van niet-voorgeschreven medicatie<br \/>\n&#8211; contra-indicatie van vaccinatie of vliegreizen als gevolg van reeds bestaande gezondheidsproblemen<br \/>\n&#8211; burgeroorlog of buitenlandse oorlog, rellen, aanslagen, burgerlijke onlusten<br \/>\n&#8211; epidemie\u00ebn, nucleaire of chemische incidenten, natuurrampen<br \/>\n&#8211; het om welke reden dan ook niet nakomen van de diensten zoals voorzien in het oorspronkelijke boekingscontract.<br \/>\n<strong>2\/ AARD EN BEDRAG VAN DE GARANTIE<\/strong><br \/>\nIn geval van annulering van uw verblijf zal camping MANE GUERNEHUE u de betaalde en daadwerkelijk ge\u00efnde bedragen terugbetalen, overeenkomstig de voorwaarden van het oorspronkelijke reserveringscontract. De garantiepremie, eventuele administratiekosten en alle kosten en diensten die niet in de berekening van de premie zijn opgenomen, worden nooit terugbetaald. In geval van annulering geldt een maximum van \u20ac 3.800 inclusief belasting per schadegeval.<br \/>\n<strong>3\/ INGANGSDATUM<\/strong><br \/>\nDe annuleringsdekking gaat in op de dag na 12.00 uur van betaling van de premie en voor de periode vanaf de reservering tot de dag voor het verblijf.<br \/>\n<strong>4\/ ANNULERING<br \/>\n<\/strong> Elke annulering van een reservering moet schriftelijk gebeuren en binnen de 5 werkdagen na de datum waarop u kennis hebt gekregen van de annulering, aan camping MANE GUERNEHUE worden overgemaakt (aangetekend schrijven met ontvangstbewijs).<\/p>\n<\/div><\/div><\/details><\/div><\/div><\/div><div class=\"faq__box faq__item\"><div class=\"faq__container\"><div class=\"faq__block\" itemscope=\"\" itemprop=\"mainEntity\" itemtype=\"https:\/\/schema.org\/Question\"><details class=\"faq\"><summary class=\"faq-question\" itemprop=\"name\"><div>Hoe annuleer ik mijn boeking?<\/div><span class=\"faq-opener\"><\/span><\/summary><div class=\"content\" itemscope=\"\" itemprop=\"acceptedAnswer\" itemtype=\"https:\/\/schema.org\/Answer\"><div itemprop=\"text\"><p>Om uw reservering te annuleren, <strong>stuurt u ons uw verzoek schriftelijk, per e-mail.<\/strong><br \/>\nDe datum van ontvangst van uw bericht geldt als bewijs, in overeenstemming met onze Algemene Verkoopvoorwaarden.<\/p>\n<\/div><\/div><\/details><\/div><\/div><\/div><div class=\"faq__box faq__item\"><div class=\"faq__container\"><div class=\"faq__block\" itemscope=\"\" itemprop=\"mainEntity\" itemtype=\"https:\/\/schema.org\/Question\"><details class=\"faq\"><summary class=\"faq-question\" itemprop=\"name\"><div>Kan ik mijn boeking wijzigen? Zo ja, hoe? <\/div><span class=\"faq-opener\"><\/span><\/summary><div class=\"content\" itemscope=\"\" itemprop=\"acceptedAnswer\" itemtype=\"https:\/\/schema.org\/Answer\"><div itemprop=\"text\"><p>U kunt uw reservering wijzigen onder voorbehoud van beschikbaarheid en de voorwaarden die zijn uiteengezet in onze Algemene Verkoopvoorwaarden.<br \/>\nAarzel niet om rechtstreeks contact met ons op te nemen als u wijzigingen wilt aanbrengen.<\/p>\n<p><strong>Uittreksel uit de Algemene verkoopvoorwaarden<\/strong>:<\/p>\n<p><strong>ANNULERING EN WIJZIGINGEN<\/strong><br \/>\n<strong>1. Wijzigingen van uw reservering<\/strong><br \/>\nKlanten kunnen op schriftelijk verzoek (per post of e-mail) aan de camping wijzigingen van hun verblijf op dezelfde camping (data, type accommodatie, opties) aanvragen, onder voorbehoud van beschikbaarheid en mogelijkheid.<br \/>\nUitstel wordt niet geaccepteerd voor het volgende seizoen. Als er geen wijziging wordt aangebracht, is de klant verplicht te blijven zoals oorspronkelijk geboekt of te annuleren onder de voorwaarden van de annuleringsverzekering.<br \/>\n&#8211; Elk verzoek om de duur van je verblijf te verlengen is afhankelijk van beschikbaarheid en de huidige tarieven.<br \/>\n&#8211; Elk verzoek om de duur van uw verblijf te verkorten wordt beschouwd als een gedeeltelijke annulering en is onderworpen aan de voorwaarden voor annulering en onderbreking van het verblijf.<\/p>\n<\/div><\/div><\/details><\/div><\/div><\/div><div class=\"faq__box faq__item\"><div class=\"faq__container\"><div class=\"faq__block\" itemscope=\"\" itemprop=\"mainEntity\" itemtype=\"https:\/\/schema.org\/Question\"><details class=\"faq\"><summary class=\"faq-question\" itemprop=\"name\"><div>Is er overal op de camping Wi-Fi beschikbaar? Is het gratis? <\/div><span class=\"faq-opener\"><\/span><\/summary><div class=\"content\" itemscope=\"\" itemprop=\"acceptedAnswer\" itemtype=\"https:\/\/schema.org\/Answer\"><div itemprop=\"text\"><p>Wi-Fi is gratis en beschikbaar op de hele camping, afhankelijk van de dekking en signaalkwaliteit.<\/p>\n<\/div><\/div><\/details><\/div><\/div><\/div><\/div><\/div><\/div>\n\n\n\n<div class=\"wp-block-column is-vertically-aligned-center is-layout-flow wp-block-column-is-layout-flow\" style=\"flex-basis:55%\"><div id=\"faq\" class=\"faq-container\"><div class=\"faq-wrap\" itemscope=\"\" itemtype=\"https:\/\/schema.org\/FAQPage\"><div class=\"faq__box faq__item\"><div class=\"faq__container\"><div class=\"faq__block\" itemscope=\"\" itemprop=\"mainEntity\" itemtype=\"https:\/\/schema.org\/Question\"><details class=\"faq\"><summary class=\"faq-question\" itemprop=\"name\"><div>Wat zijn de in- en uitchecktijden? Wat moet ik doen als ik aankom nadat de receptie gesloten is? <\/div><span class=\"faq-opener\"><\/span><\/summary><div class=\"content\" itemscope=\"\" itemprop=\"acceptedAnswer\" itemtype=\"https:\/\/schema.org\/Answer\"><div itemprop=\"text\"><p><strong>In een huurwoning of g\u00eete <\/strong>: Aankomst vanaf 16u \/ vertrek voor 10u<\/p>\n<p><strong>Kampeerplaatsen<\/strong>: Aankomst vanaf 14u \/ vertrek voor 12u<\/p>\n<p>Neem <strong>voor late aankomsten<\/strong> na sluitingstijd van de receptie contact op met het kantoor op de dag van aankomst. Een brief met alle benodigde informatie zal voor je klaarliggen bij de receptie.<br \/>\nHoud er rekening mee dat <strong>de slagbomen gesloten zijn tussen 23.00 en 07.00 uur<\/strong>. Als je aankomt als de poorten gesloten zijn, kun je parkeren op de parkeerplaats buiten bij de ingang van de camping.  <\/p>\n<p><strong>Als je vertrekt voordat de receptie opengaat<\/strong>: bel de receptie de dag ervoor. Laat de sleutels achter in de brievenbus voor de receptie.<\/p>\n<\/div><\/div><\/details><\/div><\/div><\/div><div class=\"faq__box faq__item\"><div class=\"faq__container\"><div class=\"faq__block\" itemscope=\"\" itemprop=\"mainEntity\" itemtype=\"https:\/\/schema.org\/Question\"><details class=\"faq\"><summary class=\"faq-question\" itemprop=\"name\"><div>Is er een borg vereist bij aankomst?<\/div><span class=\"faq-opener\"><\/span><\/summary><div class=\"content\" itemscope=\"\" itemprop=\"acceptedAnswer\" itemtype=\"https:\/\/schema.org\/Answer\"><div itemprop=\"text\"><p>Zoals bepaald in de algemene verkoopvoorwaarden, moet je<strong> bij aankomst<\/strong> een<strong> borgsom<\/strong> betalen bij het overhandigen van de sleutels van je huuraccommodatie<strong>(stacaravan, g\u00eete of kampeerplaats met priv\u00e9toilet<\/strong>).<br \/>\nDe borgsom van 200 euro kan worden betaald in de vorm van een<strong>niet-gedebiteerde bankafdruk<\/strong> (niet-gedebiteerde preautorisatie) of per <strong>cheque<\/strong>. Houd er rekening mee dat sommige buitenlandse banken het bedrag van de borg kunnen blokkeren zonder het daadwerkelijk te debiteren.<br \/>\n<strong>Aan het einde van je verblijf<\/strong>, nadat je accommodatie is gecontroleerd, ontvang je binnen maximaal 8 dagen na je vertrek een e-mail om de annulering van de pre-autorisatie of de vernietiging van de cheque te bevestigen, als de accommodatie schoon is en op geen enkele manier is beschadigd. We nemen contact met je op als er problemen zijn. De prijslijst is verkrijgbaar bij de receptie.  <\/p>\n<\/div><\/div><\/details><\/div><\/div><\/div><div class=\"faq__box faq__item\"><div class=\"faq__container\"><div class=\"faq__block\" itemscope=\"\" itemprop=\"mainEntity\" itemtype=\"https:\/\/schema.org\/Question\"><details class=\"faq\"><summary class=\"faq-question\" itemprop=\"name\"><div>Accepteert de camping VACAF<\/div><span class=\"faq-opener\"><\/span><\/summary><div class=\"content\" itemscope=\"\" itemprop=\"acceptedAnswer\" itemtype=\"https:\/\/schema.org\/Answer\"><div itemprop=\"text\"><p>We hebben geen VACAF-overeenkomst en kunnen helaas geen VACAF-steun accepteren als betaalmiddel.<\/p>\n<\/div><\/div><\/details><\/div><\/div><\/div><div class=\"faq__box faq__item\"><div class=\"faq__container\"><div class=\"faq__block\" itemscope=\"\" itemprop=\"mainEntity\" itemtype=\"https:\/\/schema.org\/Question\"><details class=\"faq\"><summary class=\"faq-question\" itemprop=\"name\"><div>Kan ik betalen met vakantiebonnen \/ ch\u00e8ques vacances aansluiten voor boekingen en activiteiten?<\/div><span class=\"faq-opener\"><\/span><\/summary><div class=\"content\" itemscope=\"\" itemprop=\"acceptedAnswer\" itemtype=\"https:\/\/schema.org\/Answer\"><div itemprop=\"text\"><p>Ja, <strong>vakantiecheques en Ch\u00e8ques-Vacances Connect<\/strong> worden <strong>geaccepteerd<\/strong> om je verblijf op de camping te betalen.<br \/>\nWe accepteren alleen <strong>papieren vakantiecheques<\/strong> om <strong>activiteiten te betalen<\/strong>.<\/p>\n<\/div><\/div><\/details><\/div><\/div><\/div><div class=\"faq__box faq__item\"><div class=\"faq__container\"><div class=\"faq__block\" itemscope=\"\" itemprop=\"mainEntity\" itemtype=\"https:\/\/schema.org\/Question\"><details class=\"faq\"><summary class=\"faq-question\" itemprop=\"name\"><div>  Moet ik een armband dragen tijdens mijn verblijf?<\/div><span class=\"faq-opener\"><\/span><\/summary><div class=\"content\" itemscope=\"\" itemprop=\"acceptedAnswer\" itemtype=\"https:\/\/schema.org\/Answer\"><div itemprop=\"text\"><p><strong>Het polsbandje dat je bij aankomst krijgt, moet je<\/strong> tijdens je verblijf <strong>altijd dragen<\/strong>. Voor je veiligheid moet iedereen op het terrein een polsbandje dragen.<br \/>\nHiermee kun je langs de <strong>toegangscontrole van het waterpark en het overdekte zwembad.<\/strong><br \/>\n<strong>Het polsbandje is ook een cashloos polsbandje<\/strong>, dus je kunt zonder gedoe betalen voor diensten en activiteiten tijdens je verblijf.<br \/>\n<a href=\"https:\/\/www.camping-baden.com\/nl\/cashloze-cashless-armband-betaalmiddelen\/\">Meer informatie over de cashloze armband<\/a><\/p>\n<\/div><\/div><\/details><\/div><\/div><\/div><div class=\"faq__box faq__item\"><div class=\"faq__container\"><div class=\"faq__block\" itemscope=\"\" itemprop=\"mainEntity\" itemtype=\"https:\/\/schema.org\/Question\"><details class=\"faq\"><summary class=\"faq-question\" itemprop=\"name\"><div>Biedt de camping cadeaubonnen aan?<\/div><span class=\"faq-opener\"><\/span><\/summary><div class=\"content\" itemscope=\"\" itemprop=\"acceptedAnswer\" itemtype=\"https:\/\/schema.org\/Answer\"><div itemprop=\"text\"><p>Ja, we bieden cadeaubonnen aan. Om hiervan te profiteren, hoef je alleen maar het formulier op onze website in te vullen en naar ons op te sturen.<br \/>\n<strong><a href=\"https:\/\/www.camping-baden.com\/nl\/boek-uw-vakantie-verblijf-in-de-golfe-du-morbihan\/\">Klik op deze link<\/a><\/strong><br \/>\nDownload het aanvraagformulier voor de cadeaubon,<br \/>\nKies het bedrag en de betaalwijze,<br \/>\nStuur het ingevulde formulier terug met de betaling.<\/p>\n<\/div><\/div><\/details><\/div><\/div><\/div><div class=\"faq__box faq__item\"><div class=\"faq__container\"><div class=\"faq__block\" itemscope=\"\" itemprop=\"mainEntity\" itemtype=\"https:\/\/schema.org\/Question\"><details class=\"faq\"><summary class=\"faq-question\" itemprop=\"name\"><div>Hoe boek ik activiteiten of diensten voor of tijdens mijn verblijf<\/div><span class=\"faq-opener\"><\/span><\/summary><div class=\"content\" itemscope=\"\" itemprop=\"acceptedAnswer\" itemtype=\"https:\/\/schema.org\/Answer\"><div itemprop=\"text\"><p>Activiteiten en diensten kunnen worden geboekt op onze website <a href=\"https:\/\/camping-baden.ouiresa.fr\/\" target=\"_blank\" rel=\"noopener\">in de online shop<\/a> door op deze link te klikken of ter plaatse bij de receptie.<\/p>\n<\/div><\/div><\/details><\/div><\/div><\/div><div class=\"faq__box faq__item\"><div class=\"faq__container\"><div class=\"faq__block\" itemscope=\"\" itemprop=\"mainEntity\" itemtype=\"https:\/\/schema.org\/Question\"><details class=\"faq\"><summary class=\"faq-question\" itemprop=\"name\"><div>Wat is het doel van de mobiele applicatie van Yelloh Village?<\/div><span class=\"faq-opener\"><\/span><\/summary><div class=\"content\" itemscope=\"\" itemprop=\"acceptedAnswer\" itemtype=\"https:\/\/schema.org\/Answer\"><div itemprop=\"text\"><p>Op de mobiele applicatie van Yelloh! Village vind je alle informatie die je nodig hebt om je vakantie voor te bereiden, te organiseren en ervan te genieten.<br \/>\nJe kunt ook het animatieschema bekijken. <\/p>\n<p><a href=\"https:\/\/itunes.apple.com\/fr\/app\/yelloh!-village\/id720666338?mt=8\">Klik hier om de applicatie te downloaden in de Apple Store<\/a><\/p>\n<p><a href=\"https:\/\/play.google.com\/store\/apps\/details?id=fr.yellohvillage.application\">Klik hier om de applicatie te downloaden op Google Play<\/a><\/p>\n<p>&nbsp;<\/p>\n<\/div><\/div><\/details><\/div><\/div><\/div><div class=\"faq__box faq__item\"><div class=\"faq__container\"><div class=\"faq__block\" itemscope=\"\" itemprop=\"mainEntity\" itemtype=\"https:\/\/schema.org\/Question\"><details class=\"faq\"><summary class=\"faq-question\" itemprop=\"name\"><div>Yelloh! Plus! getrouwheidsprogramma <\/div><span class=\"faq-opener\"><\/span><\/summary><div class=\"content\" itemscope=\"\" itemprop=\"acceptedAnswer\" itemtype=\"https:\/\/schema.org\/Answer\"><div itemprop=\"text\"><p>Als je lid wordt van het Yelloh Plus loyaliteitsprogramma, profiteer je van exclusieve aanbiedingen en verdien je punten voor elk verblijf dat je koopt. Profiteer van gratis overnachtingen: deze punten kunt u hergebruiken voor het type accommodatie dat u wenst op alle Yelloh Village campings tijdens uw volgende verblijf (behalve van 1 juli tot 31 augustus).  <\/p>\n<p>&nbsp;<\/p>\n<\/div><\/div><\/details><\/div><\/div><\/div><div class=\"faq__box faq__item\"><div class=\"faq__container\"><div class=\"faq__block\" itemscope=\"\" itemprop=\"mainEntity\" itemtype=\"https:\/\/schema.org\/Question\"><details class=\"faq\"><summary class=\"faq-question\" itemprop=\"name\"><div>Hoe word ik lid van het Yelloh Plus loyaliteitsprogramma? <\/div><span class=\"faq-opener\"><\/span><\/summary><div class=\"content\" itemscope=\"\" itemprop=\"acceptedAnswer\" itemtype=\"https:\/\/schema.org\/Answer\"><div itemprop=\"text\"><p>Als je lid wilt worden van het Yelloh! Plus loyaliteitsprogramma, neem dan contact op met de reserveringscentrale op 04 66 739 739. <\/p>\n<\/div><\/div><\/details><\/div><\/div><\/div><\/div><\/div><\/div>\n<\/div>\n\n\r\n    <\/div>\r\n<\/section><section id=\"ls-section-block_3e1223168668530024af95244fcaa1ac\" class=\"ls-section  page-two page-vague-alt has-background has-color-4-background-color\" >\r\n        <div class=\"container container--full\">\r\n        \n\n<div class=\"wp-block-columns first is-layout-flex wp-container-core-columns-is-layout-9d6595d7 wp-block-columns-is-layout-flex\">\n<div class=\"wp-block-column is-layout-flow wp-block-column-is-layout-flow\" style=\"flex-basis:100%\">\n<div class=\"icone\"><i class=\"mane-g\"><\/i><\/div>\n\n\n\n<h2 class=\"ls__heading wp-block-heading has-text-align-center has-color-1-color has-text-color has-link-color wp-elements-db1a34ed3f170fbafeaf738fcf9d022b\">Op het moment van boeken<\/h2>\n<\/div>\n<\/div>\n\n\n\n<div class=\"wp-block-columns are-vertically-aligned-center first is-layout-flex wp-container-core-columns-is-layout-9d6595d7 wp-block-columns-is-layout-flex\">\n<div class=\"wp-block-column is-vertically-aligned-center is-layout-flow wp-block-column-is-layout-flow\" style=\"flex-basis:55%\"><div id=\"faq\" class=\"faq-container\"><div class=\"faq-wrap\" itemscope=\"\" itemtype=\"https:\/\/schema.org\/FAQPage\"><div class=\"faq__box faq__item\"><div class=\"faq__container\"><div class=\"faq__block\" itemscope=\"\" itemprop=\"mainEntity\" itemtype=\"https:\/\/schema.org\/Question\"><details class=\"faq\"><summary class=\"faq-question\" itemprop=\"name\"><div>Is het mogelijk om een tweede voertuig bij mijn accommodatie te parkeren?<\/div><span class=\"faq-opener\"><\/span><\/summary><div class=\"content\" itemscope=\"\" itemprop=\"acceptedAnswer\" itemtype=\"https:\/\/schema.org\/Answer\"><div itemprop=\"text\"><p>Het is mogelijk om een tweede voertuig toe te voegen door de<strong>optie &#8220;tweede voertuig&#8221;<\/strong> te kiezen tijdens het reserveren. <strong>Behalve<\/strong> in de stacaravans in de wijken Belle Ile, Patio, Ty Bihan en Zen en in de wijk C\u00f4te Sauvage voor 4 en 6 personen. In dit geval is <strong>er parkeergelegenheid<\/strong> bij de ingang van de camping of in het weiland tegenover de ingang van de camping. <\/p>\n<\/div><\/div><\/details><\/div><\/div><\/div><div class=\"faq__box faq__item\"><div class=\"faq__container\"><div class=\"faq__block\" itemscope=\"\" itemprop=\"mainEntity\" itemtype=\"https:\/\/schema.org\/Question\"><details class=\"faq\"><summary class=\"faq-question\" itemprop=\"name\"><div>Zijn lakens en handdoeken inbegrepen in de accommodatie?<\/div><span class=\"faq-opener\"><\/span><\/summary><div class=\"content\" itemscope=\"\" itemprop=\"acceptedAnswer\" itemtype=\"https:\/\/schema.org\/Answer\"><div itemprop=\"text\"><p><strong>In de stacaravans 4-bloemen en Premium<\/strong> worden handdoeken en beddengoed <strong>gratis verstrekt<\/strong>. Deze zullen bij aankomst in de stacaravan aanwezig zijn, afhankelijk van het aantal personen dat u heeft opgegeven bij uw reservering.<br \/>\n<strong>In de stacaravans met 2 bloemen en 3 bloemen en in de g\u00eetes<\/strong> is het mogelijk om de <strong>opties handdoeken en beddengoed<\/strong> toe te voegen tijdens het reserveren (12 \u20ac \/ persoon voor handdoeken en 18 \u20ac \/ bed voor lakens).<\/p>\n<\/div><\/div><\/details><\/div><\/div><\/div><div class=\"faq__box faq__item\"><div class=\"faq__container\"><div class=\"faq__block\" itemscope=\"\" itemprop=\"mainEntity\" itemtype=\"https:\/\/schema.org\/Question\"><details class=\"faq\"><summary class=\"faq-question\" itemprop=\"name\"><div>Ik heb geen boekingsbevestiging ontvangen, wat moet ik doen?<\/div><span class=\"faq-opener\"><\/span><\/summary><div class=\"content\" itemscope=\"\" itemprop=\"acceptedAnswer\" itemtype=\"https:\/\/schema.org\/Answer\"><div itemprop=\"text\"><p>Controleer eerst uw spam-map. Als je geen boekingsbevestiging hebt ontvangen, neem dan rechtstreeks contact op met de camping (telefonisch of per e-mail) zodat we de situatie kunnen controleren. <\/p>\n<\/div><\/div><\/details><\/div><\/div><\/div><div class=\"faq__box faq__item\"><div class=\"faq__container\"><div class=\"faq__block\" itemscope=\"\" itemprop=\"mainEntity\" itemtype=\"https:\/\/schema.org\/Question\"><details class=\"faq\"><summary class=\"faq-question\" itemprop=\"name\"><div>Wat dekt de annuleringsgarantie?<\/div><span class=\"faq-opener\"><\/span><\/summary><div class=\"content\" itemscope=\"\" itemprop=\"acceptedAnswer\" itemtype=\"https:\/\/schema.org\/Answer\"><div itemprop=\"text\"><p><strong>ALGEMENE VOORWAARDEN VAN DE ANNULERINGSDEKKING <\/strong><br \/>\n1\/ VERKLARING VAN DE DEKKINGEN<br \/>\nDe volgende evenementen vallen onder de garantie:<br \/>\na- Ernstige ziekte, ongeval of overlijden :<br \/>\n* uzelf of een andere persoon die uitdrukkelijk vermeld staat in het boekingscontract<br \/>\n* uw echtgeno(o)t(e) (of elke persoon die in een echtelijke relatie leeft onder hetzelfde dak)<br \/>\n* uw rechtstreekse bloedverwanten in opgaande of neergaande lijn<br \/>\n* uw broers of zussen * uw schoonzonen of schoondochters<br \/>\nb- Belangrijke schade veroorzaakt aan uw lokalen, professioneel of priv\u00e9, een hoofd- of tweede verblijf, als gevolg van brand, ontploffing, waterschade of diefstal, die zich voordoet in de 48 uur voor het begin van de vakantie en die het herstel van de lokalen en uw aanwezigheid ter plaatse vereist.<br \/>\nc- Ernstige schade aan uw voertuig als gevolg van een ongeval dat binnen 48 uur voor vertrek heeft plaatsgevonden en waardoor u het voertuig niet kunt gebruiken.<br \/>\nd- Wijzigingen in uw vakantiedata, opgelegd door uw werkgever, die plaatsvinden na boeking en die de periode van uw verblijf be\u00efnvloeden.<br \/>\ne-ontslag van uzelf (of uw echtgeno(o)t(e)), op voorwaarde dat de uitnodiging voor het kennismakingsgesprek verstuurd wordt nadat de vakantie geboekt is.<br \/>\nf- Overplaatsing van uzelf (of uw echtgeno(o)t(e)), op initiatief van de werkgever, waarbij u van woonplaats verandert, onder de uitdrukkelijke voorwaarde dat de kennisgeving plaatsvindt nadat de vakantie is geboekt. Om gedekt te zijn, moet elke gebeurtenis plaatsvinden nadat de verzekering is afgesloten.<br \/>\nDEFINITIES<br \/>\nZiekte: een door een bevoegde medische instantie naar behoren gecertificeerde verslechtering van de gezondheidstoestand, waardoor de pati\u00ebnt op de begindatum van de reserveringsperiode de woning of het ziekenhuis waar hij of zij wordt behandeld, niet kan verlaten en waardoor alle beroeps- of andere activiteiten volledig worden gestaakt.<br \/>\nOngeval: elke onvoorziene en plotselinge gebeurtenis die lichamelijk letsel veroorzaakt bij de persoon die reserveert en die niet het gevolg is van zijn\/haar opzettelijke handeling, en die hem\/haar verhindert om de geboekte vakantie door te brengen.<br \/>\nVORDERINGEN DIE VOORTVLOEIEN UIT :<br \/>\n&#8211; die door u zijn veroorzaakt, behalve die welke in het contract zijn opgenomen<br \/>\n&#8211; feiten die bekend waren v\u00f3\u00f3r de boeking, met dien verstande dat de niet te voorziene verergering van een reeds bestaande ziekte geen bekende situatie vormt<br \/>\n&#8211; complicaties of bevalling na het einde van de 6e maand van de zwangerschap<br \/>\n&#8211; een psychische aandoening waarvoor ten tijde van het verblijf geen ziekenhuisopname nodig is<br \/>\n&#8211; operaties of medische ingrepen die gepland zijn voordat de vakantie geboekt is of die daarna uitgevoerd kunnen worden &#8211; dronkenschap, gebruik van drugs, aantasting van de gezondheid als gevolg van de inname van niet-voorgeschreven medicatie<br \/>\n&#8211; contra-indicatie van vaccinatie of vliegreizen als gevolg van reeds bestaande gezondheidsproblemen<br \/>\n&#8211; burgeroorlog of buitenlandse oorlog, rellen, aanslagen, burgerlijke onlusten<br \/>\n&#8211; epidemie\u00ebn, nucleaire of chemische incidenten, natuurrampen<br \/>\n&#8211; het om welke reden dan ook niet nakomen van de diensten zoals voorzien in het oorspronkelijke boekingscontract.<br \/>\n2\/ AARD EN BEDRAG VAN DE GARANTIE<br \/>\nIn geval van annulering van uw verblijf zal camping MANE GUERNEHUE u de betaalde en daadwerkelijk ge\u00efnde bedragen terugbetalen, overeenkomstig de voorwaarden van het oorspronkelijke reserveringscontract. De garantiepremie, eventuele administratiekosten en alle kosten en diensten die niet in de berekening van de premie zijn opgenomen, worden nooit terugbetaald. In geval van annulering is er een maximum van \u20ac 3.800 (inclusief belasting) per schadegeval.<br \/>\n3\/ INGANGSDATUM<br \/>\nDe annuleringsdekking gaat in op de dag na 12.00 uur van de betaling van de premie en voor de periode vanaf de reservering tot de dag voor het verblijf.<br \/>\n4\/ ANNULERING VAN DE RESERVERING Elke annulering van een reservering moet schriftelijk gebeuren en binnen de 5 werkdagen na de datum waarop u er kennis van hebt genomen naar de camping MANE GUERNEHUE worden gestuurd (aangetekend schrijven met ontvangstbewijs).  <\/p>\n<\/div><\/div><\/details><\/div><\/div><\/div><div class=\"faq__box faq__item\"><div class=\"faq__container\"><div class=\"faq__block\" itemscope=\"\" itemprop=\"mainEntity\" itemtype=\"https:\/\/schema.org\/Question\"><details class=\"faq\"><summary class=\"faq-question\" itemprop=\"name\"><div>Zijn er stacaravans met airconditioning<\/div><span class=\"faq-opener\"><\/span><\/summary><div class=\"content\" itemscope=\"\" itemprop=\"acceptedAnswer\" itemtype=\"https:\/\/schema.org\/Answer\"><div itemprop=\"text\"><p>Ja, de Premium stacaravans (Terrasse de Man\u00e9, C\u00f4te Sauvage en Bretagne) hebben airconditioning.<\/p>\n<\/div><\/div><\/details><\/div><\/div><\/div><div class=\"faq__box faq__item\"><div class=\"faq__container\"><div class=\"faq__block\" itemscope=\"\" itemprop=\"mainEntity\" itemtype=\"https:\/\/schema.org\/Question\"><details class=\"faq\"><summary class=\"faq-question\" itemprop=\"name\"><div>Is er een tv in de stacaravans?  <\/div><span class=\"faq-opener\"><\/span><\/summary><div class=\"content\" itemscope=\"\" itemprop=\"acceptedAnswer\" itemtype=\"https:\/\/schema.org\/Answer\"><div itemprop=\"text\"><p>Ja, al onze stacaravans zijn uitgerust met een televisie, behalve de Ty Meur cottages.<\/p>\n<\/div><\/div><\/details><\/div><\/div><\/div><\/div><\/div><\/div>\n\n\n\n<div class=\"wp-block-column is-vertically-aligned-center is-layout-flow wp-block-column-is-layout-flow\" style=\"flex-basis:55%\"><div id=\"faq\" class=\"faq-container\"><div class=\"faq-wrap\" itemscope=\"\" itemtype=\"https:\/\/schema.org\/FAQPage\"><div class=\"faq__box faq__item\"><div class=\"faq__container\"><div class=\"faq__block\" itemscope=\"\" itemprop=\"mainEntity\" itemtype=\"https:\/\/schema.org\/Question\"><details class=\"faq\"><summary class=\"faq-question\" itemprop=\"name\"><div>Kan er een kinderbedje worden bijgeplaatst in de slaapkamer?<\/div><span class=\"faq-opener\"><\/span><\/summary><div class=\"content\" itemscope=\"\" itemprop=\"acceptedAnswer\" itemtype=\"https:\/\/schema.org\/Answer\"><div itemprop=\"text\"><p><strong>In de 2- en 3-bloem stacaravans, of in de g\u00eetes<\/strong>, is het mogelijk om de<strong>optie Baby Kit<\/strong> (kinderstoel en kinderbedje inbegrepen, matras niet inbegrepen) toe te voegen voor 6 euro per dag bij het reserveren.<br \/>\n<strong>In de 4-bloem en Premium stacaravans is de babypakket gratis<\/strong>. Je hoeft <strong>het<\/strong> alleen maar <strong>aan te vragen bij je reservering<\/strong>. <\/p>\n<p><strong>In welke stacaravans is het mogelijk om een kinderbedje bij te plaatsen?<\/strong><\/p>\n<p>In de volgende stacaravans hebben de kinderkamers een<strong> onderschuifbed<\/strong>: een van de bedden kan worden weggeklapt en als de poten zijn ingeklapt, kan het onder het andere bed worden geschoven, <strong>waardoor er ruimte vrijkomt voor een paraplubed<\/strong>:<\/p>\n<p>Bretagne Cottage 4P, Cap West 4P, Atlantique 4P, M\u00e9diterran\u00e9e 4P (afhankelijk van model), Patio 4P en 6P, Patio Belle-Ile 4P en 6P, C\u00f4te Sauvage 4P en 6P, Zen 5P, Lodge 6P, Morbihan 6\/7P, Oc\u00e9ane PMR 6P, Grand Large 8P.<br \/>\nDe Terrasses de Man\u00e9 10P en 12P bieden plaats aan 2 babybedjes (\u00e9\u00e9n in de kinderslaapkamer van elk van de twee modules).<br \/>\nVoor de C\u00f4te Sauvage 8P en Patio Belle-Ile 8P kan het kinderbedje in de kinderslaapkamer worden ge\u00efnstalleerd in plaats van een opklapbed, of in de studio.<br \/>\nIn de Cap West 6P en Celtic 5P kan een paraplubed worden toegevoegd aan de kinderslaapkamer door een bed op te klappen, maar de slaapkamerruimte blijft beperkt.<br \/>\nVoor de Ty Cozy 2P kan het opklapbed in de woonkamer worden geplaatst.<br \/>\nHet is niet mogelijk om een parasolbed toe te voegen in Ty Meur 4P en Ty Bihan 6P.<\/p>\n<\/div><\/div><\/details><\/div><\/div><\/div><div class=\"faq__box faq__item\"><div class=\"faq__container\"><div class=\"faq__block\" itemscope=\"\" itemprop=\"mainEntity\" itemtype=\"https:\/\/schema.org\/Question\"><details class=\"faq\"><summary class=\"faq-question\" itemprop=\"name\"><div>Is het mogelijk om 2 stacaravans naast elkaar te boeken?  <\/div><span class=\"faq-opener\"><\/span><\/summary><div class=\"content\" itemscope=\"\" itemprop=\"acceptedAnswer\" itemtype=\"https:\/\/schema.org\/Answer\"><div itemprop=\"text\"><p>Ja, het is mogelijk om twee stacaravans naast elkaar te boeken, <strong>in dezelfde categorie stacaravans<\/strong>, voor een toeslag van \u20ac40<strong>(voorkeurplaats<\/strong>), afhankelijk van beschikbaarheid.<\/p>\n<\/div><\/div><\/details><\/div><\/div><\/div><div class=\"faq__box faq__item\"><div class=\"faq__container\"><div class=\"faq__block\" itemscope=\"\" itemprop=\"mainEntity\" itemtype=\"https:\/\/schema.org\/Question\"><details class=\"faq\"><summary class=\"faq-question\" itemprop=\"name\"><div>Is het mogelijk om je locatie te kiezen<\/div><span class=\"faq-opener\"><\/span><\/summary><div class=\"content\" itemscope=\"\" itemprop=\"acceptedAnswer\" itemtype=\"https:\/\/schema.org\/Answer\"><div itemprop=\"text\"><p>De keuze van de staanplaats is mogelijk, afhankelijk van de beschikbaarheid<br \/>\nmet een <strong>toeslag van 40 \u20ac (voorkeurstaanplaats)<\/strong>. Je kunt ervoor kiezen om in een bepaald gedeelte van de camping te staan (dicht bij het centrum van de camping en de activiteiten, naast de vijvers, bij de manege, bij de ingang), in de zon of in de schaduw, op een rustige plek, dicht bij een vriend&#8230; <\/p>\n<\/div><\/div><\/details><\/div><\/div><\/div><div class=\"faq__box faq__item\"><div class=\"faq__container\"><div class=\"faq__block\" itemscope=\"\" itemprop=\"mainEntity\" itemtype=\"https:\/\/schema.org\/Question\"><details class=\"faq\"><summary class=\"faq-question\" itemprop=\"name\"><div>Kan er een tent naast een stacaravan worden geplaatst?<\/div><span class=\"faq-opener\"><\/span><\/summary><div class=\"content\" itemscope=\"\" itemprop=\"acceptedAnswer\" itemtype=\"https:\/\/schema.org\/Answer\"><div itemprop=\"text\"><p>Nee, je kunt geen tent naast een stacaravan zetten.<\/p>\n<\/div><\/div><\/details><\/div><\/div><\/div><div class=\"faq__box faq__item\"><div class=\"faq__container\"><div class=\"faq__block\" itemscope=\"\" itemprop=\"mainEntity\" itemtype=\"https:\/\/schema.org\/Question\"><details class=\"faq\"><summary class=\"faq-question\" itemprop=\"name\"><div>Is het mogelijk om mijn verblijf te verlengen als ik eenmaal ben aangekomen?<\/div><span class=\"faq-opener\"><\/span><\/summary><div class=\"content\" itemscope=\"\" itemprop=\"acceptedAnswer\" itemtype=\"https:\/\/schema.org\/Answer\"><div itemprop=\"text\"><p>Ja, het is mogelijk om je verblijf ter plaatse te verlengen, afhankelijk van beschikbaarheid. Neem contact op met de receptie. <\/p>\n<\/div><\/div><\/details><\/div><\/div><\/div><div class=\"faq__box faq__item\"><div class=\"faq__container\"><div class=\"faq__block\" itemscope=\"\" itemprop=\"mainEntity\" itemtype=\"https:\/\/schema.org\/Question\"><details class=\"faq\"><summary class=\"faq-question\" itemprop=\"name\"><div>Kan ik in meerdere termijnen betalen?<\/div><span class=\"faq-opener\"><\/span><\/summary><div class=\"content\" itemscope=\"\" itemprop=\"acceptedAnswer\" itemtype=\"https:\/\/schema.org\/Answer\"><div itemprop=\"text\"><p>Ja, je kunt in verschillende termijnen betalen: <strong>3 gratis termijnen <\/strong>of door zelf termijnen te betalen.  <\/p>\n<\/div><\/div><\/details><\/div><\/div><\/div><\/div><\/div><\/div>\n<\/div>\n\n\r\n    <\/div>\r\n<\/section><section id=\"ls-section-block_bf8749884b38f3882e3807f7833a83b6\" class=\"ls-section  home-sixth page-one\" >\r\n        <div class=\"container container--wide\">\r\n        \n\n<div class=\"wp-block-columns are-vertically-aligned-center first is-layout-flex wp-container-core-columns-is-layout-9d6595d7 wp-block-columns-is-layout-flex\">\n<div class=\"wp-block-column is-vertically-aligned-center text is-layout-flow wp-block-column-is-layout-flow\" style=\"flex-basis:45%\">\n<h2 class=\"ls__heading wp-block-heading has-color-2-color has-text-color has-link-color wp-elements-6b9267d16fd9477b92c0f0e149365616\">Bereid je aankomst voor  <\/h2>\n<\/div>\n<\/div>\n\n\n\n<div class=\"wp-block-columns are-vertically-aligned-center first is-layout-flex wp-container-core-columns-is-layout-9d6595d7 wp-block-columns-is-layout-flex\">\n<div class=\"wp-block-column is-vertically-aligned-center is-layout-flow wp-block-column-is-layout-flow\" style=\"flex-basis:55%\"><div id=\"faq\" class=\"faq-container\"><div class=\"faq-wrap\" itemscope=\"\" itemtype=\"https:\/\/schema.org\/FAQPage\"><div class=\"faq__box faq__item\"><div class=\"faq__container\"><div class=\"faq__block\" itemscope=\"\" itemprop=\"mainEntity\" itemtype=\"https:\/\/schema.org\/Question\"><details class=\"faq\"><summary class=\"faq-question\" itemprop=\"name\"><div>Welke documenten moet ik bij aankomst overleggen?<\/div><span class=\"faq-opener\"><\/span><\/summary><div class=\"content\" itemscope=\"\" itemprop=\"acceptedAnswer\" itemtype=\"https:\/\/schema.org\/Answer\"><div itemprop=\"text\"><p>Identificatie, uw reserveringsvoucher en, als u met een hond reist, zijn gezondheidsboekje.<\/p>\n<\/div><\/div><\/details><\/div><\/div><\/div><div class=\"faq__box faq__item\"><div class=\"faq__container\"><div class=\"faq__block\" itemscope=\"\" itemprop=\"mainEntity\" itemtype=\"https:\/\/schema.org\/Question\"><details class=\"faq\"><summary class=\"faq-question\" itemprop=\"name\"><div>Is het mogelijk om buiten de openingstijden van de receptie te arriveren?<\/div><span class=\"faq-opener\"><\/span><\/summary><div class=\"content\" itemscope=\"\" itemprop=\"acceptedAnswer\" itemtype=\"https:\/\/schema.org\/Answer\"><div itemprop=\"text\"><p>Ja, we hebben een procedure voor late aankomst ingevoerd.<br \/>\n<strong>Laat het ons de dag ervoor of dezelfde dag weten<\/strong>, zodat we het je kunnen laten weten.<\/p>\n<p><strong>De receptie is geopend:<\/strong><br \/>\nVanaf de opening van de camping in april, mei en juni: elke dag van 9 tot 19 uur. Tot 20u op vrijdag.<br \/>\nIn juli en augustus: elke dag van 9u tot 20u<br \/>\nIn september: elke dag van 9u tot 12u30 en van 13u30 tot 19u. <\/p>\n<\/div><\/div><\/details><\/div><\/div><\/div><div class=\"faq__box faq__item\"><div class=\"faq__container\"><div class=\"faq__block\" itemscope=\"\" itemprop=\"mainEntity\" itemtype=\"https:\/\/schema.org\/Question\"><details class=\"faq\"><summary class=\"faq-question\" itemprop=\"name\"><div>Hoe de cashloze armband werkt<\/div><span class=\"faq-opener\"><\/span><\/summary><div class=\"content\" itemscope=\"\" itemprop=\"acceptedAnswer\" itemtype=\"https:\/\/schema.org\/Answer\"><div itemprop=\"text\"><p>Alleen <strong>CB en cashless betalingen<\/strong> worden ter plaatse geaccepteerd in de verschillende diensten van de camping.<br \/>\nMet het waterdichte cashless polsbandje dat je bij aankomst krijgt, kun je zonder gedoe betalen voor diensten en activiteiten tijdens je verblijf. Het geeft je ook<strong>toegang tot het waterpark en het overdekte zwembad<\/strong>.<br \/>\n<strong>Wanneer je aankomt<\/strong> en we je het cashless polsbandje geven, wordt je gevraagd om <strong>een cashless account aan te maken<\/strong>. Als je geen welkomstmail hebt ontvangen, klik dan op de link, klik dan op &#8220;wachtwoord vergeten&#8221; en maak een wachtwoord aan.<br \/>\n<strong>Laad je armband op<\/strong>: online (creditcard) of bij de receptie (contant, cheque, vakantiecheques, creditcard). Je kunt je armband zo vaak opladen als je wilt tijdens je verblijf. Gebruik vervolgens je polsbandje om te betalen en te genieten van al onze diensten.  <\/p>\n<p>Als je <strong>aan het einde van je verblijf<\/strong> nog tegoed over hebt en van plan bent om in hetzelfde seizoen naar Man\u00e9 Guernehu\u00e9 terug te keren, bewaar dan je polsbandje: je kunt je tegoed gebruiken tijdens je volgende verblijf in Man\u00e9 Guernehu\u00e9 in hetzelfde seizoen. U kunt uw polsbandje ook terugbrengen naar de receptie om het te laten recyclen.<br \/>\nLog binnen 2 weken na afloop van je verblijf in op je account om een restitutie aan te vragen van eventueel overgebleven tegoed. Er zijn geen restitutiekosten. De minimale restitutie is 3 euro. Er is een administratieve vertraging voordat de restitutie op je bankrekening staat<br \/>\n. Er vindt geen restitutie plaats aan het einde van je verblijf voor bedragen die betaald zijn met vakantiecheques.<br \/>\n<strong>Voor elk probleem met betrekking tot de terugbetaling<\/strong>: stuur ons een e-mail naar info(@)camping-baden.com. Vermeld je naam, het chipnummer en het probleem.<br \/>\nAarzel niet om contact op te nemen met de receptie als je vragen hebt.<\/p>\n<\/div><\/div><\/details><\/div><\/div><\/div><div class=\"faq__box faq__item\"><div class=\"faq__container\"><div class=\"faq__block\" itemscope=\"\" itemprop=\"mainEntity\" itemtype=\"https:\/\/schema.org\/Question\"><details class=\"faq\"><summary class=\"faq-question\" itemprop=\"name\"><div>Moet ik mijn eigen lakens meenemen?<\/div><span class=\"faq-opener\"><\/span><\/summary><div class=\"content\" itemscope=\"\" itemprop=\"acceptedAnswer\" itemtype=\"https:\/\/schema.org\/Answer\"><div itemprop=\"text\"><p>Beddengoed is voorzien in de Premium en 4-bloemige stacaravans. In de andere stacaravans kun je tijdens het reserveren de optie &#8220;Lakens huren voor 1 persoon&#8221; of &#8220;Lakens huren voor 2 personen&#8221; toevoegen. <\/p>\n<\/div><\/div><\/details><\/div><\/div><\/div><\/div><\/div><\/div>\n\n\n\n<div class=\"wp-block-column is-vertically-aligned-center is-layout-flow wp-block-column-is-layout-flow\" style=\"flex-basis:55%\"><div id=\"faq\" class=\"faq-container\"><div class=\"faq-wrap\" itemscope=\"\" itemtype=\"https:\/\/schema.org\/FAQPage\"><div class=\"faq__box faq__item\"><div class=\"faq__container\"><div class=\"faq__block\" itemscope=\"\" itemprop=\"mainEntity\" itemtype=\"https:\/\/schema.org\/Question\"><details class=\"faq\"><summary class=\"faq-question\" itemprop=\"name\"><div>Moet ik mijn eigen handdoeken meenemen?<\/div><span class=\"faq-opener\"><\/span><\/summary><div class=\"content\" itemscope=\"\" itemprop=\"acceptedAnswer\" itemtype=\"https:\/\/schema.org\/Answer\"><div itemprop=\"text\"><p>Een handdoekenpakket is voorzien in de Premium en 4-bloemige stacaravans. In andere stacaravans of kampeerplaatsen kun je tijdens het reserveren de optie &#8220;Handdoekenpakket huren&#8221; toevoegen.<br \/>\nEen handdoekenpakket bestaat uit: een grote handdoek, een kleine handdoek, een badmat en een theedoek. <\/p>\n<\/div><\/div><\/details><\/div><\/div><\/div><div class=\"faq__box faq__item\"><div class=\"faq__container\"><div class=\"faq__block\" itemscope=\"\" itemprop=\"mainEntity\" itemtype=\"https:\/\/schema.org\/Question\"><details class=\"faq\"><summary class=\"faq-question\" itemprop=\"name\"><div>Kan ik mijn houtskoolbarbecue meenemen?<\/div><span class=\"faq-opener\"><\/span><\/summary><div class=\"content\" itemscope=\"\" itemprop=\"acceptedAnswer\" itemtype=\"https:\/\/schema.org\/Answer\"><div itemprop=\"text\"><p>Je kunt je eigen <strong>houtskoolbarbecue<\/strong> meenemen. Elektrische barbecues zijn niet toegestaan. Sommige stacaravans zijn uitgerust met houtskoolbarbecues of een gasplancha. Er zijn ook gemeenschappelijke barbecues op het terrein en een picknickplaats met een gemeenschappelijke gasbarbecue, naast de petanquebanen en een speeltuin.   <\/p>\n<p>In het geval van een prefectoraal besluit in verband met ernstige droogte is het gebruik van barbecues op houtskool verboden.<\/p>\n<\/div><\/div><\/details><\/div><\/div><\/div><div class=\"faq__box faq__item\"><div class=\"faq__container\"><div class=\"faq__block\" itemscope=\"\" itemprop=\"mainEntity\" itemtype=\"https:\/\/schema.org\/Question\"><details class=\"faq\"><summary class=\"faq-question\" itemprop=\"name\"><div>Kan ik activiteiten boeken voordat ik aankom?<\/div><span class=\"faq-opener\"><\/span><\/summary><div class=\"content\" itemscope=\"\" itemprop=\"acceptedAnswer\" itemtype=\"https:\/\/schema.org\/Answer\"><div itemprop=\"text\"><p>Ja, je kunt vooraf activiteiten boeken op onze website: <a href=\"https:\/\/camping-baden.ouiresa.fr\/\" target=\"_blank\" rel=\"noopener\">klik op deze link om naar de online shop te gaan<\/a><\/p>\n<\/div><\/div><\/details><\/div><\/div><\/div><div class=\"faq__box faq__item\"><div class=\"faq__container\"><div class=\"faq__block\" itemscope=\"\" itemprop=\"mainEntity\" itemtype=\"https:\/\/schema.org\/Question\"><details class=\"faq\"><summary class=\"faq-question\" itemprop=\"name\"><div>De camping bereiken: openbaar vervoer, taxi, VTC<\/div><span class=\"faq-opener\"><\/span><\/summary><div class=\"content\" itemscope=\"\" itemprop=\"acceptedAnswer\" itemtype=\"https:\/\/schema.org\/Answer\"><div itemprop=\"text\"><p>De camping is bereikbaar met verschillende vervoersmiddelen:<br \/>\n<strong>Met de trein:<\/strong><br \/>\nDe dichtstbijzijnde stations zijn Auray en Vannes.<br \/>\nVanaf beide stations kun je de camping bereiken met de bus (afhankelijk van de route en de tijd van het jaar) of met een taxi\/VTC.<br \/>\n<strong>Met de bus:<\/strong><br \/>\nDe gemeente en de omgeving worden bediend door een aantal buslijnen. We raden je aan om de dienstregeling en verbindingen van tevoren te controleren, vooral in het hoogseizoen.<br \/>\n<strong>Met de taxi of VTC:<\/strong><br \/>\nTaxi&#8217;s en VTC-diensten zijn beschikbaar vanaf de stations van Auray en Vannes, evenals vanaf de belangrijkste steden in de omgeving.<\/p>\n<\/div><\/div><\/details><\/div><\/div><\/div><\/div><\/div><\/div>\n<\/div>\n\n\r\n    <\/div>\r\n<\/section><section id=\"ls-section-block_3e1223168668530024af95244fcaa1ac\" class=\"ls-section  page-two page-vague-alt has-background has-color-4-background-color\" >\r\n        <div class=\"container container--full\">\r\n        \n\n<div class=\"wp-block-columns first is-layout-flex wp-container-core-columns-is-layout-9d6595d7 wp-block-columns-is-layout-flex\">\n<div class=\"wp-block-column is-layout-flow wp-block-column-is-layout-flow\" style=\"flex-basis:100%\">\n<div class=\"icone\"><i class=\"mane-g\"><\/i><\/div>\n\n\n\n<h2 class=\"ls__heading wp-block-heading has-text-align-center has-color-1-color has-text-color has-link-color wp-elements-272454976f190ce08f57c3bd87f80aed\">Tijdens uw verblijf<\/h2>\n<\/div>\n<\/div>\n\n\n\n<div class=\"wp-block-columns are-vertically-aligned-center first is-layout-flex wp-container-core-columns-is-layout-9d6595d7 wp-block-columns-is-layout-flex\">\n<div class=\"wp-block-column is-vertically-aligned-center is-layout-flow wp-block-column-is-layout-flow\" style=\"flex-basis:55%\"><div id=\"faq\" class=\"faq-container\"><div class=\"faq-wrap\" itemscope=\"\" itemtype=\"https:\/\/schema.org\/FAQPage\"><div class=\"faq__box faq__item\"><div class=\"faq__container\"><div class=\"faq__block\" itemscope=\"\" itemprop=\"mainEntity\" itemtype=\"https:\/\/schema.org\/Question\"><details class=\"faq\"><summary class=\"faq-question\" itemprop=\"name\"><div>Met wie moet ik contact opnemen als ik een probleem heb met mijn accommodatie?<\/div><span class=\"faq-opener\"><\/span><\/summary><div class=\"content\" itemscope=\"\" itemprop=\"acceptedAnswer\" itemtype=\"https:\/\/schema.org\/Answer\"><div itemprop=\"text\"><p>Als u bij aankomst in de stacaravan een <strong>gebrek aan netheid<\/strong> opmerkt, <strong>meld dit dan onmiddellijk aan de receptie<\/strong> zodat onze teams snel kunnen ingrijpen. Als de receptie gesloten is, kunt u dit de volgende ochtend doen.<br \/>\nNeem voor eventuele technische problemen contact op met de receptie, bij voorkeur &#8217;s ochtends. <\/p>\n<\/div><\/div><\/details><\/div><\/div><\/div><div class=\"faq__box faq__item\"><div class=\"faq__container\"><div class=\"faq__block\" itemscope=\"\" itemprop=\"mainEntity\" itemtype=\"https:\/\/schema.org\/Question\"><details class=\"faq\"><summary class=\"faq-question\" itemprop=\"name\"><div>Een claim indienen<\/div><span class=\"faq-opener\"><\/span><\/summary><div class=\"content\" itemscope=\"\" itemprop=\"acceptedAnswer\" itemtype=\"https:\/\/schema.org\/Answer\"><div itemprop=\"text\"><p>Als je een klacht hebt, kun je rechtstreeks contact met ons opnemen op de camping door naar de receptie te gaan.<\/p>\n<\/div><\/div><\/details><\/div><\/div><\/div><div class=\"faq__box faq__item\"><div class=\"faq__container\"><div class=\"faq__block\" itemscope=\"\" itemprop=\"mainEntity\" itemtype=\"https:\/\/schema.org\/Question\"><details class=\"faq\"><summary class=\"faq-question\" itemprop=\"name\"><div>Is de camping &#8217;s nachts beveiligd?<\/div><span class=\"faq-opener\"><\/span><\/summary><div class=\"content\" itemscope=\"\" itemprop=\"acceptedAnswer\" itemtype=\"https:\/\/schema.org\/Answer\"><div itemprop=\"text\"><p>Ja, een nachtwaker zorgt voor de veiligheid op de camping.<\/p>\n<\/div><\/div><\/details><\/div><\/div><\/div><\/div><\/div><\/div>\n\n\n\n<div class=\"wp-block-column is-vertically-aligned-center is-layout-flow wp-block-column-is-layout-flow\" style=\"flex-basis:55%\"><div id=\"faq\" class=\"faq-container\"><div class=\"faq-wrap\" itemscope=\"\" itemtype=\"https:\/\/schema.org\/FAQPage\"><div class=\"faq__box faq__item\"><div class=\"faq__container\"><div class=\"faq__block\" itemscope=\"\" itemprop=\"mainEntity\" itemtype=\"https:\/\/schema.org\/Question\"><details class=\"faq\"><summary class=\"faq-question\" itemprop=\"name\"><div>Zijn bezoekers toegestaan?<\/div><span class=\"faq-opener\"><\/span><\/summary><div class=\"content\" itemscope=\"\" itemprop=\"acceptedAnswer\" itemtype=\"https:\/\/schema.org\/Answer\"><div itemprop=\"text\"><p>Buiten juli en augustus kunnen bezoekers worden toegelaten tegen een dagtarief, na voorafgaande afspraak met de camping en met een maximum van twee bezoekers per staanplaats. Ze blijven onder de verantwoordelijkheid van de bewoners en moeten door hen worden geregistreerd bij de receptie. <\/p>\n<\/div><\/div><\/details><\/div><\/div><\/div><div class=\"faq__box faq__item\"><div class=\"faq__container\"><div class=\"faq__block\" itemscope=\"\" itemprop=\"mainEntity\" itemtype=\"https:\/\/schema.org\/Question\"><details class=\"faq\"><summary class=\"faq-question\" itemprop=\"name\"><div>Wat te doen bij een ongeval of persoonlijk letsel<\/div><span class=\"faq-opener\"><\/span><\/summary><div class=\"content\" itemscope=\"\" itemprop=\"acceptedAnswer\" itemtype=\"https:\/\/schema.org\/Answer\"><div itemprop=\"text\"><p>Neem eerst contact op met de camping of met 112 in geval van een noodgeval waarbij specialistische hulp nodig is.<\/p>\n<\/div><\/div><\/details><\/div><\/div><\/div><div class=\"faq__box faq__item\"><div class=\"faq__container\"><div class=\"faq__block\" itemscope=\"\" itemprop=\"mainEntity\" itemtype=\"https:\/\/schema.org\/Question\"><details class=\"faq\"><summary class=\"faq-question\" itemprop=\"name\"><div>Kan ik een elektrisch voertuig direct opladen op de camping?<\/div><span class=\"faq-opener\"><\/span><\/summary><div class=\"content\" itemscope=\"\" itemprop=\"acceptedAnswer\" itemtype=\"https:\/\/schema.org\/Answer\"><div itemprop=\"text\"><p>Ja, we hebben twee elektriciteitspunten op de parkeerplaats bij de ingang van de camping.<\/p>\n<\/div><\/div><\/details><\/div><\/div><\/div><\/div><\/div><\/div>\n<\/div>\n\n\r\n    <\/div>\r\n<\/section>\n<div class=\"wp-block-columns are-vertically-aligned-center first is-layout-flex wp-container-core-columns-is-layout-9d6595d7 wp-block-columns-is-layout-flex\">\n<div class=\"wp-block-column is-vertically-aligned-center text is-layout-flow wp-block-column-is-layout-flow\" style=\"flex-basis:45%\"><\/div>\n<\/div>\n<section id=\"ls-section-block_bf8749884b38f3882e3807f7833a83b6\" class=\"ls-section  home-sixth page-one\" >\r\n        <div class=\"container container--wide\">\r\n        \n\n<div class=\"wp-block-columns are-vertically-aligned-center first is-layout-flex wp-container-core-columns-is-layout-9d6595d7 wp-block-columns-is-layout-flex\">\n<div class=\"wp-block-column is-vertically-aligned-center text is-layout-flow wp-block-column-is-layout-flow\" style=\"flex-basis:45%\">\n<h2 class=\"ls__heading wp-block-heading has-color-2-color has-text-color has-link-color wp-elements-74cef7bc28fb7e8b350b8695ae88fe05\">Na je verblijf<\/h2>\n<\/div>\n<\/div>\n\n\n\n<div class=\"wp-block-columns are-vertically-aligned-center first is-layout-flex wp-container-core-columns-is-layout-9d6595d7 wp-block-columns-is-layout-flex\">\n<div class=\"wp-block-column is-vertically-aligned-center is-layout-flow wp-block-column-is-layout-flow\" style=\"flex-basis:55%\"><div id=\"faq\" class=\"faq-container\"><div class=\"faq-wrap\" itemscope=\"\" itemtype=\"https:\/\/schema.org\/FAQPage\"><div class=\"faq__box faq__item\"><div class=\"faq__container\"><div class=\"faq__block\" itemscope=\"\" itemprop=\"mainEntity\" itemtype=\"https:\/\/schema.org\/Question\"><details class=\"faq\"><summary class=\"faq-question\" itemprop=\"name\"><div>Wat moet ik doen voordat ik mijn huis verlaat?<\/div><span class=\"faq-opener\"><\/span><\/summary><div class=\"content\" itemscope=\"\" itemprop=\"acceptedAnswer\" itemtype=\"https:\/\/schema.org\/Answer\"><div itemprop=\"text\"><p><strong>Voor stacaravans, standplaatsen met priv\u00e9 sanitair en g\u00eetes ben je verplicht om:<\/strong><br \/>\n<strong>Met en zonder schoonmaakpakket:<\/strong><br \/>\nControleer of je niets vergeten bent in de kasten,<br \/>\nMaak de keuken schoon, was en droog de vaat. Ontdooi, zet de koelkast en de vriezer uit en laat de deuren open,<br \/>\nLeeg en reinig de vuilnisbakken en de koffiefilter,<br \/>\nAls je lakens en handdoeken hebt, doe ze dan in de blauwe zak,<br \/>\nZet het meubilair weer op zijn plaats,<br \/>\nZet de hoofdschakelaar uit.<br \/>\nAls je wilt vertrekken voordat de receptie opengaat (9 uur), kom dan de dag ervoor naar de receptie. Bij vertrek kun je je sleutels in de brievenbus voor de receptie deponeren.  <\/p>\n<p><strong>En vergeet het huishoudpakket niet:<\/strong><\/p>\n<p>Maak de keuken en de huishoudelijke apparaten grondig schoon (oven, koelkast, kookplaat, magnetron, enz.)<br \/>\nVeeg en was de vloeren en de onderkant van het meubilair,<br \/>\nMaak het sanitair, de badkamers en de ramen schoon,<br \/>\nMaak eventuele vlekken op deuren en ramen schoon,<br \/>\nVouw het kinderbedje op (schoonmaken),<br \/>\nBerg het tuinmeubilair op en maak het schoon,<br \/>\nMaak de barbecue\/plancha leeg en schoon, indien aanwezig.<\/p>\n<\/div><\/div><\/details><\/div><\/div><\/div><div class=\"faq__box faq__item\"><div class=\"faq__container\"><div class=\"faq__block\" itemscope=\"\" itemprop=\"mainEntity\" itemtype=\"https:\/\/schema.org\/Question\"><details class=\"faq\"><summary class=\"faq-question\" itemprop=\"name\"><div>Moet ik een afspraak maken om de woning te inspecteren als ik vertrek?<\/div><span class=\"faq-opener\"><\/span><\/summary><div class=\"content\" itemscope=\"\" itemprop=\"acceptedAnswer\" itemtype=\"https:\/\/schema.org\/Answer\"><div itemprop=\"text\"><p>Bij je vertrek vragen we je om de sleutels van de stacaravan af te geven bij de receptie. Uw accommodatie wordt gecontroleerd. De borgsom wordt verbeurd als de accommodatie schoon is en op geen enkele manier is beschadigd. U ontvangt binnen 8 dagen na uw vertrek een e-mail om u hierover te informeren. We nemen contact met je op als er problemen zijn. De prijslijst is verkrijgbaar bij de receptie.     <\/p>\n<\/div><\/div><\/details><\/div><\/div><\/div><div class=\"faq__box faq__item\"><div class=\"faq__container\"><div class=\"faq__block\" itemscope=\"\" itemprop=\"mainEntity\" itemtype=\"https:\/\/schema.org\/Question\"><details class=\"faq\"><summary class=\"faq-question\" itemprop=\"name\"><div>Hoe krijg ik een verblijfsvergunning en een factuur?  <\/div><span class=\"faq-opener\"><\/span><\/summary><div class=\"content\" itemscope=\"\" itemprop=\"acceptedAnswer\" itemtype=\"https:\/\/schema.org\/Answer\"><div itemprop=\"text\"><p>Je kunt er aan het einde van je verblijf bij de receptie of per e-mail om vragen.<\/p>\n<\/div><\/div><\/details><\/div><\/div><\/div><\/div><\/div><\/div>\n\n\n\n<div class=\"wp-block-column is-vertically-aligned-center is-layout-flow wp-block-column-is-layout-flow\" style=\"flex-basis:55%\"><div id=\"faq\" class=\"faq-container\"><div class=\"faq-wrap\" itemscope=\"\" itemtype=\"https:\/\/schema.org\/FAQPage\"><div class=\"faq__box faq__item\"><div class=\"faq__container\"><div class=\"faq__block\" itemscope=\"\" itemprop=\"mainEntity\" itemtype=\"https:\/\/schema.org\/Question\"><details class=\"faq\"><summary class=\"faq-question\" itemprop=\"name\"><div>Kan ik weggaan voordat de receptie opengaat?<\/div><span class=\"faq-opener\"><\/span><\/summary><div class=\"content\" itemscope=\"\" itemprop=\"acceptedAnswer\" itemtype=\"https:\/\/schema.org\/Answer\"><div itemprop=\"text\"><p>Als je wilt vertrekken voordat de receptie opengaat (9 uur), kom dan de dag ervoor naar de receptie. Bij vertrek kun je de sleutels in de brievenbus voor de receptie deponeren. <\/p>\n<\/div><\/div><\/details><\/div><\/div><\/div><div class=\"faq__box faq__item\"><div class=\"faq__container\"><div class=\"faq__block\" itemscope=\"\" itemprop=\"mainEntity\" itemtype=\"https:\/\/schema.org\/Question\"><details class=\"faq\"><summary class=\"faq-question\" itemprop=\"name\"><div>Wat moet ik doen als ik een persoonlijk voorwerp ben vergeten bij mijn vertrek?<\/div><span class=\"faq-opener\"><\/span><\/summary><div class=\"content\" itemscope=\"\" itemprop=\"acceptedAnswer\" itemtype=\"https:\/\/schema.org\/Answer\"><div itemprop=\"text\"><p>Als je het vergeet, neem dan contact op met de camping. Wij kunnen op uw kosten een retour regelen via L&#8217;Host. <\/p>\n<\/div><\/div><\/details><\/div><\/div><\/div><div class=\"faq__box faq__item\"><div class=\"faq__container\"><div class=\"faq__block\" itemscope=\"\" itemprop=\"mainEntity\" itemtype=\"https:\/\/schema.org\/Question\"><details class=\"faq\"><summary class=\"faq-question\" itemprop=\"name\"><div>Uw mening is belangrijk voor ons<\/div><span class=\"faq-opener\"><\/span><\/summary><div class=\"content\" itemscope=\"\" itemprop=\"acceptedAnswer\" itemtype=\"https:\/\/schema.org\/Answer\"><div itemprop=\"text\"><p><strong>Wij lezen uw beoordelingen en opmerkingen zorgvuldig en verwerken ze met het oog op verbetering van onze diensten.<\/strong><br \/>\n<strong>Na uw verblijf<\/strong> ontvangt u een e-mailbericht waarin u wordt gevraagd naar uw <strong>mening<\/strong> over uw algehele ervaring en over de camping, de accommodatie of kampeerplaats, het zwembad, de activiteiten en animatie en de verschillende diensten. <strong>Uw algemene tevredenheid is erg belangrijk voor ons.<\/strong><\/p>\n<\/div><\/div><\/details><\/div><\/div><\/div><\/div><\/div><\/div>\n<\/div>\n\n\r\n    <\/div>\r\n<\/section><section id=\"ls-section-block_3e1223168668530024af95244fcaa1ac\" class=\"ls-section  page-two page-vague-alt has-background has-color-4-background-color\" >\r\n        <div class=\"container container--full\">\r\n        \n\n<div class=\"wp-block-columns first is-layout-flex wp-container-core-columns-is-layout-9d6595d7 wp-block-columns-is-layout-flex\">\n<div class=\"wp-block-column is-layout-flow wp-block-column-is-layout-flow\" style=\"flex-basis:100%\">\n<div class=\"icone\"><i class=\"mane-g\"><\/i><\/div>\n\n\n\n<h2 class=\"ls__heading wp-block-heading has-text-align-center has-color-1-color has-text-color has-link-color wp-elements-2865e0a4bfe0b2fb2b1be195df29d19f\">Onze diensten<\/h2>\n<\/div>\n<\/div>\n\n\n\n<div class=\"wp-block-columns are-vertically-aligned-center first is-layout-flex wp-container-core-columns-is-layout-9d6595d7 wp-block-columns-is-layout-flex\">\n<div class=\"wp-block-column is-vertically-aligned-center is-layout-flow wp-block-column-is-layout-flow\" style=\"flex-basis:55%\"><div id=\"faq\" class=\"faq-container\"><div class=\"faq-wrap\" itemscope=\"\" itemtype=\"https:\/\/schema.org\/FAQPage\"><div class=\"faq__box faq__item\"><div class=\"faq__container\"><div class=\"faq__block\" itemscope=\"\" itemprop=\"mainEntity\" itemtype=\"https:\/\/schema.org\/Question\"><details class=\"faq\"><summary class=\"faq-question\" itemprop=\"name\"><div>Kunnen we fietsen huren op de camping?<\/div><span class=\"faq-opener\"><\/span><\/summary><div class=\"content\" itemscope=\"\" itemprop=\"acceptedAnswer\" itemtype=\"https:\/\/schema.org\/Answer\"><div itemprop=\"text\"><p>Ja, we <strong>verhuren fietsen<\/strong> voor volwassenen: klassieke of elektrische fietsen, kinderfietsen, kinderkar (alleen bij fietsverhuur). Helmen en sloten zijn aanwezig.<br \/>\n<a href=\"https:\/\/camping-baden.ouiresa.fr\/#\/?type=46081\" target=\"_blank\" rel=\"noopener\">Klik hier om te reserveren op onze website, in de online shop<\/a>.<\/p>\n<\/div><\/div><\/details><\/div><\/div><\/div><div class=\"faq__box faq__item\"><div class=\"faq__container\"><div class=\"faq__block\" itemscope=\"\" itemprop=\"mainEntity\" itemtype=\"https:\/\/schema.org\/Question\"><details class=\"faq\"><summary class=\"faq-question\" itemprop=\"name\"><div>Is er een brooddepot<\/div><span class=\"faq-opener\"><\/span><\/summary><div class=\"content\" itemscope=\"\" itemprop=\"acceptedAnswer\" itemtype=\"https:\/\/schema.org\/Answer\"><div itemprop=\"text\"><p>In de campingwinkel vind je elke ochtend vers brood en gebak.<\/p>\n<\/div><\/div><\/details><\/div><\/div><\/div><div class=\"faq__box faq__item\"><div class=\"faq__container\"><div class=\"faq__block\" itemscope=\"\" itemprop=\"mainEntity\" itemtype=\"https:\/\/schema.org\/Question\"><details class=\"faq\"><summary class=\"faq-question\" itemprop=\"name\"><div>Waar bevinden de toiletgebouwen zich?<\/div><span class=\"faq-opener\"><\/span><\/summary><div class=\"content\" itemscope=\"\" itemprop=\"acceptedAnswer\" itemtype=\"https:\/\/schema.org\/Answer\"><div itemprop=\"text\"><p>Vlakbij je kampeerplaats vind je een van onze 3 sanitairgebouwen van hoge kwaliteit, met PRM-toegang. Ze zijn uitgerust voor kinderen en toegankelijk voor gehandicapten. Een van de toiletgebouwen is verwarmd voor optimaal comfort in het laagseizoen.<\/p>\n<\/div><\/div><\/details><\/div><\/div><\/div><div class=\"faq__box faq__item\"><div class=\"faq__container\"><div class=\"faq__block\" itemscope=\"\" itemprop=\"mainEntity\" itemtype=\"https:\/\/schema.org\/Question\"><details class=\"faq\"><summary class=\"faq-question\" itemprop=\"name\"><div>Heeft de camping een wasservice?<\/div><span class=\"faq-opener\"><\/span><\/summary><div class=\"content\" itemscope=\"\" itemprop=\"acceptedAnswer\" itemtype=\"https:\/\/schema.org\/Answer\"><div itemprop=\"text\"><p>De camping heeft een wasserette met wasmachines, wasdrogers en strijkplanken. Een strijkijzer is beschikbaar bij de receptie. Je kunt contant betalen (bankbiljetten of munten) en ter plaatse kun je wisselgeld teruggeven via een muntautomaat.  <\/p>\n<\/div><\/div><\/details><\/div><\/div><\/div><div class=\"faq__box faq__item\"><div class=\"faq__container\"><div class=\"faq__block\" itemscope=\"\" itemprop=\"mainEntity\" itemtype=\"https:\/\/schema.org\/Question\"><details class=\"faq\"><summary class=\"faq-question\" itemprop=\"name\"><div>Kan ik mijn eigen waspoeder gebruiken bij de wasserette?<\/div><span class=\"faq-opener\"><\/span><\/summary><div class=\"content\" itemscope=\"\" itemprop=\"acceptedAnswer\" itemtype=\"https:\/\/schema.org\/Answer\"><div itemprop=\"text\"><p>Ja, je kunt je eigen waspoeder meenemen of doses kopen uit de automaat in de wasserette.<\/p>\n<\/div><\/div><\/details><\/div><\/div><\/div><\/div><\/div><\/div>\n\n\n\n<div class=\"wp-block-column is-vertically-aligned-center is-layout-flow wp-block-column-is-layout-flow\" style=\"flex-basis:55%\"><div id=\"faq\" class=\"faq-container\"><div class=\"faq-wrap\" itemscope=\"\" itemtype=\"https:\/\/schema.org\/FAQPage\"><div class=\"faq__box faq__item\"><div class=\"faq__container\"><div class=\"faq__block\" itemscope=\"\" itemprop=\"mainEntity\" itemtype=\"https:\/\/schema.org\/Question\"><details class=\"faq\"><summary class=\"faq-question\" itemprop=\"name\"><div>Heeft de camping een gratis pendeldienst in de zomer?<\/div><span class=\"faq-opener\"><\/span><\/summary><div class=\"content\" itemscope=\"\" itemprop=\"acceptedAnswer\" itemtype=\"https:\/\/schema.org\/Answer\"><div itemprop=\"text\"><p><strong>Tijdens de zomer<\/strong> vertrekt <strong>er een gratis pendeldienst<\/strong> vanaf de camping (behalve in het weekend en op feestdagen). Hij rijdt naar het strand van Locmiquel, de marktplaats Lamor-Baden en Port Blanc, en de pier naar Ile aux Moines. Check de data en tijden bij de receptie of op het informatiebord bij de shuttlehalte voor de receptie.  <\/p>\n<\/div><\/div><\/details><\/div><\/div><\/div><div class=\"faq__box faq__item\"><div class=\"faq__container\"><div class=\"faq__block\" itemscope=\"\" itemprop=\"mainEntity\" itemtype=\"https:\/\/schema.org\/Question\"><details class=\"faq\"><summary class=\"faq-question\" itemprop=\"name\"><div>Heeft de camping een spa?<\/div><span class=\"faq-opener\"><\/span><\/summary><div class=\"content\" itemscope=\"\" itemprop=\"acceptedAnswer\" itemtype=\"https:\/\/schema.org\/Answer\"><div itemprop=\"text\"><p>De camping heeft een wellnessruimte gewijd aan ontspanning, geopend van april tot september. Je hebt toegang tot de spa (sauna, hammam, jacuzzi, ontspanningsruimte), behandelingen, massages en ontspanningsmomenten op reservering.<br \/>\n<a href=\"https:\/\/camping-baden.ouiresa.fr\/#\/?type=205\" target=\"_blank\" rel=\"noopener\">Boek je behandeling of toegang tot de spa<\/a><br \/>\n<a href=\"https:\/\/www.camping-baden.com\/nl\/camping-met-spa-baden\/\">Lees meer over het behandelingsmenu en de prijzen<\/a><\/p>\n<p>Toegang tot de spa is voorbehouden aan personen van 16 jaar en ouder.<\/p>\n<\/div><\/div><\/details><\/div><\/div><\/div><div class=\"faq__box faq__item\"><div class=\"faq__container\"><div class=\"faq__block\" itemscope=\"\" itemprop=\"mainEntity\" itemtype=\"https:\/\/schema.org\/Question\"><details class=\"faq\"><summary class=\"faq-question\" itemprop=\"name\"><div>Zijn er barbecues te huur?<\/div><span class=\"faq-opener\"><\/span><\/summary><div class=\"content\" itemscope=\"\" itemprop=\"acceptedAnswer\" itemtype=\"https:\/\/schema.org\/Answer\"><div itemprop=\"text\"><p>Houtskoolbarbecues kunnen gehuurd worden bij de kruidenier.<\/p>\n<\/div><\/div><\/details><\/div><\/div><\/div><div class=\"faq__box faq__item\"><div class=\"faq__container\"><div class=\"faq__block\" itemscope=\"\" itemprop=\"mainEntity\" itemtype=\"https:\/\/schema.org\/Question\"><details class=\"faq\"><summary class=\"faq-question\" itemprop=\"name\"><div>Is er een minimarkt op de camping?<\/div><span class=\"faq-opener\"><\/span><\/summary><div class=\"content\" itemscope=\"\" itemprop=\"acceptedAnswer\" itemtype=\"https:\/\/schema.org\/Answer\"><div itemprop=\"text\"><p>De minimarkt van de camping heeft een hotspot met brood en gebak, een groente- en fruitafdeling, diepvriesproducten, ijsjes, lokale producten, buitenspelletjes, souvenirs, zwemkleding en -kleding, verhuur van barbecues, enz.<\/p>\n<\/div><\/div><\/details><\/div><\/div><\/div><div class=\"faq__box faq__item\"><div class=\"faq__container\"><div class=\"faq__block\" itemscope=\"\" itemprop=\"mainEntity\" itemtype=\"https:\/\/schema.org\/Question\"><details class=\"faq\"><summary class=\"faq-question\" itemprop=\"name\"><div>Is er een geldautomaat op de camping?<\/div><span class=\"faq-opener\"><\/span><\/summary><div class=\"content\" itemscope=\"\" itemprop=\"acceptedAnswer\" itemtype=\"https:\/\/schema.org\/Answer\"><div itemprop=\"text\"><p>Er zijn twee muntautomaten beschikbaar op de camping: in de wasserette en in de bar.<\/p>\n<\/div><\/div><\/details><\/div><\/div><\/div><\/div><\/div><\/div>\n<\/div>\n\n\r\n    <\/div>\r\n<\/section><section id=\"ls-section-block_bf8749884b38f3882e3807f7833a83b6\" class=\"ls-section  home-sixth page-one\" >\r\n        <div class=\"container container--wide\">\r\n        \n\n<div class=\"wp-block-columns are-vertically-aligned-center first is-layout-flex wp-container-core-columns-is-layout-9d6595d7 wp-block-columns-is-layout-flex\">\n<div class=\"wp-block-column is-vertically-aligned-center text is-layout-flow wp-block-column-is-layout-flow\" style=\"flex-basis:45%\">\n<h2 class=\"ls__heading wp-block-heading has-color-2-color has-text-color has-link-color wp-elements-8246e965497cca9fb8d3a4cc8d1fd35d\">Het aquatische gebied<\/h2>\n<\/div>\n<\/div>\n\n\n\n<div class=\"wp-block-columns are-vertically-aligned-center first is-layout-flex wp-container-core-columns-is-layout-9d6595d7 wp-block-columns-is-layout-flex\">\n<div class=\"wp-block-column is-vertically-aligned-center is-layout-flow wp-block-column-is-layout-flow\" style=\"flex-basis:55%\"><div id=\"faq\" class=\"faq-container\"><div class=\"faq-wrap\" itemscope=\"\" itemtype=\"https:\/\/schema.org\/FAQPage\"><div class=\"faq__box faq__item\"><div class=\"faq__container\"><div class=\"faq__block\" itemscope=\"\" itemprop=\"mainEntity\" itemtype=\"https:\/\/schema.org\/Question\"><details class=\"faq\"><summary class=\"faq-question\" itemprop=\"name\"><div>Is het watergebied het hele seizoen geopend?<\/div><span class=\"faq-opener\"><\/span><\/summary><div class=\"content\" itemscope=\"\" itemprop=\"acceptedAnswer\" itemtype=\"https:\/\/schema.org\/Answer\"><div itemprop=\"text\"><p>Het zwemparadijs is open tijdens de openingsperiode van de camping.<\/p>\n<\/div><\/div><\/details><\/div><\/div><\/div><div class=\"faq__box faq__item\"><div class=\"faq__container\"><div class=\"faq__block\" itemscope=\"\" itemprop=\"mainEntity\" itemtype=\"https:\/\/schema.org\/Question\"><details class=\"faq\"><summary class=\"faq-question\" itemprop=\"name\"><div>Zijn eten en drinken toegestaan in het watergebied?  <\/div><span class=\"faq-opener\"><\/span><\/summary><div class=\"content\" itemscope=\"\" itemprop=\"acceptedAnswer\" itemtype=\"https:\/\/schema.org\/Answer\"><div itemprop=\"text\"><p>Eten en drinken is niet toegestaan bij het zwembad. De bar en het restaurant staan tot je beschikking en je kunt eten en drinken op de terrassen met uitzicht op het zwembad. <\/p>\n<\/div><\/div><\/details><\/div><\/div><\/div><div class=\"faq__box faq__item\"><div class=\"faq__container\"><div class=\"faq__block\" itemscope=\"\" itemprop=\"mainEntity\" itemtype=\"https:\/\/schema.org\/Question\"><details class=\"faq\"><summary class=\"faq-question\" itemprop=\"name\"><div>Wat zijn de openingstijden van het aquacentrum?<\/div><span class=\"faq-opener\"><\/span><\/summary><div class=\"content\" itemscope=\"\" itemprop=\"acceptedAnswer\" itemtype=\"https:\/\/schema.org\/Answer\"><div itemprop=\"text\"><p>Openingstijden van het zwembad zijn van 10.00 tot 19.00 uur in het laagseizoen en van 10.00 tot 20.00 uur in het hoogseizoen.<br \/>\nEen avond &#8220;Piscine nocturne&#8221; is beschikbaar tot 22.00 uur, afhankelijk van bevestiging op het animatieschema.<\/p>\n<\/div><\/div><\/details><\/div><\/div><\/div><div class=\"faq__box faq__item\"><div class=\"faq__container\"><div class=\"faq__block\" itemscope=\"\" itemprop=\"mainEntity\" itemtype=\"https:\/\/schema.org\/Question\"><details class=\"faq\"><summary class=\"faq-question\" itemprop=\"name\"><div>Zijn de watergebieden &#8217;s avonds toegankelijk?<\/div><span class=\"faq-opener\"><\/span><\/summary><div class=\"content\" itemscope=\"\" itemprop=\"acceptedAnswer\" itemtype=\"https:\/\/schema.org\/Answer\"><div itemprop=\"text\"><p>Het zwembad sluit om 19.00 uur in het laagseizoen en om 20.00 uur in het hoogseizoen. Een &#8220;Piscine nocturne&#8221; avond is beschikbaar tot 22u, onder voorbehoud van bevestiging op het animatieschema. Onze animatieteams kunnen ook andere avonden in het zwembad organiseren.  <\/p>\n<\/div><\/div><\/details><\/div><\/div><\/div><div class=\"faq__box faq__item\"><div class=\"faq__container\"><div class=\"faq__block\" itemscope=\"\" itemprop=\"mainEntity\" itemtype=\"https:\/\/schema.org\/Question\"><details class=\"faq\"><summary class=\"faq-question\" itemprop=\"name\"><div>Zijn huisdieren toegestaan bij het zwembad?<\/div><span class=\"faq-opener\"><\/span><\/summary><div class=\"content\" itemscope=\"\" itemprop=\"acceptedAnswer\" itemtype=\"https:\/\/schema.org\/Answer\"><div itemprop=\"text\"><p>Huisdieren zijn niet toegestaan bij het zwembad.<\/p>\n<\/div><\/div><\/details><\/div><\/div><\/div><\/div><\/div><\/div>\n\n\n\n<div class=\"wp-block-column is-vertically-aligned-center is-layout-flow wp-block-column-is-layout-flow\" style=\"flex-basis:55%\"><div id=\"faq\" class=\"faq-container\"><div class=\"faq-wrap\" itemscope=\"\" itemtype=\"https:\/\/schema.org\/FAQPage\"><div class=\"faq__box faq__item\"><div class=\"faq__container\"><div class=\"faq__block\" itemscope=\"\" itemprop=\"mainEntity\" itemtype=\"https:\/\/schema.org\/Question\"><details class=\"faq\"><summary class=\"faq-question\" itemprop=\"name\"><div>Is het aquacentrum verwarmd?<\/div><span class=\"faq-opener\"><\/span><\/summary><div class=\"content\" itemscope=\"\" itemprop=\"acceptedAnswer\" itemtype=\"https:\/\/schema.org\/Answer\"><div itemprop=\"text\"><p>Ja, alle zwembaden zijn verwarmd als de camping opengaat. De temperatuur van de buitenbaden kan vari\u00ebren afhankelijk van het weer en de luchttemperatuur.<br \/>\nIn het overdekte zwembad wordt het water verwarmd tot 29\u00b0C en de lucht tot 25\u00b0C. <\/p>\n<\/div><\/div><\/details><\/div><\/div><\/div><div class=\"faq__box faq__item\"><div class=\"faq__container\"><div class=\"faq__block\" itemscope=\"\" itemprop=\"mainEntity\" itemtype=\"https:\/\/schema.org\/Question\"><details class=\"faq\"><summary class=\"faq-question\" itemprop=\"name\"><div>Welke zwemkleding is toegestaan in het zwembad?<\/div><span class=\"faq-opener\"><\/span><\/summary><div class=\"content\" itemscope=\"\" itemprop=\"acceptedAnswer\" itemtype=\"https:\/\/schema.org\/Answer\"><div itemprop=\"text\"><p>Zwemkleding en zwemshorts zijn toegestaan in het zwembad. Lange shorts die niet bedoeld zijn om in te zwemmen, zijn niet toegestaan. <\/p>\n<\/div><\/div><\/details><\/div><\/div><\/div><div class=\"faq__box faq__item\"><div class=\"faq__container\"><div class=\"faq__block\" itemscope=\"\" itemprop=\"mainEntity\" itemtype=\"https:\/\/schema.org\/Question\"><details class=\"faq\"><summary class=\"faq-question\" itemprop=\"name\"><div>Is er toezicht in het waterpark?<\/div><span class=\"faq-opener\"><\/span><\/summary><div class=\"content\" itemscope=\"\" itemprop=\"acceptedAnswer\" itemtype=\"https:\/\/schema.org\/Answer\"><div itemprop=\"text\"><p>Er is geen toezicht in het waterpark en het overdekte zwembad. Ouders zijn verantwoordelijk voor het toezicht op het zwemmen van hun kinderen. Op piekmomenten zal de zwemtoezichthouder(s) erop toezien dat de instructies worden opgevolgd en dat de glijbanen in orde zijn.  <\/p>\n<\/div><\/div><\/details><\/div><\/div><\/div><div class=\"faq__box faq__item\"><div class=\"faq__container\"><div class=\"faq__block\" itemscope=\"\" itemprop=\"mainEntity\" itemtype=\"https:\/\/schema.org\/Question\"><details class=\"faq\"><summary class=\"faq-question\" itemprop=\"name\"><div>Is het zwembad toegankelijk voor bezoekers van de camping?<\/div><span class=\"faq-opener\"><\/span><\/summary><div class=\"content\" itemscope=\"\" itemprop=\"acceptedAnswer\" itemtype=\"https:\/\/schema.org\/Answer\"><div itemprop=\"text\"><p>Buiten juli en augustus kunnen bezoekers worden toegelaten tegen een dagtarief, na voorafgaande afspraak met de camping en met een maximum van twee bezoekers per staanplaats. Ze blijven onder de verantwoordelijkheid van de bewoners en moeten door hen worden geregistreerd bij de receptie.  Bezoekers hebben niet automatisch toegang tot het zwembad. Vraag ernaar bij de receptie. <\/p>\n<\/div><\/div><\/details><\/div><\/div><\/div><\/div><\/div><\/div>\n<\/div>\n\n\r\n    <\/div>\r\n<\/section><section id=\"ls-section-block_bf8749884b38f3882e3807f7833a83b6\" class=\"ls-section  home-sixth page-one\" >\r\n        <div class=\"container container--wide\">\r\n        \n\n<div class=\"wp-block-columns are-vertically-aligned-center first is-layout-flex wp-container-core-columns-is-layout-9d6595d7 wp-block-columns-is-layout-flex\">\n<div class=\"wp-block-column is-vertically-aligned-center text is-layout-flow wp-block-column-is-layout-flow\" style=\"flex-basis:45%\">\n<h2 class=\"ls__heading wp-block-heading has-color-2-color has-text-color has-link-color wp-elements-44264c7aaf1f9c5a8194ecc18fedf2c8\">Activiteiten en entertainment<\/h2>\n<\/div>\n<\/div>\n\n\n\n<div class=\"wp-block-columns are-vertically-aligned-center first is-layout-flex wp-container-core-columns-is-layout-9d6595d7 wp-block-columns-is-layout-flex\">\n<div class=\"wp-block-column is-vertically-aligned-center is-layout-flow wp-block-column-is-layout-flow\" style=\"flex-basis:55%\"><div id=\"faq\" class=\"faq-container\"><div class=\"faq-wrap\" itemscope=\"\" itemtype=\"https:\/\/schema.org\/FAQPage\"><div class=\"faq__box faq__item\"><div class=\"faq__container\"><div class=\"faq__block\" itemscope=\"\" itemprop=\"mainEntity\" itemtype=\"https:\/\/schema.org\/Question\"><details class=\"faq\"><summary class=\"faq-question\" itemprop=\"name\"><div>Zijn er evenementen tijdens het seizoen?<\/div><span class=\"faq-opener\"><\/span><\/summary><div class=\"content\" itemscope=\"\" itemprop=\"acceptedAnswer\" itemtype=\"https:\/\/schema.org\/Answer\"><div itemprop=\"text\"><p>Het hele seizoen door is er entertainment. Het programma wordt dagelijks bijgewerkt, met een extra programma in juli en augustus. Het is elke week te zien bij de receptie of in het animatiebureau, en ook op de Yelloh Village app.  <\/p>\n<\/div><\/div><\/details><\/div><\/div><\/div><div class=\"faq__box faq__item\"><div class=\"faq__container\"><div class=\"faq__block\" itemscope=\"\" itemprop=\"mainEntity\" itemtype=\"https:\/\/schema.org\/Question\"><details class=\"faq\"><summary class=\"faq-question\" itemprop=\"name\"><div>Wat zijn de begin- en eindtijden van de evenementen?<\/div><span class=\"faq-opener\"><\/span><\/summary><div class=\"content\" itemscope=\"\" itemprop=\"acceptedAnswer\" itemtype=\"https:\/\/schema.org\/Answer\"><div itemprop=\"text\"><p>De animatietijden vari\u00ebren afhankelijk van de activiteiten en worden aangegeven op het animatieschema: elke week te zien bij de receptie of in het animatiebureau, en op de Yelloh Village app.<br \/>\nIn juli en augustus kan het entertainment tot in de avond doorgaan en is het over het algemeen rond 23.00 uur afgelopen.<\/p>\n<\/div><\/div><\/details><\/div><\/div><\/div><div class=\"faq__box faq__item\"><div class=\"faq__container\"><div class=\"faq__block\" itemscope=\"\" itemprop=\"mainEntity\" itemtype=\"https:\/\/schema.org\/Question\"><details class=\"faq\"><summary class=\"faq-question\" itemprop=\"name\"><div>Moeten we de evenementen boeken<\/div><span class=\"faq-opener\"><\/span><\/summary><div class=\"content\" itemscope=\"\" itemprop=\"acceptedAnswer\" itemtype=\"https:\/\/schema.org\/Answer\"><div itemprop=\"text\"><p>Het is niet mogelijk om gratis evenementen te boeken.<\/p>\n<\/div><\/div><\/details><\/div><\/div><\/div><div class=\"faq__box faq__item\"><div class=\"faq__container\"><div class=\"faq__block\" itemscope=\"\" itemprop=\"mainEntity\" itemtype=\"https:\/\/schema.org\/Question\"><details class=\"faq\"><summary class=\"faq-question\" itemprop=\"name\"><div>Zijn er spelletjes voor kinderen jonger dan 5?<\/div><span class=\"faq-opener\"><\/span><\/summary><div class=\"content\" itemscope=\"\" itemprop=\"acceptedAnswer\" itemtype=\"https:\/\/schema.org\/Answer\"><div itemprop=\"text\"><p>De nieuwe speeltuin zal kinderen van jongs af aan plezieren:<\/p>\n<ul>\n<li>een multi-activiteitenstructuur voor jonge kinderen, met glijbanen en speelhuisjes, toegankelijk vanaf 6 maanden of 2 jaar,<\/li>\n<li>een grote speelstructuur met toren, buisglijbaan, klimspelletjes en activiteiten voor kinderen vanaf 2 jaar,<\/li>\n<li>verende spellen van \u00e9\u00e9n jaar: rups en tractor,<\/li>\n<li>en een portaalkraan voor kinderen vanaf 2 jaar.<\/li>\n<\/ul>\n<\/div><\/div><\/details><\/div><\/div><\/div><\/div><\/div><\/div>\n\n\n\n<div class=\"wp-block-column is-vertically-aligned-center is-layout-flow wp-block-column-is-layout-flow\" style=\"flex-basis:55%\"><div id=\"faq\" class=\"faq-container\"><div class=\"faq-wrap\" itemscope=\"\" itemtype=\"https:\/\/schema.org\/FAQPage\"><div class=\"faq__box faq__item\"><div class=\"faq__container\"><div class=\"faq__block\" itemscope=\"\" itemprop=\"mainEntity\" itemtype=\"https:\/\/schema.org\/Question\"><details class=\"faq\"><summary class=\"faq-question\" itemprop=\"name\"><div>Vanaf welke leeftijd worden kinderen toegelaten tot de kinderclub?<\/div><span class=\"faq-opener\"><\/span><\/summary><div class=\"content\" itemscope=\"\" itemprop=\"acceptedAnswer\" itemtype=\"https:\/\/schema.org\/Answer\"><div itemprop=\"text\"><p>Kinderen vanaf 5 jaar hebben toegang tot de kinderclub, afhankelijk van beschikbaarheid.<\/p>\n<\/div><\/div><\/details><\/div><\/div><\/div><div class=\"faq__box faq__item\"><div class=\"faq__container\"><div class=\"faq__block\" itemscope=\"\" itemprop=\"mainEntity\" itemtype=\"https:\/\/schema.org\/Question\"><details class=\"faq\"><summary class=\"faq-question\" itemprop=\"name\"><div>Hoe kan ik de evenementenkalender bekijken?<\/div><span class=\"faq-opener\"><\/span><\/summary><div class=\"content\" itemscope=\"\" itemprop=\"acceptedAnswer\" itemtype=\"https:\/\/schema.org\/Answer\"><div itemprop=\"text\"><p>Het schema hangt bij de receptie van de camping, voor het animatiebureau of is direct toegankelijk op de Yelloh Village app.<\/p>\n<\/div><\/div><\/details><\/div><\/div><\/div><div class=\"faq__box faq__item\"><div class=\"faq__container\"><div class=\"faq__block\" itemscope=\"\" itemprop=\"mainEntity\" itemtype=\"https:\/\/schema.org\/Question\"><details class=\"faq\"><summary class=\"faq-question\" itemprop=\"name\"><div>Waar is de manege? Kun je de pony&#8217;s en paarden zien? <\/div><span class=\"faq-opener\"><\/span><\/summary><div class=\"content\" itemscope=\"\" itemprop=\"acceptedAnswer\" itemtype=\"https:\/\/schema.org\/Answer\"><div itemprop=\"text\"><p><strong>De manege Centre \u00e9questre Man\u00e9 Guernehu\u00e9 ligt naast de camping Man\u00e9 Guernehu\u00e9<\/strong>.<br \/>\nOngeveer 40 sportpaarden en -pony&#8217;s, waaronder Shetlands, grazen in de weiden rond de manege, zodat je ze gemakkelijk kunt zien tijdens je verblijf.<br \/>\nIn de manege kun je in alle vrijheid en onder de best mogelijke omstandigheden <strong>paardrijden<\/strong>.<br \/>\nDe manege heeft de labels <strong>Poney Club de France<\/strong> en <strong>Cheval Club de France<\/strong> en voldoet aan de kwaliteitsverplichtingen van de <strong>\u00c9coles Fran\u00e7aises d&#8217;\u00c9quitation<\/strong>. Deze keurmerken worden toegekend aan clubs die lessen voor beginners, gevorderden en vergevorderden aanbieden voor zowel pony&#8217;s als paarden.<br \/>\n<strong>Het hele jaar door geopend met een gekwalificeerde instructeur <\/strong>:<\/p>\n<ul>\n<li>rijlessen<\/li>\n<li>begeleide wandelingen van een uur<\/li>\n<li>ponyritjes voor jongere kinderen (onder begeleiding van ouders)<\/li>\n<li>Cursussen worden ook aangeboden tijdens de februarivakantie, paasvakantie, zomervakantie en herfstvakantie.<\/li>\n<\/ul>\n<p><a href=\"https:\/\/camping-baden.ouiresa.fr\/#\/?type=202\" target=\"_blank\" rel=\"noopener\">Boek je ruiteractiviteit online.<\/a><\/p>\n<\/div><\/div><\/details><\/div><\/div><\/div><div class=\"faq__box faq__item\"><div class=\"faq__container\"><div class=\"faq__block\" itemscope=\"\" itemprop=\"mainEntity\" itemtype=\"https:\/\/schema.org\/Question\"><details class=\"faq\"><summary class=\"faq-question\" itemprop=\"name\"><div>Hoe boek je betaalde activiteiten met een deelnamebijdrage: avonturenparcours, paardrijactiviteiten, enz.<\/div><span class=\"faq-opener\"><\/span><\/summary><div class=\"content\" itemscope=\"\" itemprop=\"acceptedAnswer\" itemtype=\"https:\/\/schema.org\/Answer\"><div itemprop=\"text\"><p>Activiteiten kunnen worden geboekt via onze website: <a href=\"https:\/\/camping-baden.ouiresa.fr\/\" target=\"_blank\" rel=\"noopener\">klik op deze link om naar de online shop te gaan<\/a><\/p>\n<\/div><\/div><\/details><\/div><\/div><\/div><\/div><\/div><\/div>\n<\/div>\n\n\r\n    <\/div>\r\n<\/section><section id=\"ls-section-block_3e1223168668530024af95244fcaa1ac\" class=\"ls-section  page-two page-vague-alt has-background has-color-4-background-color\" >\r\n        <div class=\"container container--full\">\r\n        \n\n<div class=\"wp-block-columns first is-layout-flex wp-container-core-columns-is-layout-9d6595d7 wp-block-columns-is-layout-flex\">\n<div class=\"wp-block-column is-layout-flow wp-block-column-is-layout-flow\" style=\"flex-basis:100%\">\n<div class=\"icone\"><i class=\"mane-g\"><\/i><\/div>\n\n\n\n<h2 class=\"ls__heading wp-block-heading has-text-align-center has-color-1-color has-text-color has-link-color wp-elements-feb435d9876cca3779860a0da4bb441e\">In de buurt<\/h2>\n<\/div>\n<\/div>\n\n\n\n<div class=\"wp-block-columns are-vertically-aligned-center first is-layout-flex wp-container-core-columns-is-layout-9d6595d7 wp-block-columns-is-layout-flex\">\n<div class=\"wp-block-column is-vertically-aligned-center is-layout-flow wp-block-column-is-layout-flow\" style=\"flex-basis:55%\"><div id=\"faq\" class=\"faq-container\"><div class=\"faq-wrap\" itemscope=\"\" itemtype=\"https:\/\/schema.org\/FAQPage\"><div class=\"faq__box faq__item\"><div class=\"faq__container\"><div class=\"faq__block\" itemscope=\"\" itemprop=\"mainEntity\" itemtype=\"https:\/\/schema.org\/Question\"><details class=\"faq\"><summary class=\"faq-question\" itemprop=\"name\"><div>Hoe ver ligt de camping van het strand?<\/div><span class=\"faq-opener\"><\/span><\/summary><div class=\"content\" itemscope=\"\" itemprop=\"acceptedAnswer\" itemtype=\"https:\/\/schema.org\/Answer\"><div itemprop=\"text\"><p>De camping ligt op 1 km van de zee via het kustpad en op 3 km van de eerste stranden.<\/p>\n<\/div><\/div><\/details><\/div><\/div><\/div><div class=\"faq__box faq__item\"><div class=\"faq__container\"><div class=\"faq__block\" itemscope=\"\" itemprop=\"mainEntity\" itemtype=\"https:\/\/schema.org\/Question\"><details class=\"faq\"><summary class=\"faq-question\" itemprop=\"name\"><div>Welke wandelroutes zijn er?<\/div><span class=\"faq-opener\"><\/span><\/summary><div class=\"content\" itemscope=\"\" itemprop=\"acceptedAnswer\" itemtype=\"https:\/\/schema.org\/Answer\"><div itemprop=\"text\"><p>Het <strong>kustpad<\/strong> ligt op slechts 1 km van de camping en sluit aan op de beroemde <strong>GR34<\/strong>, ook wel bekend als het &#8220;douanepad&#8221;. Met <strong>37 km kustlijn<\/strong> in de gemeente Baden zijn er genoeg wandelingen en trektochten om het rijke natuurlijke erfgoed van de Golf van Morbihan te ontdekken. <\/p>\n<p>Je kunt alle <strong>wandelroutes<\/strong> vinden in de map die verkrijgbaar is bij de receptie.<br \/>\nJe kunt ook de Cirkwi app downloaden (op <a href=\"https:\/\/play.google.com\/store\/apps\/details?id=com.cirkwi.pit&amp;hl=fr\" target=\"_blank\" rel=\"noopener\">Google Play<\/a> of <a href=\"https:\/\/apps.apple.com\/fr\/app\/cirkwi\/id651471914\" target=\"_blank\" rel=\"noopener\">Apple Store<\/a>) en de websites itirando <a href=\"https:\/\/itirando.bzh\/blog\/departement\/morbihan\/\" target=\"_blank\" rel=\"noopener\">.bzh<\/a> of <a href=\"https:\/\/www.mongr.fr\/\" target=\"_blank\" rel=\"noopener\">mongr.fr<\/a> bezoeken om je routes te plannen.<\/p>\n<\/div><\/div><\/details><\/div><\/div><\/div><div class=\"faq__box faq__item\"><div class=\"faq__container\"><div class=\"faq__block\" itemscope=\"\" itemprop=\"mainEntity\" itemtype=\"https:\/\/schema.org\/Question\"><details class=\"faq\"><summary class=\"faq-question\" itemprop=\"name\"><div>Zijn er excursies mogelijk vanaf de camping?<\/div><span class=\"faq-opener\"><\/span><\/summary><div class=\"content\" itemscope=\"\" itemprop=\"acceptedAnswer\" itemtype=\"https:\/\/schema.org\/Answer\"><div itemprop=\"text\"><p>We organiseren begeleide <strong>wandelingen<\/strong> vanaf de camping langs de kustpaden. Excursies kunnen ook worden georganiseerd met de carpool of met de pendelbus in de zomer. <\/p>\n<p>Bekijk het <strong>evenementenprogramma<\/strong> bij de receptie, voor het evenementenbureau of online op de Yelloh! Village app. <\/p>\n<\/div><\/div><\/details><\/div><\/div><\/div><div class=\"faq__box faq__item\"><div class=\"faq__container\"><div class=\"faq__block\" itemscope=\"\" itemprop=\"mainEntity\" itemtype=\"https:\/\/schema.org\/Question\"><details class=\"faq\"><summary class=\"faq-question\" itemprop=\"name\"><div>Waar zijn de fietspaden?<\/div><span class=\"faq-opener\"><\/span><\/summary><div class=\"content\" itemscope=\"\" itemprop=\"acceptedAnswer\" itemtype=\"https:\/\/schema.org\/Answer\"><div itemprop=\"text\"><p>De camping is omringd door talrijke fietspaden, ideaal om de regio op de fiets te verkennen.<\/p>\n<p>Bij de receptie is een kaart verkrijgbaar met fietspaden en -routes.<\/p>\n<p>De fietsroutebinder kan ter plaatse worden geraadpleegd.<\/p>\n<p>Je kunt ook de applicatie <a href=\"https:\/\/geovelo.app\/fr\/\" target=\"_blank\" rel=\"noopener\">G\u00e9ovelo<\/a> downloaden in <a href=\"https:\/\/play.google.com\/store\/apps\/details?id=fr.geovelo&amp;hl=fr&amp;pli=1\">Google Play<\/a> of <a href=\"https:\/\/apps.apple.com\/fr\/app\/geovelo-gps-stats-v%C3%A9lo\/id1261357713\">Apple Store<\/a>.<\/p>\n<\/div><\/div><\/details><\/div><\/div><\/div><div class=\"faq__box faq__item\"><div class=\"faq__container\"><div class=\"faq__block\" itemscope=\"\" itemprop=\"mainEntity\" itemtype=\"https:\/\/schema.org\/Question\"><details class=\"faq\"><summary class=\"faq-question\" itemprop=\"name\"><div>Welke winkels en diensten vind ik in Baden<\/div><span class=\"faq-opener\"><\/span><\/summary><div class=\"content\" itemscope=\"\" itemprop=\"acceptedAnswer\" itemtype=\"https:\/\/schema.org\/Answer\"><div itemprop=\"text\"><p>Baden biedt een breed scala aan diensten en winkels in de buurt van de camping:<\/p>\n<ul>\n<li>Landelijke markt (lokale producten) elke vrijdag van 16.30 tot 19.30 uur<\/li>\n<li>Port Blanc markt op woensdag van 14u tot 20u in juli en augustus<\/li>\n<li>Carrefour Market supermarkt<\/li>\n<li>Buurtwinkels: bar, kruidenier, bakker, slager, oesterkwekers, etc. <a href=\"https:\/\/www.baden.fr\/annuaires\/?d=&amp;sd=\" target=\"_blank\" rel=\"noopener\">Bekijk de volledige lijst op de website van het stadhuis.<\/a><\/li>\n<li>Restaurants en cr\u00eaperies<\/li>\n<li>Mus\u00e9e des Passions et des Ailes: kom meer te weten over de geschiedenis en de collecties van het museum op <a href=\"https:\/\/www.museedebaden.fr\/\" target=\"_blank\" rel=\"noopener\">de offici\u00eble website<\/a>.<\/li>\n<li>Port Blanc pier: vertrek naar \u00cele-aux-Moines, cruises op de Golf van Morbihan met <a href=\"https:\/\/www.izenah-croisieres.com\/\" target=\"_blank\" rel=\"noopener\">Izenah Croisi\u00e8res<\/a>&#8230;<\/li>\n<\/ul>\n<\/div><\/div><\/details><\/div><\/div><\/div><\/div><\/div><\/div>\n\n\n\n<div class=\"wp-block-column is-vertically-aligned-center is-layout-flow wp-block-column-is-layout-flow\" style=\"flex-basis:55%\"><div id=\"faq\" class=\"faq-container\"><div class=\"faq-wrap\" itemscope=\"\" itemtype=\"https:\/\/schema.org\/FAQPage\"><div class=\"faq__box faq__item\"><div class=\"faq__container\"><div class=\"faq__block\" itemscope=\"\" itemprop=\"mainEntity\" itemtype=\"https:\/\/schema.org\/Question\"><details class=\"faq\"><summary class=\"faq-question\" itemprop=\"name\"><div>Is er toezicht op het strand?<\/div><span class=\"faq-opener\"><\/span><\/summary><div class=\"content\" itemscope=\"\" itemprop=\"acceptedAnswer\" itemtype=\"https:\/\/schema.org\/Answer\"><div itemprop=\"text\"><p>De stranden van de Golfe du Morbihan die het dichtst bij de camping liggen, zijn niet bewaakt.<\/p>\n<p>In Vannes is het strand van Conleau bewaakt in juli en augustus, van 13.00 tot 19.00 uur.<\/p>\n<\/div><\/div><\/details><\/div><\/div><\/div><div class=\"faq__box faq__item\"><div class=\"faq__container\"><div class=\"faq__block\" itemscope=\"\" itemprop=\"mainEntity\" itemtype=\"https:\/\/schema.org\/Question\"><details class=\"faq\"><summary class=\"faq-question\" itemprop=\"name\"><div>Ligt de camping dicht bij het stadscentrum?<\/div><span class=\"faq-opener\"><\/span><\/summary><div class=\"content\" itemscope=\"\" itemprop=\"acceptedAnswer\" itemtype=\"https:\/\/schema.org\/Answer\"><div itemprop=\"text\"><p>De camping ligt op 900 m van het centrum van Baden.<\/p>\n<\/div><\/div><\/details><\/div><\/div><\/div><div class=\"faq__box faq__item\"><div class=\"faq__container\"><div class=\"faq__block\" itemscope=\"\" itemprop=\"mainEntity\" itemtype=\"https:\/\/schema.org\/Question\"><details class=\"faq\"><summary class=\"faq-question\" itemprop=\"name\"><div>Kun je naar een supermarkt lopen?<\/div><span class=\"faq-opener\"><\/span><\/summary><div class=\"content\" itemscope=\"\" itemprop=\"acceptedAnswer\" itemtype=\"https:\/\/schema.org\/Answer\"><div itemprop=\"text\"><p>Ja, je kunt naar de Carrefour Markt op 1,5 km afstand, op 20 minuten lopen van de camping.<\/p>\n<\/div><\/div><\/details><\/div><\/div><\/div><div class=\"faq__box faq__item\"><div class=\"faq__container\"><div class=\"faq__block\" itemscope=\"\" itemprop=\"mainEntity\" itemtype=\"https:\/\/schema.org\/Question\"><details class=\"faq\"><summary class=\"faq-question\" itemprop=\"name\"><div>Waar is het dichtstbijzijnde toeristenbureau?<\/div><span class=\"faq-opener\"><\/span><\/summary><div class=\"content\" itemscope=\"\" itemprop=\"acceptedAnswer\" itemtype=\"https:\/\/schema.org\/Answer\"><div itemprop=\"text\"><p>Er is een VVV-kantoor in het stadhuis van Baden (3 place Weilheim, tel. 02 97 57 00 95). De dichtstbijzijnde VVV-kantoren zijn in Auray, 20 rue du Lait (tel: 02 97 24 09 75) en Vannes, Quai Eric Tabarly (tel: 02 97 47 24 34).<br \/>\n<a href=\"https:\/\/www.golfedumorbihan.bzh\/preparer-sejour-vannes\/infos-pratiques\/office-de-tourisme\/\" target=\"_blank\" rel=\"noopener\">Lees meer op de website van de VVV van de Golfe du Morbihan<\/a><\/p>\n<\/div><\/div><\/details><\/div><\/div><\/div><div class=\"faq__box faq__item\"><div class=\"faq__container\"><div class=\"faq__block\" itemscope=\"\" itemprop=\"mainEntity\" itemtype=\"https:\/\/schema.org\/Question\"><details class=\"faq\"><summary class=\"faq-question\" itemprop=\"name\"><div>Is de camping bereikbaar met het openbaar vervoer? Is er een gratis pendeldienst vanaf de camping? <\/div><span class=\"faq-opener\"><\/span><\/summary><div class=\"content\" itemscope=\"\" itemprop=\"acceptedAnswer\" itemtype=\"https:\/\/schema.org\/Answer\"><div itemprop=\"text\"><p>Er zijn <strong>buslijnen<\/strong> naar de gemeente en de omgeving. We raden je aan om de dienstregelingen en verbindingen van tevoren te controleren, vooral in het hoogseizoen. <\/p>\n<p><strong>In de zomer is er<\/strong> een <strong>gratis pendeldienst<\/strong> (behalve in het weekend en op feestdagen). Deze pendeldienst rijdt naar het strand, de stad Lamor-Baden en Port Blanc en de pier van Ile aux Moines. Controleer de data en tijden bij de receptie of bij de halte van de pendelbus voor de receptie.  <\/p>\n<\/div><\/div><\/details><\/div><\/div><\/div><\/div><\/div><\/div>\n<\/div>\n\n\r\n    <\/div>\r\n<\/section><section id=\"ls-section-block_df029dd6a1b35aeae1bb95d33067f536\" class=\"ls-section  page-cta has-m-t m-t-10\" >\r\n        <div class=\"container container--wide\">\r\n        \n\n<div id=\"ls-heading ls-titre-div-block_f0e08a19c5b667594fd6888863e7cd30\" class=\"ls-titre-div aligncenter h1-like has-text-color has-color-2-color\" >\n    Ontdek al <em>onze diensten<\/em><\/div>\n\n\n\n<div id=\"ls-maillage-block_e8bc1982072d7f759113d80acc913617\" class=\"ls-maillage animated fadeIn slow cta-style-normal\" data-rows=\"3\">\n\n    <div class=\"wp-block-columns\"><div class=\"wp-block-column\">\n\n<a href=\"https:\/\/www.camping-baden.com\/nl\/familiecamping-baden\/\" target=\"\" rel=\"noopener\" class=\"ls-cta__link\" data-categ=\"\">\n\t<div class=\"ls-cta__image\"><img decoding=\"async\" src=\"https:\/\/www.camping-baden.com\/wp-content\/uploads\/2024\/10\/equipe-epicerie-point-chaud-anne-sophie.webp\" alt=\"team kruidenierswinkel punt chaud anne sophie\"><\/div>\n\t<div class=\"ls-cta__title\">\n\t\tDiensten\t\t<i class=\"mane-fleche\"><\/i>\n\t<\/div>\n\n\t\n\t<\/a><\/div><div class=\"wp-block-column\">\n\n<a href=\"https:\/\/www.camping-baden.com\/nl\/camping-met-waterpark-in-baden\/\" target=\"\" rel=\"noopener\" class=\"ls-cta__link\" data-categ=\"\">\n\t<div class=\"ls-cta__image\"><img decoding=\"async\" src=\"https:\/\/www.camping-baden.com\/wp-content\/uploads\/2025\/09\/parc-aquatique-camping-mane-guernehue-800-683px.jpg\" alt=\"Nieuwe waterglijbanen op camping Man\u00e9 Guernehu\u00e9\"><\/div>\n\t<div class=\"ls-cta__title\">\n\t\tWaterpark\t\t<i class=\"mane-fleche\"><\/i>\n\t<\/div>\n\n\t\n\t<\/a><\/div><div class=\"wp-block-column\">\n\n<a href=\"https:\/\/www.camping-baden.com\/nl\/camping-familie-activiteiten-baden\/\" target=\"\" rel=\"noopener\" class=\"ls-cta__link\" data-categ=\"\">\n\t<div class=\"ls-cta__image\"><img decoding=\"async\" src=\"https:\/\/www.camping-baden.com\/wp-content\/uploads\/2024\/10\/2024-parcours-aventure-Studio-4k-263-retouchee.webp\" alt=\"Studio k avonturencursus\"><\/div>\n\t<div class=\"ls-cta__title\">\n\t\tFamilie-evenementen en -activiteiten\t\t<i class=\"mane-fleche\"><\/i>\n\t<\/div>\n\n\t\n\t<\/a><\/div><\/div>\n<\/div>\n\r\n    <\/div>\r\n<\/section>","protected":false},"excerpt":{"rendered":"","protected":false},"author":1,"featured_media":0,"parent":0,"menu_order":0,"comment_status":"closed","ping_status":"closed","template":"","meta":{"_acf_changed":false,"footnotes":""},"sujet":[],"class_list":["post-12911","page","type-page","status-publish","hentry"],"acf":[],"yoast_head":"<!-- This site is optimized with the Yoast SEO plugin v25.3 - https:\/\/yoast.com\/wordpress\/plugins\/seo\/ -->\n<title>Veelgestelde vragen over camping Man\u00e9 Guernehu\u00e9<\/title>\n<meta name=\"robots\" content=\"index, follow, max-snippet:-1, max-image-preview:large, max-video-preview:-1\" \/>\n<link rel=\"canonical\" href=\"https:\/\/www.camping-baden.com\/nl\/faq\/\" \/>\n<meta property=\"og:locale\" content=\"nl_NL\" \/>\n<meta property=\"og:type\" content=\"article\" \/>\n<meta property=\"og:title\" content=\"Veelgestelde vragen over camping Man\u00e9 Guernehu\u00e9\" \/>\n<meta property=\"og:url\" content=\"https:\/\/www.camping-baden.com\/nl\/faq\/\" \/>\n<meta property=\"og:site_name\" content=\"Man\u00e9 Guernehu\u00e9\" \/>\n<meta property=\"article:modified_time\" content=\"2026-04-27T07:24:29+00:00\" \/>\n<meta name=\"twitter:card\" content=\"summary_large_image\" \/>\n<script type=\"application\/ld+json\" class=\"yoast-schema-graph\">{\"@context\":\"https:\/\/schema.org\",\"@graph\":[{\"@type\":\"WebPage\",\"@id\":\"https:\/\/www.camping-baden.com\/nl\/faq\/\",\"url\":\"https:\/\/www.camping-baden.com\/nl\/faq\/\",\"name\":\"Veelgestelde vragen over camping Man\u00e9 Guernehu\u00e9\",\"isPartOf\":{\"@id\":\"https:\/\/www.camping-baden.com\/nl\/#website\"},\"datePublished\":\"2024-09-16T13:41:27+00:00\",\"dateModified\":\"2026-04-27T07:24:29+00:00\",\"breadcrumb\":{\"@id\":\"https:\/\/www.camping-baden.com\/nl\/faq\/#breadcrumb\"},\"inLanguage\":\"nl-NL\",\"potentialAction\":[{\"@type\":\"ReadAction\",\"target\":[\"https:\/\/www.camping-baden.com\/nl\/faq\/\"]}]},{\"@type\":\"BreadcrumbList\",\"@id\":\"https:\/\/www.camping-baden.com\/nl\/faq\/#breadcrumb\",\"itemListElement\":[{\"@type\":\"ListItem\",\"position\":1,\"name\":\"Camping Golfe du Morbihan\",\"item\":\"https:\/\/www.camping-baden.com\/nl\/\"},{\"@type\":\"ListItem\",\"position\":2,\"name\":\"FAQ\"}]},{\"@type\":\"WebSite\",\"@id\":\"https:\/\/www.camping-baden.com\/nl\/#website\",\"url\":\"https:\/\/www.camping-baden.com\/nl\/\",\"name\":\"Man\u00e9 Guernehu\u00e9\",\"description\":\"\",\"publisher\":{\"@id\":\"https:\/\/www.camping-baden.com\/nl\/#organization\"},\"potentialAction\":[{\"@type\":\"SearchAction\",\"target\":{\"@type\":\"EntryPoint\",\"urlTemplate\":\"https:\/\/www.camping-baden.com\/nl\/?s={search_term_string}\"},\"query-input\":{\"@type\":\"PropertyValueSpecification\",\"valueRequired\":true,\"valueName\":\"search_term_string\"}}],\"inLanguage\":\"nl-NL\"},{\"@type\":\"Organization\",\"@id\":\"https:\/\/www.camping-baden.com\/nl\/#organization\",\"name\":\"Man\u00e9 Guernehu\u00e9\",\"url\":\"https:\/\/www.camping-baden.com\/nl\/\",\"logo\":{\"@type\":\"ImageObject\",\"inLanguage\":\"nl-NL\",\"@id\":\"https:\/\/www.camping-baden.com\/nl\/#\/schema\/logo\/image\/\",\"url\":\"https:\/\/www.camping-baden.com\/wp-content\/uploads\/2024\/08\/logo-camping-mane-guernehue.png\",\"contentUrl\":\"https:\/\/www.camping-baden.com\/wp-content\/uploads\/2024\/08\/logo-camping-mane-guernehue.png\",\"width\":1000,\"height\":450,\"caption\":\"Man\u00e9 Guernehu\u00e9\"},\"image\":{\"@id\":\"https:\/\/www.camping-baden.com\/nl\/#\/schema\/logo\/image\/\"}}]}<\/script>\n<!-- \/ Yoast SEO plugin. -->","yoast_head_json":{"title":"Veelgestelde vragen over camping Man\u00e9 Guernehu\u00e9","robots":{"index":"index","follow":"follow","max-snippet":"max-snippet:-1","max-image-preview":"max-image-preview:large","max-video-preview":"max-video-preview:-1"},"canonical":"https:\/\/www.camping-baden.com\/nl\/faq\/","og_locale":"nl_NL","og_type":"article","og_title":"Veelgestelde vragen over camping Man\u00e9 Guernehu\u00e9","og_url":"https:\/\/www.camping-baden.com\/nl\/faq\/","og_site_name":"Man\u00e9 Guernehu\u00e9","article_modified_time":"2026-04-27T07:24:29+00:00","twitter_card":"summary_large_image","schema":{"@context":"https:\/\/schema.org","@graph":[{"@type":"WebPage","@id":"https:\/\/www.camping-baden.com\/nl\/faq\/","url":"https:\/\/www.camping-baden.com\/nl\/faq\/","name":"Veelgestelde vragen over camping Man\u00e9 Guernehu\u00e9","isPartOf":{"@id":"https:\/\/www.camping-baden.com\/nl\/#website"},"datePublished":"2024-09-16T13:41:27+00:00","dateModified":"2026-04-27T07:24:29+00:00","breadcrumb":{"@id":"https:\/\/www.camping-baden.com\/nl\/faq\/#breadcrumb"},"inLanguage":"nl-NL","potentialAction":[{"@type":"ReadAction","target":["https:\/\/www.camping-baden.com\/nl\/faq\/"]}]},{"@type":"BreadcrumbList","@id":"https:\/\/www.camping-baden.com\/nl\/faq\/#breadcrumb","itemListElement":[{"@type":"ListItem","position":1,"name":"Camping Golfe du Morbihan","item":"https:\/\/www.camping-baden.com\/nl\/"},{"@type":"ListItem","position":2,"name":"FAQ"}]},{"@type":"WebSite","@id":"https:\/\/www.camping-baden.com\/nl\/#website","url":"https:\/\/www.camping-baden.com\/nl\/","name":"Man\u00e9 Guernehu\u00e9","description":"","publisher":{"@id":"https:\/\/www.camping-baden.com\/nl\/#organization"},"potentialAction":[{"@type":"SearchAction","target":{"@type":"EntryPoint","urlTemplate":"https:\/\/www.camping-baden.com\/nl\/?s={search_term_string}"},"query-input":{"@type":"PropertyValueSpecification","valueRequired":true,"valueName":"search_term_string"}}],"inLanguage":"nl-NL"},{"@type":"Organization","@id":"https:\/\/www.camping-baden.com\/nl\/#organization","name":"Man\u00e9 Guernehu\u00e9","url":"https:\/\/www.camping-baden.com\/nl\/","logo":{"@type":"ImageObject","inLanguage":"nl-NL","@id":"https:\/\/www.camping-baden.com\/nl\/#\/schema\/logo\/image\/","url":"https:\/\/www.camping-baden.com\/wp-content\/uploads\/2024\/08\/logo-camping-mane-guernehue.png","contentUrl":"https:\/\/www.camping-baden.com\/wp-content\/uploads\/2024\/08\/logo-camping-mane-guernehue.png","width":1000,"height":450,"caption":"Man\u00e9 Guernehu\u00e9"},"image":{"@id":"https:\/\/www.camping-baden.com\/nl\/#\/schema\/logo\/image\/"}}]}},"_links":{"self":[{"href":"https:\/\/www.camping-baden.com\/nl\/wp-json\/wp\/v2\/pages\/12911","targetHints":{"allow":["GET"]}}],"collection":[{"href":"https:\/\/www.camping-baden.com\/nl\/wp-json\/wp\/v2\/pages"}],"about":[{"href":"https:\/\/www.camping-baden.com\/nl\/wp-json\/wp\/v2\/types\/page"}],"author":[{"embeddable":true,"href":"https:\/\/www.camping-baden.com\/nl\/wp-json\/wp\/v2\/users\/1"}],"replies":[{"embeddable":true,"href":"https:\/\/www.camping-baden.com\/nl\/wp-json\/wp\/v2\/comments?post=12911"}],"version-history":[{"count":63,"href":"https:\/\/www.camping-baden.com\/nl\/wp-json\/wp\/v2\/pages\/12911\/revisions"}],"predecessor-version":[{"id":13809,"href":"https:\/\/www.camping-baden.com\/nl\/wp-json\/wp\/v2\/pages\/12911\/revisions\/13809"}],"wp:attachment":[{"href":"https:\/\/www.camping-baden.com\/nl\/wp-json\/wp\/v2\/media?parent=12911"}],"wp:term":[{"taxonomy":"sujet","embeddable":true,"href":"https:\/\/www.camping-baden.com\/nl\/wp-json\/wp\/v2\/sujet?post=12911"}],"curies":[{"name":"wp","href":"https:\/\/api.w.org\/{rel}","templated":true}]}}