{"id":11035,"date":"2024-09-04T10:19:43","date_gmt":"2024-09-04T08:19:43","guid":{"rendered":"https:\/\/www.camping-baden.com\/presentatie\/"},"modified":"2025-10-06T11:30:53","modified_gmt":"2025-10-06T09:30:53","slug":"presentatie","status":"publish","type":"page","link":"https:\/\/www.camping-baden.com\/nl\/presentatie\/","title":{"rendered":"Presentatie"},"content":{"rendered":"<section id=\"ls-section-block_44dddc581e092fceaee01e2d0ede9177\" class=\"ls-section  home-sixth page-one\" >\r\n        <div class=\"container container--full\">\r\n        \n\n<div class=\"wp-block-columns are-vertically-aligned-center first is-layout-flex wp-container-core-columns-is-layout-9d6595d7 wp-block-columns-is-layout-flex\">\n<div class=\"wp-block-column is-vertically-aligned-center text is-layout-flow wp-block-column-is-layout-flow\" style=\"flex-basis:45%\">\n<h1 class=\"ls__heading wp-block-heading has-color-2-color has-text-color has-link-color wp-elements-524b85a9b04af55ee76e5b09c1d0b04e\"><strong>Domaine Man\u00e9 Guernehu\u00e9<\/strong>: het verhaal van een familiesaga sinds 1976<\/h1>\n\n\n\n<p class=\"ls-paragraph\">De <strong>familie Madec<\/strong> richtte <strong>in 1976<\/strong> de <a href=\"https:\/\/www.camping-baden.com\/nl\/\">camping Man\u00e9 Guernehu\u00e9 op in Baden<\/a> en de kinderen zetten de geest van een <strong>familiebedrijf<\/strong> voort.<\/p>\n\n\n\n<p class=\"ls-paragraph\">Het landgoed Man\u00e9 Guernehu\u00e9 heeft zich bij de keten aangesloten  <strong>Yelloh! dorp sinds 2016 <\/strong>.<\/p>\n\n\n\n<p class=\"ls-paragraph\">Dit kwaliteitslabel beloont de inspanningen van Marie-Pierre en Jean-Vincent Madec om de diensten en faciliteiten van het domein te ontwikkelen.<\/p>\n<\/div>\n\n\n\n<div class=\"wp-block-column is-vertically-aligned-center is-layout-flow wp-block-column-is-layout-flow\" style=\"flex-basis:55%\">\n<figure class=\"wp-block-gallery has-nested-images columns-default is-cropped animated fadeIn slow wp-block-gallery-1 is-layout-flex wp-block-gallery-is-layout-flex\">\n<figure class=\"wp-block-image size-full\"><a href=\"https:\/\/www.camping-baden.com\/wp-content\/uploads\/2024\/10\/reception-camping-mane-guernehue-accueil.webp\"><img decoding=\"async\" width=\"1200\" height=\"800\" data-id=\"6326\" src=\"https:\/\/www.camping-baden.com\/wp-content\/uploads\/2024\/10\/reception-camping-mane-guernehue-accueil.webp\" alt=\"receptie camping mane guernehue\" class=\"wp-image-6326\" srcset=\"https:\/\/www.camping-baden.com\/wp-content\/uploads\/2024\/10\/reception-camping-mane-guernehue-accueil.webp 1200w, https:\/\/www.camping-baden.com\/wp-content\/uploads\/2024\/10\/reception-camping-mane-guernehue-accueil-300x200.webp 300w, https:\/\/www.camping-baden.com\/wp-content\/uploads\/2024\/10\/reception-camping-mane-guernehue-accueil-1024x683.webp 1024w, https:\/\/www.camping-baden.com\/wp-content\/uploads\/2024\/10\/reception-camping-mane-guernehue-accueil-768x512.webp 768w\" sizes=\"(max-width: 1200px) 100vw, 1200px\" \/><\/a><\/figure>\n\n\n\n<figure class=\"wp-block-image size-full\"><a href=\"https:\/\/www.camping-baden.com\/wp-content\/uploads\/2024\/10\/equipe-reception-mane-guernhue.webp\"><img decoding=\"async\" width=\"1200\" height=\"801\" data-id=\"6330\" src=\"https:\/\/www.camping-baden.com\/wp-content\/uploads\/2024\/10\/equipe-reception-mane-guernhue.webp\" alt=\"receptie team mane guernhue\" class=\"wp-image-6330\" srcset=\"https:\/\/www.camping-baden.com\/wp-content\/uploads\/2024\/10\/equipe-reception-mane-guernhue.webp 1200w, https:\/\/www.camping-baden.com\/wp-content\/uploads\/2024\/10\/equipe-reception-mane-guernhue-300x200.webp 300w, https:\/\/www.camping-baden.com\/wp-content\/uploads\/2024\/10\/equipe-reception-mane-guernhue-1024x684.webp 1024w, https:\/\/www.camping-baden.com\/wp-content\/uploads\/2024\/10\/equipe-reception-mane-guernhue-768x513.webp 768w\" sizes=\"(max-width: 1200px) 100vw, 1200px\" \/><\/a><\/figure>\n\n\n\n<figure class=\"wp-block-image size-full\"><a href=\"https:\/\/www.camping-baden.com\/wp-content\/uploads\/2024\/10\/reception-camping-mane-guernehue.webp\"><img decoding=\"async\" width=\"1200\" height=\"755\" data-id=\"6334\" src=\"https:\/\/www.camping-baden.com\/wp-content\/uploads\/2024\/10\/reception-camping-mane-guernehue.webp\" alt=\"receptie camping mane guernehue\" class=\"wp-image-6334\" srcset=\"https:\/\/www.camping-baden.com\/wp-content\/uploads\/2024\/10\/reception-camping-mane-guernehue.webp 1200w, https:\/\/www.camping-baden.com\/wp-content\/uploads\/2024\/10\/reception-camping-mane-guernehue-300x189.webp 300w, https:\/\/www.camping-baden.com\/wp-content\/uploads\/2024\/10\/reception-camping-mane-guernehue-1024x644.webp 1024w, https:\/\/www.camping-baden.com\/wp-content\/uploads\/2024\/10\/reception-camping-mane-guernehue-768x483.webp 768w\" sizes=\"(max-width: 1200px) 100vw, 1200px\" \/><\/a><\/figure>\n\n\n\n<figure class=\"wp-block-image size-full\"><a href=\"https:\/\/www.camping-baden.com\/wp-content\/uploads\/2024\/10\/2024-Terrasses-de-Mane-10P-photo-principale-1280px-853px-min.jpg\"><img decoding=\"async\" width=\"1280\" height=\"853\" data-id=\"12068\" src=\"https:\/\/www.camping-baden.com\/wp-content\/uploads\/2024\/10\/2024-Terrasses-de-Mane-10P-photo-principale-1280px-853px-min.jpg\" alt=\"Terrasses de Man&#xE9; voor 10 personen met priv&#xE9; jacuzzi\" class=\"wp-image-12068\" srcset=\"https:\/\/www.camping-baden.com\/wp-content\/uploads\/2024\/10\/2024-Terrasses-de-Mane-10P-photo-principale-1280px-853px-min.jpg 1280w, https:\/\/www.camping-baden.com\/wp-content\/uploads\/2024\/10\/2024-Terrasses-de-Mane-10P-photo-principale-1280px-853px-min-300x200.jpg 300w, https:\/\/www.camping-baden.com\/wp-content\/uploads\/2024\/10\/2024-Terrasses-de-Mane-10P-photo-principale-1280px-853px-min-1024x682.jpg 1024w, https:\/\/www.camping-baden.com\/wp-content\/uploads\/2024\/10\/2024-Terrasses-de-Mane-10P-photo-principale-1280px-853px-min-768x512.jpg 768w\" sizes=\"(max-width: 1280px) 100vw, 1280px\" \/><\/a><figcaption class=\"wp-element-caption\">Terrasses de Man\u00e9 voor 10 personen met priv\u00e9 jacuzzi<\/figcaption><\/figure>\n<\/figure>\n<\/div>\n<\/div>\n\n\r\n    <\/div>\r\n<\/section><section id=\"ls-section-block_8493a478a1c5e9a5e4afcc7412723e12\" class=\"ls-section  page-two page-vague has-background has-color-4-background-color\" >\r\n        <div class=\"container container--full\">\r\n        \n\n<div class=\"wp-block-columns first is-layout-flex wp-container-core-columns-is-layout-9d6595d7 wp-block-columns-is-layout-flex\">\n<div class=\"wp-block-column is-layout-flow wp-block-column-is-layout-flow\" style=\"flex-basis:100%\">\n<div class=\"icone\"><i class=\"mane-g\"><\/i><\/div>\n\n\n\n<h2 class=\"ls__heading wp-block-heading has-text-align-center has-color-1-color has-text-color has-link-color wp-elements-1ecabc87cb76822e57ad76181b731d12\">De geschiedenis van het landgoed op de website van de familieboerderij<\/h2>\n\n\n\n<p class=\"ls-paragraph has-text-align-center\">Het verhaal begon <strong>in 1976 <\/strong>toen de heer en mevrouw Pierre Madec <strong>de boerderijcamping Le Man\u00e9 Guernehu\u00e9<\/strong> oprichtten op het terrein van de<strong> familieboerderij <\/strong>, ideaal gelegen aan <strong>de Golf van Morbihan<\/strong>. De 2-sterrencamping had toen 33 staanplaatsen. Le Man\u00e9 Guernehu\u00e9 betekent <strong>&#8220;de nieuwe stad op de heuvel&#8221; <\/strong>in het Bretons!  <\/p>\n\n\n\n<p class=\"ls-paragraph has-text-align-center\">Vakantiegangers kunnen producten van de boerderij kopen, zoals yoghurt, kaas en fromage frais.<\/p>\n\n\n\n<p class=\"ls-paragraph has-text-align-center\">De echte boom begon in <strong>1987 <\/strong>met de bouw van het eerste zwembad. Vanaf 2000 maakten de bouw van het <strong>buitenzwembad<\/strong>, het <strong>overdekte zwembad<\/strong> en vervolgens <strong>het aqualudische park<\/strong> het mogelijk om een <a href=\"https:\/\/www.camping-baden.com\/nl\/camping-met-waterpark-in-baden\/\">XXL waterpark<\/a> aan te bieden aan een zeer tevreden klantenkring. De camping, die steeds <strong>betere diensten<\/strong> aanbiedt, kreeg<strong> in 2012 5 sterren van<\/strong> het Franse overheidsorgaan Atout France, na een streng onderzoek door een erkende instantie.  <\/p>\n<\/div>\n<\/div>\n\n\n\n<figure class=\"wp-block-gallery has-nested-images columns-default is-cropped wp-block-gallery-2 is-layout-flex wp-block-gallery-is-layout-flex\">\n<figure class=\"wp-block-image size-full animated fadeIn delay-200ms slow\"><a href=\"https:\/\/www.camping-baden.com\/wp-content\/uploads\/2024\/10\/ferme-camping-golfe-morbihan.webp\"><img decoding=\"async\" width=\"1200\" height=\"801\" data-id=\"6410\" src=\"https:\/\/www.camping-baden.com\/wp-content\/uploads\/2024\/10\/ferme-camping-golfe-morbihan.webp\" alt=\"camping golfe morbihan\" class=\"wp-image-6410\" srcset=\"https:\/\/www.camping-baden.com\/wp-content\/uploads\/2024\/10\/ferme-camping-golfe-morbihan.webp 1200w, https:\/\/www.camping-baden.com\/wp-content\/uploads\/2024\/10\/ferme-camping-golfe-morbihan-300x200.webp 300w, https:\/\/www.camping-baden.com\/wp-content\/uploads\/2024\/10\/ferme-camping-golfe-morbihan-1024x684.webp 1024w, https:\/\/www.camping-baden.com\/wp-content\/uploads\/2024\/10\/ferme-camping-golfe-morbihan-768x513.webp 768w\" sizes=\"(max-width: 1200px) 100vw, 1200px\" \/><\/a><\/figure>\n\n\n\n<figure class=\"wp-block-image size-full animated fadeIn delay-100ms slow\"><a href=\"https:\/\/www.camping-baden.com\/wp-content\/uploads\/2024\/10\/camping-famille-madec-mane-guernehue.webp\"><img decoding=\"async\" width=\"1235\" height=\"750\" data-id=\"10159\" src=\"https:\/\/www.camping-baden.com\/wp-content\/uploads\/2024\/10\/camping-famille-madec-mane-guernehue.webp\" alt=\"madec familie camping mane guernehue\" class=\"wp-image-10159\" srcset=\"https:\/\/www.camping-baden.com\/wp-content\/uploads\/2024\/10\/camping-famille-madec-mane-guernehue.webp 1235w, https:\/\/www.camping-baden.com\/wp-content\/uploads\/2024\/10\/camping-famille-madec-mane-guernehue-300x182.webp 300w, https:\/\/www.camping-baden.com\/wp-content\/uploads\/2024\/10\/camping-famille-madec-mane-guernehue-1024x622.webp 1024w, https:\/\/www.camping-baden.com\/wp-content\/uploads\/2024\/10\/camping-famille-madec-mane-guernehue-768x466.webp 768w\" sizes=\"(max-width: 1235px) 100vw, 1235px\" \/><\/a><\/figure>\n\n\n\n<figure class=\"wp-block-image size-full animated fadeIn slow\"><a href=\"https:\/\/www.camping-baden.com\/wp-content\/uploads\/2025\/03\/2024-vues-generales-camping-emplacements-velo-orthensia-1200px-800px-min.jpg\"><img decoding=\"async\" width=\"1200\" height=\"800\" data-id=\"12439\" src=\"https:\/\/www.camping-baden.com\/wp-content\/uploads\/2025\/03\/2024-vues-generales-camping-emplacements-velo-orthensia-1200px-800px-min.jpg\" alt=\"algemeen uitzicht camping emplacement velo hortensia\" class=\"wp-image-12439\" srcset=\"https:\/\/www.camping-baden.com\/wp-content\/uploads\/2025\/03\/2024-vues-generales-camping-emplacements-velo-orthensia-1200px-800px-min.jpg 1200w, https:\/\/www.camping-baden.com\/wp-content\/uploads\/2025\/03\/2024-vues-generales-camping-emplacements-velo-orthensia-1200px-800px-min-300x200.jpg 300w, https:\/\/www.camping-baden.com\/wp-content\/uploads\/2025\/03\/2024-vues-generales-camping-emplacements-velo-orthensia-1200px-800px-min-1024x683.jpg 1024w, https:\/\/www.camping-baden.com\/wp-content\/uploads\/2025\/03\/2024-vues-generales-camping-emplacements-velo-orthensia-1200px-800px-min-768x512.jpg 768w\" sizes=\"(max-width: 1200px) 100vw, 1200px\" \/><\/a><\/figure>\n<\/figure>\n\n\r\n    <\/div>\r\n<\/section><section id=\"ls-section-block_5593582f50e76d43b9d151d797158cf1\" class=\"ls-section  home-sixth page-three bis\" >\r\n        <div class=\"container container--full\">\r\n        \n\n<div class=\"wp-block-columns are-vertically-aligned-center first is-layout-flex wp-container-core-columns-is-layout-9d6595d7 wp-block-columns-is-layout-flex\">\n<div class=\"wp-block-column is-vertically-aligned-center is-layout-flow wp-block-column-is-layout-flow\" style=\"flex-basis:55%\">\n<figure class=\"wp-block-gallery has-nested-images columns-default is-cropped animated fadeIn slow wp-block-gallery-3 is-layout-flex wp-block-gallery-is-layout-flex\">\n<figure class=\"wp-block-image size-full\"><a href=\"https:\/\/www.camping-baden.com\/wp-content\/uploads\/2024\/10\/quartier-belle-ile.webp\"><img decoding=\"async\" width=\"1125\" height=\"750\" data-id=\"10180\" src=\"https:\/\/www.camping-baden.com\/wp-content\/uploads\/2024\/10\/quartier-belle-ile.webp\" alt=\"wijk belle ile\" class=\"wp-image-10180\" srcset=\"https:\/\/www.camping-baden.com\/wp-content\/uploads\/2024\/10\/quartier-belle-ile.webp 1125w, https:\/\/www.camping-baden.com\/wp-content\/uploads\/2024\/10\/quartier-belle-ile-300x200.webp 300w, https:\/\/www.camping-baden.com\/wp-content\/uploads\/2024\/10\/quartier-belle-ile-1024x683.webp 1024w, https:\/\/www.camping-baden.com\/wp-content\/uploads\/2024\/10\/quartier-belle-ile-768x512.webp 768w\" sizes=\"(max-width: 1125px) 100vw, 1125px\" \/><\/a><\/figure>\n\n\n\n<figure class=\"wp-block-image size-full\"><a href=\"https:\/\/www.camping-baden.com\/wp-content\/uploads\/2024\/10\/amenagement-paysager-camping.webp\"><img decoding=\"async\" width=\"1124\" height=\"750\" data-id=\"10168\" src=\"https:\/\/www.camping-baden.com\/wp-content\/uploads\/2024\/10\/amenagement-paysager-camping.webp\" alt=\"landschapsarchitectuur camping\" class=\"wp-image-10168\" srcset=\"https:\/\/www.camping-baden.com\/wp-content\/uploads\/2024\/10\/amenagement-paysager-camping.webp 1124w, https:\/\/www.camping-baden.com\/wp-content\/uploads\/2024\/10\/amenagement-paysager-camping-300x200.webp 300w, https:\/\/www.camping-baden.com\/wp-content\/uploads\/2024\/10\/amenagement-paysager-camping-1024x683.webp 1024w, https:\/\/www.camping-baden.com\/wp-content\/uploads\/2024\/10\/amenagement-paysager-camping-768x512.webp 768w\" sizes=\"(max-width: 1124px) 100vw, 1124px\" \/><\/a><\/figure>\n\n\n\n<figure class=\"wp-block-image size-full\"><a href=\"https:\/\/www.camping-baden.com\/wp-content\/uploads\/2024\/10\/camping-animaux-ferme.webp\"><img decoding=\"async\" width=\"1124\" height=\"750\" data-id=\"10172\" src=\"https:\/\/www.camping-baden.com\/wp-content\/uploads\/2024\/10\/camping-animaux-ferme.webp\" alt=\"camping dieren boerderij\" class=\"wp-image-10172\" srcset=\"https:\/\/www.camping-baden.com\/wp-content\/uploads\/2024\/10\/camping-animaux-ferme.webp 1124w, https:\/\/www.camping-baden.com\/wp-content\/uploads\/2024\/10\/camping-animaux-ferme-300x200.webp 300w, https:\/\/www.camping-baden.com\/wp-content\/uploads\/2024\/10\/camping-animaux-ferme-1024x683.webp 1024w, https:\/\/www.camping-baden.com\/wp-content\/uploads\/2024\/10\/camping-animaux-ferme-768x512.webp 768w\" sizes=\"(max-width: 1124px) 100vw, 1124px\" \/><\/a><\/figure>\n\n\n\n<figure class=\"wp-block-image size-full\"><a href=\"https:\/\/www.camping-baden.com\/wp-content\/uploads\/2024\/10\/allees-du-camping-verdure.webp\"><img decoding=\"async\" width=\"1125\" height=\"750\" data-id=\"10164\" src=\"https:\/\/www.camping-baden.com\/wp-content\/uploads\/2024\/10\/allees-du-camping-verdure.webp\" alt=\"allees du camping verdure\" class=\"wp-image-10164\" srcset=\"https:\/\/www.camping-baden.com\/wp-content\/uploads\/2024\/10\/allees-du-camping-verdure.webp 1125w, https:\/\/www.camping-baden.com\/wp-content\/uploads\/2024\/10\/allees-du-camping-verdure-300x200.webp 300w, https:\/\/www.camping-baden.com\/wp-content\/uploads\/2024\/10\/allees-du-camping-verdure-1024x683.webp 1024w, https:\/\/www.camping-baden.com\/wp-content\/uploads\/2024\/10\/allees-du-camping-verdure-768x512.webp 768w\" sizes=\"(max-width: 1125px) 100vw, 1125px\" \/><\/a><\/figure>\n\n\n\n<figure class=\"wp-block-image size-full\"><a href=\"https:\/\/www.camping-baden.com\/wp-content\/uploads\/2024\/10\/centre-equestre-Loic-KERSUZAN-Morbihan-Tourisme.webp\"><img decoding=\"async\" width=\"1200\" height=\"798\" data-id=\"6418\" src=\"https:\/\/www.camping-baden.com\/wp-content\/uploads\/2024\/10\/centre-equestre-Loic-KERSUZAN-Morbihan-Tourisme.webp\" alt=\"manege Lo&#xEF;c KERSUZAN Toerisme Morbihan\" class=\"wp-image-6418\" srcset=\"https:\/\/www.camping-baden.com\/wp-content\/uploads\/2024\/10\/centre-equestre-Loic-KERSUZAN-Morbihan-Tourisme.webp 1200w, https:\/\/www.camping-baden.com\/wp-content\/uploads\/2024\/10\/centre-equestre-Loic-KERSUZAN-Morbihan-Tourisme-300x200.webp 300w, https:\/\/www.camping-baden.com\/wp-content\/uploads\/2024\/10\/centre-equestre-Loic-KERSUZAN-Morbihan-Tourisme-1024x681.webp 1024w, https:\/\/www.camping-baden.com\/wp-content\/uploads\/2024\/10\/centre-equestre-Loic-KERSUZAN-Morbihan-Tourisme-768x511.webp 768w\" sizes=\"(max-width: 1200px) 100vw, 1200px\" \/><\/a><figcaption class=\"wp-element-caption\">Lo\u00efc KERSUZAN<\/figcaption><\/figure>\n\n\n\n<figure class=\"wp-block-image size-full\"><a href=\"https:\/\/www.camping-baden.com\/wp-content\/uploads\/2025\/03\/2023-etang-oies-1200px-800px-min.jpg\"><img decoding=\"async\" width=\"1200\" height=\"800\" data-id=\"12449\" src=\"https:\/\/www.camping-baden.com\/wp-content\/uploads\/2025\/03\/2023-etang-oies-1200px-800px-min.jpg\" alt=\"Ganzen bij de campingvijver\" class=\"wp-image-12449\" srcset=\"https:\/\/www.camping-baden.com\/wp-content\/uploads\/2025\/03\/2023-etang-oies-1200px-800px-min.jpg 1200w, https:\/\/www.camping-baden.com\/wp-content\/uploads\/2025\/03\/2023-etang-oies-1200px-800px-min-300x200.jpg 300w, https:\/\/www.camping-baden.com\/wp-content\/uploads\/2025\/03\/2023-etang-oies-1200px-800px-min-1024x683.jpg 1024w, https:\/\/www.camping-baden.com\/wp-content\/uploads\/2025\/03\/2023-etang-oies-1200px-800px-min-768x512.jpg 768w\" sizes=\"(max-width: 1200px) 100vw, 1200px\" \/><\/a><\/figure>\n<\/figure>\n<\/div>\n\n\n\n<div class=\"wp-block-column is-vertically-aligned-center text is-layout-flow wp-block-column-is-layout-flow\" style=\"flex-basis:45%\">\n<h2 class=\"ls__heading wp-block-heading has-text-align-left has-color-1-color has-text-color has-link-color wp-elements-755b5ba24e3ad7279d9cc694358066f7\">Landscaping<\/h2>\n\n\n\n<p class=\"ls-paragraph has-text-align-left m-b-0\">Camping Man\u00e9 Guernehu\u00e9, gelegen in <strong>een park van 20 hectare<\/strong>, biedt een <strong>authentieke<\/strong>, <strong>groene en<\/strong> <strong>landschappelijke omgeving<\/strong>.  <\/p>\n\n\n\n<p class=\"ls-paragraph has-text-align-left m-b-0\">Je vindt er de oude boomgaard, het dennenbos, de vijvers, de velden, de boerderij met zijn geiten, ganzen, eenden en kippen, en natuurlijk de <a href=\"https:\/\/www.camping-baden.com\/nl\/ruitersportcentrum-baden\/\">paardenboerderij met zijn 40 Shetlandpaarden en -pony&#8217;s<\/a>.  <\/p>\n\n\n\n<p class=\"ls-paragraph has-text-align-left m-b-0\">De natuurlijke omgeving is zorgvuldig bewaard gebleven, zodat bezoekers zich <strong>volledig kunnen opladen <\/strong>door in contact te komen met de natuur. Inheemse bloemen, bomen en struiken worden zorgvuldig onderhouden, wat bijdraagt aan de rijkdom en<strong> diversiteit van de vegetatie<\/strong>.   <\/p>\n\n\n\n<p class=\"ls-paragraph has-text-align-left m-b-0\">De<strong> staanplaatsen <\/strong>en <strong>stacaravans<\/strong> zijn perfect<strong> ge\u00efntegreerd in de omringende natuur<\/strong> en cre\u00ebren een sfeer die bevorderlijk is voor <strong>ontspanning <\/strong>en <strong>welzijn<\/strong>.  <\/p>\n\n\n\n<p class=\"ls-paragraph has-text-align-left m-b-0\">Deze natuurlijke omgeving moedigt ook buitenactiviteiten aan, zoals wandelen, fietsen en picknicken met het gezin op de kustpaden en stranden langs de Golf van Morbihan.<\/p>\n<\/div>\n<\/div>\n\n\r\n    <\/div>\r\n<\/section><section id=\"ls-section-block_44dddc581e092fceaee01e2d0ede9177\" class=\"ls-section  home-sixth page-one\" >\r\n        <div class=\"container container--full\">\r\n        \n\n<div class=\"wp-block-columns are-vertically-aligned-center first is-layout-flex wp-container-core-columns-is-layout-9d6595d7 wp-block-columns-is-layout-flex\">\n<div class=\"wp-block-column is-vertically-aligned-center text is-layout-flow wp-block-column-is-layout-flow\" style=\"flex-basis:45%\">\n<h2 class=\"ls__heading wp-block-heading has-color-1-color has-text-color has-link-color wp-elements-92a68275788b819073b6908471ac92a3\">Een toegewijd team voor uw vakantie in de Golfe du Morbihan<\/h2>\n\n\n\n<p class=\"ls-paragraph\"><strong>Het<\/strong><strong> <\/strong><strong><strong>team<\/strong><strong>van camping Man\u00e9 Guernehu\u00e9<\/strong><strong> werkt het hele jaar door om je vakantie voor te bereiden<\/strong>.<\/strong><\/p>\n\n\n\n<p class=\"ls-paragraph\">Tijdens het seizoen, van<strong>april tot september<\/strong>, staan meer dan 40 medewerkers klaar om je al onze diensten aan te bieden:  <\/p>\n\n\n\n<p class=\"ls-paragraph\">Het<strong>restaurantteam<\/strong> biedt <a href=\"https:\/\/www.camping-baden.com\/nl\/restaurant-en-bar-in-baden\/#repas\">\u00e0 la carte maaltijden bij het zwembad<\/a>, een <a href=\"https:\/\/www.camping-baden.com\/nl\/restaurant-en-bar-in-baden\/\">gezellige bar<\/a>, een <a href=\"https:\/\/www.camping-baden.com\/nl\/familiecamping-baden\/#epicerie\">goed gevulde kruidenierswinkel<\/a> en <a href=\"https:\/\/www.camping-baden.com\/nl\/restaurant-en-bar-in-baden\/#snack\">heerlijke afhaalmaaltijden en pizza&#8217;s<\/a>.<\/p>\n\n\n\n<p class=\"ls-paragraph\">Het<strong>onderhoudsteam <\/strong>houdt de <strong>groenzones<\/strong>, de<strong>indeling van de camping<\/strong> en de goede <strong>werking van de stacaravans<\/strong> nauwlettend in de gaten.<\/p>\n\n\n\n<p class=\"ls-paragraph\">Het<strong>huishoudteam<\/strong> zorgt ervoor dat <strong>je<\/strong> accommodatie en sanitair schoon en comfortabel blijven.<\/p>\n\n\n\n<p class=\"ls-paragraph\">Het<strong>receptieteam<\/strong> verwelkomt je met een glimlach en geeft je alle informatie over <a href=\"https:\/\/www.camping-baden.com\/nl\/toerisme-golf-van-morbihan\/\">het toerisme in de Golf van Morbihan<\/a>.  <\/p>\n\n\n\n<p class=\"ls-paragraph\">En last but not least zal het<strong>animatieteam<\/strong> je dagen opvrolijken en<strong> je vakantie een ritme geven<\/strong>!<\/p>\n<\/div>\n\n\n\n<div class=\"wp-block-column is-vertically-aligned-center is-layout-flow wp-block-column-is-layout-flow\" style=\"flex-basis:55%\">\n<figure class=\"wp-block-gallery has-nested-images columns-default is-cropped animated fadeIn slow wp-block-gallery-4 is-layout-flex wp-block-gallery-is-layout-flex\">\n<figure class=\"wp-block-image size-full\"><a href=\"https:\/\/www.camping-baden.com\/wp-content\/uploads\/2025\/09\/2025-equipe-1079-750px.jpg\"><img decoding=\"async\" width=\"1079\" height=\"750\" data-id=\"12827\" src=\"https:\/\/www.camping-baden.com\/wp-content\/uploads\/2025\/09\/2025-equipe-1079-750px.jpg\" alt=\"Het team van Camping Man&#xE9; Guernehu&#xE9; 2025\" class=\"wp-image-12827\" srcset=\"https:\/\/www.camping-baden.com\/wp-content\/uploads\/2025\/09\/2025-equipe-1079-750px.jpg 1079w, https:\/\/www.camping-baden.com\/wp-content\/uploads\/2025\/09\/2025-equipe-1079-750px-300x209.jpg 300w, https:\/\/www.camping-baden.com\/wp-content\/uploads\/2025\/09\/2025-equipe-1079-750px-1024x712.jpg 1024w, https:\/\/www.camping-baden.com\/wp-content\/uploads\/2025\/09\/2025-equipe-1079-750px-768x534.jpg 768w\" sizes=\"(max-width: 1079px) 100vw, 1079px\" \/><\/a><\/figure>\n\n\n\n<figure class=\"wp-block-image size-full\"><a href=\"https:\/\/www.camping-baden.com\/wp-content\/uploads\/2024\/10\/reception-camping-mane-guernehue-1.webp\"><img decoding=\"async\" width=\"1200\" height=\"800\" data-id=\"6461\" src=\"https:\/\/www.camping-baden.com\/wp-content\/uploads\/2024\/10\/reception-camping-mane-guernehue-1.webp\" alt=\"receptie camping mane guernehue\" class=\"wp-image-6461\" srcset=\"https:\/\/www.camping-baden.com\/wp-content\/uploads\/2024\/10\/reception-camping-mane-guernehue-1.webp 1200w, https:\/\/www.camping-baden.com\/wp-content\/uploads\/2024\/10\/reception-camping-mane-guernehue-1-300x200.webp 300w, https:\/\/www.camping-baden.com\/wp-content\/uploads\/2024\/10\/reception-camping-mane-guernehue-1-1024x683.webp 1024w, https:\/\/www.camping-baden.com\/wp-content\/uploads\/2024\/10\/reception-camping-mane-guernehue-1-768x512.webp 768w\" sizes=\"(max-width: 1200px) 100vw, 1200px\" \/><\/a><\/figure>\n\n\n\n<figure class=\"wp-block-image size-full\"><a href=\"https:\/\/www.camping-baden.com\/wp-content\/uploads\/2025\/10\/2025-equipe-fin-de-saison.jpg\"><img decoding=\"async\" width=\"1079\" height=\"750\" data-id=\"12939\" src=\"https:\/\/www.camping-baden.com\/wp-content\/uploads\/2025\/10\/2025-equipe-fin-de-saison.jpg\" alt=\"Het team van Camping Man&#xE9; Guernehu&#xE9; 2025 aan het einde van het seizoen\" class=\"wp-image-12939\" srcset=\"https:\/\/www.camping-baden.com\/wp-content\/uploads\/2025\/10\/2025-equipe-fin-de-saison.jpg 1079w, https:\/\/www.camping-baden.com\/wp-content\/uploads\/2025\/10\/2025-equipe-fin-de-saison-300x209.jpg 300w, https:\/\/www.camping-baden.com\/wp-content\/uploads\/2025\/10\/2025-equipe-fin-de-saison-1024x712.jpg 1024w, https:\/\/www.camping-baden.com\/wp-content\/uploads\/2025\/10\/2025-equipe-fin-de-saison-768x534.jpg 768w\" sizes=\"(max-width: 1079px) 100vw, 1079px\" \/><\/a><figcaption class=\"wp-element-caption\">Het team van Camping Man\u00e9 Guernehu\u00e9 2025 aan het einde van het seizoen<\/figcaption><\/figure>\n\n\n\n<figure class=\"wp-block-image size-full\"><a href=\"https:\/\/www.camping-baden.com\/wp-content\/uploads\/2024\/10\/2024-bar-soirees-Studio-4k-469.webp\"><img decoding=\"async\" width=\"1200\" height=\"1800\" data-id=\"8051\" src=\"https:\/\/www.camping-baden.com\/wp-content\/uploads\/2024\/10\/2024-bar-soirees-Studio-4k-469.webp\" alt=\"Cocktails en entertainment in de bar\" class=\"wp-image-8051\" srcset=\"https:\/\/www.camping-baden.com\/wp-content\/uploads\/2024\/10\/2024-bar-soirees-Studio-4k-469.webp 1200w, https:\/\/www.camping-baden.com\/wp-content\/uploads\/2024\/10\/2024-bar-soirees-Studio-4k-469-200x300.webp 200w, https:\/\/www.camping-baden.com\/wp-content\/uploads\/2024\/10\/2024-bar-soirees-Studio-4k-469-683x1024.webp 683w, https:\/\/www.camping-baden.com\/wp-content\/uploads\/2024\/10\/2024-bar-soirees-Studio-4k-469-768x1152.webp 768w, https:\/\/www.camping-baden.com\/wp-content\/uploads\/2024\/10\/2024-bar-soirees-Studio-4k-469-1024x1536.webp 1024w\" sizes=\"(max-width: 1200px) 100vw, 1200px\" \/><\/a><figcaption class=\"wp-element-caption\">Cocktails en entertainment in de bar<\/figcaption><\/figure>\n\n\n\n<figure class=\"wp-block-image size-full\"><a href=\"https:\/\/www.camping-baden.com\/wp-content\/uploads\/2024\/10\/bar-cocktails-vue-piscine.webp\"><img decoding=\"async\" width=\"1200\" height=\"900\" data-id=\"6469\" src=\"https:\/\/www.camping-baden.com\/wp-content\/uploads\/2024\/10\/bar-cocktails-vue-piscine.webp\" alt=\"cocktailbar met uitzicht op het zwembad\" class=\"wp-image-6469\" srcset=\"https:\/\/www.camping-baden.com\/wp-content\/uploads\/2024\/10\/bar-cocktails-vue-piscine.webp 1200w, https:\/\/www.camping-baden.com\/wp-content\/uploads\/2024\/10\/bar-cocktails-vue-piscine-300x225.webp 300w, https:\/\/www.camping-baden.com\/wp-content\/uploads\/2024\/10\/bar-cocktails-vue-piscine-1024x768.webp 1024w, https:\/\/www.camping-baden.com\/wp-content\/uploads\/2024\/10\/bar-cocktails-vue-piscine-768x576.webp 768w\" sizes=\"(max-width: 1200px) 100vw, 1200px\" \/><\/a><\/figure>\n\n\n\n<figure class=\"wp-block-image size-full\"><img decoding=\"async\" width=\"1200\" height=\"1200\" data-id=\"6474\" src=\"https:\/\/www.camping-baden.com\/wp-content\/uploads\/2024\/10\/equipe-epicerie-point-chaud-anne-sophie.webp\" alt=\"team kruidenierswinkel punt chaud anne sophie\" class=\"wp-image-6474\" srcset=\"https:\/\/www.camping-baden.com\/wp-content\/uploads\/2024\/10\/equipe-epicerie-point-chaud-anne-sophie.webp 1200w, https:\/\/www.camping-baden.com\/wp-content\/uploads\/2024\/10\/equipe-epicerie-point-chaud-anne-sophie-300x300.webp 300w, https:\/\/www.camping-baden.com\/wp-content\/uploads\/2024\/10\/equipe-epicerie-point-chaud-anne-sophie-1024x1024.webp 1024w, https:\/\/www.camping-baden.com\/wp-content\/uploads\/2024\/10\/equipe-epicerie-point-chaud-anne-sophie-150x150.webp 150w, https:\/\/www.camping-baden.com\/wp-content\/uploads\/2024\/10\/equipe-epicerie-point-chaud-anne-sophie-768x768.webp 768w\" sizes=\"(max-width: 1200px) 100vw, 1200px\" \/><\/figure>\n<\/figure>\n<\/div>\n<\/div>\n\n\r\n    <\/div>\r\n<\/section><section id=\"ls-section-block_3d71e8c70a2a06eaa69bd7bc7b72a069\" class=\"ls-section  page-cta\" >\r\n        <div class=\"container container--wide\">\r\n        \n\n<div id=\"ls-heading ls-titre-div-block_65418d748dd20b13d63fa694b3aa41a0\" class=\"ls-titre-div aligncenter h1-like has-text-color has-color-2-color\" >\n    Ontdek al <em>onze diensten<\/em><\/div>\n\n\n\n<div id=\"ls-maillage-block_5aa17555e7966c169afae3df556fc886\" class=\"ls-maillage animated fadeIn slow cta-style-normal\" data-rows=\"3\">\n\n    <div class=\"wp-block-columns\"><div class=\"wp-block-column\">\n\n<a href=\"https:\/\/www.camping-baden.com\/nl\/familiecamping-baden\/\" target=\"\" rel=\"noopener\" class=\"ls-cta__link\" data-categ=\"\">\n\t<div class=\"ls-cta__image\"><img decoding=\"async\" src=\"https:\/\/www.camping-baden.com\/wp-content\/uploads\/2024\/10\/equipe-epicerie-point-chaud-anne-sophie.webp\" alt=\"team kruidenierswinkel punt chaud anne sophie\"><\/div>\n\t<div class=\"ls-cta__title\">\n\t\tDiensten\t\t<i class=\"mane-fleche\"><\/i>\n\t<\/div>\n\n\t\n\t<\/a><\/div><div class=\"wp-block-column\">\n\n<a href=\"https:\/\/www.camping-baden.com\/nl\/restaurant-en-bar-in-baden\/\" target=\"\" rel=\"noopener\" class=\"ls-cta__link\" data-categ=\"\">\n\t<div class=\"ls-cta__image\"><img decoding=\"async\" src=\"https:\/\/www.camping-baden.com\/wp-content\/uploads\/2025\/10\/2024-restaurant-terrasse-vignette-1000px-1164px-min.jpg\" alt=\"Restaurant op het terras tegenover het zwembad\"><\/div>\n\t<div class=\"ls-cta__title\">\n\t\tRestaurant\t\t<i class=\"mane-fleche\"><\/i>\n\t<\/div>\n\n\t\n\t<\/a><\/div><div class=\"wp-block-column\">\n\n<a href=\"https:\/\/www.camping-baden.com\/nl\/camping-met-waterpark-in-baden\/\" target=\"\" rel=\"noopener\" class=\"ls-cta__link\" data-categ=\"\">\n\t<div class=\"ls-cta__image\"><img decoding=\"async\" src=\"https:\/\/www.camping-baden.com\/wp-content\/uploads\/2025\/09\/parc-aquatique-camping-mane-guernehue-800-683px.jpg\" alt=\"Nieuwe waterglijbanen op camping Man\u00e9 Guernehu\u00e9\"><\/div>\n\t<div class=\"ls-cta__title\">\n\t\tWaterpark\t\t<i class=\"mane-fleche\"><\/i>\n\t<\/div>\n\n\t\n\t<\/a><\/div><\/div>\n<\/div>\n\r\n    <\/div>\r\n<\/section>","protected":false},"excerpt":{"rendered":"","protected":false},"author":1,"featured_media":12952,"parent":0,"menu_order":0,"comment_status":"closed","ping_status":"closed","template":"","meta":{"_acf_changed":false,"footnotes":""},"sujet":[],"class_list":["post-11035","page","type-page","status-publish","has-post-thumbnail","hentry"],"acf":[],"yoast_head":"<!-- This site is optimized with the Yoast SEO plugin v25.3 - https:\/\/yoast.com\/wordpress\/plugins\/seo\/ -->\n<title>Landgoed op een voormalige familieboerderij in Baden, Golfe du Morbihan<\/title>\n<meta name=\"description\" content=\"Ontdek Domaine Man\u00e9 Guernehu\u00e9, een geschiedenis, een camping en g\u00eetes in een uitzonderlijke omgeving: de oude familieboerderij in Baden, in de Golf van Morbihan.\" \/>\n<meta name=\"robots\" content=\"index, follow, max-snippet:-1, max-image-preview:large, max-video-preview:-1\" \/>\n<link rel=\"canonical\" href=\"https:\/\/www.camping-baden.com\/nl\/presentatie\/\" \/>\n<meta property=\"og:locale\" content=\"nl_NL\" \/>\n<meta property=\"og:type\" content=\"article\" \/>\n<meta property=\"og:title\" content=\"Landgoed op een voormalige familieboerderij in Baden, Golfe du Morbihan\" \/>\n<meta property=\"og:description\" content=\"Ontdek Domaine Man\u00e9 Guernehu\u00e9, een geschiedenis, een camping en g\u00eetes in een uitzonderlijke omgeving: de oude familieboerderij in Baden, in de Golf van Morbihan.\" \/>\n<meta property=\"og:url\" content=\"https:\/\/www.camping-baden.com\/nl\/presentatie\/\" \/>\n<meta property=\"og:site_name\" content=\"Man\u00e9 Guernehu\u00e9\" \/>\n<meta property=\"article:modified_time\" content=\"2025-10-06T09:30:53+00:00\" \/>\n<meta property=\"og:image\" content=\"https:\/\/www.camping-baden.com\/wp-content\/uploads\/2025\/10\/Banniere-domaine-mane-guernehue-2000px-1124px.jpg\" \/>\n\t<meta property=\"og:image:width\" content=\"2000\" \/>\n\t<meta property=\"og:image:height\" content=\"1124\" \/>\n\t<meta property=\"og:image:type\" content=\"image\/jpeg\" \/>\n<meta name=\"twitter:card\" content=\"summary_large_image\" \/>\n<meta name=\"twitter:label1\" content=\"Geschatte leestijd\" \/>\n\t<meta name=\"twitter:data1\" content=\"2 minuten\" \/>\n<script type=\"application\/ld+json\" class=\"yoast-schema-graph\">{\"@context\":\"https:\/\/schema.org\",\"@graph\":[{\"@type\":\"WebPage\",\"@id\":\"https:\/\/www.camping-baden.com\/nl\/presentatie\/\",\"url\":\"https:\/\/www.camping-baden.com\/nl\/presentatie\/\",\"name\":\"Landgoed op een voormalige familieboerderij in Baden, Golfe du Morbihan\",\"isPartOf\":{\"@id\":\"https:\/\/www.camping-baden.com\/nl\/#website\"},\"primaryImageOfPage\":{\"@id\":\"https:\/\/www.camping-baden.com\/nl\/presentatie\/#primaryimage\"},\"image\":{\"@id\":\"https:\/\/www.camping-baden.com\/nl\/presentatie\/#primaryimage\"},\"thumbnailUrl\":\"https:\/\/www.camping-baden.com\/wp-content\/uploads\/2025\/10\/Banniere-domaine-mane-guernehue-2000px-1124px.jpg\",\"datePublished\":\"2024-09-04T08:19:43+00:00\",\"dateModified\":\"2025-10-06T09:30:53+00:00\",\"description\":\"Ontdek Domaine Man\u00e9 Guernehu\u00e9, een geschiedenis, een camping en g\u00eetes in een uitzonderlijke omgeving: de oude familieboerderij in Baden, in de Golf van Morbihan.\",\"breadcrumb\":{\"@id\":\"https:\/\/www.camping-baden.com\/nl\/presentatie\/#breadcrumb\"},\"inLanguage\":\"nl-NL\",\"potentialAction\":[{\"@type\":\"ReadAction\",\"target\":[\"https:\/\/www.camping-baden.com\/nl\/presentatie\/\"]}]},{\"@type\":\"ImageObject\",\"inLanguage\":\"nl-NL\",\"@id\":\"https:\/\/www.camping-baden.com\/nl\/presentatie\/#primaryimage\",\"url\":\"https:\/\/www.camping-baden.com\/wp-content\/uploads\/2025\/10\/Banniere-domaine-mane-guernehue-2000px-1124px.jpg\",\"contentUrl\":\"https:\/\/www.camping-baden.com\/wp-content\/uploads\/2025\/10\/Banniere-domaine-mane-guernehue-2000px-1124px.jpg\",\"width\":2000,\"height\":1124,\"caption\":\"Een dronebeeld van het landgoed Man\u00e9 Guernehu\u00e9 in de Golf van Morbihan\"},{\"@type\":\"BreadcrumbList\",\"@id\":\"https:\/\/www.camping-baden.com\/nl\/presentatie\/#breadcrumb\",\"itemListElement\":[{\"@type\":\"ListItem\",\"position\":1,\"name\":\"Camping Golfe du Morbihan\",\"item\":\"https:\/\/www.camping-baden.com\/nl\/\"},{\"@type\":\"ListItem\",\"position\":2,\"name\":\"Historisch landgoed in Baden\"}]},{\"@type\":\"WebSite\",\"@id\":\"https:\/\/www.camping-baden.com\/nl\/#website\",\"url\":\"https:\/\/www.camping-baden.com\/nl\/\",\"name\":\"Man\u00e9 Guernehu\u00e9\",\"description\":\"\",\"publisher\":{\"@id\":\"https:\/\/www.camping-baden.com\/nl\/#organization\"},\"potentialAction\":[{\"@type\":\"SearchAction\",\"target\":{\"@type\":\"EntryPoint\",\"urlTemplate\":\"https:\/\/www.camping-baden.com\/nl\/?s={search_term_string}\"},\"query-input\":{\"@type\":\"PropertyValueSpecification\",\"valueRequired\":true,\"valueName\":\"search_term_string\"}}],\"inLanguage\":\"nl-NL\"},{\"@type\":\"Organization\",\"@id\":\"https:\/\/www.camping-baden.com\/nl\/#organization\",\"name\":\"Man\u00e9 Guernehu\u00e9\",\"url\":\"https:\/\/www.camping-baden.com\/nl\/\",\"logo\":{\"@type\":\"ImageObject\",\"inLanguage\":\"nl-NL\",\"@id\":\"https:\/\/www.camping-baden.com\/nl\/#\/schema\/logo\/image\/\",\"url\":\"https:\/\/www.camping-baden.com\/wp-content\/uploads\/2024\/08\/logo-camping-mane-guernehue.png\",\"contentUrl\":\"https:\/\/www.camping-baden.com\/wp-content\/uploads\/2024\/08\/logo-camping-mane-guernehue.png\",\"width\":1000,\"height\":450,\"caption\":\"Man\u00e9 Guernehu\u00e9\"},\"image\":{\"@id\":\"https:\/\/www.camping-baden.com\/nl\/#\/schema\/logo\/image\/\"}}]}<\/script>\n<!-- \/ Yoast SEO plugin. -->","yoast_head_json":{"title":"Landgoed op een voormalige familieboerderij in Baden, Golfe du Morbihan","description":"Ontdek Domaine Man\u00e9 Guernehu\u00e9, een geschiedenis, een camping en g\u00eetes in een uitzonderlijke omgeving: de oude familieboerderij in Baden, in de Golf van Morbihan.","robots":{"index":"index","follow":"follow","max-snippet":"max-snippet:-1","max-image-preview":"max-image-preview:large","max-video-preview":"max-video-preview:-1"},"canonical":"https:\/\/www.camping-baden.com\/nl\/presentatie\/","og_locale":"nl_NL","og_type":"article","og_title":"Landgoed op een voormalige familieboerderij in Baden, Golfe du Morbihan","og_description":"Ontdek Domaine Man\u00e9 Guernehu\u00e9, een geschiedenis, een camping en g\u00eetes in een uitzonderlijke omgeving: de oude familieboerderij in Baden, in de Golf van Morbihan.","og_url":"https:\/\/www.camping-baden.com\/nl\/presentatie\/","og_site_name":"Man\u00e9 Guernehu\u00e9","article_modified_time":"2025-10-06T09:30:53+00:00","og_image":[{"width":2000,"height":1124,"url":"https:\/\/www.camping-baden.com\/wp-content\/uploads\/2025\/10\/Banniere-domaine-mane-guernehue-2000px-1124px.jpg","type":"image\/jpeg"}],"twitter_card":"summary_large_image","twitter_misc":{"Geschatte leestijd":"2 minuten"},"schema":{"@context":"https:\/\/schema.org","@graph":[{"@type":"WebPage","@id":"https:\/\/www.camping-baden.com\/nl\/presentatie\/","url":"https:\/\/www.camping-baden.com\/nl\/presentatie\/","name":"Landgoed op een voormalige familieboerderij in Baden, Golfe du Morbihan","isPartOf":{"@id":"https:\/\/www.camping-baden.com\/nl\/#website"},"primaryImageOfPage":{"@id":"https:\/\/www.camping-baden.com\/nl\/presentatie\/#primaryimage"},"image":{"@id":"https:\/\/www.camping-baden.com\/nl\/presentatie\/#primaryimage"},"thumbnailUrl":"https:\/\/www.camping-baden.com\/wp-content\/uploads\/2025\/10\/Banniere-domaine-mane-guernehue-2000px-1124px.jpg","datePublished":"2024-09-04T08:19:43+00:00","dateModified":"2025-10-06T09:30:53+00:00","description":"Ontdek Domaine Man\u00e9 Guernehu\u00e9, een geschiedenis, een camping en g\u00eetes in een uitzonderlijke omgeving: de oude familieboerderij in Baden, in de Golf van Morbihan.","breadcrumb":{"@id":"https:\/\/www.camping-baden.com\/nl\/presentatie\/#breadcrumb"},"inLanguage":"nl-NL","potentialAction":[{"@type":"ReadAction","target":["https:\/\/www.camping-baden.com\/nl\/presentatie\/"]}]},{"@type":"ImageObject","inLanguage":"nl-NL","@id":"https:\/\/www.camping-baden.com\/nl\/presentatie\/#primaryimage","url":"https:\/\/www.camping-baden.com\/wp-content\/uploads\/2025\/10\/Banniere-domaine-mane-guernehue-2000px-1124px.jpg","contentUrl":"https:\/\/www.camping-baden.com\/wp-content\/uploads\/2025\/10\/Banniere-domaine-mane-guernehue-2000px-1124px.jpg","width":2000,"height":1124,"caption":"Een dronebeeld van het landgoed Man\u00e9 Guernehu\u00e9 in de Golf van Morbihan"},{"@type":"BreadcrumbList","@id":"https:\/\/www.camping-baden.com\/nl\/presentatie\/#breadcrumb","itemListElement":[{"@type":"ListItem","position":1,"name":"Camping Golfe du Morbihan","item":"https:\/\/www.camping-baden.com\/nl\/"},{"@type":"ListItem","position":2,"name":"Historisch landgoed in Baden"}]},{"@type":"WebSite","@id":"https:\/\/www.camping-baden.com\/nl\/#website","url":"https:\/\/www.camping-baden.com\/nl\/","name":"Man\u00e9 Guernehu\u00e9","description":"","publisher":{"@id":"https:\/\/www.camping-baden.com\/nl\/#organization"},"potentialAction":[{"@type":"SearchAction","target":{"@type":"EntryPoint","urlTemplate":"https:\/\/www.camping-baden.com\/nl\/?s={search_term_string}"},"query-input":{"@type":"PropertyValueSpecification","valueRequired":true,"valueName":"search_term_string"}}],"inLanguage":"nl-NL"},{"@type":"Organization","@id":"https:\/\/www.camping-baden.com\/nl\/#organization","name":"Man\u00e9 Guernehu\u00e9","url":"https:\/\/www.camping-baden.com\/nl\/","logo":{"@type":"ImageObject","inLanguage":"nl-NL","@id":"https:\/\/www.camping-baden.com\/nl\/#\/schema\/logo\/image\/","url":"https:\/\/www.camping-baden.com\/wp-content\/uploads\/2024\/08\/logo-camping-mane-guernehue.png","contentUrl":"https:\/\/www.camping-baden.com\/wp-content\/uploads\/2024\/08\/logo-camping-mane-guernehue.png","width":1000,"height":450,"caption":"Man\u00e9 Guernehu\u00e9"},"image":{"@id":"https:\/\/www.camping-baden.com\/nl\/#\/schema\/logo\/image\/"}}]}},"_links":{"self":[{"href":"https:\/\/www.camping-baden.com\/nl\/wp-json\/wp\/v2\/pages\/11035","targetHints":{"allow":["GET"]}}],"collection":[{"href":"https:\/\/www.camping-baden.com\/nl\/wp-json\/wp\/v2\/pages"}],"about":[{"href":"https:\/\/www.camping-baden.com\/nl\/wp-json\/wp\/v2\/types\/page"}],"author":[{"embeddable":true,"href":"https:\/\/www.camping-baden.com\/nl\/wp-json\/wp\/v2\/users\/1"}],"replies":[{"embeddable":true,"href":"https:\/\/www.camping-baden.com\/nl\/wp-json\/wp\/v2\/comments?post=11035"}],"version-history":[{"count":2,"href":"https:\/\/www.camping-baden.com\/nl\/wp-json\/wp\/v2\/pages\/11035\/revisions"}],"predecessor-version":[{"id":12944,"href":"https:\/\/www.camping-baden.com\/nl\/wp-json\/wp\/v2\/pages\/11035\/revisions\/12944"}],"wp:featuredmedia":[{"embeddable":true,"href":"https:\/\/www.camping-baden.com\/nl\/wp-json\/wp\/v2\/media\/12952"}],"wp:attachment":[{"href":"https:\/\/www.camping-baden.com\/nl\/wp-json\/wp\/v2\/media?parent=11035"}],"wp:term":[{"taxonomy":"sujet","embeddable":true,"href":"https:\/\/www.camping-baden.com\/nl\/wp-json\/wp\/v2\/sujet?post=11035"}],"curies":[{"name":"wp","href":"https:\/\/api.w.org\/{rel}","templated":true}]}}