{"id":12913,"date":"2024-09-16T15:41:27","date_gmt":"2024-09-16T13:41:27","guid":{"rendered":"https:\/\/www.camping-baden.com\/faq\/"},"modified":"2026-04-27T09:24:29","modified_gmt":"2026-04-27T07:24:29","slug":"faq","status":"publish","type":"page","link":"https:\/\/www.camping-baden.com\/en\/faq\/","title":{"rendered":"FAQ"},"content":{"rendered":"<section id=\"ls-section-block_07ee411cc0a11564e143cb400efc0e70\" class=\"ls-section  home-sixth page-one\" >\r\n        <div class=\"container container--wide\">\r\n        \n\n<h1 class=\"ls__heading wp-block-heading has-text-align-center has-color-2-color has-text-color has-link-color wp-elements-f35601422ffa860fa00995da42a61dab\">Frequently asked questions<\/h1>\n\n\n\n<div style=\"height:64px\" aria-hidden=\"true\" class=\"wp-block-spacer\"><\/div>\n\n\n\n<div class=\"wp-block-columns are-vertically-aligned-center first is-layout-flex wp-container-core-columns-is-layout-9d6595d7 wp-block-columns-is-layout-flex\">\n<div class=\"wp-block-column is-vertically-aligned-center text is-layout-flow wp-block-column-is-layout-flow\" style=\"flex-basis:45%\">\n<h2 class=\"ls__heading wp-block-heading has-color-2-color has-text-color has-link-color wp-elements-da661db2eb296c44d4439ca57547b7fc\">General questions<\/h2>\n<\/div>\n<\/div>\n\n\n\n<div class=\"wp-block-columns are-vertically-aligned-center first is-layout-flex wp-container-core-columns-is-layout-9d6595d7 wp-block-columns-is-layout-flex\">\n<div class=\"wp-block-column is-vertically-aligned-center is-layout-flow wp-block-column-is-layout-flow\" style=\"flex-basis:55%\"><div id=\"faq\" class=\"faq-container\"><div class=\"faq-wrap\" itemscope=\"\" itemtype=\"https:\/\/schema.org\/FAQPage\"><div class=\"faq__box faq__item\"><div class=\"faq__container\"><div class=\"faq__block\" itemscope=\"\" itemprop=\"mainEntity\" itemtype=\"https:\/\/schema.org\/Question\"><details class=\"faq\"><summary class=\"faq-question\" itemprop=\"name\"><div>What are the reception hours?<\/div><span class=\"faq-opener\"><\/span><\/summary><div class=\"content\" itemscope=\"\" itemprop=\"acceptedAnswer\" itemtype=\"https:\/\/schema.org\/Answer\"><div itemprop=\"text\"><p><strong>The reception is open:<\/strong><br \/>\nFrom the opening of the campsite <strong>in April, May and June<\/strong>: daily from <strong>9am to 7pm<\/strong>. <strong>Until 8pm on Fridays<\/strong>.<br \/>\n<strong>In July and August<\/strong>: daily from <strong>9am to 8pm<\/strong><br \/>\n<strong>In September<\/strong>: daily from <strong>9am to 12:30pm and from 1:30pm to 7pm<\/strong><br \/>\nFrom October to March (except second half of December): offices open Monday to Friday from 9am to 12:30pm and from 2pm to 6pm.<\/p>\n<\/div><\/div><\/details><\/div><\/div><\/div><div class=\"faq__box faq__item\"><div class=\"faq__container\"><div class=\"faq__block\" itemscope=\"\" itemprop=\"mainEntity\" itemtype=\"https:\/\/schema.org\/Question\"><details class=\"faq\"><summary class=\"faq-question\" itemprop=\"name\"><div>When is the campsite open?<\/div><span class=\"faq-opener\"><\/span><\/summary><div class=\"content\" itemscope=\"\" itemprop=\"acceptedAnswer\" itemtype=\"https:\/\/schema.org\/Answer\"><div itemprop=\"text\"><p><strong>The campsite and all services are open from April 10, 2026 to September 20, 2026.<\/strong><br \/>\n<strong>The g\u00eetes are open all year round<\/strong>.<\/p>\n<p>Our offices are open all year round and online booking is available 24 hours a day!<\/p>\n<\/div><\/div><\/details><\/div><\/div><\/div><div class=\"faq__box faq__item\"><div class=\"faq__container\"><div class=\"faq__block\" itemscope=\"\" itemprop=\"mainEntity\" itemtype=\"https:\/\/schema.org\/Question\"><details class=\"faq\"><summary class=\"faq-question\" itemprop=\"name\"><div>What is the size and topology of the campground?<\/div><span class=\"faq-opener\"><\/span><\/summary><div class=\"content\" itemscope=\"\" itemprop=\"acceptedAnswer\" itemtype=\"https:\/\/schema.org\/Answer\"><div itemprop=\"text\"><p>The Man\u00e9 Guernehu\u00e9 estate has a total surface area of <strong>20 hectares<\/strong>. In a 10-hectare landscaped park, you&#8217;ll find a vast choice of pitches and rentals (414 including 242 mobile homes).<br \/>\nPonds, ideal for walking and fishing in a beautiful natural setting, are located below the property. Part of the site slopes down towards the ponds. In this part, the pitches are terraced.   The rest of the terrain (the vast majority) is flat.<br \/>\nThanks to the<strong>&#8220;preferential location&#8221; option,<\/strong> you can select the part of the estate where you want to be.<\/p>\n<\/div><\/div><\/details><\/div><\/div><\/div><div class=\"faq__box faq__item\"><div class=\"faq__container\"><div class=\"faq__block\" itemscope=\"\" itemprop=\"mainEntity\" itemtype=\"https:\/\/schema.org\/Question\"><details class=\"faq\"><summary class=\"faq-question\" itemprop=\"name\"><div>Are pets allowed at the campsite?<\/div><span class=\"faq-opener\"><\/span><\/summary><div class=\"content\" itemscope=\"\" itemprop=\"acceptedAnswer\" itemtype=\"https:\/\/schema.org\/Answer\"><div itemprop=\"text\"><p>Pets are welcome at the Man\u00e9 Guernehu\u00e9 campsite, except in certain mobile-home areas and in the g\u00eetes.<\/p>\n<p>A supplement will be charged.<\/p>\n<p>Dogs and pets must be kept on a leash and must not be left alone on the pitch, even locked up, in the absence of their owners, who are civilly responsible for them.<\/p>\n<p>For daily walks, prefer the natural areas on the outskirts of the campsite.<\/p>\n<\/div><\/div><\/details><\/div><\/div><\/div><div class=\"faq__box faq__item\"><div class=\"faq__container\"><div class=\"faq__block\" itemscope=\"\" itemprop=\"mainEntity\" itemtype=\"https:\/\/schema.org\/Question\"><details class=\"faq\"><summary class=\"faq-question\" itemprop=\"name\"><div>What are the refund conditions if I cancel my booking without having taken out cancellation cover?<\/div><span class=\"faq-opener\"><\/span><\/summary><div class=\"content\" itemscope=\"\" itemprop=\"acceptedAnswer\" itemtype=\"https:\/\/schema.org\/Answer\"><div itemprop=\"text\"><p>Refund terms in the event of cancellation are specified in our <strong>General Terms and Conditions of Sale<\/strong>, in the &#8221; <strong>Cancellation<\/strong> &#8221; section. Please consult them or contact us if you have any further questions. <\/p>\n<p><strong>Article 4 of the General Terms and Conditions of Sale<\/strong> <strong>:<\/strong> <strong> Cancellation by the camper<\/strong><br \/>\nIn the event of cancellation by the camper, except in cases of force majeure, the conditions for cancellation and reimbursement are as follows. <strong>All cancellation requests must be sent by post<\/strong> to the Yelloh! Village campsite postal address <strong>or by e-mail<\/strong> (info@camping-baden.com). Cancellations made by telephone cannot be taken into account. Any cancellation will result in the cancellation of the reservation and the campsite reserves the right to offer the accommodation for rental again.<br \/>\n<strong>a. In the event of cancellation by the camper without subscription to the cancellation guarantee <\/strong><br \/>\nFor one of the following reasons and until the date of arrival:<br \/>\n-Closure of borders by administrative decision,<br \/>\n-Administrative closure of the campsite,<br \/>\n-Limitation of travel to a number of kilometers by administrative decision not allowing to come to the campsite,<br \/>\nA voucher for the full amount paid, valid for two years, will be issued by the campsite. If the customer refuses to accept this voucher, the corresponding amount will be reimbursed on request.<br \/>\n<strong>For any other reason:<\/strong><br \/>\n&#8211; <strong>Case 1 &#8211; Cancellation up to 16 (sixteen) days before the start of the holiday.<\/strong><br \/>\nThe deposit of 25% of the cost of the holiday will be retained by the campsite as a cancellation fee. The sums paid, deducted from the amount of the deposit, will be reimbursed. If payment has been made in full or in part with a voucher worth more than the deposit: the 25% deposit will be retained by the campsite as a cancellation fee. A new non-refundable 2-year voucher will be issued for use at the campsite where the holiday was cancelled, with the amount of the original voucher deducted from the 25% deposit. The remainder of the sums paid other than the voucher will be reimbursed.<br \/>\n&#8211; <strong>Case 2: Cancellation between D-15 and D-8 before the start of the holiday.<\/strong> The campsite will retain 50% of the total cost of the stay as a cancellation fee. A voucher will be issued for an amount corresponding to the sums paid less cancellation charges of 50% of the total amount of the stay. This voucher is non-refundable, non-transferable, can only be used at the campsite where the stay was cancelled and is valid for two years.<br \/>\n<strong>&#8211; Case 3: Cancellation between D-7 and D-0 before the start of the holiday.<\/strong>  All sums paid, i.e. the full amount of the stay, are retained by the campsite. No refunds will be made. If the customer does not arrive at the campsite within two days of the start of the rental period, and without first informing the campsite by letter or e-mail, the reservation will be considered cancelled by the customer. The campsite therefore reserves the right to offer the accommodation for rental again.  <\/p>\n<\/div><\/div><\/details><\/div><\/div><\/div><div class=\"faq__box faq__item\"><div class=\"faq__container\"><div class=\"faq__block\" itemscope=\"\" itemprop=\"mainEntity\" itemtype=\"https:\/\/schema.org\/Question\"><details class=\"faq\"><summary class=\"faq-question\" itemprop=\"name\"><div>What are the conditions of reimbursement if I cancel my reservation with the cancellation guarantee?<\/div><span class=\"faq-opener\"><\/span><\/summary><div class=\"content\" itemscope=\"\" itemprop=\"acceptedAnswer\" itemtype=\"https:\/\/schema.org\/Answer\"><div itemprop=\"text\"><p>The terms and conditions of reimbursement in the event of cancellation after having <strong>subscribed to the cancellation guarantee<\/strong> are specified in our <strong>General Terms and Conditions of Sale, &#8220;Cancellation&#8221; section<\/strong>, as well as in the conditions of the <strong>cancellation guarantee<\/strong>. Please consult them or contact us if you have any further questions. <\/p>\n<p><strong>Article 4 of the General Terms and Conditions of Sale : Cancellation by the camper<\/strong><\/p>\n<p><strong>b. In the event of cancellation by the camper with a cancellation guarantee. <\/strong><br \/>\nThe sums paid are covered by the guarantee according to the general cancellation conditions. If the reason is not covered by the cancellation insurance or if the file is refused by it, the general sales conditions of paragraph 4 a. (previous question) apply and the cost of the cancellation insurance will be deducted from the sums paid in the event of cancellation.  <\/p>\n<p><strong>CANCELLATION GUARANTEE CONDITIONS<\/strong><\/p>\n<p><strong>1\/ EXPLANATION OF WARRANTIES<\/strong><br \/>\nThe following events are covered by the warranty:<br \/>\na- Serious illness, accident or death :<br \/>\n* yourself or any other person expressly mentioned in the reservation contract<br \/>\n* your spouse (or any person living in the same household)<br \/>\n* your direct ascendants or descendants<br \/>\n* your brothers or sisters * your sons-in-law or daughters-in-law<br \/>\nb- Major damage to your premises, whether business or private, a principal or secondary residence, as a result of fire, explosion, water damage or theft, occurring within 48 hours of the start of the holiday and requiring the restoration of the premises and your presence on site.<br \/>\nc- Serious damage to your vehicle as a result of an accident occurring within 48 hours of departure and preventing you from using it.<br \/>\nd- Modification of your vacation dates, imposed by your employer, occurring after booking and affecting the period of your stay.<br \/>\ne- Dismissal of yourself (or your spouse) provided that the notice to attend the interview is sent after the holiday has been booked.<br \/>\nf- Transfer by you (or your spouse), at your employer&#8217;s initiative, involving a change of address, on the express condition that notification is given after the holiday has been booked. In order to be covered, each event must occur after the insurance has been taken out.<br \/>\n<strong>DEFINITIONS<\/strong><br \/>\nIllness: an alteration in health duly certified by a competent medical authority, preventing the patient from leaving the home or hospital where he\/she is being treated at the start of the booking period and implying the absolute cessation of all professional or other activity.<br \/>\nAccident: any unforeseen and sudden event, causing bodily injury to the person booking, not resulting from his\/her intentional act, and preventing him\/her from taking part in the stay booked.<br \/>\n<strong>INSURANCE IS NEVER PROVIDED FOR LOSSES RESULTING FROM:<\/strong><br \/>\n&#8211; your actions other than those provided for in the contract<br \/>\n&#8211; facts known prior to booking, it being specified that the unforeseeable aggravation of a pre-existing illness does not constitute a known situation<br \/>\n&#8211; complications or childbirth occurring after the end of the 6th month of pregnancy<br \/>\n&#8211; psychological illness not requiring hospitalization at the time of stay<br \/>\n&#8211; surgery or medical intervention scheduled prior to booking the stay or which may be carried out afterwards &#8211; drunkenness, use of drugs, impairment of health resulting from the absorption of non-prescribed medication<br \/>\n&#8211; contraindication of vaccination or air travel due to pre-existing health problems<br \/>\n&#8211; civil or foreign war, riots, attacks, civil commotion<br \/>\n&#8211; epidemics, nuclear or chemical incidents, natural disasters<br \/>\n&#8211; failure to provide the services specified in the initial booking contract, for whatever reason.<br \/>\n<strong>2\/ NATURE AND AMOUNT OF GUARANTEES<\/strong><br \/>\nIn the event of cancellation of your stay, the MANE GUERNEHUE campsite will reimburse you for the sums paid and actually collected, in accordance with the conditions of the initial reservation contract. The guarantee premium, any booking fees, and any charges and services not included in the calculation of the premium are never refunded. In the event of cancellation, a ceiling of \u20ac3,800 (incl. VAT) is applied per claim.<br \/>\n<strong>3\/ EFFECTIVE DATE<\/strong><br \/>\nCancellation cover takes effect from midday on the day after payment of the premium and for the period from the reservation date to the day before the holiday.<br \/>\n<strong>4\/ CLAIM DECLARATION<br \/>\n<\/strong> Any cancellation of a reservation must be made in writing and sent to the MANE GUERNEHUE campsite (registered letter with acknowledgement of receipt) within 5 working days of the date on which you became aware of the cancellation.<\/p>\n<\/div><\/div><\/details><\/div><\/div><\/div><div class=\"faq__box faq__item\"><div class=\"faq__container\"><div class=\"faq__block\" itemscope=\"\" itemprop=\"mainEntity\" itemtype=\"https:\/\/schema.org\/Question\"><details class=\"faq\"><summary class=\"faq-question\" itemprop=\"name\"><div>How to cancel my reservation<\/div><span class=\"faq-opener\"><\/span><\/summary><div class=\"content\" itemscope=\"\" itemprop=\"acceptedAnswer\" itemtype=\"https:\/\/schema.org\/Answer\"><div itemprop=\"text\"><p>To cancel your booking, <strong>please send us your request in writing, by e-mail.<\/strong><br \/>\nThe date of receipt of your message will be taken as proof, in accordance with our General Terms and Conditions of Sale.<\/p>\n<\/div><\/div><\/details><\/div><\/div><\/div><div class=\"faq__box faq__item\"><div class=\"faq__container\"><div class=\"faq__block\" itemscope=\"\" itemprop=\"mainEntity\" itemtype=\"https:\/\/schema.org\/Question\"><details class=\"faq\"><summary class=\"faq-question\" itemprop=\"name\"><div>Can I change my booking? If so, how? <\/div><span class=\"faq-opener\"><\/span><\/summary><div class=\"content\" itemscope=\"\" itemprop=\"acceptedAnswer\" itemtype=\"https:\/\/schema.org\/Answer\"><div itemprop=\"text\"><p>You can modify your booking according to availability and the conditions set out in our General Terms and Conditions of Sale.<br \/>\nPlease contact us directly for any modification request.<\/p>\n<p><strong>Extract from the General Terms and Conditions of Sale<\/strong>:<\/p>\n<p><strong>CANCELLATION AND CHANGES<\/strong><br \/>\n<strong>1. Changes to your booking<\/strong><br \/>\nCustomers may request changes to their stay at the same campsite (dates, type of accommodation, options) by writing to the campsite (by post or e-mail), subject to availability and possibility.<br \/>\nNo postponements will be accepted for the following season. In the absence of a modification, the customer will have to make his stay in the initial conditions of reservation or cancel it according to the conditions of the cancellation insurance.<br \/>\n&#8211; Requests to increase the length of your stay are subject to availability and current rates.<br \/>\n&#8211; Any request to reduce the length of your stay is considered a partial cancellation and will be subject to the cancellation and interruption of stay conditions.<\/p>\n<\/div><\/div><\/details><\/div><\/div><\/div><div class=\"faq__box faq__item\"><div class=\"faq__container\"><div class=\"faq__block\" itemscope=\"\" itemprop=\"mainEntity\" itemtype=\"https:\/\/schema.org\/Question\"><details class=\"faq\"><summary class=\"faq-question\" itemprop=\"name\"><div>Is Wi-Fi available throughout the campsite? Is it free? <\/div><span class=\"faq-opener\"><\/span><\/summary><div class=\"content\" itemscope=\"\" itemprop=\"acceptedAnswer\" itemtype=\"https:\/\/schema.org\/Answer\"><div itemprop=\"text\"><p>Wi-Fi is free and available throughout the campsite, subject to coverage and signal quality depending on the area.<\/p>\n<\/div><\/div><\/details><\/div><\/div><\/div><\/div><\/div><\/div>\n\n\n\n<div class=\"wp-block-column is-vertically-aligned-center is-layout-flow wp-block-column-is-layout-flow\" style=\"flex-basis:55%\"><div id=\"faq\" class=\"faq-container\"><div class=\"faq-wrap\" itemscope=\"\" itemtype=\"https:\/\/schema.org\/FAQPage\"><div class=\"faq__box faq__item\"><div class=\"faq__container\"><div class=\"faq__block\" itemscope=\"\" itemprop=\"mainEntity\" itemtype=\"https:\/\/schema.org\/Question\"><details class=\"faq\"><summary class=\"faq-question\" itemprop=\"name\"><div>What are the check-in and check-out times? What do I do if I arrive after reception has closed? <\/div><span class=\"faq-opener\"><\/span><\/summary><div class=\"content\" itemscope=\"\" itemprop=\"acceptedAnswer\" itemtype=\"https:\/\/schema.org\/Answer\"><div itemprop=\"text\"><p><strong>In rental or g\u00eete <\/strong>: Arrival from 4 pm \/ departure before 10 am<\/p>\n<p><strong>Pitches<\/strong>: Arrival from 2 pm \/ departure before 12 am<\/p>\n<p><strong>For late arrivals<\/strong> after reception has closed, please contact the office on the day of arrival. A letter containing all the necessary information will be posted for you at the reception door.<br \/>\nPlease note that <strong>the gates are closed between 11pm and 7am<\/strong>. If you arrive when the gates are closed, you can park in the outdoor parking lot at the campsite entrance.  <\/p>\n<p><strong>In case of departure before the opening of the reception<\/strong>: Please come to the reception the day before. Leave the keys in the letterbox in front of reception.<\/p>\n<\/div><\/div><\/details><\/div><\/div><\/div><div class=\"faq__box faq__item\"><div class=\"faq__container\"><div class=\"faq__block\" itemscope=\"\" itemprop=\"mainEntity\" itemtype=\"https:\/\/schema.org\/Question\"><details class=\"faq\"><summary class=\"faq-question\" itemprop=\"name\"><div>Is a deposit required on arrival?<\/div><span class=\"faq-opener\"><\/span><\/summary><div class=\"content\" itemscope=\"\" itemprop=\"acceptedAnswer\" itemtype=\"https:\/\/schema.org\/Answer\"><div itemprop=\"text\"><p>As stipulated in the general terms and conditions of sale, you must pay a<strong> deposit on arrival<\/strong> when you hand over the keys to your rental accommodation<strong>(mobile home, g\u00eete or pitch with private sanitary facilities<\/strong>).<br \/>\nThe deposit of 200 euros can be paid in the form of a<strong>non-debiting bank imprint<\/strong> (non-debiting pre-authorization) or by <strong>check<\/strong>. Please note that some foreign banks may block the amount of the deposit, without actually debiting it.<br \/>\n<strong>At the end of your stay<\/strong>, after checking your accommodation, we will send you an e-mail within a maximum of 8 days of your departure to confirm the cancellation of the pre-authorization or the destruction of the check, if the rental is clean and with no damage noted. We will contact you if there are any problems. The price list is available at reception.  <\/p>\n<\/div><\/div><\/details><\/div><\/div><\/div><div class=\"faq__box faq__item\"><div class=\"faq__container\"><div class=\"faq__block\" itemscope=\"\" itemprop=\"mainEntity\" itemtype=\"https:\/\/schema.org\/Question\"><details class=\"faq\"><summary class=\"faq-question\" itemprop=\"name\"><div>Does the campsite accept VACAF<\/div><span class=\"faq-opener\"><\/span><\/summary><div class=\"content\" itemscope=\"\" itemprop=\"acceptedAnswer\" itemtype=\"https:\/\/schema.org\/Answer\"><div itemprop=\"text\"><p>Unfortunately, we are not VACAF-approved and cannot accept VACAF subsidies as a means of payment.<\/p>\n<\/div><\/div><\/details><\/div><\/div><\/div><div class=\"faq__box faq__item\"><div class=\"faq__container\"><div class=\"faq__block\" itemscope=\"\" itemprop=\"mainEntity\" itemtype=\"https:\/\/schema.org\/Question\"><details class=\"faq\"><summary class=\"faq-question\" itemprop=\"name\"><div>Can I pay with vacation vouchers \/ ch\u00e8ques vacances connect for reservations and activities?<\/div><span class=\"faq-opener\"><\/span><\/summary><div class=\"content\" itemscope=\"\" itemprop=\"acceptedAnswer\" itemtype=\"https:\/\/schema.org\/Answer\"><div itemprop=\"text\"><p>Yes, <strong>vacation vouchers and Ch\u00e8ques-Vacances Connect<\/strong> are <strong>accepted<\/strong> to pay for your stay at the campsite.<br \/>\nFor <strong>payment of activities<\/strong>, we only accept <strong>paper vacation vouchers<\/strong>.<\/p>\n<\/div><\/div><\/details><\/div><\/div><\/div><div class=\"faq__box faq__item\"><div class=\"faq__container\"><div class=\"faq__block\" itemscope=\"\" itemprop=\"mainEntity\" itemtype=\"https:\/\/schema.org\/Question\"><details class=\"faq\"><summary class=\"faq-question\" itemprop=\"name\"><div>  Do I have to wear a bracelet during my stay?<\/div><span class=\"faq-opener\"><\/span><\/summary><div class=\"content\" itemscope=\"\" itemprop=\"acceptedAnswer\" itemtype=\"https:\/\/schema.org\/Answer\"><div itemprop=\"text\"><p><strong>The wristband given to you on arrival must be worn at all times<\/strong> during your stay. For your safety, all persons on site must wear a wristband.<br \/>\nThis allows you to pass the <strong>access control to the water park and indoor pool<\/strong>.<br \/>\n<strong>The bracelet is also a cashless wristband<\/strong>, allowing you to pay for services and activities during your stay without any hassle.<br \/>\n<a href=\"https:\/\/www.camping-baden.com\/en\/bracelet-cashless-payment-method\/\">Find out more about the cashless bracelet<\/a><\/p>\n<\/div><\/div><\/details><\/div><\/div><\/div><div class=\"faq__box faq__item\"><div class=\"faq__container\"><div class=\"faq__block\" itemscope=\"\" itemprop=\"mainEntity\" itemtype=\"https:\/\/schema.org\/Question\"><details class=\"faq\"><summary class=\"faq-question\" itemprop=\"name\"><div>Does the campsite offer gift cards?<\/div><span class=\"faq-opener\"><\/span><\/summary><div class=\"content\" itemscope=\"\" itemprop=\"acceptedAnswer\" itemtype=\"https:\/\/schema.org\/Answer\"><div itemprop=\"text\"><p>Yes, we do offer gift cards. Simply fill in the form on our website and send it to us.<br \/>\n<strong><a href=\"https:\/\/www.camping-baden.com\/en\/book-your-holiday-stay-in-the-golfe-du-morbihan\/\">Click on this link<\/a><\/strong><br \/>\nDownload the gift voucher request form,<br \/>\nChoose the amount and method of payment,<br \/>\nReturn the completed form with payment.<\/p>\n<\/div><\/div><\/details><\/div><\/div><\/div><div class=\"faq__box faq__item\"><div class=\"faq__container\"><div class=\"faq__block\" itemscope=\"\" itemprop=\"mainEntity\" itemtype=\"https:\/\/schema.org\/Question\"><details class=\"faq\"><summary class=\"faq-question\" itemprop=\"name\"><div>How to book activities or services before or during my stay<\/div><span class=\"faq-opener\"><\/span><\/summary><div class=\"content\" itemscope=\"\" itemprop=\"acceptedAnswer\" itemtype=\"https:\/\/schema.org\/Answer\"><div itemprop=\"text\"><p>Activities and services can be booked on our website <a href=\"https:\/\/camping-baden.ouiresa.fr\/\" target=\"_blank\" rel=\"noopener\">in the online store<\/a> by clicking on this link or on site at reception.<\/p>\n<\/div><\/div><\/details><\/div><\/div><\/div><div class=\"faq__box faq__item\"><div class=\"faq__container\"><div class=\"faq__block\" itemscope=\"\" itemprop=\"mainEntity\" itemtype=\"https:\/\/schema.org\/Question\"><details class=\"faq\"><summary class=\"faq-question\" itemprop=\"name\"><div>What is the Yelloh Village mobile application?<\/div><span class=\"faq-opener\"><\/span><\/summary><div class=\"content\" itemscope=\"\" itemprop=\"acceptedAnswer\" itemtype=\"https:\/\/schema.org\/Answer\"><div itemprop=\"text\"><p>On the Yelloh! Village mobile app, you&#8217;ll find all the information you need to prepare, organize and enjoy your vacation.<br \/>\nYou can also view the entertainment schedule. <\/p>\n<p><a href=\"https:\/\/itunes.apple.com\/fr\/app\/yelloh!-village\/id720666338?mt=8\">Click here to download the application on Apple Store<\/a><\/p>\n<p><a href=\"https:\/\/play.google.com\/store\/apps\/details?id=fr.yellohvillage.application\">Click here to download the application on Google Play<\/a><\/p>\n<p>&nbsp;<\/p>\n<\/div><\/div><\/details><\/div><\/div><\/div><div class=\"faq__box faq__item\"><div class=\"faq__container\"><div class=\"faq__block\" itemscope=\"\" itemprop=\"mainEntity\" itemtype=\"https:\/\/schema.org\/Question\"><details class=\"faq\"><summary class=\"faq-question\" itemprop=\"name\"><div>Yelloh! Plus! loyalty program <\/div><span class=\"faq-opener\"><\/span><\/summary><div class=\"content\" itemscope=\"\" itemprop=\"acceptedAnswer\" itemtype=\"https:\/\/schema.org\/Answer\"><div itemprop=\"text\"><p>When you join the Yelloh! Plus! loyalty program, you&#8217;ll benefit from exclusive promotional offers and points earned with every stay. You&#8217;ll also benefit from free nights: you can reuse these points on the type of accommodation you want in all Yelloh Village campsites on your next stay (except from July 1 to August 31).  <\/p>\n<p>&nbsp;<\/p>\n<\/div><\/div><\/details><\/div><\/div><\/div><div class=\"faq__box faq__item\"><div class=\"faq__container\"><div class=\"faq__block\" itemscope=\"\" itemprop=\"mainEntity\" itemtype=\"https:\/\/schema.org\/Question\"><details class=\"faq\"><summary class=\"faq-question\" itemprop=\"name\"><div>How to join the Yelloh! Plus! loyalty program <\/div><span class=\"faq-opener\"><\/span><\/summary><div class=\"content\" itemscope=\"\" itemprop=\"acceptedAnswer\" itemtype=\"https:\/\/schema.org\/Answer\"><div itemprop=\"text\"><p>If you would like to join the Yelloh! Plus loyalty program, please contact the reservation center on 04 66 739 739. <\/p>\n<\/div><\/div><\/details><\/div><\/div><\/div><\/div><\/div><\/div>\n<\/div>\n\n\r\n    <\/div>\r\n<\/section><section id=\"ls-section-block_60c2d33fb6740cf158b175ed080e9521\" class=\"ls-section  page-two page-vague-alt has-background has-color-4-background-color\" >\r\n        <div class=\"container container--full\">\r\n        \n\n<div class=\"wp-block-columns first is-layout-flex wp-container-core-columns-is-layout-9d6595d7 wp-block-columns-is-layout-flex\">\n<div class=\"wp-block-column is-layout-flow wp-block-column-is-layout-flow\" style=\"flex-basis:100%\">\n<div class=\"icone\"><i class=\"mane-g\"><\/i><\/div>\n\n\n\n<h2 class=\"ls__heading wp-block-heading has-text-align-center has-color-1-color has-text-color has-link-color wp-elements-715eeb619537f8be2ba05d5b6b8a3b9e\">At the time of booking<\/h2>\n<\/div>\n<\/div>\n\n\n\n<div class=\"wp-block-columns are-vertically-aligned-center first is-layout-flex wp-container-core-columns-is-layout-9d6595d7 wp-block-columns-is-layout-flex\">\n<div class=\"wp-block-column is-vertically-aligned-center is-layout-flow wp-block-column-is-layout-flow\" style=\"flex-basis:55%\"><div id=\"faq\" class=\"faq-container\"><div class=\"faq-wrap\" itemscope=\"\" itemtype=\"https:\/\/schema.org\/FAQPage\"><div class=\"faq__box faq__item\"><div class=\"faq__container\"><div class=\"faq__block\" itemscope=\"\" itemprop=\"mainEntity\" itemtype=\"https:\/\/schema.org\/Question\"><details class=\"faq\"><summary class=\"faq-question\" itemprop=\"name\"><div>Is it possible to park a second vehicle near my accommodation?<\/div><span class=\"faq-opener\"><\/span><\/summary><div class=\"content\" itemscope=\"\" itemprop=\"acceptedAnswer\" itemtype=\"https:\/\/schema.org\/Answer\"><div itemprop=\"text\"><p>It is possible to add a second vehicle by selecting the<strong>&#8220;second vehicle&#8221; option<\/strong> when booking. <strong>Except for<\/strong> mobile homes in the Belle Ile, Patio, Ty Bihan and Zen districts and in the C\u00f4te Sauvage district for 4 and 6 people. In this case, <strong>parking is available<\/strong> at the campsite entrance or in the meadow opposite the campsite entrance. <\/p>\n<\/div><\/div><\/details><\/div><\/div><\/div><div class=\"faq__box faq__item\"><div class=\"faq__container\"><div class=\"faq__block\" itemscope=\"\" itemprop=\"mainEntity\" itemtype=\"https:\/\/schema.org\/Question\"><details class=\"faq\"><summary class=\"faq-question\" itemprop=\"name\"><div>Are bed linen and towels included in the price?<\/div><span class=\"faq-opener\"><\/span><\/summary><div class=\"content\" itemscope=\"\" itemprop=\"acceptedAnswer\" itemtype=\"https:\/\/schema.org\/Answer\"><div itemprop=\"text\"><p><strong>In 4-flower and Premium mobile homes<\/strong>, towels and bed linen are <strong>provided free of charge<\/strong>. They will be present in the mobile home on your arrival, depending on the number of people entered in your reservation.<br \/>\n<strong>In 2-flower and 3-flower mobile homes and in gites<\/strong>, it is possible to add the <strong>Towels and Bed linen options<\/strong> when booking (12 \u20ac \/ person for towels and 18 \u20ac \/ bed for sheets).<\/p>\n<\/div><\/div><\/details><\/div><\/div><\/div><div class=\"faq__box faq__item\"><div class=\"faq__container\"><div class=\"faq__block\" itemscope=\"\" itemprop=\"mainEntity\" itemtype=\"https:\/\/schema.org\/Question\"><details class=\"faq\"><summary class=\"faq-question\" itemprop=\"name\"><div>I haven&#8217;t received a booking confirmation, what should I do?<\/div><span class=\"faq-opener\"><\/span><\/summary><div class=\"content\" itemscope=\"\" itemprop=\"acceptedAnswer\" itemtype=\"https:\/\/schema.org\/Answer\"><div itemprop=\"text\"><p>Please check your spam folder first. If you have not received your booking confirmation, please contact the campsite directly (by telephone or e-mail) so that we can check the situation. <\/p>\n<\/div><\/div><\/details><\/div><\/div><\/div><div class=\"faq__box faq__item\"><div class=\"faq__container\"><div class=\"faq__block\" itemscope=\"\" itemprop=\"mainEntity\" itemtype=\"https:\/\/schema.org\/Question\"><details class=\"faq\"><summary class=\"faq-question\" itemprop=\"name\"><div>What does the cancellation guarantee cover?<\/div><span class=\"faq-opener\"><\/span><\/summary><div class=\"content\" itemscope=\"\" itemprop=\"acceptedAnswer\" itemtype=\"https:\/\/schema.org\/Answer\"><div itemprop=\"text\"><p><strong>CANCELLATION GUARANTEE CONDITIONS <\/strong><br \/>\n1\/ EXPLANATION OF GUARANTEES<br \/>\nThe following events are covered by the warranty:<br \/>\na- Serious illness, accident or death :<br \/>\n* yourself or any other person expressly mentioned in the reservation contract<br \/>\n* your spouse (or any person living in the same household)<br \/>\n* your direct ascendants or descendants<br \/>\n* your brothers or sisters * your sons-in-law or daughters-in-law<br \/>\nb- Major damage to your premises, whether business or private, a principal or secondary residence, as a result of fire, explosion, water damage or theft, occurring within 48 hours of the start of the holiday and requiring the restoration of the premises and your presence on site.<br \/>\nc- Serious damage to your vehicle as a result of an accident occurring within 48 hours of departure and preventing you from using it.<br \/>\nd- Modification of your vacation dates, imposed by your employer, occurring after booking and affecting the period of your stay.<br \/>\ne- Dismissal of yourself (or your spouse) provided that the notice to attend the interview is sent after the holiday has been booked.<br \/>\nf- Transfer by you (or your spouse), at the employer&#8217;s initiative, involving a change of address, on the express condition that notification is given after the holiday has been booked. In order to be covered, each event must occur after the insurance has been taken out.<br \/>\nDEFINITIONS<br \/>\nIllness: an alteration in health duly established by a competent medical authority, preventing the patient from leaving the home or hospital where he or she is being treated at the start of the reservation period, and involving the absolute cessation of all professional or other activity.<br \/>\nAccident: any unforeseen and sudden event causing bodily injury to the reservee, not resulting from his\/her intentional act, and preventing him\/her from taking part in the booked stay.<br \/>\nCLAIMS ARISING FROM :<br \/>\n&#8211; caused by you other than those provided for in the contract<br \/>\n&#8211; facts known prior to booking, it being specified that the unforeseeable aggravation of a pre-existing illness does not constitute a known situation<br \/>\n&#8211; complications or childbirth occurring after the end of the 6th month of pregnancy<br \/>\n&#8211; psychological illness not requiring hospitalization at the time of stay<br \/>\n&#8211; surgery or medical intervention scheduled prior to booking the stay or which may be carried out afterwards &#8211; drunkenness, use of drugs, impairment of health resulting from the absorption of non-prescribed medication<br \/>\n&#8211; contraindication of vaccination or air travel due to pre-existing health problems<br \/>\n&#8211; civil or foreign war, riots, attacks, civil commotion<br \/>\n&#8211; epidemics, nuclear or chemical incidents, natural disasters<br \/>\n&#8211; failure to provide the services specified in the initial booking contract, for whatever reason.<br \/>\n2\/ NATURE AND AMOUNT OF GUARANTEES<br \/>\nIn the event of cancellation of your stay, the MANE GUERNEHUE campsite will reimburse you the sums paid and actually collected, in accordance with the conditions of the initial reservation contract. The guarantee premium, any booking fees, and any charges and services not included in the calculation of the premium are never refunded. In the event of cancellation, a ceiling of \u20ac3,800 (incl. VAT) is applied per claim.<br \/>\n3\/ EFFECTIVE DATE<br \/>\nCancellation cover takes effect from midday on the day following payment of the premium, for the period from the reservation date to the day before the holiday.<br \/>\n4\/ DECLARATION OF CLAIM Any cancellation of a reservation must be made in writing and sent to the MANE GUERNEHUE campsite (registered letter with acknowledgement of receipt) within 5 working days of the date on which you became aware of it.  <\/p>\n<\/div><\/div><\/details><\/div><\/div><\/div><div class=\"faq__box faq__item\"><div class=\"faq__container\"><div class=\"faq__block\" itemscope=\"\" itemprop=\"mainEntity\" itemtype=\"https:\/\/schema.org\/Question\"><details class=\"faq\"><summary class=\"faq-question\" itemprop=\"name\"><div>Air-conditioned mobile homes<\/div><span class=\"faq-opener\"><\/span><\/summary><div class=\"content\" itemscope=\"\" itemprop=\"acceptedAnswer\" itemtype=\"https:\/\/schema.org\/Answer\"><div itemprop=\"text\"><p>Yes, Premium mobile homes (Terrasse de Man\u00e9, C\u00f4te Sauvage and Bretagne) are air-conditioned.<\/p>\n<\/div><\/div><\/details><\/div><\/div><\/div><div class=\"faq__box faq__item\"><div class=\"faq__container\"><div class=\"faq__block\" itemscope=\"\" itemprop=\"mainEntity\" itemtype=\"https:\/\/schema.org\/Question\"><details class=\"faq\"><summary class=\"faq-question\" itemprop=\"name\"><div>Is there TV in the mobile homes?  <\/div><span class=\"faq-opener\"><\/span><\/summary><div class=\"content\" itemscope=\"\" itemprop=\"acceptedAnswer\" itemtype=\"https:\/\/schema.org\/Answer\"><div itemprop=\"text\"><p>Yes, all our mobile homes are equipped with a television, except for the Ty Meur cottages.<\/p>\n<\/div><\/div><\/details><\/div><\/div><\/div><\/div><\/div><\/div>\n\n\n\n<div class=\"wp-block-column is-vertically-aligned-center is-layout-flow wp-block-column-is-layout-flow\" style=\"flex-basis:55%\"><div id=\"faq\" class=\"faq-container\"><div class=\"faq-wrap\" itemscope=\"\" itemtype=\"https:\/\/schema.org\/FAQPage\"><div class=\"faq__box faq__item\"><div class=\"faq__container\"><div class=\"faq__block\" itemscope=\"\" itemprop=\"mainEntity\" itemtype=\"https:\/\/schema.org\/Question\"><details class=\"faq\"><summary class=\"faq-question\" itemprop=\"name\"><div>Can a cot be added to the bedroom?<\/div><span class=\"faq-opener\"><\/span><\/summary><div class=\"content\" itemscope=\"\" itemprop=\"acceptedAnswer\" itemtype=\"https:\/\/schema.org\/Answer\"><div itemprop=\"text\"><p><strong>In 2-flower and 3-flower mobile homes, or in gites<\/strong>, it is possible to add the<strong>Baby Kit option<\/strong> (baby chair and cot included, mattress not included) for 6 euros per day when booking.<br \/>\n<strong>In 4-flower and Premium mobile homes, the baby kit is free<\/strong>. Simply <strong>request<\/strong> it <strong>when you make your reservation<\/strong>. <\/p>\n<p><strong>In which mobile homes is it possible to add a cot?<\/strong><\/p>\n<p>In the following mobile homes, the children&#8217;s bedrooms feature a<strong> trundle bed<\/strong>: one of the beds can be folded away, and when the feet are folded away, it can be slid under the other bed, <strong>freeing up space for an umbrella bed<\/strong>:<\/p>\n<p>Bretagne Cottage 4P, Cap West 4P, Atlantique 4P, M\u00e9diterran\u00e9e 4P (depending on model), Patio 4P and 6P, Patio Belle-Ile 4P and 6P, C\u00f4te Sauvage 4P and 6P, Zen 5P, Lodge 6P, Morbihan 6\/7P, Oc\u00e9ane PMR 6P, Grand Large 8P.<br \/>\nTerrasses de Man\u00e9 10P and 12P can accommodate 2 cots (one in the children&#8217;s room of each of the two modules).<br \/>\nFor the C\u00f4te Sauvage 8P and Patio Belle-Ile 8P, the cot can be installed either in the children&#8217;s bedroom in place of a foldaway bed, or in the studio.<br \/>\nIn Cap West 6P and Celtic 5P, an umbrella bed can be added to the children&#8217;s bedroom by folding up a bed, but the bedroom space remains limited.<br \/>\nFor the Ty Cozy 2P, the cot can be added in the living room.<br \/>\nIt is not possible to add an umbrella bed in Ty Meur 4P and Ty Bihan 6P.<\/p>\n<\/div><\/div><\/details><\/div><\/div><\/div><div class=\"faq__box faq__item\"><div class=\"faq__container\"><div class=\"faq__block\" itemscope=\"\" itemprop=\"mainEntity\" itemtype=\"https:\/\/schema.org\/Question\"><details class=\"faq\"><summary class=\"faq-question\" itemprop=\"name\"><div>Is it possible to book 2 mobile homes side by side?  <\/div><span class=\"faq-opener\"><\/span><\/summary><div class=\"content\" itemscope=\"\" itemprop=\"acceptedAnswer\" itemtype=\"https:\/\/schema.org\/Answer\"><div itemprop=\"text\"><p>Yes, it is possible to book two mobile homes side by side, <strong>in the same mobile home category<\/strong>, for a supplement of \u20ac40<strong>(preferential pitch<\/strong>), subject to availability.<\/p>\n<\/div><\/div><\/details><\/div><\/div><\/div><div class=\"faq__box faq__item\"><div class=\"faq__container\"><div class=\"faq__block\" itemscope=\"\" itemprop=\"mainEntity\" itemtype=\"https:\/\/schema.org\/Question\"><details class=\"faq\"><summary class=\"faq-question\" itemprop=\"name\"><div>Is it possible to choose your location<\/div><span class=\"faq-opener\"><\/span><\/summary><div class=\"content\" itemscope=\"\" itemprop=\"acceptedAnswer\" itemtype=\"https:\/\/schema.org\/Answer\"><div itemprop=\"text\"><p>The choice of pitch is possible, subject to availability<br \/>\nwith a <strong>supplement of 40 \u20ac (preferential pitch)<\/strong>. You can choose to be located in a certain area of the campsite (close to the campsite center and activities, next to the ponds, near the equestrian center, at the entrance), in the sun or in the shade, in a quiet spot, close to a friend&#8230; <\/p>\n<\/div><\/div><\/details><\/div><\/div><\/div><div class=\"faq__box faq__item\"><div class=\"faq__container\"><div class=\"faq__block\" itemscope=\"\" itemprop=\"mainEntity\" itemtype=\"https:\/\/schema.org\/Question\"><details class=\"faq\"><summary class=\"faq-question\" itemprop=\"name\"><div>Can a tent be added next to a mobile home?<\/div><span class=\"faq-opener\"><\/span><\/summary><div class=\"content\" itemscope=\"\" itemprop=\"acceptedAnswer\" itemtype=\"https:\/\/schema.org\/Answer\"><div itemprop=\"text\"><p>No, you can&#8217;t add a tent next to a mobile home.<\/p>\n<\/div><\/div><\/details><\/div><\/div><\/div><div class=\"faq__box faq__item\"><div class=\"faq__container\"><div class=\"faq__block\" itemscope=\"\" itemprop=\"mainEntity\" itemtype=\"https:\/\/schema.org\/Question\"><details class=\"faq\"><summary class=\"faq-question\" itemprop=\"name\"><div>Is it possible to extend my stay once I&#8217;m there?<\/div><span class=\"faq-opener\"><\/span><\/summary><div class=\"content\" itemscope=\"\" itemprop=\"acceptedAnswer\" itemtype=\"https:\/\/schema.org\/Answer\"><div itemprop=\"text\"><p>Yes, it is possible to extend your stay on site, subject to availability. Please contact reception. <\/p>\n<\/div><\/div><\/details><\/div><\/div><\/div><div class=\"faq__box faq__item\"><div class=\"faq__container\"><div class=\"faq__block\" itemscope=\"\" itemprop=\"mainEntity\" itemtype=\"https:\/\/schema.org\/Question\"><details class=\"faq\"><summary class=\"faq-question\" itemprop=\"name\"><div>Can I pay in instalments?<\/div><span class=\"faq-opener\"><\/span><\/summary><div class=\"content\" itemscope=\"\" itemprop=\"acceptedAnswer\" itemtype=\"https:\/\/schema.org\/Answer\"><div itemprop=\"text\"><p>Yes, payment in instalments is possible: <strong>3 free instalments <\/strong>or instalments paid by yourself.  <\/p>\n<\/div><\/div><\/details><\/div><\/div><\/div><\/div><\/div><\/div>\n<\/div>\n\n\r\n    <\/div>\r\n<\/section><section id=\"ls-section-block_07ee411cc0a11564e143cb400efc0e70\" class=\"ls-section  home-sixth page-one\" >\r\n        <div class=\"container container--wide\">\r\n        \n\n<div class=\"wp-block-columns are-vertically-aligned-center first is-layout-flex wp-container-core-columns-is-layout-9d6595d7 wp-block-columns-is-layout-flex\">\n<div class=\"wp-block-column is-vertically-aligned-center text is-layout-flow wp-block-column-is-layout-flow\" style=\"flex-basis:45%\">\n<h2 class=\"ls__heading wp-block-heading has-color-2-color has-text-color has-link-color wp-elements-84ea793032088bccad7ec5731d493080\">Prepare for your arrival  <\/h2>\n<\/div>\n<\/div>\n\n\n\n<div class=\"wp-block-columns are-vertically-aligned-center first is-layout-flex wp-container-core-columns-is-layout-9d6595d7 wp-block-columns-is-layout-flex\">\n<div class=\"wp-block-column is-vertically-aligned-center is-layout-flow wp-block-column-is-layout-flow\" style=\"flex-basis:55%\"><div id=\"faq\" class=\"faq-container\"><div class=\"faq-wrap\" itemscope=\"\" itemtype=\"https:\/\/schema.org\/FAQPage\"><div class=\"faq__box faq__item\"><div class=\"faq__container\"><div class=\"faq__block\" itemscope=\"\" itemprop=\"mainEntity\" itemtype=\"https:\/\/schema.org\/Question\"><details class=\"faq\"><summary class=\"faq-question\" itemprop=\"name\"><div>What documents do I need to provide on arrival?<\/div><span class=\"faq-opener\"><\/span><\/summary><div class=\"content\" itemscope=\"\" itemprop=\"acceptedAnswer\" itemtype=\"https:\/\/schema.org\/Answer\"><div itemprop=\"text\"><p>Identification, your booking voucher and, if you&#8217;re traveling with a dog, its health record.<\/p>\n<\/div><\/div><\/details><\/div><\/div><\/div><div class=\"faq__box faq__item\"><div class=\"faq__container\"><div class=\"faq__block\" itemscope=\"\" itemprop=\"mainEntity\" itemtype=\"https:\/\/schema.org\/Question\"><details class=\"faq\"><summary class=\"faq-question\" itemprop=\"name\"><div>Is it possible to arrive outside reception opening hours?<\/div><span class=\"faq-opener\"><\/span><\/summary><div class=\"content\" itemscope=\"\" itemprop=\"acceptedAnswer\" itemtype=\"https:\/\/schema.org\/Answer\"><div itemprop=\"text\"><p>Yes, we have set up a late arrival procedure.<br \/>\n<strong>Please let us know the day before or the same day<\/strong> so that we can inform you.<\/p>\n<p><strong>The reception is open:<\/strong><br \/>\nFrom the opening of the campsite in April, May and June: every day from 9am to 7pm. Until 8pm on Fridays.<br \/>\nIn July and August: daily from 9am to 8pm<br \/>\nIn September: daily from 9am to 12:30pm and from 1:30pm to 7pm. <\/p>\n<\/div><\/div><\/details><\/div><\/div><\/div><div class=\"faq__box faq__item\"><div class=\"faq__container\"><div class=\"faq__block\" itemscope=\"\" itemprop=\"mainEntity\" itemtype=\"https:\/\/schema.org\/Question\"><details class=\"faq\"><summary class=\"faq-question\" itemprop=\"name\"><div>How the cashless bracelet works<\/div><span class=\"faq-opener\"><\/span><\/summary><div class=\"content\" itemscope=\"\" itemprop=\"acceptedAnswer\" itemtype=\"https:\/\/schema.org\/Answer\"><div itemprop=\"text\"><p>Only <strong>CB and cashless payments<\/strong> are accepted on site in the various campsite services.<br \/>\nThe waterproof cashless wristband given to you on arrival allows you to pay for services and activities during your stay without hassle. It also gives you<strong>access to the water park and indoor pool<\/strong>.<br \/>\n<strong>On arrival<\/strong>, when you receive your cashless wristband, you will be asked to <strong>create a cashless account<\/strong>. If you haven&#8217;t received a welcome e-mail, click on the link provided, then click on &#8220;Forgot password&#8221; and create a password.<br \/>\n<strong>Charge your bracelet<\/strong>: online (credit card) or at reception (cash, cheque, vacation vouchers, credit card). You can load your bracelet as many times as you like during your stay. Then use your wristband to pay for your purchases in all our services.  <\/p>\n<p><strong>At the end of your stay,<\/strong> if you have credits left over and intend to return to Man\u00e9 Guernehu\u00e9 in the same season, keep your bracelet: you can use your credits the next time you stay at Man\u00e9 Guernehu\u00e9 in the same season. Alternatively, you can return your bracelet to reception to be recycled.<br \/>\nWithin 2 weeks of the end of your stay, log in to your account to request a refund of any remaining credits. There is no refund fee. The minimum refund is 3 euros. An administrative delay is necessary before the refund appears in your bank account<br \/>\nNo refunds will be made at the end of your stay for any charges made to vacation vouchers.<br \/>\n<strong>For any problem concerning the refund<\/strong>: send us an e-mail to info(@)camping-baden.com. Include your name, chip number and the problem encountered.<br \/>\nPlease do not hesitate to contact reception if you have any questions.<\/p>\n<\/div><\/div><\/details><\/div><\/div><\/div><div class=\"faq__box faq__item\"><div class=\"faq__container\"><div class=\"faq__block\" itemscope=\"\" itemprop=\"mainEntity\" itemtype=\"https:\/\/schema.org\/Question\"><details class=\"faq\"><summary class=\"faq-question\" itemprop=\"name\"><div>Should I bring my own sheets?<\/div><span class=\"faq-opener\"><\/span><\/summary><div class=\"content\" itemscope=\"\" itemprop=\"acceptedAnswer\" itemtype=\"https:\/\/schema.org\/Answer\"><div itemprop=\"text\"><p>Bed linen is provided in Premium and 4-flower mobile homes. In other mobile homes, you can add the &#8220;1-person bed linen rental&#8221; or &#8220;2-person bed linen rental&#8221; option when booking. <\/p>\n<\/div><\/div><\/details><\/div><\/div><\/div><\/div><\/div><\/div>\n\n\n\n<div class=\"wp-block-column is-vertically-aligned-center is-layout-flow wp-block-column-is-layout-flow\" style=\"flex-basis:55%\"><div id=\"faq\" class=\"faq-container\"><div class=\"faq-wrap\" itemscope=\"\" itemtype=\"https:\/\/schema.org\/FAQPage\"><div class=\"faq__box faq__item\"><div class=\"faq__container\"><div class=\"faq__block\" itemscope=\"\" itemprop=\"mainEntity\" itemtype=\"https:\/\/schema.org\/Question\"><details class=\"faq\"><summary class=\"faq-question\" itemprop=\"name\"><div>Should I bring my own towels?<\/div><span class=\"faq-opener\"><\/span><\/summary><div class=\"content\" itemscope=\"\" itemprop=\"acceptedAnswer\" itemtype=\"https:\/\/schema.org\/Answer\"><div itemprop=\"text\"><p>A towel kit is provided in Premium and 4-flower mobile homes. In other mobile homes or pitches, you can add the &#8220;Towel kit rental&#8221; option when booking.<br \/>\nA towel kit includes: a large towel, a small towel, a bath mat and a tea towel. <\/p>\n<\/div><\/div><\/details><\/div><\/div><\/div><div class=\"faq__box faq__item\"><div class=\"faq__container\"><div class=\"faq__block\" itemscope=\"\" itemprop=\"mainEntity\" itemtype=\"https:\/\/schema.org\/Question\"><details class=\"faq\"><summary class=\"faq-question\" itemprop=\"name\"><div>Can I bring my charcoal barbecue<\/div><span class=\"faq-opener\"><\/span><\/summary><div class=\"content\" itemscope=\"\" itemprop=\"acceptedAnswer\" itemtype=\"https:\/\/schema.org\/Answer\"><div itemprop=\"text\"><p>You can bring your own <strong>charcoal barbecue<\/strong>. Electric barbecues are not permitted. Some mobile homes are equipped with charcoal barbecues or gas plancha. There are also communal barbecues on site and a picnic area with a communal gas plancha, next to the petanque courts and a playground.   <\/p>\n<p>In the event of a prefectoral decree relating to severe drought, the use of charcoal barbecues is prohibited.<\/p>\n<\/div><\/div><\/details><\/div><\/div><\/div><div class=\"faq__box faq__item\"><div class=\"faq__container\"><div class=\"faq__block\" itemscope=\"\" itemprop=\"mainEntity\" itemtype=\"https:\/\/schema.org\/Question\"><details class=\"faq\"><summary class=\"faq-question\" itemprop=\"name\"><div>Can I book activities before I arrive?<\/div><span class=\"faq-opener\"><\/span><\/summary><div class=\"content\" itemscope=\"\" itemprop=\"acceptedAnswer\" itemtype=\"https:\/\/schema.org\/Answer\"><div itemprop=\"text\"><p>Yes, activities can be booked in advance on our website: <a href=\"https:\/\/camping-baden.ouiresa.fr\/\" target=\"_blank\" rel=\"noopener\">click on this link to access the online store<\/a>.<\/p>\n<\/div><\/div><\/details><\/div><\/div><\/div><div class=\"faq__box faq__item\"><div class=\"faq__container\"><div class=\"faq__block\" itemscope=\"\" itemprop=\"mainEntity\" itemtype=\"https:\/\/schema.org\/Question\"><details class=\"faq\"><summary class=\"faq-question\" itemprop=\"name\"><div>Getting to the campsite: public transport, cab, VTC<\/div><span class=\"faq-opener\"><\/span><\/summary><div class=\"content\" itemscope=\"\" itemprop=\"acceptedAnswer\" itemtype=\"https:\/\/schema.org\/Answer\"><div itemprop=\"text\"><p>The campsite can be reached by various means of transport:<br \/>\n<strong>By train:<\/strong><br \/>\nThe nearest stations are Auray and Vannes.<br \/>\nFrom either station, you can reach the campsite by bus (depending on routes and periods) or cab \/ VTC.<br \/>\n<strong>By bus:<\/strong><br \/>\nA number of bus routes serve the commune and surrounding area. We advise you to check timetables and connections in advance, especially in high season.<br \/>\n<strong>By cab or VTC:<\/strong><br \/>\nTaxis and VTC services are available from Auray and Vannes train stations, as well as from the main towns in the surrounding area.<\/p>\n<\/div><\/div><\/details><\/div><\/div><\/div><\/div><\/div><\/div>\n<\/div>\n\n\r\n    <\/div>\r\n<\/section><section id=\"ls-section-block_60c2d33fb6740cf158b175ed080e9521\" class=\"ls-section  page-two page-vague-alt has-background has-color-4-background-color\" >\r\n        <div class=\"container container--full\">\r\n        \n\n<div class=\"wp-block-columns first is-layout-flex wp-container-core-columns-is-layout-9d6595d7 wp-block-columns-is-layout-flex\">\n<div class=\"wp-block-column is-layout-flow wp-block-column-is-layout-flow\" style=\"flex-basis:100%\">\n<div class=\"icone\"><i class=\"mane-g\"><\/i><\/div>\n\n\n\n<h2 class=\"ls__heading wp-block-heading has-text-align-center has-color-1-color has-text-color has-link-color wp-elements-cbb1e23c4dd723cdaf1e04df0aa1ad9e\">During your stay<\/h2>\n<\/div>\n<\/div>\n\n\n\n<div class=\"wp-block-columns are-vertically-aligned-center first is-layout-flex wp-container-core-columns-is-layout-9d6595d7 wp-block-columns-is-layout-flex\">\n<div class=\"wp-block-column is-vertically-aligned-center is-layout-flow wp-block-column-is-layout-flow\" style=\"flex-basis:55%\"><div id=\"faq\" class=\"faq-container\"><div class=\"faq-wrap\" itemscope=\"\" itemtype=\"https:\/\/schema.org\/FAQPage\"><div class=\"faq__box faq__item\"><div class=\"faq__container\"><div class=\"faq__block\" itemscope=\"\" itemprop=\"mainEntity\" itemtype=\"https:\/\/schema.org\/Question\"><details class=\"faq\"><summary class=\"faq-question\" itemprop=\"name\"><div>Who to contact if I have a problem with my accommodation<\/div><span class=\"faq-opener\"><\/span><\/summary><div class=\"content\" itemscope=\"\" itemprop=\"acceptedAnswer\" itemtype=\"https:\/\/schema.org\/Answer\"><div itemprop=\"text\"><p>When you arrive in the mobile home, if you notice any <strong>lack of cleanliness<\/strong>, please <strong>report<\/strong> it <strong>immediately to reception<\/strong> so that our teams can intervene quickly. If the reception desk is closed, you can report it the next morning.<br \/>\nFor any technical problems, please contact the reception desk, preferably in the morning. <\/p>\n<\/div><\/div><\/details><\/div><\/div><\/div><div class=\"faq__box faq__item\"><div class=\"faq__container\"><div class=\"faq__block\" itemscope=\"\" itemprop=\"mainEntity\" itemtype=\"https:\/\/schema.org\/Question\"><details class=\"faq\"><summary class=\"faq-question\" itemprop=\"name\"><div>How to file a claim<\/div><span class=\"faq-opener\"><\/span><\/summary><div class=\"content\" itemscope=\"\" itemprop=\"acceptedAnswer\" itemtype=\"https:\/\/schema.org\/Answer\"><div itemprop=\"text\"><p>If you have a complaint, please contact us directly at the campsite reception.<\/p>\n<\/div><\/div><\/details><\/div><\/div><\/div><div class=\"faq__box faq__item\"><div class=\"faq__container\"><div class=\"faq__block\" itemscope=\"\" itemprop=\"mainEntity\" itemtype=\"https:\/\/schema.org\/Question\"><details class=\"faq\"><summary class=\"faq-question\" itemprop=\"name\"><div>Is the campsite secure at night?<\/div><span class=\"faq-opener\"><\/span><\/summary><div class=\"content\" itemscope=\"\" itemprop=\"acceptedAnswer\" itemtype=\"https:\/\/schema.org\/Answer\"><div itemprop=\"text\"><p>Yes, a night watchman ensures the security of the campsite.<\/p>\n<\/div><\/div><\/details><\/div><\/div><\/div><\/div><\/div><\/div>\n\n\n\n<div class=\"wp-block-column is-vertically-aligned-center is-layout-flow wp-block-column-is-layout-flow\" style=\"flex-basis:55%\"><div id=\"faq\" class=\"faq-container\"><div class=\"faq-wrap\" itemscope=\"\" itemtype=\"https:\/\/schema.org\/FAQPage\"><div class=\"faq__box faq__item\"><div class=\"faq__container\"><div class=\"faq__block\" itemscope=\"\" itemprop=\"mainEntity\" itemtype=\"https:\/\/schema.org\/Question\"><details class=\"faq\"><summary class=\"faq-question\" itemprop=\"name\"><div>Are visitors allowed?<\/div><span class=\"faq-opener\"><\/span><\/summary><div class=\"content\" itemscope=\"\" itemprop=\"acceptedAnswer\" itemtype=\"https:\/\/schema.org\/Answer\"><div itemprop=\"text\"><p>Visitors may be accepted outside July and August, at a daily rate, subject to prior agreement with the campsite and up to a limit of two visitors per pitch. They remain the responsibility of the residents and must be registered at reception by the latter. <\/p>\n<\/div><\/div><\/details><\/div><\/div><\/div><div class=\"faq__box faq__item\"><div class=\"faq__container\"><div class=\"faq__block\" itemscope=\"\" itemprop=\"mainEntity\" itemtype=\"https:\/\/schema.org\/Question\"><details class=\"faq\"><summary class=\"faq-question\" itemprop=\"name\"><div>What to do in the event of an accident or personal injury<\/div><span class=\"faq-opener\"><\/span><\/summary><div class=\"content\" itemscope=\"\" itemprop=\"acceptedAnswer\" itemtype=\"https:\/\/schema.org\/Answer\"><div itemprop=\"text\"><p>Contact the campsite first, or 112 in the event of an emergency requiring specialized assistance.<\/p>\n<\/div><\/div><\/details><\/div><\/div><\/div><div class=\"faq__box faq__item\"><div class=\"faq__container\"><div class=\"faq__block\" itemscope=\"\" itemprop=\"mainEntity\" itemtype=\"https:\/\/schema.org\/Question\"><details class=\"faq\"><summary class=\"faq-question\" itemprop=\"name\"><div>Can I charge an electric vehicle directly at the campsite?<\/div><span class=\"faq-opener\"><\/span><\/summary><div class=\"content\" itemscope=\"\" itemprop=\"acceptedAnswer\" itemtype=\"https:\/\/schema.org\/Answer\"><div itemprop=\"text\"><p>Yes, we have two electrical terminals located in the parking lot at the entrance to the campsite.<\/p>\n<\/div><\/div><\/details><\/div><\/div><\/div><\/div><\/div><\/div>\n<\/div>\n\n\r\n    <\/div>\r\n<\/section>\n<div class=\"wp-block-columns are-vertically-aligned-center first is-layout-flex wp-container-core-columns-is-layout-9d6595d7 wp-block-columns-is-layout-flex\">\n<div class=\"wp-block-column is-vertically-aligned-center text is-layout-flow wp-block-column-is-layout-flow\" style=\"flex-basis:45%\"><\/div>\n<\/div>\n<section id=\"ls-section-block_07ee411cc0a11564e143cb400efc0e70\" class=\"ls-section  home-sixth page-one\" >\r\n        <div class=\"container container--wide\">\r\n        \n\n<div class=\"wp-block-columns are-vertically-aligned-center first is-layout-flex wp-container-core-columns-is-layout-9d6595d7 wp-block-columns-is-layout-flex\">\n<div class=\"wp-block-column is-vertically-aligned-center text is-layout-flow wp-block-column-is-layout-flow\" style=\"flex-basis:45%\">\n<h2 class=\"ls__heading wp-block-heading has-color-2-color has-text-color has-link-color wp-elements-442f2be017e273198c938ca7e68e7590\">After your stay<\/h2>\n<\/div>\n<\/div>\n\n\n\n<div class=\"wp-block-columns are-vertically-aligned-center first is-layout-flex wp-container-core-columns-is-layout-9d6595d7 wp-block-columns-is-layout-flex\">\n<div class=\"wp-block-column is-vertically-aligned-center is-layout-flow wp-block-column-is-layout-flow\" style=\"flex-basis:55%\"><div id=\"faq\" class=\"faq-container\"><div class=\"faq-wrap\" itemscope=\"\" itemtype=\"https:\/\/schema.org\/FAQPage\"><div class=\"faq__box faq__item\"><div class=\"faq__container\"><div class=\"faq__block\" itemscope=\"\" itemprop=\"mainEntity\" itemtype=\"https:\/\/schema.org\/Question\"><details class=\"faq\"><summary class=\"faq-question\" itemprop=\"name\"><div>What do I have to do before I leave my home?<\/div><span class=\"faq-opener\"><\/span><\/summary><div class=\"content\" itemscope=\"\" itemprop=\"acceptedAnswer\" itemtype=\"https:\/\/schema.org\/Answer\"><div itemprop=\"text\"><p><strong>For mobile homes, pitches with private sanitary facilities and g\u00eetes, the following are required:<\/strong><br \/>\n<strong>With and without cleaning package:<\/strong><br \/>\nCheck that you haven&#8217;t forgotten anything in the cupboards,<br \/>\nClean the kitchen, wash and dry the dishes. Defrost, turn off the fridge and freezer and leave the doors open,<br \/>\nEmpty and clean the dustbins and coffee filter,<br \/>\nIf you have sheets and towels, put them in the blue bag,<br \/>\nPut the furniture back in its place,<br \/>\nTurn off the main circuit breaker.<br \/>\nIf you wish to leave before reception opens (9am), please come to reception the day before. When you leave, you can leave your keys in the letterbox in front of reception.  <\/p>\n<p><strong>Without the housekeeping package, don&#8217;t forget ..:<\/strong><\/p>\n<p>Thoroughly clean kitchen and household equipment (oven, fridge, hob, microwave, etc.)<br \/>\nSweep and wash floors and under furniture,<br \/>\nClean sanitary facilities, bathrooms and windows,<br \/>\nClean marks on doors and windows,<br \/>\nFold away cot (clean),<br \/>\nStore and clean garden furniture,<br \/>\nEmpty and clean barbecue\/plancha, if fitted.<\/p>\n<\/div><\/div><\/details><\/div><\/div><\/div><div class=\"faq__box faq__item\"><div class=\"faq__container\"><div class=\"faq__block\" itemscope=\"\" itemprop=\"mainEntity\" itemtype=\"https:\/\/schema.org\/Question\"><details class=\"faq\"><summary class=\"faq-question\" itemprop=\"name\"><div>Do I have to make an appointment for the inventory of fixtures when I leave?<\/div><span class=\"faq-opener\"><\/span><\/summary><div class=\"content\" itemscope=\"\" itemprop=\"acceptedAnswer\" itemtype=\"https:\/\/schema.org\/Answer\"><div itemprop=\"text\"><p>On your departure, we invite you to drop off the mobile home keys at reception. Your rental will be checked. The deposit will be forfeited if the rental is clean and undamaged. You will receive an e-mail within 8 days of your departure to inform you of this. We will contact you if there are any problems. The price list is available at reception.     <\/p>\n<\/div><\/div><\/details><\/div><\/div><\/div><div class=\"faq__box faq__item\"><div class=\"faq__container\"><div class=\"faq__block\" itemscope=\"\" itemprop=\"mainEntity\" itemtype=\"https:\/\/schema.org\/Question\"><details class=\"faq\"><summary class=\"faq-question\" itemprop=\"name\"><div>How to obtain a certificate of stay and an invoice  <\/div><span class=\"faq-opener\"><\/span><\/summary><div class=\"content\" itemscope=\"\" itemprop=\"acceptedAnswer\" itemtype=\"https:\/\/schema.org\/Answer\"><div itemprop=\"text\"><p>You can request it at the end of your stay at reception or by e-mail.<\/p>\n<\/div><\/div><\/details><\/div><\/div><\/div><\/div><\/div><\/div>\n\n\n\n<div class=\"wp-block-column is-vertically-aligned-center is-layout-flow wp-block-column-is-layout-flow\" style=\"flex-basis:55%\"><div id=\"faq\" class=\"faq-container\"><div class=\"faq-wrap\" itemscope=\"\" itemtype=\"https:\/\/schema.org\/FAQPage\"><div class=\"faq__box faq__item\"><div class=\"faq__container\"><div class=\"faq__block\" itemscope=\"\" itemprop=\"mainEntity\" itemtype=\"https:\/\/schema.org\/Question\"><details class=\"faq\"><summary class=\"faq-question\" itemprop=\"name\"><div>Can I leave before reception opens?<\/div><span class=\"faq-opener\"><\/span><\/summary><div class=\"content\" itemscope=\"\" itemprop=\"acceptedAnswer\" itemtype=\"https:\/\/schema.org\/Answer\"><div itemprop=\"text\"><p>If you wish to leave before reception opens (9 a.m.), please come to reception the day before. On your departure, you can leave your keys in the letterbox in front of reception. <\/p>\n<\/div><\/div><\/details><\/div><\/div><\/div><div class=\"faq__box faq__item\"><div class=\"faq__container\"><div class=\"faq__block\" itemscope=\"\" itemprop=\"mainEntity\" itemtype=\"https:\/\/schema.org\/Question\"><details class=\"faq\"><summary class=\"faq-question\" itemprop=\"name\"><div>What do I do if I&#8217;ve forgotten a personal item on departure?<\/div><span class=\"faq-opener\"><\/span><\/summary><div class=\"content\" itemscope=\"\" itemprop=\"acceptedAnswer\" itemtype=\"https:\/\/schema.org\/Answer\"><div itemprop=\"text\"><p>If you forget, please contact the campsite. We can organize a return shipment via L&#8217;Host, at your expense. <\/p>\n<\/div><\/div><\/details><\/div><\/div><\/div><div class=\"faq__box faq__item\"><div class=\"faq__container\"><div class=\"faq__block\" itemscope=\"\" itemprop=\"mainEntity\" itemtype=\"https:\/\/schema.org\/Question\"><details class=\"faq\"><summary class=\"faq-question\" itemprop=\"name\"><div>Your opinion is important to us<\/div><span class=\"faq-opener\"><\/span><\/summary><div class=\"content\" itemscope=\"\" itemprop=\"acceptedAnswer\" itemtype=\"https:\/\/schema.org\/Answer\"><div itemprop=\"text\"><p><strong>We carefully read your ratings and comments and process them to improve our services.<\/strong><br \/>\n<strong>After your stay<\/strong>, you will receive an e-mail message asking for <strong>your opinion<\/strong> on your overall experience as well as on the campsite, the accommodation or camping pitch, the swimming pool, the activities and entertainment and the various services. <strong>Your overall satisfaction rating is very important to us.<\/strong><\/p>\n<\/div><\/div><\/details><\/div><\/div><\/div><\/div><\/div><\/div>\n<\/div>\n\n\r\n    <\/div>\r\n<\/section><section id=\"ls-section-block_60c2d33fb6740cf158b175ed080e9521\" class=\"ls-section  page-two page-vague-alt has-background has-color-4-background-color\" >\r\n        <div class=\"container container--full\">\r\n        \n\n<div class=\"wp-block-columns first is-layout-flex wp-container-core-columns-is-layout-9d6595d7 wp-block-columns-is-layout-flex\">\n<div class=\"wp-block-column is-layout-flow wp-block-column-is-layout-flow\" style=\"flex-basis:100%\">\n<div class=\"icone\"><i class=\"mane-g\"><\/i><\/div>\n\n\n\n<h2 class=\"ls__heading wp-block-heading has-text-align-center has-color-1-color has-text-color has-link-color wp-elements-7d344b8a6b8190dd49a24d6243d54dfe\">Our services<\/h2>\n<\/div>\n<\/div>\n\n\n\n<div class=\"wp-block-columns are-vertically-aligned-center first is-layout-flex wp-container-core-columns-is-layout-9d6595d7 wp-block-columns-is-layout-flex\">\n<div class=\"wp-block-column is-vertically-aligned-center is-layout-flow wp-block-column-is-layout-flow\" style=\"flex-basis:55%\"><div id=\"faq\" class=\"faq-container\"><div class=\"faq-wrap\" itemscope=\"\" itemtype=\"https:\/\/schema.org\/FAQPage\"><div class=\"faq__box faq__item\"><div class=\"faq__container\"><div class=\"faq__block\" itemscope=\"\" itemprop=\"mainEntity\" itemtype=\"https:\/\/schema.org\/Question\"><details class=\"faq\"><summary class=\"faq-question\" itemprop=\"name\"><div>Can we rent bicycles on the campsite?<\/div><span class=\"faq-opener\"><\/span><\/summary><div class=\"content\" itemscope=\"\" itemprop=\"acceptedAnswer\" itemtype=\"https:\/\/schema.org\/Answer\"><div itemprop=\"text\"><p>Yes, we offer a <strong>bike rental service<\/strong>: adult classic or electric bikes, children&#8217;s bikes, children&#8217;s trailer (only with bike rental). Helmets and locks are provided.<br \/>\n<a href=\"https:\/\/camping-baden.ouiresa.fr\/#\/?type=46081\" target=\"_blank\" rel=\"noopener\">Click here to book on our website, in the online store<\/a>.<\/p>\n<\/div><\/div><\/details><\/div><\/div><\/div><div class=\"faq__box faq__item\"><div class=\"faq__container\"><div class=\"faq__block\" itemscope=\"\" itemprop=\"mainEntity\" itemtype=\"https:\/\/schema.org\/Question\"><details class=\"faq\"><summary class=\"faq-question\" itemprop=\"name\"><div>Is there a bread depot<\/div><span class=\"faq-opener\"><\/span><\/summary><div class=\"content\" itemscope=\"\" itemprop=\"acceptedAnswer\" itemtype=\"https:\/\/schema.org\/Answer\"><div itemprop=\"text\"><p>Fresh bread and pastries are available every morning at the campsite&#8217;s grocery store.<\/p>\n<\/div><\/div><\/details><\/div><\/div><\/div><div class=\"faq__box faq__item\"><div class=\"faq__container\"><div class=\"faq__block\" itemscope=\"\" itemprop=\"mainEntity\" itemtype=\"https:\/\/schema.org\/Question\"><details class=\"faq\"><summary class=\"faq-question\" itemprop=\"name\"><div>Where to find the toilet blocks<\/div><span class=\"faq-opener\"><\/span><\/summary><div class=\"content\" itemscope=\"\" itemprop=\"acceptedAnswer\" itemtype=\"https:\/\/schema.org\/Answer\"><div itemprop=\"text\"><p>Close to your pitch, you&#8217;ll find one of our 3 high-quality sanitary buildings, with PMR access. They are child-friendly and handicapped-accessible. One of the sanitary blocks is heated for optimum comfort in low season.<\/p>\n<\/div><\/div><\/details><\/div><\/div><\/div><div class=\"faq__box faq__item\"><div class=\"faq__container\"><div class=\"faq__block\" itemscope=\"\" itemprop=\"mainEntity\" itemtype=\"https:\/\/schema.org\/Question\"><details class=\"faq\"><summary class=\"faq-question\" itemprop=\"name\"><div>Does the campsite have a laundry service?<\/div><span class=\"faq-opener\"><\/span><\/summary><div class=\"content\" itemscope=\"\" itemprop=\"acceptedAnswer\" itemtype=\"https:\/\/schema.org\/Answer\"><div itemprop=\"text\"><p>The campsite has a launderette with washing machines, tumble dryers and ironing boards. An iron is available at reception. Payment can be made in cash (bills or coins), and a coin-operated machine is available for giving change on site.  <\/p>\n<\/div><\/div><\/details><\/div><\/div><\/div><div class=\"faq__box faq__item\"><div class=\"faq__container\"><div class=\"faq__block\" itemscope=\"\" itemprop=\"mainEntity\" itemtype=\"https:\/\/schema.org\/Question\"><details class=\"faq\"><summary class=\"faq-question\" itemprop=\"name\"><div>Can I use my own washing powder at the launderette?<\/div><span class=\"faq-opener\"><\/span><\/summary><div class=\"content\" itemscope=\"\" itemprop=\"acceptedAnswer\" itemtype=\"https:\/\/schema.org\/Answer\"><div itemprop=\"text\"><p>Yes, you can bring your own detergent, or buy doses from the vending machine in the launderette.<\/p>\n<\/div><\/div><\/details><\/div><\/div><\/div><\/div><\/div><\/div>\n\n\n\n<div class=\"wp-block-column is-vertically-aligned-center is-layout-flow wp-block-column-is-layout-flow\" style=\"flex-basis:55%\"><div id=\"faq\" class=\"faq-container\"><div class=\"faq-wrap\" itemscope=\"\" itemtype=\"https:\/\/schema.org\/FAQPage\"><div class=\"faq__box faq__item\"><div class=\"faq__container\"><div class=\"faq__block\" itemscope=\"\" itemprop=\"mainEntity\" itemtype=\"https:\/\/schema.org\/Question\"><details class=\"faq\"><summary class=\"faq-question\" itemprop=\"name\"><div>Does the campsite offer a free shuttle service in summer?<\/div><span class=\"faq-opener\"><\/span><\/summary><div class=\"content\" itemscope=\"\" itemprop=\"acceptedAnswer\" itemtype=\"https:\/\/schema.org\/Answer\"><div itemprop=\"text\"><p><strong>A free shuttle service<\/strong> from the campsite is available <strong>in high summer<\/strong> (excluding weekends and public holidays). It serves the Locmiquel beach, the town of Lamor-Baden and Port Blanc, and the pier for Ile aux Moines. Check dates and times at reception or on the information board at the shuttle stop in front of reception.  <\/p>\n<\/div><\/div><\/details><\/div><\/div><\/div><div class=\"faq__box faq__item\"><div class=\"faq__container\"><div class=\"faq__block\" itemscope=\"\" itemprop=\"mainEntity\" itemtype=\"https:\/\/schema.org\/Question\"><details class=\"faq\"><summary class=\"faq-question\" itemprop=\"name\"><div>Does the campsite have a spa?<\/div><span class=\"faq-opener\"><\/span><\/summary><div class=\"content\" itemscope=\"\" itemprop=\"acceptedAnswer\" itemtype=\"https:\/\/schema.org\/Answer\"><div itemprop=\"text\"><p>The campsite offers a wellness area dedicated to relaxation, open from April to September. You can enjoy entry to the spa (sauna, hammam, jacuzzi, relaxation area), treatments, massages and moments of relaxation on reservation.<br \/>\n<a href=\"https:\/\/camping-baden.ouiresa.fr\/#\/?type=205\" target=\"_blank\" rel=\"noopener\">Book your treatment or spa admission<\/a><br \/>\n<a href=\"https:\/\/www.camping-baden.com\/en\/camping-spa-well-being-baden\/\">Find out more about our treatments and prices<\/a><\/p>\n<p>Access to the spa is reserved for people aged 16 and over.<\/p>\n<\/div><\/div><\/details><\/div><\/div><\/div><div class=\"faq__box faq__item\"><div class=\"faq__container\"><div class=\"faq__block\" itemscope=\"\" itemprop=\"mainEntity\" itemtype=\"https:\/\/schema.org\/Question\"><details class=\"faq\"><summary class=\"faq-question\" itemprop=\"name\"><div>Are barbecues available for hire?<\/div><span class=\"faq-opener\"><\/span><\/summary><div class=\"content\" itemscope=\"\" itemprop=\"acceptedAnswer\" itemtype=\"https:\/\/schema.org\/Answer\"><div itemprop=\"text\"><p>A charcoal barbecue rental service is available at the grocery store.<\/p>\n<\/div><\/div><\/details><\/div><\/div><\/div><div class=\"faq__box faq__item\"><div class=\"faq__container\"><div class=\"faq__block\" itemscope=\"\" itemprop=\"mainEntity\" itemtype=\"https:\/\/schema.org\/Question\"><details class=\"faq\"><summary class=\"faq-question\" itemprop=\"name\"><div>Is there a mini-market in the campsite?<\/div><span class=\"faq-opener\"><\/span><\/summary><div class=\"content\" itemscope=\"\" itemprop=\"acceptedAnswer\" itemtype=\"https:\/\/schema.org\/Answer\"><div itemprop=\"text\"><p>The campsite mini-market offers a hot-spot with bread and pastries, fruit and vegetables, frozen foods, ice creams, local produce, outdoor games, souvenirs, swimwear and clothing, barbecue rentals&#8230;<\/p>\n<\/div><\/div><\/details><\/div><\/div><\/div><div class=\"faq__box faq__item\"><div class=\"faq__container\"><div class=\"faq__block\" itemscope=\"\" itemprop=\"mainEntity\" itemtype=\"https:\/\/schema.org\/Question\"><details class=\"faq\"><summary class=\"faq-question\" itemprop=\"name\"><div>Is there a cash point at the campsite?<\/div><span class=\"faq-opener\"><\/span><\/summary><div class=\"content\" itemscope=\"\" itemprop=\"acceptedAnswer\" itemtype=\"https:\/\/schema.org\/Answer\"><div itemprop=\"text\"><p>Two coin-operated machines are available at the campsite: at the laundry and at the bar.<\/p>\n<\/div><\/div><\/details><\/div><\/div><\/div><\/div><\/div><\/div>\n<\/div>\n\n\r\n    <\/div>\r\n<\/section><section id=\"ls-section-block_07ee411cc0a11564e143cb400efc0e70\" class=\"ls-section  home-sixth page-one\" >\r\n        <div class=\"container container--wide\">\r\n        \n\n<div class=\"wp-block-columns are-vertically-aligned-center first is-layout-flex wp-container-core-columns-is-layout-9d6595d7 wp-block-columns-is-layout-flex\">\n<div class=\"wp-block-column is-vertically-aligned-center text is-layout-flow wp-block-column-is-layout-flow\" style=\"flex-basis:45%\">\n<h2 class=\"ls__heading wp-block-heading has-color-2-color has-text-color has-link-color wp-elements-3a8684b30206fb63f5cedbe90eeaa003\">Aquatic area<\/h2>\n<\/div>\n<\/div>\n\n\n\n<div class=\"wp-block-columns are-vertically-aligned-center first is-layout-flex wp-container-core-columns-is-layout-9d6595d7 wp-block-columns-is-layout-flex\">\n<div class=\"wp-block-column is-vertically-aligned-center is-layout-flow wp-block-column-is-layout-flow\" style=\"flex-basis:55%\"><div id=\"faq\" class=\"faq-container\"><div class=\"faq-wrap\" itemscope=\"\" itemtype=\"https:\/\/schema.org\/FAQPage\"><div class=\"faq__box faq__item\"><div class=\"faq__container\"><div class=\"faq__block\" itemscope=\"\" itemprop=\"mainEntity\" itemtype=\"https:\/\/schema.org\/Question\"><details class=\"faq\"><summary class=\"faq-question\" itemprop=\"name\"><div>Is the aquatic area open all season?<\/div><span class=\"faq-opener\"><\/span><\/summary><div class=\"content\" itemscope=\"\" itemprop=\"acceptedAnswer\" itemtype=\"https:\/\/schema.org\/Answer\"><div itemprop=\"text\"><p>The aquatic area is open throughout the campsite&#8217;s opening period.<\/p>\n<\/div><\/div><\/details><\/div><\/div><\/div><div class=\"faq__box faq__item\"><div class=\"faq__container\"><div class=\"faq__block\" itemscope=\"\" itemprop=\"mainEntity\" itemtype=\"https:\/\/schema.org\/Question\"><details class=\"faq\"><summary class=\"faq-question\" itemprop=\"name\"><div>Are food and beverages allowed in the aquatic area?  <\/div><span class=\"faq-opener\"><\/span><\/summary><div class=\"content\" itemscope=\"\" itemprop=\"acceptedAnswer\" itemtype=\"https:\/\/schema.org\/Answer\"><div itemprop=\"text\"><p>Food and drink are not permitted in the pool area. The bar and restaurant are at your disposal, and you can eat and drink on the terraces facing the pool. <\/p>\n<\/div><\/div><\/details><\/div><\/div><\/div><div class=\"faq__box faq__item\"><div class=\"faq__container\"><div class=\"faq__block\" itemscope=\"\" itemprop=\"mainEntity\" itemtype=\"https:\/\/schema.org\/Question\"><details class=\"faq\"><summary class=\"faq-question\" itemprop=\"name\"><div>What are the opening hours of the aquatic center?<\/div><span class=\"faq-opener\"><\/span><\/summary><div class=\"content\" itemscope=\"\" itemprop=\"acceptedAnswer\" itemtype=\"https:\/\/schema.org\/Answer\"><div itemprop=\"text\"><p>Swimming pool opening hours are 10:00 am to 7:00 pm in low season and 10:00 am to 8:00 pm in high season.<br \/>\nAn evening &#8220;Piscine nocturne&#8221; is available until 10 pm, subject to confirmation on the entertainment schedule.<\/p>\n<\/div><\/div><\/details><\/div><\/div><\/div><div class=\"faq__box faq__item\"><div class=\"faq__container\"><div class=\"faq__block\" itemscope=\"\" itemprop=\"mainEntity\" itemtype=\"https:\/\/schema.org\/Question\"><details class=\"faq\"><summary class=\"faq-question\" itemprop=\"name\"><div>Are aquatic areas accessible in the evening?<\/div><span class=\"faq-opener\"><\/span><\/summary><div class=\"content\" itemscope=\"\" itemprop=\"acceptedAnswer\" itemtype=\"https:\/\/schema.org\/Answer\"><div itemprop=\"text\"><p>The pool closes at 7pm in low season and 8pm in high season. A &#8220;Piscine nocturne&#8221; evening is offered until 10 pm, subject to confirmation on the entertainment schedule. Other evening events can be organized at the pool by our entertainment teams.  <\/p>\n<\/div><\/div><\/details><\/div><\/div><\/div><div class=\"faq__box faq__item\"><div class=\"faq__container\"><div class=\"faq__block\" itemscope=\"\" itemprop=\"mainEntity\" itemtype=\"https:\/\/schema.org\/Question\"><details class=\"faq\"><summary class=\"faq-question\" itemprop=\"name\"><div>Are pets allowed in the pool area?<\/div><span class=\"faq-opener\"><\/span><\/summary><div class=\"content\" itemscope=\"\" itemprop=\"acceptedAnswer\" itemtype=\"https:\/\/schema.org\/Answer\"><div itemprop=\"text\"><p>Pets are not allowed in the pool area.<\/p>\n<\/div><\/div><\/details><\/div><\/div><\/div><\/div><\/div><\/div>\n\n\n\n<div class=\"wp-block-column is-vertically-aligned-center is-layout-flow wp-block-column-is-layout-flow\" style=\"flex-basis:55%\"><div id=\"faq\" class=\"faq-container\"><div class=\"faq-wrap\" itemscope=\"\" itemtype=\"https:\/\/schema.org\/FAQPage\"><div class=\"faq__box faq__item\"><div class=\"faq__container\"><div class=\"faq__block\" itemscope=\"\" itemprop=\"mainEntity\" itemtype=\"https:\/\/schema.org\/Question\"><details class=\"faq\"><summary class=\"faq-question\" itemprop=\"name\"><div>Is the aquatic center heated?<\/div><span class=\"faq-opener\"><\/span><\/summary><div class=\"content\" itemscope=\"\" itemprop=\"acceptedAnswer\" itemtype=\"https:\/\/schema.org\/Answer\"><div itemprop=\"text\"><p>Yes, all pools are heated as soon as the campsite opens. Outdoor pool temperatures may vary according to weather and air temperature.<br \/>\nIn the indoor pool, the water is heated to 29\u00b0C and the ambient air to 25\u00b0C. <\/p>\n<\/div><\/div><\/details><\/div><\/div><\/div><div class=\"faq__box faq__item\"><div class=\"faq__container\"><div class=\"faq__block\" itemscope=\"\" itemprop=\"mainEntity\" itemtype=\"https:\/\/schema.org\/Question\"><details class=\"faq\"><summary class=\"faq-question\" itemprop=\"name\"><div>Which swimsuit is allowed in the pool<\/div><span class=\"faq-opener\"><\/span><\/summary><div class=\"content\" itemscope=\"\" itemprop=\"acceptedAnswer\" itemtype=\"https:\/\/schema.org\/Answer\"><div itemprop=\"text\"><p>Swimsuits and swimming shorts are permitted in the pool. Long shorts not intended for swimming are forbidden. <\/p>\n<\/div><\/div><\/details><\/div><\/div><\/div><div class=\"faq__box faq__item\"><div class=\"faq__container\"><div class=\"faq__block\" itemscope=\"\" itemprop=\"mainEntity\" itemtype=\"https:\/\/schema.org\/Question\"><details class=\"faq\"><summary class=\"faq-question\" itemprop=\"name\"><div>Is the water park supervised?<\/div><span class=\"faq-opener\"><\/span><\/summary><div class=\"content\" itemscope=\"\" itemprop=\"acceptedAnswer\" itemtype=\"https:\/\/schema.org\/Answer\"><div itemprop=\"text\"><p>The water park and indoor pool are unsupervised. Children are under the supervision and responsibility of their parents. At peak times, the lifeguard(s) will ensure that the instructions are followed and that the slides are in good working order.  <\/p>\n<\/div><\/div><\/details><\/div><\/div><\/div><div class=\"faq__box faq__item\"><div class=\"faq__container\"><div class=\"faq__block\" itemscope=\"\" itemprop=\"mainEntity\" itemtype=\"https:\/\/schema.org\/Question\"><details class=\"faq\"><summary class=\"faq-question\" itemprop=\"name\"><div>Is the swimming pool accessible to campsite visitors?<\/div><span class=\"faq-opener\"><\/span><\/summary><div class=\"content\" itemscope=\"\" itemprop=\"acceptedAnswer\" itemtype=\"https:\/\/schema.org\/Answer\"><div itemprop=\"text\"><p>Visitors may be accepted outside July and August, at a daily rate, subject to prior agreement with the campsite and up to a limit of two visitors per pitch. They remain the responsibility of the residents and must be registered at reception by the latter.  Visitors do not have automatic access to the swimming pool. Please ask at reception. <\/p>\n<\/div><\/div><\/details><\/div><\/div><\/div><\/div><\/div><\/div>\n<\/div>\n\n\r\n    <\/div>\r\n<\/section><section id=\"ls-section-block_07ee411cc0a11564e143cb400efc0e70\" class=\"ls-section  home-sixth page-one\" >\r\n        <div class=\"container container--wide\">\r\n        \n\n<div class=\"wp-block-columns are-vertically-aligned-center first is-layout-flex wp-container-core-columns-is-layout-9d6595d7 wp-block-columns-is-layout-flex\">\n<div class=\"wp-block-column is-vertically-aligned-center text is-layout-flow wp-block-column-is-layout-flow\" style=\"flex-basis:45%\">\n<h2 class=\"ls__heading wp-block-heading has-color-2-color has-text-color has-link-color wp-elements-f39f5e36d63abb5f34c2435e63316f17\">Activities and entertainment<\/h2>\n<\/div>\n<\/div>\n\n\n\n<div class=\"wp-block-columns are-vertically-aligned-center first is-layout-flex wp-container-core-columns-is-layout-9d6595d7 wp-block-columns-is-layout-flex\">\n<div class=\"wp-block-column is-vertically-aligned-center is-layout-flow wp-block-column-is-layout-flow\" style=\"flex-basis:55%\"><div id=\"faq\" class=\"faq-container\"><div class=\"faq-wrap\" itemscope=\"\" itemtype=\"https:\/\/schema.org\/FAQPage\"><div class=\"faq__box faq__item\"><div class=\"faq__container\"><div class=\"faq__block\" itemscope=\"\" itemprop=\"mainEntity\" itemtype=\"https:\/\/schema.org\/Question\"><details class=\"faq\"><summary class=\"faq-question\" itemprop=\"name\"><div>Are there any events throughout the season?<\/div><span class=\"faq-opener\"><\/span><\/summary><div class=\"content\" itemscope=\"\" itemprop=\"acceptedAnswer\" itemtype=\"https:\/\/schema.org\/Answer\"><div itemprop=\"text\"><p>Activities are offered throughout the season. The schedule is updated daily, with a reinforced program in July\/August. It is posted every week at reception or at the entertainment desk, as well as on the Yelloh Village app.  <\/p>\n<\/div><\/div><\/details><\/div><\/div><\/div><div class=\"faq__box faq__item\"><div class=\"faq__container\"><div class=\"faq__block\" itemscope=\"\" itemprop=\"mainEntity\" itemtype=\"https:\/\/schema.org\/Question\"><details class=\"faq\"><summary class=\"faq-question\" itemprop=\"name\"><div>What are the start and end times of the animations?<\/div><span class=\"faq-opener\"><\/span><\/summary><div class=\"content\" itemscope=\"\" itemprop=\"acceptedAnswer\" itemtype=\"https:\/\/schema.org\/Answer\"><div itemprop=\"text\"><p>Entertainment times vary according to the activity, and are shown on the entertainment schedule: posted every week at reception or at the entertainment desk, and on the Yelloh Village app.<br \/>\nIn July and August, entertainment may extend into the evening, generally ending around 11:00 pm.<\/p>\n<\/div><\/div><\/details><\/div><\/div><\/div><div class=\"faq__box faq__item\"><div class=\"faq__container\"><div class=\"faq__block\" itemscope=\"\" itemprop=\"mainEntity\" itemtype=\"https:\/\/schema.org\/Question\"><details class=\"faq\"><summary class=\"faq-question\" itemprop=\"name\"><div>Should we reserve the animations<\/div><span class=\"faq-opener\"><\/span><\/summary><div class=\"content\" itemscope=\"\" itemprop=\"acceptedAnswer\" itemtype=\"https:\/\/schema.org\/Answer\"><div itemprop=\"text\"><p>It is not possible to reserve free events.<\/p>\n<\/div><\/div><\/details><\/div><\/div><\/div><div class=\"faq__box faq__item\"><div class=\"faq__container\"><div class=\"faq__block\" itemscope=\"\" itemprop=\"mainEntity\" itemtype=\"https:\/\/schema.org\/Question\"><details class=\"faq\"><summary class=\"faq-question\" itemprop=\"name\"><div>Are there any games for children under 5?<\/div><span class=\"faq-opener\"><\/span><\/summary><div class=\"content\" itemscope=\"\" itemprop=\"acceptedAnswer\" itemtype=\"https:\/\/schema.org\/Answer\"><div itemprop=\"text\"><p>The new playground will delight children from an early age:<\/p>\n<ul>\n<li>a multi-activity structure for toddlers, with slides and playhouses, accessible from 6 months or 2 years,<\/li>\n<li>a large play structure with tower, tubular slide, climbing games and manipulative activities, for ages 2 and up,<\/li>\n<li>spring-loaded games from age one: caterpillar and tractor,<\/li>\n<li>and a gantry crane for children aged 2 and over.<\/li>\n<\/ul>\n<\/div><\/div><\/details><\/div><\/div><\/div><\/div><\/div><\/div>\n\n\n\n<div class=\"wp-block-column is-vertically-aligned-center is-layout-flow wp-block-column-is-layout-flow\" style=\"flex-basis:55%\"><div id=\"faq\" class=\"faq-container\"><div class=\"faq-wrap\" itemscope=\"\" itemtype=\"https:\/\/schema.org\/FAQPage\"><div class=\"faq__box faq__item\"><div class=\"faq__container\"><div class=\"faq__block\" itemscope=\"\" itemprop=\"mainEntity\" itemtype=\"https:\/\/schema.org\/Question\"><details class=\"faq\"><summary class=\"faq-question\" itemprop=\"name\"><div>From what age are children admitted to the kids&#8217; club?<\/div><span class=\"faq-opener\"><\/span><\/summary><div class=\"content\" itemscope=\"\" itemprop=\"acceptedAnswer\" itemtype=\"https:\/\/schema.org\/Answer\"><div itemprop=\"text\"><p>Children aged 5 and over are admitted to the kids&#8217; club, subject to availability.<\/p>\n<\/div><\/div><\/details><\/div><\/div><\/div><div class=\"faq__box faq__item\"><div class=\"faq__container\"><div class=\"faq__block\" itemscope=\"\" itemprop=\"mainEntity\" itemtype=\"https:\/\/schema.org\/Question\"><details class=\"faq\"><summary class=\"faq-question\" itemprop=\"name\"><div>How can I view the animation schedule<\/div><span class=\"faq-opener\"><\/span><\/summary><div class=\"content\" itemscope=\"\" itemprop=\"acceptedAnswer\" itemtype=\"https:\/\/schema.org\/Answer\"><div itemprop=\"text\"><p>The schedule is posted at the campsite reception, in front of the entertainment office, or can be accessed directly on the Yelloh Village app.<\/p>\n<\/div><\/div><\/details><\/div><\/div><\/div><div class=\"faq__box faq__item\"><div class=\"faq__container\"><div class=\"faq__block\" itemscope=\"\" itemprop=\"mainEntity\" itemtype=\"https:\/\/schema.org\/Question\"><details class=\"faq\"><summary class=\"faq-question\" itemprop=\"name\"><div>Where is the Equestrian Centre? Can I see the ponies and horses? <\/div><span class=\"faq-opener\"><\/span><\/summary><div class=\"content\" itemscope=\"\" itemprop=\"acceptedAnswer\" itemtype=\"https:\/\/schema.org\/Answer\"><div itemprop=\"text\"><p><strong>The equestrian center Centre \u00e9questre Man\u00e9 Guernehu\u00e9 is adjacent to the Man\u00e9 Guernehu\u00e9 campsite<\/strong>.<br \/>\nAround 40 sport horses and ponies, including Shetlands, graze in the meadows around the center, so you can easily catch a glimpse of them during your stay.<br \/>\nThe equestrian center allows you to <strong>enjoy horseback riding<\/strong> in complete freedom and in the best possible conditions.<br \/>\n<strong>Poney Club de France<\/strong> and <strong>Cheval Club de France<\/strong> accredited, it complies with the quality commitments of the <strong>\u00c9coles Fran\u00e7aises d&#8217;\u00c9quitation<\/strong>. These labels are awarded to clubs offering introductory, advanced and advanced riding lessons for both ponies and horses.<br \/>\n<strong>Open all year round with a qualified instructor, <\/strong>it offers :<\/p>\n<ul>\n<li>riding lessons<\/li>\n<li>one-hour guided walks<\/li>\n<li>pony rides for younger children (accompanied by parents)<\/li>\n<li>Courses are also offered during the February, Easter, summer and All Saints&#8217; vacations.<\/li>\n<\/ul>\n<p><a href=\"https:\/\/camping-baden.ouiresa.fr\/#\/?type=202\" target=\"_blank\" rel=\"noopener\">Book your equestrian activity online.<\/a><\/p>\n<\/div><\/div><\/details><\/div><\/div><\/div><div class=\"faq__box faq__item\"><div class=\"faq__container\"><div class=\"faq__block\" itemscope=\"\" itemprop=\"mainEntity\" itemtype=\"https:\/\/schema.org\/Question\"><details class=\"faq\"><summary class=\"faq-question\" itemprop=\"name\"><div>How to book paid activities with participation: adventure trail, equestrian activities, etc.<\/div><span class=\"faq-opener\"><\/span><\/summary><div class=\"content\" itemscope=\"\" itemprop=\"acceptedAnswer\" itemtype=\"https:\/\/schema.org\/Answer\"><div itemprop=\"text\"><p>Activities can be booked via our website: <a href=\"https:\/\/camping-baden.ouiresa.fr\/\" target=\"_blank\" rel=\"noopener\">click on this link to access the online store<\/a><\/p>\n<\/div><\/div><\/details><\/div><\/div><\/div><\/div><\/div><\/div>\n<\/div>\n\n\r\n    <\/div>\r\n<\/section><section id=\"ls-section-block_60c2d33fb6740cf158b175ed080e9521\" class=\"ls-section  page-two page-vague-alt has-background has-color-4-background-color\" >\r\n        <div class=\"container container--full\">\r\n        \n\n<div class=\"wp-block-columns first is-layout-flex wp-container-core-columns-is-layout-9d6595d7 wp-block-columns-is-layout-flex\">\n<div class=\"wp-block-column is-layout-flow wp-block-column-is-layout-flow\" style=\"flex-basis:100%\">\n<div class=\"icone\"><i class=\"mane-g\"><\/i><\/div>\n\n\n\n<h2 class=\"ls__heading wp-block-heading has-text-align-center has-color-1-color has-text-color has-link-color wp-elements-3f584020d2cf09ce91988f0d7c6f4f01\">In the vicinity<\/h2>\n<\/div>\n<\/div>\n\n\n\n<div class=\"wp-block-columns are-vertically-aligned-center first is-layout-flex wp-container-core-columns-is-layout-9d6595d7 wp-block-columns-is-layout-flex\">\n<div class=\"wp-block-column is-vertically-aligned-center is-layout-flow wp-block-column-is-layout-flow\" style=\"flex-basis:55%\"><div id=\"faq\" class=\"faq-container\"><div class=\"faq-wrap\" itemscope=\"\" itemtype=\"https:\/\/schema.org\/FAQPage\"><div class=\"faq__box faq__item\"><div class=\"faq__container\"><div class=\"faq__block\" itemscope=\"\" itemprop=\"mainEntity\" itemtype=\"https:\/\/schema.org\/Question\"><details class=\"faq\"><summary class=\"faq-question\" itemprop=\"name\"><div>How far is the campsite from the beach?<\/div><span class=\"faq-opener\"><\/span><\/summary><div class=\"content\" itemscope=\"\" itemprop=\"acceptedAnswer\" itemtype=\"https:\/\/schema.org\/Answer\"><div itemprop=\"text\"><p>The campsite is located 1 km from the sea via the coastal path and 3 km from the first beaches.<\/p>\n<\/div><\/div><\/details><\/div><\/div><\/div><div class=\"faq__box faq__item\"><div class=\"faq__container\"><div class=\"faq__block\" itemscope=\"\" itemprop=\"mainEntity\" itemtype=\"https:\/\/schema.org\/Question\"><details class=\"faq\"><summary class=\"faq-question\" itemprop=\"name\"><div>What are the hiking and walking routes?<\/div><span class=\"faq-opener\"><\/span><\/summary><div class=\"content\" itemscope=\"\" itemprop=\"acceptedAnswer\" itemtype=\"https:\/\/schema.org\/Answer\"><div itemprop=\"text\"><p>The <strong>coastal path<\/strong> is just 1 km from the campsite and links up with the famous <strong>GR34<\/strong>, also known as the &#8220;sentier des douaniers&#8221;. With <strong>37 km of coastline<\/strong> to explore in the commune of Baden, there are plenty of walks and hikes to discover the rich natural heritage of the Golfe du Morbihan. <\/p>\n<p>You can find all the <strong>hiking trails<\/strong> in the binder available at reception.<br \/>\nYou can also download the Cirkwi app (on <a href=\"https:\/\/play.google.com\/store\/apps\/details?id=com.cirkwi.pit&amp;hl=fr\" target=\"_blank\" rel=\"noopener\">Google Play<\/a> or <a href=\"https:\/\/apps.apple.com\/fr\/app\/cirkwi\/id651471914\" target=\"_blank\" rel=\"noopener\">Apple Store<\/a>) and visit the websites itirando <a href=\"https:\/\/itirando.bzh\/blog\/departement\/morbihan\/\" target=\"_blank\" rel=\"noopener\">.bzh<\/a> or <a href=\"https:\/\/www.mongr.fr\/\" target=\"_blank\" rel=\"noopener\">mongr.fr<\/a> to prepare your itineraries.<\/p>\n<\/div><\/div><\/details><\/div><\/div><\/div><div class=\"faq__box faq__item\"><div class=\"faq__container\"><div class=\"faq__block\" itemscope=\"\" itemprop=\"mainEntity\" itemtype=\"https:\/\/schema.org\/Question\"><details class=\"faq\"><summary class=\"faq-question\" itemprop=\"name\"><div>Are excursions available departing from the campsite?<\/div><span class=\"faq-opener\"><\/span><\/summary><div class=\"content\" itemscope=\"\" itemprop=\"acceptedAnswer\" itemtype=\"https:\/\/schema.org\/Answer\"><div itemprop=\"text\"><p>We organize guided <strong>tours<\/strong> starting from the campsite, on foot, along the coastal paths. Excursions can also be organized by car pooling or with the shuttle bus in summer. <\/p>\n<p>Check out the <strong>program of events<\/strong> on display at reception, in front of the entertainment desk or online on the Yelloh! Village app. <\/p>\n<\/div><\/div><\/details><\/div><\/div><\/div><div class=\"faq__box faq__item\"><div class=\"faq__container\"><div class=\"faq__block\" itemscope=\"\" itemprop=\"mainEntity\" itemtype=\"https:\/\/schema.org\/Question\"><details class=\"faq\"><summary class=\"faq-question\" itemprop=\"name\"><div>Where are the bicycle paths?<\/div><span class=\"faq-opener\"><\/span><\/summary><div class=\"content\" itemscope=\"\" itemprop=\"acceptedAnswer\" itemtype=\"https:\/\/schema.org\/Answer\"><div itemprop=\"text\"><p>The campsite is surrounded by numerous cycle paths, ideal for discovering the region by bike.<\/p>\n<p>A map showing cycle paths and routes is available at reception.<\/p>\n<p>The cycle route binder can be consulted on site.<\/p>\n<p>You can also download the <a href=\"https:\/\/geovelo.app\/fr\/\" target=\"_blank\" rel=\"noopener\">G\u00e9ovelo<\/a> app from <a href=\"https:\/\/play.google.com\/store\/apps\/details?id=fr.geovelo&amp;hl=fr&amp;pli=1\">Google Play<\/a> or <a href=\"https:\/\/apps.apple.com\/fr\/app\/geovelo-gps-stats-v%C3%A9lo\/id1261357713\">Apple Store<\/a>.<\/p>\n<\/div><\/div><\/details><\/div><\/div><\/div><div class=\"faq__box faq__item\"><div class=\"faq__container\"><div class=\"faq__block\" itemscope=\"\" itemprop=\"mainEntity\" itemtype=\"https:\/\/schema.org\/Question\"><details class=\"faq\"><summary class=\"faq-question\" itemprop=\"name\"><div>What shops and services can I find in Baden<\/div><span class=\"faq-opener\"><\/span><\/summary><div class=\"content\" itemscope=\"\" itemprop=\"acceptedAnswer\" itemtype=\"https:\/\/schema.org\/Answer\"><div itemprop=\"text\"><p>Baden offers a wide range of services and shops close to the campsite:<\/p>\n<ul>\n<li>Country market (local produce) every Friday from 4:30 to 7:30 p.m.<\/li>\n<li>Port Blanc market Wednesdays from 2 to 8 p.m. in July and August<\/li>\n<li>Carrefour Market supermarket<\/li>\n<li>Local shops: bar, grocery store, bakery, butcher, oyster farmers&#8230; <a href=\"https:\/\/www.baden.fr\/annuaires\/?d=&amp;sd=\" target=\"_blank\" rel=\"noopener\">See the complete list on the town hall website.<\/a><\/li>\n<li>Restaurants and cr\u00eaperies<\/li>\n<li>Mus\u00e9e des Passions et des Ailes: discover the museum&#8217;s history and collections on <a href=\"https:\/\/www.museedebaden.fr\/\" target=\"_blank\" rel=\"noopener\">its official website<\/a>.<\/li>\n<li>Port Blanc pier: departures to \u00cele-aux-Moines, cruises on the Gulf of Morbihan with <a href=\"https:\/\/www.izenah-croisieres.com\/\" target=\"_blank\" rel=\"noopener\">Izenah Croisi\u00e8res<\/a>&#8230;<\/li>\n<\/ul>\n<\/div><\/div><\/details><\/div><\/div><\/div><\/div><\/div><\/div>\n\n\n\n<div class=\"wp-block-column is-vertically-aligned-center is-layout-flow wp-block-column-is-layout-flow\" style=\"flex-basis:55%\"><div id=\"faq\" class=\"faq-container\"><div class=\"faq-wrap\" itemscope=\"\" itemtype=\"https:\/\/schema.org\/FAQPage\"><div class=\"faq__box faq__item\"><div class=\"faq__container\"><div class=\"faq__block\" itemscope=\"\" itemprop=\"mainEntity\" itemtype=\"https:\/\/schema.org\/Question\"><details class=\"faq\"><summary class=\"faq-question\" itemprop=\"name\"><div>Is the beach supervised?<\/div><span class=\"faq-opener\"><\/span><\/summary><div class=\"content\" itemscope=\"\" itemprop=\"acceptedAnswer\" itemtype=\"https:\/\/schema.org\/Answer\"><div itemprop=\"text\"><p>The Gulf of Morbihan beaches closest to the campsite are not supervised.<\/p>\n<p>In Vannes, Conleau beach is supervised in July and August, from 1pm to 7pm.<\/p>\n<\/div><\/div><\/details><\/div><\/div><\/div><div class=\"faq__box faq__item\"><div class=\"faq__container\"><div class=\"faq__block\" itemscope=\"\" itemprop=\"mainEntity\" itemtype=\"https:\/\/schema.org\/Question\"><details class=\"faq\"><summary class=\"faq-question\" itemprop=\"name\"><div>Is the campsite close to the town center?<\/div><span class=\"faq-opener\"><\/span><\/summary><div class=\"content\" itemscope=\"\" itemprop=\"acceptedAnswer\" itemtype=\"https:\/\/schema.org\/Answer\"><div itemprop=\"text\"><p>The campsite is located 900 m from the center of Baden.<\/p>\n<\/div><\/div><\/details><\/div><\/div><\/div><div class=\"faq__box faq__item\"><div class=\"faq__container\"><div class=\"faq__block\" itemscope=\"\" itemprop=\"mainEntity\" itemtype=\"https:\/\/schema.org\/Question\"><details class=\"faq\"><summary class=\"faq-question\" itemprop=\"name\"><div>How to get to a supermarket on foot<\/div><span class=\"faq-opener\"><\/span><\/summary><div class=\"content\" itemscope=\"\" itemprop=\"acceptedAnswer\" itemtype=\"https:\/\/schema.org\/Answer\"><div itemprop=\"text\"><p>Yes, you can go to the Carrefour Market 1.5km away, a 20-minute walk from the campsite.<\/p>\n<\/div><\/div><\/details><\/div><\/div><\/div><div class=\"faq__box faq__item\"><div class=\"faq__container\"><div class=\"faq__block\" itemscope=\"\" itemprop=\"mainEntity\" itemtype=\"https:\/\/schema.org\/Question\"><details class=\"faq\"><summary class=\"faq-question\" itemprop=\"name\"><div>Where is the nearest tourist office?<\/div><span class=\"faq-opener\"><\/span><\/summary><div class=\"content\" itemscope=\"\" itemprop=\"acceptedAnswer\" itemtype=\"https:\/\/schema.org\/Answer\"><div itemprop=\"text\"><p>A tourist information office is open at Baden town hall (3 place Weilheim, tel 02 97 57 00 95). The nearest tourist offices are in Auray, 20 rue du Lait (tel: 02 97 24 09 75) and Vannes, Quai Eric Tabarly (tel: 02 97 47 24 34).<br \/>\n<a href=\"https:\/\/www.golfedumorbihan.bzh\/preparer-sejour-vannes\/infos-pratiques\/office-de-tourisme\/\" target=\"_blank\" rel=\"noopener\">Find out more on the Golfe du Morbihan Tourist Offices website<\/a><\/p>\n<\/div><\/div><\/details><\/div><\/div><\/div><div class=\"faq__box faq__item\"><div class=\"faq__container\"><div class=\"faq__block\" itemscope=\"\" itemprop=\"mainEntity\" itemtype=\"https:\/\/schema.org\/Question\"><details class=\"faq\"><summary class=\"faq-question\" itemprop=\"name\"><div>Is the campsite served by public transport? Is there a free shuttle service from the campsite? <\/div><span class=\"faq-opener\"><\/span><\/summary><div class=\"content\" itemscope=\"\" itemprop=\"acceptedAnswer\" itemtype=\"https:\/\/schema.org\/Answer\"><div itemprop=\"text\"><p><strong>Bus routes<\/strong> serve the commune and surrounding area. We advise you to check timetables and connections in advance, especially in high season. <\/p>\n<p>A <strong>free shuttle service is available throughout the summer<\/strong> (excluding weekends and public holidays). It serves the beach, the town of Lamor-Baden and Port Blanc, and the pier for Ile aux Moines. Check dates and times at reception or at the shuttle stop in front of reception.  <\/p>\n<\/div><\/div><\/details><\/div><\/div><\/div><\/div><\/div><\/div>\n<\/div>\n\n\r\n    <\/div>\r\n<\/section><section id=\"ls-section-block_f23a6c7a83bbf9752eaa7a44d33b809a\" class=\"ls-section  page-cta has-m-t m-t-10\" >\r\n        <div class=\"container container--wide\">\r\n        \n\n<div id=\"ls-heading ls-titre-div-block_c6291e1c6d8bcc38991f8ccde0acfae0\" class=\"ls-titre-div aligncenter h1-like has-text-color has-color-2-color\" >\n    Discover all <em>our services<\/em><\/div>\n\n\n\n<div id=\"ls-maillage-block_e7234482ad89cbef2a5f52843967021d\" class=\"ls-maillage animated fadeIn slow cta-style-normal\" data-rows=\"3\">\n\n    <div class=\"wp-block-columns\"><div class=\"wp-block-column\">\n\n<a href=\"https:\/\/www.camping-baden.com\/en\/family-campsite-baden\/\" target=\"\" rel=\"noopener\" class=\"ls-cta__link\" data-categ=\"\">\n\t<div class=\"ls-cta__image\"><img decoding=\"async\" src=\"https:\/\/www.camping-baden.com\/wp-content\/uploads\/2024\/10\/equipe-epicerie-point-chaud-anne-sophie.webp\" alt=\"equipe epicerie point chaud anne sophie\"><\/div>\n\t<div class=\"ls-cta__title\">\n\t\tServices\t\t<i class=\"mane-fleche\"><\/i>\n\t<\/div>\n\n\t\n\t<\/a><\/div><div class=\"wp-block-column\">\n\n<a href=\"https:\/\/www.camping-baden.com\/en\/campsite-water-park-baden\/\" target=\"\" rel=\"noopener\" class=\"ls-cta__link\" data-categ=\"\">\n\t<div class=\"ls-cta__image\"><img decoding=\"async\" src=\"https:\/\/www.camping-baden.com\/wp-content\/uploads\/2025\/09\/parc-aquatique-camping-mane-guernehue-800-683px.jpg\" alt=\"Water park new slides camping Man\u00e9 Guernehu\u00e9\"><\/div>\n\t<div class=\"ls-cta__title\">\n\t\tWater park\t\t<i class=\"mane-fleche\"><\/i>\n\t<\/div>\n\n\t\n\t<\/a><\/div><div class=\"wp-block-column\">\n\n<a href=\"https:\/\/www.camping-baden.com\/en\/campsite-family-entertainment-baden\/\" target=\"\" rel=\"noopener\" class=\"ls-cta__link\" data-categ=\"\">\n\t<div class=\"ls-cta__image\"><img decoding=\"async\" src=\"https:\/\/www.camping-baden.com\/wp-content\/uploads\/2024\/10\/2024-parcours-aventure-Studio-4k-263-retouchee.webp\" alt=\"adventure trail Studio k retouchee\"><\/div>\n\t<div class=\"ls-cta__title\">\n\t\tFamily events and activities\t\t<i class=\"mane-fleche\"><\/i>\n\t<\/div>\n\n\t\n\t<\/a><\/div><\/div>\n<\/div>\n\r\n    <\/div>\r\n<\/section>","protected":false},"excerpt":{"rendered":"","protected":false},"author":1,"featured_media":0,"parent":0,"menu_order":0,"comment_status":"closed","ping_status":"closed","template":"","meta":{"_acf_changed":false,"footnotes":""},"sujet":[],"class_list":["post-12913","page","type-page","status-publish","hentry"],"acf":[],"yoast_head":"<!-- This site is optimized with the Yoast SEO plugin v25.3 - https:\/\/yoast.com\/wordpress\/plugins\/seo\/ -->\n<title>Frequently asked questions about camping Man\u00e9 Guernehu\u00e9<\/title>\n<meta name=\"robots\" content=\"index, follow, max-snippet:-1, max-image-preview:large, max-video-preview:-1\" \/>\n<link rel=\"canonical\" href=\"https:\/\/www.camping-baden.com\/en\/faq\/\" \/>\n<meta property=\"og:locale\" content=\"en_US\" \/>\n<meta property=\"og:type\" content=\"article\" \/>\n<meta property=\"og:title\" content=\"Frequently asked questions about camping Man\u00e9 Guernehu\u00e9\" \/>\n<meta property=\"og:url\" content=\"https:\/\/www.camping-baden.com\/en\/faq\/\" \/>\n<meta property=\"og:site_name\" content=\"Man\u00e9 Guernehu\u00e9\" \/>\n<meta property=\"article:modified_time\" content=\"2026-04-27T07:24:29+00:00\" \/>\n<meta name=\"twitter:card\" content=\"summary_large_image\" \/>\n<script type=\"application\/ld+json\" class=\"yoast-schema-graph\">{\"@context\":\"https:\/\/schema.org\",\"@graph\":[{\"@type\":\"WebPage\",\"@id\":\"https:\/\/www.camping-baden.com\/en\/faq\/\",\"url\":\"https:\/\/www.camping-baden.com\/en\/faq\/\",\"name\":\"Frequently asked questions about camping Man\u00e9 Guernehu\u00e9\",\"isPartOf\":{\"@id\":\"https:\/\/www.camping-baden.com\/en\/#website\"},\"datePublished\":\"2024-09-16T13:41:27+00:00\",\"dateModified\":\"2026-04-27T07:24:29+00:00\",\"breadcrumb\":{\"@id\":\"https:\/\/www.camping-baden.com\/en\/faq\/#breadcrumb\"},\"inLanguage\":\"en-US\",\"potentialAction\":[{\"@type\":\"ReadAction\",\"target\":[\"https:\/\/www.camping-baden.com\/en\/faq\/\"]}]},{\"@type\":\"BreadcrumbList\",\"@id\":\"https:\/\/www.camping-baden.com\/en\/faq\/#breadcrumb\",\"itemListElement\":[{\"@type\":\"ListItem\",\"position\":1,\"name\":\"Camping Golfe du Morbihan\",\"item\":\"https:\/\/www.camping-baden.com\/en\/\"},{\"@type\":\"ListItem\",\"position\":2,\"name\":\"FAQ\"}]},{\"@type\":\"WebSite\",\"@id\":\"https:\/\/www.camping-baden.com\/en\/#website\",\"url\":\"https:\/\/www.camping-baden.com\/en\/\",\"name\":\"Man\u00e9 Guernehu\u00e9\",\"description\":\"\",\"publisher\":{\"@id\":\"https:\/\/www.camping-baden.com\/en\/#organization\"},\"potentialAction\":[{\"@type\":\"SearchAction\",\"target\":{\"@type\":\"EntryPoint\",\"urlTemplate\":\"https:\/\/www.camping-baden.com\/en\/?s={search_term_string}\"},\"query-input\":{\"@type\":\"PropertyValueSpecification\",\"valueRequired\":true,\"valueName\":\"search_term_string\"}}],\"inLanguage\":\"en-US\"},{\"@type\":\"Organization\",\"@id\":\"https:\/\/www.camping-baden.com\/en\/#organization\",\"name\":\"Man\u00e9 Guernehu\u00e9\",\"url\":\"https:\/\/www.camping-baden.com\/en\/\",\"logo\":{\"@type\":\"ImageObject\",\"inLanguage\":\"en-US\",\"@id\":\"https:\/\/www.camping-baden.com\/en\/#\/schema\/logo\/image\/\",\"url\":\"https:\/\/www.camping-baden.com\/wp-content\/uploads\/2024\/08\/logo-camping-mane-guernehue.png\",\"contentUrl\":\"https:\/\/www.camping-baden.com\/wp-content\/uploads\/2024\/08\/logo-camping-mane-guernehue.png\",\"width\":1000,\"height\":450,\"caption\":\"Man\u00e9 Guernehu\u00e9\"},\"image\":{\"@id\":\"https:\/\/www.camping-baden.com\/en\/#\/schema\/logo\/image\/\"}}]}<\/script>\n<!-- \/ Yoast SEO plugin. -->","yoast_head_json":{"title":"Frequently asked questions about camping Man\u00e9 Guernehu\u00e9","robots":{"index":"index","follow":"follow","max-snippet":"max-snippet:-1","max-image-preview":"max-image-preview:large","max-video-preview":"max-video-preview:-1"},"canonical":"https:\/\/www.camping-baden.com\/en\/faq\/","og_locale":"en_US","og_type":"article","og_title":"Frequently asked questions about camping Man\u00e9 Guernehu\u00e9","og_url":"https:\/\/www.camping-baden.com\/en\/faq\/","og_site_name":"Man\u00e9 Guernehu\u00e9","article_modified_time":"2026-04-27T07:24:29+00:00","twitter_card":"summary_large_image","schema":{"@context":"https:\/\/schema.org","@graph":[{"@type":"WebPage","@id":"https:\/\/www.camping-baden.com\/en\/faq\/","url":"https:\/\/www.camping-baden.com\/en\/faq\/","name":"Frequently asked questions about camping Man\u00e9 Guernehu\u00e9","isPartOf":{"@id":"https:\/\/www.camping-baden.com\/en\/#website"},"datePublished":"2024-09-16T13:41:27+00:00","dateModified":"2026-04-27T07:24:29+00:00","breadcrumb":{"@id":"https:\/\/www.camping-baden.com\/en\/faq\/#breadcrumb"},"inLanguage":"en-US","potentialAction":[{"@type":"ReadAction","target":["https:\/\/www.camping-baden.com\/en\/faq\/"]}]},{"@type":"BreadcrumbList","@id":"https:\/\/www.camping-baden.com\/en\/faq\/#breadcrumb","itemListElement":[{"@type":"ListItem","position":1,"name":"Camping Golfe du Morbihan","item":"https:\/\/www.camping-baden.com\/en\/"},{"@type":"ListItem","position":2,"name":"FAQ"}]},{"@type":"WebSite","@id":"https:\/\/www.camping-baden.com\/en\/#website","url":"https:\/\/www.camping-baden.com\/en\/","name":"Man\u00e9 Guernehu\u00e9","description":"","publisher":{"@id":"https:\/\/www.camping-baden.com\/en\/#organization"},"potentialAction":[{"@type":"SearchAction","target":{"@type":"EntryPoint","urlTemplate":"https:\/\/www.camping-baden.com\/en\/?s={search_term_string}"},"query-input":{"@type":"PropertyValueSpecification","valueRequired":true,"valueName":"search_term_string"}}],"inLanguage":"en-US"},{"@type":"Organization","@id":"https:\/\/www.camping-baden.com\/en\/#organization","name":"Man\u00e9 Guernehu\u00e9","url":"https:\/\/www.camping-baden.com\/en\/","logo":{"@type":"ImageObject","inLanguage":"en-US","@id":"https:\/\/www.camping-baden.com\/en\/#\/schema\/logo\/image\/","url":"https:\/\/www.camping-baden.com\/wp-content\/uploads\/2024\/08\/logo-camping-mane-guernehue.png","contentUrl":"https:\/\/www.camping-baden.com\/wp-content\/uploads\/2024\/08\/logo-camping-mane-guernehue.png","width":1000,"height":450,"caption":"Man\u00e9 Guernehu\u00e9"},"image":{"@id":"https:\/\/www.camping-baden.com\/en\/#\/schema\/logo\/image\/"}}]}},"_links":{"self":[{"href":"https:\/\/www.camping-baden.com\/en\/wp-json\/wp\/v2\/pages\/12913","targetHints":{"allow":["GET"]}}],"collection":[{"href":"https:\/\/www.camping-baden.com\/en\/wp-json\/wp\/v2\/pages"}],"about":[{"href":"https:\/\/www.camping-baden.com\/en\/wp-json\/wp\/v2\/types\/page"}],"author":[{"embeddable":true,"href":"https:\/\/www.camping-baden.com\/en\/wp-json\/wp\/v2\/users\/1"}],"replies":[{"embeddable":true,"href":"https:\/\/www.camping-baden.com\/en\/wp-json\/wp\/v2\/comments?post=12913"}],"version-history":[{"count":67,"href":"https:\/\/www.camping-baden.com\/en\/wp-json\/wp\/v2\/pages\/12913\/revisions"}],"predecessor-version":[{"id":13808,"href":"https:\/\/www.camping-baden.com\/en\/wp-json\/wp\/v2\/pages\/12913\/revisions\/13808"}],"wp:attachment":[{"href":"https:\/\/www.camping-baden.com\/en\/wp-json\/wp\/v2\/media?parent=12913"}],"wp:term":[{"taxonomy":"sujet","embeddable":true,"href":"https:\/\/www.camping-baden.com\/en\/wp-json\/wp\/v2\/sujet?post=12913"}],"curies":[{"name":"wp","href":"https:\/\/api.w.org\/{rel}","templated":true}]}}