{"id":11149,"date":"2024-08-26T16:10:06","date_gmt":"2024-08-26T14:10:06","guid":{"rendered":"https:\/\/www.camping-baden.com\/home\/"},"modified":"2026-04-29T11:33:17","modified_gmt":"2026-04-29T09:33:17","slug":"home","status":"publish","type":"page","link":"https:\/\/www.camping-baden.com\/en\/","title":{"rendered":"Home"},"content":{"rendered":"<section id=\"ls-section-block_c071e6c95bf55188a6f4f829978ddb30\" class=\"ls-section  home-first\" >\r\n        <div class=\"container container--wide\">\r\n        \n\n<div class=\"wp-block-columns is-layout-flex wp-container-core-columns-is-layout-9d6595d7 wp-block-columns-is-layout-flex\">\n<div class=\"wp-block-column is-layout-flow wp-block-column-is-layout-flow\">\n<div id=\"ls-heading ls-titre-div-block_41ea94999a3ebf8c81d0f6dd3733f836\" class=\"ls-titre-div h1-like has-text-color has-color-2-color\" >\n    <em>Iodine<\/em> escape<\/div>\n<\/div>\n\n\n\n<div class=\"wp-block-column is-layout-flow wp-block-column-is-layout-flow\">\n<h1 class=\"ls__heading wp-block-heading has-color-1-color has-text-color has-link-color wp-elements-3b721df74125efb1e1c0dbec72f44baf\">5-star campsite in the heart of the Golfe du Morbihan &#8211; Pitches &#8211; Rentals &#8211; G\u00eetes &#8211; Lots of activities<\/h1>\n\n\n\n<p class=\"ls-paragraph\">Located in <strong>Southern Brittany<\/strong>, in the heart of the <strong>Gulf of Morbihan<\/strong>, classified as one of the <strong>World&#8217;s Most Beautiful Bays<\/strong>, <strong>between Vannes and Auray<\/strong>, Domaine Man\u00e9 Guernehu\u00e9 welcomes you to a genuine <strong>5-star<\/strong> open-air hotel. Nestled in a vast <strong>20-hectare green park<\/strong>, with 414 pitches, the estate is just <strong>1 km from the sea<\/strong> and <strong>3 km from the beaches<\/strong>, offering an ideal setting for a pleasant vacation in the heart of a region rich in tourist attractions. <\/p>\n\n\n\n<a href=\"https:\/\/www.youtube.com\/watch?v=eVfunAPzejw\" id=\"ls-button-block_e191f5ddd599dfcc00cf407ae6cf4c38\" target=\"\" rel=\"\" class=\"ls-button\" data-fancybox=\"video-block_e191f5ddd599dfcc00cf407ae6cf4c38\">\n    <span>Man\u00e9 Guernehu\u00e9 on video<\/span><i class=\"mane-fleche\"><\/i>\n<\/a><\/div>\n<\/div>\n\n\r\n    <\/div>\r\n<\/section><section id=\"ls-section-block_729c0ba158fce72625af91028d95e3be\" class=\"ls-section  home-second has-background has-color-7-background-color\" >\r\n        <div class=\"container container--full\">\r\n        \n\n<figure class=\"wp-block-gallery has-nested-images columns-default is-cropped wp-block-gallery-1 is-layout-flex wp-block-gallery-is-layout-flex\">\n<figure class=\"wp-block-image size-full animated fadeIn slow\"><a href=\"https:\/\/www.camping-baden.com\/wp-content\/uploads\/2025\/09\/2025-photo-drone-parc-aquatique-1425-800px-min.jpg\"><img decoding=\"async\" width=\"1424\" height=\"800\" data-id=\"12882\" src=\"https:\/\/www.camping-baden.com\/wp-content\/uploads\/2025\/09\/2025-photo-drone-parc-aquatique-1425-800px-min.jpg\" alt=\"photo drone parc aquatique px min\" class=\"wp-image-12882\" srcset=\"https:\/\/www.camping-baden.com\/wp-content\/uploads\/2025\/09\/2025-photo-drone-parc-aquatique-1425-800px-min.jpg 1424w, https:\/\/www.camping-baden.com\/wp-content\/uploads\/2025\/09\/2025-photo-drone-parc-aquatique-1425-800px-min-300x169.jpg 300w, https:\/\/www.camping-baden.com\/wp-content\/uploads\/2025\/09\/2025-photo-drone-parc-aquatique-1425-800px-min-1024x575.jpg 1024w, https:\/\/www.camping-baden.com\/wp-content\/uploads\/2025\/09\/2025-photo-drone-parc-aquatique-1425-800px-min-768x431.jpg 768w\" sizes=\"(max-width: 1424px) 100vw, 1424px\" \/><\/a><\/figure>\n\n\n\n<figure class=\"wp-block-image size-full animated fadeIn delay-100ms slow\"><a href=\"https:\/\/www.camping-baden.com\/wp-content\/uploads\/2024\/10\/2024-parc-aquatique-Studio-4k-192.webp\"><img decoding=\"async\" width=\"1000\" height=\"1121\" data-id=\"10019\" src=\"https:\/\/www.camping-baden.com\/wp-content\/uploads\/2024\/10\/2024-parc-aquatique-Studio-4k-192.webp\" alt=\"morbihan water park\" class=\"wp-image-10019\" srcset=\"https:\/\/www.camping-baden.com\/wp-content\/uploads\/2024\/10\/2024-parc-aquatique-Studio-4k-192.webp 1000w, https:\/\/www.camping-baden.com\/wp-content\/uploads\/2024\/10\/2024-parc-aquatique-Studio-4k-192-268x300.webp 268w, https:\/\/www.camping-baden.com\/wp-content\/uploads\/2024\/10\/2024-parc-aquatique-Studio-4k-192-913x1024.webp 913w, https:\/\/www.camping-baden.com\/wp-content\/uploads\/2024\/10\/2024-parc-aquatique-Studio-4k-192-768x861.webp 768w\" sizes=\"(max-width: 1000px) 100vw, 1000px\" \/><\/a><\/figure>\n<\/figure>\n\n\n\n<figure class=\"wp-block-image size-full carte-morbihan animated fadeIn delay-200ms slow\"><img decoding=\"async\" src=\"https:\/\/www.camping-baden.com\/wp-content\/uploads\/2024\/08\/carte-morbihan-camping-mane-guernehue.webp\" alt=\"map-morbihan-camping-mane-guernehue\" class=\"wp-image-514\"\/><\/figure>\n\n\r\n    <\/div>\r\n<\/section><section id=\"ls-section-block_27942ef5256e24506a470bce00bfeb6f\" class=\"ls-section  home-third\" >\r\n        <div class=\"container container--full\">\r\n        \n\n<div class=\"wp-block-columns wp-block-columns__text is-layout-flex wp-container-core-columns-is-layout-9d6595d7 wp-block-columns-is-layout-flex\">\n<div class=\"wp-block-column is-layout-flow wp-block-column-is-layout-flow\">\n<div class=\"icone\"><i class=\"mane-g\"><\/i><\/div>\n\n\n\n<h2 class=\"ls__heading wp-block-heading has-text-align-center has-color-1-color has-text-color has-link-color wp-elements-d6ea0acf628e63c0dc9b1ebf31d30e3f\">A campsite with a heated XXL water park in Baden<\/h2>\n\n\n\n<p class=\"ls-paragraph has-text-align-center\">The <a href=\"https:\/\/www.camping-baden.com\/en\/campsite-water-park-baden\/\">campsite&#8217;s water park<\/a> promises unforgettable <strong>fun <\/strong>and <strong>relaxation <\/strong>. Open throughout the campsite&#8217;s opening period, it features a <strong>large heated outdoor area <\/strong>and a <a href=\"https:\/\/www.camping-baden.com\/en\/campsite-water-park-baden\/#piscine\">heated indoor pool<\/a> with waterslide. Located <strong>right in the heart of the campsite<\/strong> and covering <strong>3800 m\u00b2<\/strong>, the<strong> XXL water park<\/strong> is sure to delight young and old alike, in a <strong>safe and friendly atmosphere<\/strong>. Enjoy endless fun for all ages, combining <a href=\"https:\/\/www.camping-baden.com\/en\/campsite-water-park-baden\/#aqualudique\">water games<\/a>,<strong> relaxation <\/strong>and <strong>swimming<\/strong>!   <\/p>\n\n\n\n<p class=\"ls-paragraph has-text-align-center\"><strong>Sensations guaranteed on over 380 metres of descent: discover our new slides!<\/strong><\/p>\n\n\n\n<a href=\"https:\/\/www.youtube.com\/watch?v=Twizr7Ojc10\" id=\"ls-button-block_dce8a97723192ed1e41c8ad14599e792\" target=\"_blank\" rel=\"\" class=\"ls-button\" data-fancybox=\"video-block_dce8a97723192ed1e41c8ad14599e792\">\n    <span>See the new slides on video<\/span><i class=\"mane-fleche\"><\/i>\n<\/a>\n\n\n<p class=\"ls-paragraph has-text-align-center\"><\/p>\n\n\n\n<p class=\"ls-paragraph\"><\/p>\n<\/div>\n<\/div>\n\n\n\n<div id=\"ls-maillage-block_44481ef17120c2691dd74cd8c5b76f8d\" class=\"ls-maillage animated fadeIn slow cta-style-normal\" data-rows=\"3\">\n\n    <div class=\"wp-block-columns\"><div class=\"wp-block-column\">\n\n<a href=\"https:\/\/www.camping-baden.com\/en\/campsite-water-park-baden\/#piscine\" target=\"\" rel=\"noopener\" class=\"ls-cta__link\" data-categ=\"\">\n\t<div class=\"ls-cta__image\"><img decoding=\"async\" src=\"https:\/\/www.camping-baden.com\/wp-content\/uploads\/2024\/10\/2018-espace-aquatique-YV-37.webp\" alt=\"espace aquatique YV ()\"><\/div>\n\t<div class=\"ls-cta__title\">\n\t\tHeated indoor pool\t\t<i class=\"mane-fleche\"><\/i>\n\t<\/div>\n\n\t\n\t<\/a><\/div><div class=\"wp-block-column\">\n\n<a href=\"https:\/\/www.camping-baden.com\/en\/campsite-water-park-baden\/#aqualudique\" target=\"\" rel=\"noopener\" class=\"ls-cta__link\" data-categ=\"\">\n\t<div class=\"ls-cta__image\"><img decoding=\"async\" src=\"https:\/\/www.camping-baden.com\/wp-content\/uploads\/2024\/10\/2018-piscine-ete-8.webp\" alt=\"summer pool ()\"><\/div>\n\t<div class=\"ls-cta__title\">\n\t\tWater park\t\t<i class=\"mane-fleche\"><\/i>\n\t<\/div>\n\n\t\n\t<\/a><\/div><div class=\"wp-block-column\">\n\n<a href=\"https:\/\/www.camping-baden.com\/en\/campsite-water-park-baden\/#toboggans\" target=\"\" rel=\"noopener\" class=\"ls-cta__link\" data-categ=\"\">\n\t<div class=\"ls-cta__image\"><img decoding=\"async\" src=\"https:\/\/www.camping-baden.com\/wp-content\/uploads\/2025\/12\/2025-camping-mane-guernehue-nouveaux-toboggans-avec-ciel-2000px-1124px-min.jpg\" alt=\"Camping Man\u00e9 Guernehu\u00e9 new large slides\"><\/div>\n\t<div class=\"ls-cta__title\">\n\t\tNew slides\t\t<i class=\"mane-fleche\"><\/i>\n\t<\/div>\n\n\t\n\t<\/a><\/div><\/div>\n<\/div>\n\r\n    <\/div>\r\n<\/section><section id=\"ls-section-block_904679cd2f09df6f489fae25c13e9e18\" class=\"ls-section  home-fourth\" >\r\n        <div class=\"container container--wide\">\r\n        \n\n<div class=\"wp-block-columns is-layout-flex wp-container-core-columns-is-layout-9d6595d7 wp-block-columns-is-layout-flex\">\n<div class=\"wp-block-column is-layout-flow wp-block-column-is-layout-flow\">\n<div id=\"ls-cta-block_7e535a098b7a9a7b5ef2bd13245124d2\" class=\"ls-cta animated fadeIn slow\">  \n    \n\n<a href=\"https:\/\/www.camping-baden.com\/en\/mobile-home-and-chalet-rental-baden\/\" target=\"\" rel=\"noopener\" class=\"ls-cta__link\" data-categ=\"\">\n\t<div class=\"ls-cta__image\"><img decoding=\"async\" src=\"https:\/\/www.camping-baden.com\/wp-content\/uploads\/2024\/10\/2024-terrasses-de-mane-Studio-4k-68-1.webp\" alt=\"terrasses de mane\"><\/div>\n\t<div class=\"ls-cta__title\">\n\t\tMobil-homes\t\t<i class=\"mane-fleche\"><\/i>\n\t<\/div>\n\n\t\n\t<\/a><\/div>\n\n\n<div class=\"wp-block-columns is-layout-flex wp-container-core-columns-is-layout-9d6595d7 wp-block-columns-is-layout-flex\">\n<div class=\"wp-block-column text is-layout-flow wp-block-column-is-layout-flow\">\n<h2 class=\"ls__heading wp-block-heading has-color-1-color has-text-color has-link-color wp-elements-72cfb925d6d55ccead9204ead4ab4928\">Take advantage of a wide choice of accommodation for rent in Morbihan<\/h2>\n\n\n\n<p class=\"ls-paragraph\">For vacations <strong>with the family<\/strong>, <strong>as a couple<\/strong> or <strong>with friends<\/strong>, we offer<strong> comfortable, relaxing stays <\/strong>on <a href=\"https:\/\/www.camping-baden.com\/en\/pitches-baden\/\">spacious, shaded pitches for tents, caravans or motorhomes<\/a>, or in <strong>quality accommodation<\/strong> such as<a href=\"https:\/\/www.camping-baden.com\/en\/mobile-home-and-chalet-rental-baden\/\"> mobile homes<\/a>, <a href=\"https:\/\/www.camping-baden.com\/en\/gites-for-rent-baden\/\">g\u00eetes<\/a> or <a href=\"https:\/\/www.camping-baden.com\/en\/rental-ecogite-baden\/\">apartments<\/a>. We guarantee you stays that combine relaxation and comfort, <a href=\"https:\/\/www.camping-baden.com\/en\/special-offers-camping-baden\/\">at the best value for money<\/a>, with options designed to <strong>meet all your needs<\/strong> and provide a <strong>pleasant, memorable experience<\/strong>. Your <strong>well-being<\/strong> and <strong>satisfaction<\/strong> are our top priorities.  <\/p>\n<\/div>\n<\/div>\n<\/div>\n\n\n\n<div class=\"wp-block-column is-layout-flow wp-block-column-is-layout-flow\">\n<div id=\"ls-cta-block_fe0cb73c61d083e4fd31d75ba94eca36\" class=\"ls-cta animated fadeIn delay-100ms slow\">  \n    \n\n<a href=\"https:\/\/www.camping-baden.com\/en\/gites-for-rent-baden\/\" target=\"\" rel=\"noopener\" class=\"ls-cta__link\" data-categ=\"\">\n\t<div class=\"ls-cta__image\"><img decoding=\"async\" src=\"https:\/\/www.camping-baden.com\/wp-content\/uploads\/2024\/09\/grange-exterieur-HD-2.webp\" alt=\"HD outdoor barn\"><\/div>\n\t<div class=\"ls-cta__title\">\n\t\tG\u00eetes\t\t<i class=\"mane-fleche\"><\/i>\n\t<\/div>\n\n\t\n\t<\/a><\/div>\n\n\n<div id=\"ls-cta-block_58879fe43acf1c1f70081c45db13ffca\" class=\"ls-cta animated fadeIn delay-200ms slow\">  \n    \n\n<a href=\"https:\/\/www.camping-baden.com\/en\/pitches-baden\/\" target=\"\" rel=\"noopener\" class=\"ls-cta__link\" data-categ=\"\">\n\t<div class=\"ls-cta__image\"><img decoding=\"async\" src=\"https:\/\/www.camping-baden.com\/wp-content\/uploads\/2024\/10\/emplacement-camping-baden.webp\" alt=\"location camping baden\"><\/div>\n\t<div class=\"ls-cta__title\">\n\t\tPitches\t\t<i class=\"mane-fleche\"><\/i>\n\t<\/div>\n\n\t\n\t<\/a><\/div><\/div>\n\n\n\n<div class=\"wp-block-column is-vertically-aligned-bottom is-layout-flow wp-block-column-is-layout-flow\">\n<div id=\"ls-heading ls-titre-div-block_136ed1039aa4be60583e4e8483a2584f\" class=\"ls-titre-div h1-like has-text-color has-color-2-color\" >\n    <em>A peaceful<\/em> night<\/div>\n\n\n\n<p class=\"ls-paragraph has-text-align-right promos\"><a href=\"https:\/\/www.camping-baden.com\/en\/special-offers-camping-baden\/\"><strong>Special offers!<\/strong><\/a><\/p>\n\n\n\n<div id=\"ls-cta-block_f240482f39dbca8c0ccc4de7a34996f2\" class=\"ls-cta animated fadeIn delay-500ms slow\">  \n    \n\n<a href=\"https:\/\/www.camping-baden.com\/en\/pitches-baden\/#emplacements-3-avec-sanitaires-prives\" target=\"\" rel=\"noopener\" class=\"ls-cta__link\" data-categ=\"\">\n\t<div class=\"ls-cta__image\"><img decoding=\"async\" src=\"https:\/\/www.camping-baden.com\/wp-content\/uploads\/2024\/10\/emplacements-sanitaires-prives-camping-mane-guernehue.webp\" alt=\"private sanitary pitches camping mane guernehue\"><\/div>\n\t<div class=\"ls-cta__title\">\n\t\tEmplacements avec sanitaires priv\u00e9s\t\t<i class=\"mane-fleche\"><\/i>\n\t<\/div>\n\n\t\n\t<\/a><\/div><\/div>\n<\/div>\n\n\r\n    <\/div>\r\n<\/section><section id=\"ls-section-block_c085e308f4a0dcf56d0a5719d8d00207\" class=\"ls-section  home-fifth has-background has-color-4-background-color\" >\r\n        <div class=\"container container--wide\">\r\n        \n\n<div class=\"wp-block-columns first is-layout-flex wp-container-core-columns-is-layout-9d6595d7 wp-block-columns-is-layout-flex\">\n<div class=\"wp-block-column is-vertically-aligned-bottom is-layout-flow wp-block-column-is-layout-flow\" style=\"flex-basis:32%\">\n<div id=\"ls-heading ls-titre-div-block_251429db5e63ac14e258e745d914d4f7\" class=\"ls-titre-div h1-like has-text-color has-color-2-color\" >\n    Awaken <em>yourfingers<\/em><\/div>\n<\/div>\n\n\n\n<div class=\"wp-block-column is-layout-flow wp-block-column-is-layout-flow\" style=\"flex-basis:68%\">\n<h2 class=\"ls__heading wp-block-heading has-color-1-color has-text-color has-link-color wp-elements-1f69312a007ba26f0f3963c38b9e9959\">Restaurant, snack bar and bar for a taste of Brittany<\/h2>\n\n\n\n<p class=\"ls-paragraph\">Throughout the season, <a href=\"https:\/\/www.camping-baden.com\/en\/restaurant-and-bar-in-baden\/\">the Le Petit V\u00e9zit restaurant<\/a> offers a full range of services to enhance your stay. Enjoy an<strong>\u00e0 la carte meal<\/strong> or <strong>pizza in the restaurant <\/strong>or on the <strong>poolside terrace<\/strong>, savor <strong>cr\u00eapes<\/strong> and <strong>galettes<\/strong> or opt for <a href=\"https:\/\/www.camping-baden.com\/en\/restaurant-and-bar-in-baden\/#snack\">pizzas and takeaways at the snack bar<\/a>. In the evening, <a href=\"https:\/\/www.camping-baden.com\/en\/restaurant-and-bar-in-baden\/#bar\">relax at the bar<\/a> and join in the <strong>lively evening entertainment<\/strong> for a <strong>convivial experience<\/strong>, synonymous with a successful vacation.  <\/p>\n<\/div>\n<\/div>\n\n\n\n<div class=\"wp-block-columns are-vertically-aligned-bottom second is-layout-flex wp-container-core-columns-is-layout-9d6595d7 wp-block-columns-is-layout-flex\">\n<div class=\"wp-block-column is-vertically-aligned-bottom is-layout-flow wp-block-column-is-layout-flow\">\n<div id=\"ls-cta-block_aa03d3a76f52bb6e7bfde62d9799d636\" class=\"ls-cta animated fadeIn slow\">  \n    \n\n<a href=\"https:\/\/www.camping-baden.com\/en\/restaurant-and-bar-in-baden\/#bar\" target=\"\" rel=\"noopener\" class=\"ls-cta__link\" data-categ=\"\">\n\t<div class=\"ls-cta__image\"><img decoding=\"async\" src=\"https:\/\/www.camping-baden.com\/wp-content\/uploads\/2024\/09\/2019-snack-YV-1.webp\" alt=\"snack YV ()\"><\/div>\n\t<div class=\"ls-cta__title\">\n\t\tBar restaurant\t\t<i class=\"mane-fleche\"><\/i>\n\t<\/div>\n\n\t\n\t<\/a><\/div><\/div>\n\n\n\n<div class=\"wp-block-column is-vertically-aligned-bottom is-layout-flow wp-block-column-is-layout-flow\">\n<div id=\"ls-cta-block_b4db44e096319d8d75dae5bec01960d7\" class=\"ls-cta animated fadeIn delay-100ms slow\">  \n    \n\n<a href=\"https:\/\/www.camping-baden.com\/wp-content\/uploads\/2024\/10\/2026-carte-restau-snack-page-a-page_compressed.pdf\" target=\"\" rel=\"noopener\" class=\"ls-cta__link\" data-categ=\"\">\n\t<div class=\"ls-cta__image\"><img decoding=\"async\" src=\"https:\/\/www.camping-baden.com\/wp-content\/uploads\/2024\/10\/camping-restaurant-terrasse.webp\" alt=\"camping restaurant terrasse\"><\/div>\n\t<div class=\"ls-cta__title\">\n\t\tSnack\t\t<i class=\"mane-fleche\"><\/i>\n\t<\/div>\n\n\t\n\t<\/a><\/div>\n\n\n<a href=\"https:\/\/www.camping-baden.com\/wp-content\/uploads\/2024\/10\/2026-menu-snack.pdf\" id=\"ls-button-block_d51da3df1ac510edd177997aaabd2b87\" target=\"_blank\" rel=\"\" class=\"ls-button\" >\n    <span>Restaurant menu<\/span><i class=\"mane-fleche\"><\/i>\n<\/a>\n\n\n<a href=\"https:\/\/www.camping-baden.com\/wp-content\/uploads\/2024\/10\/2025-Menu-a-emporter-web.pdf\" id=\"ls-button-block_0edd1aea5e094b0bdaf1f64b4b2b16bc\" target=\"_blank\" rel=\"\" class=\"ls-button\" >\n    <span>The snack takeaway menu<\/span><i class=\"mane-fleche\"><\/i>\n<\/a><\/div>\n\n\n\n<div class=\"wp-block-column is-vertically-aligned-bottom is-layout-flow wp-block-column-is-layout-flow\">\n<figure class=\"wp-block-image size-full animated fadeIn delay-200ms slow\"><a href=\"https:\/\/www.camping-baden.com\/wp-content\/uploads\/2024\/10\/cocktail-au-bord-de-la-piscine.webp\"><img decoding=\"async\" width=\"1000\" height=\"994\" src=\"https:\/\/www.camping-baden.com\/wp-content\/uploads\/2024\/10\/cocktail-au-bord-de-la-piscine.webp\" alt=\"cocktails by the pool\" class=\"wp-image-10031\" srcset=\"https:\/\/www.camping-baden.com\/wp-content\/uploads\/2024\/10\/cocktail-au-bord-de-la-piscine.webp 1000w, https:\/\/www.camping-baden.com\/wp-content\/uploads\/2024\/10\/cocktail-au-bord-de-la-piscine-300x298.webp 300w, https:\/\/www.camping-baden.com\/wp-content\/uploads\/2024\/10\/cocktail-au-bord-de-la-piscine-150x150.webp 150w, https:\/\/www.camping-baden.com\/wp-content\/uploads\/2024\/10\/cocktail-au-bord-de-la-piscine-768x763.webp 768w\" sizes=\"(max-width: 1000px) 100vw, 1000px\" \/><\/a><\/figure>\n<\/div>\n<\/div>\n\n\r\n    <\/div>\r\n<\/section><section id=\"ls-section-block_bbed5006d0466393d939c272ccc2e90d\" class=\"ls-section  home-sixth\" >\r\n        <div class=\"container container--full\">\r\n        \n\n<div class=\"wp-block-columns first is-layout-flex wp-container-core-columns-is-layout-9d6595d7 wp-block-columns-is-layout-flex\">\n<div class=\"wp-block-column text is-layout-flow wp-block-column-is-layout-flow\" style=\"flex-basis:52.5%\">\n<h2 class=\"ls__heading wp-block-heading has-color-1-color has-text-color has-link-color wp-elements-1fdb9e0846944f40734471665888f812\">Enjoy an ocean of services at the Baden campsite<\/h2>\n\n\n\n<p class=\"ls-paragraph\"><a href=\"https:\/\/www.camping-baden.com\/en\/family-campsite-baden\/\">Camping Man\u00e9 Guernehu\u00e9 offers a wide range of services<\/a> to ensure your stay is as pleasant as possible. A <strong>free shuttle bus<\/strong> takes you to the town of Baden, to the beach or to the Port Blanc pier for the islands in summer. The campsite <strong>accepts pets<\/strong> on pitches and in mobile homes, with some exceptions (certain Premium mobile homes and gites). All sanitary facilities and services are accessible to the <strong>disabled<\/strong>. <a href=\"https:\/\/www.camping-baden.com\/en\/mobile-home-and-chalet-rental-baden\/#mobil-home-PMR\">A specially adapted mobile home for disabled people <\/a>is also available.   <\/p>\n\n\n\n<a href=\"https:\/\/www.camping-baden.com\/en\/family-campsite-baden\/\" id=\"ls-button-block_0ac2b86f645a0975f645ddee5561dbdf\" target=\"\" rel=\"\" class=\"ls-button\" >\n    <span>Services<\/span><i class=\"mane-fleche\"><\/i>\n<\/a><\/div>\n\n\n\n<div class=\"wp-block-column is-layout-flow wp-block-column-is-layout-flow\" style=\"flex-basis:47.5%\">\n<figure class=\"wp-block-image size-full animated fadeIn slow\"><a href=\"https:\/\/www.camping-baden.com\/wp-content\/uploads\/2025\/09\/2025-equipe-1079-750px.jpg\"><img decoding=\"async\" width=\"1079\" height=\"750\" src=\"https:\/\/www.camping-baden.com\/wp-content\/uploads\/2025\/09\/2025-equipe-1079-750px.jpg\" alt=\"The Camping Man&#xE9; Guernehu&#xE9; 2025 team\" class=\"wp-image-12827\" srcset=\"https:\/\/www.camping-baden.com\/wp-content\/uploads\/2025\/09\/2025-equipe-1079-750px.jpg 1079w, https:\/\/www.camping-baden.com\/wp-content\/uploads\/2025\/09\/2025-equipe-1079-750px-300x209.jpg 300w, https:\/\/www.camping-baden.com\/wp-content\/uploads\/2025\/09\/2025-equipe-1079-750px-1024x712.jpg 1024w, https:\/\/www.camping-baden.com\/wp-content\/uploads\/2025\/09\/2025-equipe-1079-750px-768x534.jpg 768w\" sizes=\"(max-width: 1079px) 100vw, 1079px\" \/><\/a><\/figure>\n<\/div>\n<\/div>\n\n\n\n<div class=\"wp-block-columns are-vertically-aligned-center is-layout-flex wp-container-core-columns-is-layout-9d6595d7 wp-block-columns-is-layout-flex\">\n<div class=\"wp-block-column is-vertically-aligned-center is-layout-flow wp-block-column-is-layout-flow\" style=\"flex-basis:20%\">\n<div id=\"ls-heading ls-titre-div-block_428f09581f69abfc4cef6ae65e4b8e77\" class=\"ls-titre-div h1-like has-text-color has-color-2-color\" >\n    At your <em>service<\/em><\/div>\n<\/div>\n\n\n\n<div class=\"wp-block-column is-vertically-aligned-center is-layout-flow wp-block-column-is-layout-flow\" style=\"flex-basis:80%\">\n<div class=\"wp-block-columns services is-layout-flex wp-container-core-columns-is-layout-9d6595d7 wp-block-columns-is-layout-flex\">\n<div class=\"wp-block-column animated fadeInUp slow is-layout-flow wp-block-column-is-layout-flow\">\n<i class=\"mane-panier\"><\/i>\n\n\n\n<p class=\"ls-paragraph has-text-align-center has-color-1-color has-text-color has-link-color wp-elements-9da777d560b06066c5e4b4f6df7521c4\">Sup\u00e9rette<\/p>\n<\/div>\n\n\n\n<div class=\"wp-block-column animated fadeInUp slow delay-100ms is-layout-flow wp-block-column-is-layout-flow\">\n<i class=\"mane-panier-a-linge\"><\/i>\n\n\n\n<p class=\"ls-paragraph has-text-align-center has-color-1-color has-text-color has-link-color wp-elements-5d68dd36b4f26ead297912be66028b10\">Laundry<br\/>automatic<\/p>\n<\/div>\n\n\n\n<div class=\"wp-block-column animated fadeInUp delay-200ms slow is-layout-flow wp-block-column-is-layout-flow\">\n<i class=\"mane-velo\"><\/i>\n\n\n\n<p class=\"ls-paragraph has-text-align-center has-color-1-color has-text-color has-link-color wp-elements-d5658dfd9d4899b151ec0de148e1994f\">Bike hire &amp; <br\/>electric bikes<\/p>\n<\/div>\n\n\n\n<div class=\"wp-block-column animated fadeInUp delay-500ms slow is-layout-flow wp-block-column-is-layout-flow\">\n<i class=\"mane-connexion-wifi\"><\/i>\n\n\n\n<p class=\"ls-paragraph has-text-align-center has-color-1-color has-text-color has-link-color wp-elements-3c18de8fa78ef1d879b478a54817eaed\">Free wifi<\/p>\n<\/div>\n\n\n\n<div class=\"wp-block-column animated fadeInUp delay-100ms slower is-layout-flow wp-block-column-is-layout-flow\">\n<i class=\"mane-voiture-electrique\"><\/i>\n\n\n\n<p class=\"ls-paragraph has-text-align-center has-color-1-color has-text-color has-link-color wp-elements-2584c6e1559c25b2f977403540fc6c8e\">Electric <br\/>vehicle<\/p>\n<\/div>\n\n\n\n<div class=\"wp-block-column animated fadeInUp delay-200ms slower is-layout-flow wp-block-column-is-layout-flow\">\n<i class=\"mane-autobus-1\"><\/i>\n\n\n\n<p class=\"ls-paragraph has-text-align-center has-color-1-color has-text-color has-link-color wp-elements-0705e270fde5c77fc776717d031f2bdf\">Free summer shuttle<br\/><\/p>\n<\/div>\n<\/div>\n<\/div>\n<\/div>\n\n\r\n    <\/div>\r\n<\/section><section id=\"ls-section-block_46a9279d6a7cf9df26a8e050a294ec05\" class=\"ls-section  home-seventh has-background has-color-4-background-color has-m-b m-b-10\" >\r\n        <div class=\"container container--full\">\r\n        \n\n<div class=\"wp-block-columns first is-layout-flex wp-container-core-columns-is-layout-9d6595d7 wp-block-columns-is-layout-flex\">\n<div class=\"wp-block-column is-layout-flow wp-block-column-is-layout-flow\" style=\"flex-basis:66.66%\">\n<div class=\"icone\"><i class=\"mane-g\"><\/i><\/div>\n\n\n\n<h2 class=\"ls__heading wp-block-heading has-text-align-center has-color-1-color has-text-color has-link-color wp-elements-e365cc3fdaca7206ede749e04c7feda4\">Relax at the campsite spa in the Gulf of Morbihan<br\/><\/h2>\n\n\n\n<p class=\"ls-paragraph has-text-align-center\">Enjoy moments of<strong> relaxation<\/strong> and<strong> recharge your batteries <\/strong>during your vacation at the <a href=\"https:\/\/www.camping-baden.com\/en\/camping-spa-well-being-baden\/\">Spa Douc&#8217;Heure du Golfe<\/a>, located in the heart of the campsite. <strong>Open to all<\/strong>, all season long, this haven of peace offers you an <strong>experience of total well-being<\/strong> in soothing surroundings. Enjoy a relaxing atmosphere and let yourself be pampered by our beautician with <a href=\"https:\/\/www.camping-baden.com\/en\/camping-spa-well-being-baden\/#soin-esthetique\">facial and body treatments<\/a>, as well as beauty massages for a true Zen interlude. <\/p>\n\n\n\n<a href=\"https:\/\/www.camping-baden.com\/wp-content\/uploads\/2024\/10\/2025-brochure-du-spa-baden_compressed.pdf\" id=\"ls-button-block_d9004e3af783d889bb96a5c50b151c3a\" target=\"_blank\" rel=\"\" class=\"ls-button\" >\n    <span>See the new treatment menu<\/span><i class=\"mane-fleche\"><\/i>\n<\/a><\/div>\n\n\n\n<div class=\"wp-block-column is-layout-flow wp-block-column-is-layout-flow\" style=\"flex-basis:33.33%\">\n<div id=\"ls-heading ls-titre-div-block_8b168a4e5b85e37ce7e6fe8753ad62d7\" class=\"ls-titre-div h1-like has-text-color has-color-2-color\" >\n    <em>Absolute<\/em> relaxation<\/div>\n<\/div>\n<\/div>\n\n\n\n<div id=\"ls-maillage-block_7ce79e392a10edcc5357f00128af960a\" class=\"ls-maillage cta-style-normal\" data-rows=\"3\">\n\n    <div class=\"wp-block-columns\"><div class=\"wp-block-column\">\n\n<a href=\"https:\/\/www.camping-baden.com\/en\/camping-spa-well-being-baden\/#detente\" target=\"\" rel=\"noopener\" class=\"ls-cta__link\" data-categ=\"\">\n\t<div class=\"ls-cta__image\"><img decoding=\"async\" src=\"https:\/\/www.camping-baden.com\/wp-content\/uploads\/2024\/09\/spa-camping-baden.webp\" alt=\"spa camping baden\"><\/div>\n\t<div class=\"ls-cta__title\">\n\t\tRelaxation area\t\t<i class=\"mane-fleche\"><\/i>\n\t<\/div>\n\n\t\n\t<\/a><\/div><div class=\"wp-block-column\">\n\n<a href=\"https:\/\/www.camping-baden.com\/en\/camping-spa-well-being-baden\/#massage\" target=\"\" rel=\"noopener\" class=\"ls-cta__link\" data-categ=\"\">\n\t<div class=\"ls-cta__image\"><img decoding=\"async\" src=\"https:\/\/www.camping-baden.com\/wp-content\/uploads\/2024\/09\/spa-massage-soins-camping-golfe-morbihan.webp\" alt=\"spa massage treatments camping golfe morbihan\"><\/div>\n\t<div class=\"ls-cta__title\">\n\t\tMassage area  \t\t<i class=\"mane-fleche\"><\/i>\n\t<\/div>\n\n\t\n\t<\/a><\/div><div class=\"wp-block-column\">\n\n<a href=\"https:\/\/www.camping-baden.com\/wp-content\/uploads\/2024\/08\/2022-brochure-spa.pdf\" target=\"_blank\" rel=\"noopener\" class=\"ls-cta__link\" data-categ=\"\">\n\t<div class=\"ls-cta__image\"><img decoding=\"async\" src=\"https:\/\/www.camping-baden.com\/wp-content\/uploads\/2024\/10\/camping-spa-morbihan.webp\" alt=\"camping spa morbihan\"><\/div>\n\t<div class=\"ls-cta__title\">\n\t\tBeauty care area\t\t<i class=\"mane-fleche\"><\/i>\n\t<\/div>\n\n\t\n\t<\/a><\/div><\/div>\n<\/div>\n\r\n    <\/div>\r\n<\/section><section id=\"ls-section-block_a5115cd8bb0ec05257d6be9507526226\" class=\"ls-section  home-eighth has-m-t m-t-10 has-p-t p-t-18 has-p-b p-b-10\" >\r\n        <div class=\"container container--full\">\r\n        \n\n<div class=\"wp-block-columns are-vertically-aligned-center is-layout-flex wp-container-core-columns-is-layout-9d6595d7 wp-block-columns-is-layout-flex\">\n<div class=\"wp-block-column is-vertically-aligned-center is-layout-flow wp-block-column-is-layout-flow\" style=\"flex-basis:33.33%\">\n<div id=\"ls-heading ls-titre-div-block_ff85395cb608730659e56ffa0d0df8b8\" class=\"ls-titre-div h1-like has-text-color has-color-2-color\" >\n    Fitness &amp; <em>Happiness<\/em><\/div>\n\n\n\n<div class=\"wp-block-columns is-layout-flex wp-container-core-columns-is-layout-9d6595d7 wp-block-columns-is-layout-flex\">\n<div class=\"wp-block-column text is-layout-flow wp-block-column-is-layout-flow\">\n<h2 class=\"ls__heading wp-block-heading has-color-1-color has-text-color has-link-color wp-elements-4f3cd477cf89d36e8a5d546d133cf03e\"><strong>Activities and entertainment for all:<\/strong> fitness and fun at the Baden campsite<\/h2>\n\n\n\n<p class=\"ls-paragraph has-text-align-left\">There&#8217;s something for everyone at camping Man\u00e9 Guernehu\u00e9, with a <a href=\"https:\/\/www.camping-baden.com\/en\/campsite-family-entertainment-baden\/\">wide choice of activities and entertainment for all ages<\/a> and tastes. There are plenty of <a href=\"https:\/\/www.camping-baden.com\/en\/camping-children-teens-activities-baden\/\">games and activities for the youngest<\/a> guests: children have fun at the Kids Club and on the playgrounds, while teenagers enjoy varied and entertaining programs at the Teen Club. Our <a href=\"https:\/\/www.camping-baden.com\/en\/campsite-family-entertainment-baden\/#animations\">entertainment team will liven up your days and evenings<\/a> and set the pace for your vacation, making every moment a joyful and convivial experience!    <span id=\"docs-internal-guid-6f378f52-7fff-79c7-088f-1f9a915cc2b5\"><\/span><\/p>\n<\/div>\n<\/div>\n<\/div>\n\n\n\n<div class=\"wp-block-column is-vertically-aligned-center is-layout-flow wp-block-column-is-layout-flow\" style=\"flex-basis:66.66%\">\n<div id=\"ls-maillage-block_42979dce80fee1037557645a13a70db8\" class=\"ls-maillage animated fadeIn slow cta-style-normal\" data-rows=\"5\">\n\n    <div class=\"wp-block-columns\"><div class=\"wp-block-column\">\n\n<a href=\"https:\/\/www.camping-baden.com\/en\/camping-children-teens-activities-baden\/\" target=\"\" rel=\"noopener\" class=\"ls-cta__link\" data-categ=\"\">\n\t<div class=\"ls-cta__image\"><img decoding=\"async\" src=\"https:\/\/www.camping-baden.com\/wp-content\/uploads\/2024\/10\/club-enfants-mini-disco.webp\" alt=\"kids' club mini disco\"><\/div>\n\t<div class=\"ls-cta__title\">\n\t\tGames and activities for kids and teens\t\t<i class=\"mane-fleche\"><\/i>\n\t<\/div>\n\n\t\n\t<\/a><\/div><div class=\"wp-block-column\">\n\n<a href=\"https:\/\/www.camping-baden.com\/en\/campsite-family-entertainment-baden\/\" target=\"\" rel=\"noopener\" class=\"ls-cta__link\" data-categ=\"\">\n\t<div class=\"ls-cta__image\"><img decoding=\"async\" src=\"https:\/\/www.camping-baden.com\/wp-content\/uploads\/2024\/10\/2024-parcours-aventure.webp\" alt=\"adventure trail\"><\/div>\n\t<div class=\"ls-cta__title\">\n\t\tFamily activities and entertainment\t\t<i class=\"mane-fleche\"><\/i>\n\t<\/div>\n\n\t\n\t<\/a><\/div><div class=\"wp-block-column\">\n\n<a href=\"https:\/\/www.camping-baden.com\/en\/campsite-family-entertainment-baden\/#infrastructure-sportive\" target=\"\" rel=\"noopener\" class=\"ls-cta__link\" data-categ=\"\">\n\t<div class=\"ls-cta__image\"><img decoding=\"async\" src=\"https:\/\/www.camping-baden.com\/wp-content\/uploads\/2024\/10\/terrain-multi-sports.webp\" alt=\"multi-sports ground\"><\/div>\n\t<div class=\"ls-cta__title\">\n\t\tSports facilities\t\t<i class=\"mane-fleche\"><\/i>\n\t<\/div>\n\n\t\n\t<\/a><\/div><div class=\"wp-block-column\">\n\n<a href=\"https:\/\/www.camping-baden.com\/en\/campsite-family-entertainment-baden\/#animations\" target=\"\" rel=\"noopener\" class=\"ls-cta__link\" data-categ=\"\">\n\t<div class=\"ls-cta__image\"><img decoding=\"async\" src=\"https:\/\/www.camping-baden.com\/wp-content\/uploads\/2024\/10\/ete-sports-stretching-camping-mane-guernehue.webp\" alt=\"summer sports stretching camping mane guernehue\"><\/div>\n\t<div class=\"ls-cta__title\">\n\t\tEntertainment\t\t<i class=\"mane-fleche\"><\/i>\n\t<\/div>\n\n\t\n\t<\/a><\/div><div class=\"wp-block-column\">\n\n<a href=\"https:\/\/www.camping-baden.com\/en\/activities-in-baden\/\" target=\"\" rel=\"noopener\" class=\"ls-cta__link\" data-categ=\"\">\n\t<div class=\"ls-cta__image\"><img decoding=\"async\" src=\"https:\/\/www.camping-baden.com\/wp-content\/uploads\/2024\/10\/activites-nautiques-baden.webp\" alt=\"nautical activities baden\"><\/div>\n\t<div class=\"ls-cta__title\">\n\t\tActivities near the campsite\t\t<i class=\"mane-fleche\"><\/i>\n\t<\/div>\n\n\t\n\t<\/a><\/div><\/div>\n<\/div><\/div>\n<\/div>\n\n\r\n    <\/div>\r\n<\/section><section id=\"ls-section-block_8e17fe63ef47f082f60ea267d79438cc\" class=\"ls-section  home-ninth has-background has-color-4-background-color\" >\r\n        <div class=\"container container--wide\">\r\n        \n\n<div class=\"wp-block-columns are-vertically-aligned-center is-layout-flex wp-container-core-columns-is-layout-9d6595d7 wp-block-columns-is-layout-flex\">\n<div class=\"wp-block-column is-vertically-aligned-center is-layout-flow wp-block-column-is-layout-flow\" style=\"flex-basis:32%\">\n<div id=\"ls-heading ls-titre-div-block_064e266bd3658b736f2cb427cf30b0be\" class=\"ls-titre-div h1-like has-text-color has-color-2-color\" >\n    Riding <em>for pleasure<\/em><\/div>\n<\/div>\n\n\n\n<div class=\"wp-block-column is-vertically-aligned-center is-layout-flow wp-block-column-is-layout-flow\" style=\"flex-basis:68%\">\n<h2 class=\"ls__heading wp-block-heading has-color-1-color has-text-color has-link-color wp-elements-805f15290720a18e045379132837d9c4\">Your galloping vacation at a campsite with a riding school in Morbihan<\/h2>\n\n\n\n<p class=\"ls-paragraph has-text-align-left\">Discover horse-riding at the <a href=\"https:\/\/www.camping-baden.com\/en\/equestrian-center-baden\/\">Centre Equestre Man\u00e9 Guernehu\u00e9<\/a><strong> next door to the campsite<\/strong>! Learn or improve your skills in an <strong>exceptional setting<\/strong>, with a variety of activities supervised by <strong>qualified instructors<\/strong>, such as <strong>supervised rides<\/strong>, <strong>5-day courses<\/strong>, <strong>riding lessons<\/strong> and <strong>pony rides<\/strong> for the younger ones. Whether you&#8217;re a beginner or already experienced, you&#8217;ll learn and progress while having fun. Don&#8217;t miss this unique opportunity during your stay!  <\/p>\n\n\n\n<a href=\"https:\/\/www.camping-baden.com\/en\/equestrian-center-baden\/\" id=\"ls-button-block_4ef3aabfa90e88fad3f8ae3c848cf412\" target=\"\" rel=\"\" class=\"ls-button\" >\n    <span>Equestrian center<\/span><i class=\"mane-fleche\"><\/i>\n<\/a><\/div>\n<\/div>\n\n\n\n<figure class=\"wp-block-gallery has-nested-images columns-default is-cropped wp-block-gallery-2 is-layout-flex wp-block-gallery-is-layout-flex\">\n<figure class=\"wp-block-image size-full animated fadeIn slow\"><a href=\"https:\/\/www.camping-baden.com\/wp-content\/uploads\/2024\/10\/2023-centre-equestre-photos-morbihan-tourisme-loic-kersizan-16.webp\"><img decoding=\"async\" width=\"1200\" height=\"1803\" data-id=\"8006\" src=\"https:\/\/www.camping-baden.com\/wp-content\/uploads\/2024\/10\/2023-centre-equestre-photos-morbihan-tourisme-loic-kersizan-16.webp\" alt=\"equestrian center photos morbihan tourisme loic kersizan ()\" class=\"wp-image-8006\" srcset=\"https:\/\/www.camping-baden.com\/wp-content\/uploads\/2024\/10\/2023-centre-equestre-photos-morbihan-tourisme-loic-kersizan-16.webp 1200w, https:\/\/www.camping-baden.com\/wp-content\/uploads\/2024\/10\/2023-centre-equestre-photos-morbihan-tourisme-loic-kersizan-16-200x300.webp 200w, https:\/\/www.camping-baden.com\/wp-content\/uploads\/2024\/10\/2023-centre-equestre-photos-morbihan-tourisme-loic-kersizan-16-682x1024.webp 682w, https:\/\/www.camping-baden.com\/wp-content\/uploads\/2024\/10\/2023-centre-equestre-photos-morbihan-tourisme-loic-kersizan-16-768x1154.webp 768w, https:\/\/www.camping-baden.com\/wp-content\/uploads\/2024\/10\/2023-centre-equestre-photos-morbihan-tourisme-loic-kersizan-16-1022x1536.webp 1022w\" sizes=\"(max-width: 1200px) 100vw, 1200px\" \/><\/a><\/figure>\n\n\n\n<figure class=\"wp-block-image size-full animated fadeIn delay-100ms slow\"><a href=\"https:\/\/www.camping-baden.com\/wp-content\/uploads\/2024\/10\/centre-equestre-cours-equitation-stage-morbihan.webp\"><img decoding=\"async\" width=\"1000\" height=\"1076\" data-id=\"10088\" src=\"https:\/\/www.camping-baden.com\/wp-content\/uploads\/2024\/10\/centre-equestre-cours-equitation-stage-morbihan.webp\" alt=\"equestrian center riding lessons internship morbihan\" class=\"wp-image-10088\" srcset=\"https:\/\/www.camping-baden.com\/wp-content\/uploads\/2024\/10\/centre-equestre-cours-equitation-stage-morbihan.webp 1000w, https:\/\/www.camping-baden.com\/wp-content\/uploads\/2024\/10\/centre-equestre-cours-equitation-stage-morbihan-279x300.webp 279w, https:\/\/www.camping-baden.com\/wp-content\/uploads\/2024\/10\/centre-equestre-cours-equitation-stage-morbihan-952x1024.webp 952w, https:\/\/www.camping-baden.com\/wp-content\/uploads\/2024\/10\/centre-equestre-cours-equitation-stage-morbihan-768x826.webp 768w\" sizes=\"(max-width: 1000px) 100vw, 1000px\" \/><\/a><\/figure>\n\n\n\n<figure class=\"wp-block-image size-full animated fadeIn delay-200ms slow\"><a href=\"https:\/\/www.camping-baden.com\/wp-content\/uploads\/2024\/10\/centre-equestre-morbihan.webp\"><img decoding=\"async\" width=\"1000\" height=\"1076\" data-id=\"10092\" src=\"https:\/\/www.camping-baden.com\/wp-content\/uploads\/2024\/10\/centre-equestre-morbihan.webp\" alt=\"morbihan equestrian center\" class=\"wp-image-10092\" srcset=\"https:\/\/www.camping-baden.com\/wp-content\/uploads\/2024\/10\/centre-equestre-morbihan.webp 1000w, https:\/\/www.camping-baden.com\/wp-content\/uploads\/2024\/10\/centre-equestre-morbihan-279x300.webp 279w, https:\/\/www.camping-baden.com\/wp-content\/uploads\/2024\/10\/centre-equestre-morbihan-952x1024.webp 952w, https:\/\/www.camping-baden.com\/wp-content\/uploads\/2024\/10\/centre-equestre-morbihan-768x826.webp 768w\" sizes=\"(max-width: 1000px) 100vw, 1000px\" \/><\/a><\/figure>\n<\/figure>\n\n\r\n    <\/div>\r\n<\/section><section id=\"ls-section-block_37f4870595e9cf9841d6816d2167ee33\" class=\"ls-section  home-tenth\" >\r\n        <div class=\"container container--full\">\r\n        \n\n<div class=\"wp-block-columns first is-layout-flex wp-container-core-columns-is-layout-9d6595d7 wp-block-columns-is-layout-flex\">\n<div class=\"wp-block-column is-layout-flow wp-block-column-is-layout-flow\" style=\"flex-basis:66.66%\">\n<div class=\"icone\"><i class=\"mane-m\"><\/i><\/div>\n\n\n\n<h2 class=\"ls__heading wp-block-heading has-text-align-left has-color-1-color has-text-color has-link-color wp-elements-c3ed7d231261024c9f6c0c50e84519e3\"><strong>Camping with group facilities for all your events in Baden<\/strong><\/h2>\n\n\n\n<p class=\"ls-paragraph has-text-align-left\"><a href=\"https:\/\/www.camping-baden.com\/en\/seminar-room-for-rent-baden\/\">Organize your corporate or family event<\/a> in our <strong>reception hall<\/strong> in the heart of the campsite! Enjoy a <strong>unique setting<\/strong> and <strong>warm atmosphere<\/strong>, with <a href=\"https:\/\/www.camping-baden.com\/en\/family-events-baden\/\"><strong>tailor-made services<\/strong> for your family<\/a> or business event, and plenty of <strong>on-site activities<\/strong> to <strong>entertain your team or guests<\/strong>. <a href=\"https:\/\/www.camping-baden.com\/en\/camping-for-groups-baden\/\">Accommodate your group on the estate<\/a> with <strong>solutions to suit everyone<\/strong>. Whether you&#8217;re planning a <strong>seminar<\/strong>, a <strong>wedding<\/strong> or a <strong>group holiday<\/strong>, our team is on hand to make your event unforgettable.  <\/p>\n<\/div>\n\n\n\n<div class=\"wp-block-column is-layout-flow wp-block-column-is-layout-flow\" style=\"flex-basis:33.33%\">\n<div id=\"ls-heading ls-titre-div-block_7b22aa744d127d0ee63ff357d622b6ce\" class=\"ls-titre-div h1-like has-text-color has-color-2-color\" >\n    <em>Exceptional<\/em> moments<\/div>\n<\/div>\n<\/div>\n\n\n\n<div id=\"ls-maillage-block_0964dbb0baa6b72e1a6096a09c0e429d\" class=\"ls-maillage animated fadeIn slow cta-style-normal\" data-rows=\"3\">\n\n    <div class=\"wp-block-columns\"><div class=\"wp-block-column\">\n\n<a href=\"https:\/\/www.camping-baden.com\/en\/family-events-baden\/\" target=\"\" rel=\"noopener\" class=\"ls-cta__link\" data-categ=\"\">\n\t<div class=\"ls-cta__image\"><img decoding=\"async\" src=\"https:\/\/www.camping-baden.com\/wp-content\/uploads\/2024\/10\/2021-sept-mariage-1-1.webp\" alt=\"seven weddings ()\"><\/div>\n\t<div class=\"ls-cta__title\">\n\t\tReception room\t\t<i class=\"mane-fleche\"><\/i>\n\t<\/div>\n\n\t\n\t<\/a><\/div><div class=\"wp-block-column\">\n\n<a href=\"https:\/\/www.camping-baden.com\/en\/camping-for-groups-baden\/\" target=\"\" rel=\"noopener\" class=\"ls-cta__link\" data-categ=\"\">\n\t<div class=\"ls-cta__image\"><img decoding=\"async\" src=\"https:\/\/www.camping-baden.com\/wp-content\/uploads\/2024\/10\/accueil-de-groupes.webp\" alt=\"welcoming groups\"><\/div>\n\t<div class=\"ls-cta__title\">\n\t\tWelcoming groups\t\t<i class=\"mane-fleche\"><\/i>\n\t<\/div>\n\n\t\n\t<\/a><\/div><div class=\"wp-block-column\">\n\n<a href=\"https:\/\/www.camping-baden.com\/en\/seminar-room-for-rent-baden\/\" target=\"\" rel=\"noopener\" class=\"ls-cta__link\" data-categ=\"\">\n\t<div class=\"ls-cta__image\"><img decoding=\"async\" src=\"https:\/\/www.camping-baden.com\/wp-content\/uploads\/2025\/09\/seminaire-camping-baden-870-970px.jpg\" alt=\"Seminar in Baden Golfe du Morbihan, venue and accommodation\"><\/div>\n\t<div class=\"ls-cta__title\">\n\t\tSeminars\t\t<i class=\"mane-fleche\"><\/i>\n\t<\/div>\n\n\t\n\t<\/a><\/div><\/div>\n<\/div>\n\r\n    <\/div>\r\n<\/section><section id=\"ls-section-block_f7a41a61bf1712ddc4e50632569d8791\" class=\"ls-section  home-eleventh has-background has-color-4-background-color\" >\r\n        <div class=\"container container--full\">\r\n        \n\n<div class=\"wp-block-columns are-vertically-aligned-center first is-layout-flex wp-container-core-columns-is-layout-9d6595d7 wp-block-columns-is-layout-flex\">\n<div class=\"wp-block-column is-vertically-aligned-center is-layout-flow wp-block-column-is-layout-flow\" style=\"flex-basis:52.5%\">\n<div id=\"ls-heading ls-titre-div-block_853b6285ce38205d27e7dd78c9e90112\" class=\"ls-titre-div h1-like has-text-color has-color-2-color\" >\n    Bretagne <em>Sudathentique<\/em><\/div>\n<\/div>\n\n\n\n<div class=\"wp-block-column is-vertically-aligned-center is-layout-flow wp-block-column-is-layout-flow\" style=\"flex-basis:47.5%\">\n<h2 class=\"ls__heading wp-block-heading has-color-1-color has-text-color has-link-color wp-elements-3479bb4468757e13c77ff7e90b2b1fa2\"><strong>Discovering one of the most beautiful bays in the world: the Gulf of Morbihan<\/strong><\/h2>\n\n\n\n<p class=\"ls-paragraph has-text-align-left\">Explore the <a href=\"https:\/\/www.camping-baden.com\/en\/tourism-gulf-of-morbihan\/\">Golfe du Morbihan<\/a>, one of the most beautiful bays in the world! During your stay at the campsite, discover the islands of Ile aux Moines, Ile d&#8217;Arz and Berder, <a href=\"https:\/\/www.camping-baden.com\/en\/tourisme-ponant-islands\/\">explore the Ponant islands<\/a>, hike along the <a href=\"https:\/\/www.camping-baden.com\/en\/tourism-baden-larmor-baden\/\">coastal paths of Baden and Larmor-Baden<\/a> and enjoy the wild beaches. Admire the natural beauty of this small inland sea, its rich heritage and the unspoilt nature of the Parc Naturel R\u00e9gional. Visit the towns of art and history, <a href=\"https:\/\/www.camping-baden.com\/en\/tourism-vannes\/\">Vannes<\/a>, <a href=\"https:\/\/www.camping-baden.com\/en\/tourism-auray\/\">Auray and the port of Saint Goustan<\/a>, as well as <a href=\"https:\/\/www.camping-baden.com\/en\/tourisme-carnac-baie-de-quiberon\/\">Carnac and its unmissable menhir alignments<\/a>. It&#8217;s an ideal destination for nature lovers and those with a passion for <a href=\"https:\/\/www.camping-baden.com\/en\/tourism-gastronomy-local-markets-baden\/\">cultural and gastronomic discoveries<\/a>.    <\/p>\n<\/div>\n<\/div>\n\n\n\n<div id=\"ls-maillage-block_b1f9aa875fafb1487ed92903a19d1544\" class=\"ls-maillage animated fadeIn slow cta-style-normal\" data-rows=\"7\">\n\n    <div class=\"wp-block-columns\"><div class=\"wp-block-column\">\n\n<a href=\"https:\/\/www.camping-baden.com\/en\/tourism-vannes\/\" target=\"\" rel=\"noopener\" class=\"ls-cta__link\" data-categ=\"\">\n\t<div class=\"ls-cta__image\"><img decoding=\"async\" src=\"https:\/\/www.camping-baden.com\/wp-content\/uploads\/2024\/10\/tourisme-vannes-alamoureux@OTGolfe17_D4_8662.webp\" alt=\"tourism vannes alamoureux@OTGolfe D\"><\/div>\n\t<div class=\"ls-cta__title\">\n\t\tVannes and its ramparts\t\t<i class=\"mane-fleche\"><\/i>\n\t<\/div>\n\n\t\n\t<\/a><\/div><div class=\"wp-block-column\">\n\n<a href=\"https:\/\/www.camping-baden.com\/en\/tourism-gastronomy-local-markets-baden\/\" target=\"\" rel=\"noopener\" class=\"ls-cta__link\" data-categ=\"\">\n\t<div class=\"ls-cta__image\"><img decoding=\"async\" src=\"https:\/\/www.camping-baden.com\/wp-content\/uploads\/2024\/10\/marches-produits-locaux-camping-mane-guernehue.webp\" alt=\"local produce markets camping mane guernehue\"><\/div>\n\t<div class=\"ls-cta__title\">\n\t\tLocal products and markets\t\t<i class=\"mane-fleche\"><\/i>\n\t<\/div>\n\n\t\n\t<\/a><\/div><div class=\"wp-block-column\">\n\n<a href=\"https:\/\/www.camping-baden.com\/en\/tourisme-ponant-islands\/\" target=\"\" rel=\"noopener\" class=\"ls-cta__link\" data-categ=\"\">\n\t<div class=\"ls-cta__image\"><img decoding=\"async\" src=\"https:\/\/www.camping-baden.com\/wp-content\/uploads\/2024\/10\/visiter-belle-ile-en-mer-1.webp\" alt=\"visit belle ile en mer\"><\/div>\n\t<div class=\"ls-cta__title\">\n\t\tOffshore islands\t\t<i class=\"mane-fleche\"><\/i>\n\t<\/div>\n\n\t\n\t<\/a><\/div><div class=\"wp-block-column\">\n\n<a href=\"https:\/\/www.camping-baden.com\/en\/tourism-gulf-of-morbihan\/\" target=\"\" rel=\"noopener\" class=\"ls-cta__link\" data-categ=\"\">\n\t<div class=\"ls-cta__image\"><img decoding=\"async\" src=\"https:\/\/www.camping-baden.com\/wp-content\/uploads\/2024\/10\/golfe-morbihan-et-ses-iles-crtb-ac8092_LE-GAL-Yannick.webp\" alt=\"golfe morbihan et ses iles crtb ac LE GAL Yannick\"><\/div>\n\t<div class=\"ls-cta__title\">\n\t\tMorbihan Gulf and its islands\t\t<i class=\"mane-fleche\"><\/i>\n\t<\/div>\n\n\t\n\t<\/a><\/div><div class=\"wp-block-column\">\n\n<a href=\"https:\/\/www.camping-baden.com\/en\/tourism-auray\/\" target=\"\" rel=\"noopener\" class=\"ls-cta__link\" data-categ=\"\">\n\t<div class=\"ls-cta__image\"><img decoding=\"async\" src=\"https:\/\/www.camping-baden.com\/wp-content\/uploads\/2024\/10\/auray-port-saint-goustan.webp\" alt=\"auray port saint goustan\"><\/div>\n\t<div class=\"ls-cta__title\">\n\t\tAuray and Saint-Goustan\t\t<i class=\"mane-fleche\"><\/i>\n\t<\/div>\n\n\t\n\t<\/a><\/div><div class=\"wp-block-column\">\n\n<a href=\"https:\/\/www.camping-baden.com\/en\/tourisme-carnac-baie-de-quiberon\/\" target=\"\" rel=\"noopener\" class=\"ls-cta__link\" data-categ=\"\">\n\t<div class=\"ls-cta__image\"><img decoding=\"async\" src=\"https:\/\/www.camping-baden.com\/wp-content\/uploads\/2024\/10\/carnac-et-quiberon-crtb-ac5049_BERTHIER-Emmanuel.webp\" alt=\"crtb ac BERTHIER Emmanuel\"><\/div>\n\t<div class=\"ls-cta__title\">\n\t\tCarnac and Quiberon\t\t<i class=\"mane-fleche\"><\/i>\n\t<\/div>\n\n\t\n\t<\/a><\/div><div class=\"wp-block-column\">\n\n<a href=\"https:\/\/www.camping-baden.com\/en\/tourism-baden-larmor-baden\/\" target=\"\" rel=\"noopener\" class=\"ls-cta__link\" data-categ=\"\">\n\t<div class=\"ls-cta__image\"><img decoding=\"async\" src=\"https:\/\/www.camping-baden.com\/wp-content\/uploads\/2024\/10\/sept-iles-larmor-baden-alamoureux@OTGolfe17_DRN_0567-1.webp\" alt=\"sept iles larmor baden alamoureux@OTGolfe DRN\"><\/div>\n\t<div class=\"ls-cta__title\">\n\t\tBaden and Larmor Baden\t\t<i class=\"mane-fleche\"><\/i>\n\t<\/div>\n\n\t\n\t<\/a><\/div><\/div>\n<\/div>\n\r\n    <\/div>\r\n<\/section><section id=\"ls-section-block_ecd9457c2e8a696b58853e6d775696a9\" class=\"ls-section  home-twelfth\" >\r\n        <div class=\"container container--wide\">\r\n        \n\n<div id=\"ls-heading ls-titre-div-block_ffda03586a8f762b5bbbbc964d977a7a\" class=\"ls-titre-div h1-like has-text-color has-color-2-color\" >\n    <em>News<\/em> flash<\/div>\n\n\n\n<div class=\"wp-block-columns dblock-admin is-layout-flex wp-container-core-columns-is-layout-9d6595d7 wp-block-columns-is-layout-flex\">\n<div class=\"wp-block-column is-layout-flow wp-block-column-is-layout-flow\" style=\"flex-basis:33.33%\"><div class='ls-coups-de-coeur'><div class='ls-coups-de-coeur__container'><div class=\"heart\"><div class=\"banner\"><table cellpadding=\"0\" cellspacing=\"0\" border=\"0\" width=\"100%\" height=\"100%\"><tr valign=\"middle\"><td align=\"left\"><span class=\"name\">Man\u00e9 Guernehu\u00e9<\/span><\/td><td align=\"right\"><span class=\"situation\">Baden<br \/>Bretagne<\/span><\/td><\/tr><\/table><\/div><img decoding=\"async\" class=\"category-picture\" src=\"https:\/\/img.yellohvillage.fr\/var\/plain_site\/storage\/images\/_aliases\/galleria_slide_village\/site_marchand\/camping\/mane_guernehue\/nos_locations\/80830\/diaporama_hebergement\/1_cottage_grand_large_8p_4ch_2sdb_3f_exterieur_1_2021\/3212502-2-fre-FR\/1_cottage_grand_large_8p_4ch_2sdb_3f_exterieur_1_2021.jpg\" \/><div class=\"informations\"><span class=\"line-price\"><\/span><span class=\"category couleurT2\">Cottage Grand Large 8 people 4 bedrooms 2 bathrooms<b class=\"location-category-flowers-3\" ><\/b> <span class=\"dates\">From <strong>23\/05\/2026<\/strong> to <strong>30\/05\/2026<\/strong><\/span><\/span> <span class=\"quarter-name\"><\/span> <span class=\"nb-nights\">(7 nights)<\/span><div class=\"price-container\"><div class=\"price-zone couleur1\"> <span class=\"price-label\">  From<br \/>  <\/span><span class=\"price\">899.00 &euro;<\/span> <\/div><\/div><\/div><div style='clear:both'><\/div>\n<div class=\"datas\"><input type=\"hidden\" name=\"price\" value=\"899\" \/><input type=\"hidden\" name=\"promo\" value=\"0\" \/><input type=\"hidden\" name=\"category\" value=\"79590,43\" \/><input type=\"hidden\" name=\"idsite\" value=\"1457\" \/><input type=\"hidden\" name=\"begin\" value=\"2026-05-23\" \/><input type=\"hidden\" name=\"end\" value=\"2026-05-30\" \/><input type=\"hidden\" name=\"idtariff\" value=\"79590,95\" \/><input type=\"hidden\" name=\"animal\" value=\"1\" \/><input type=\"hidden\" name=\"isFavorite\" value=\"0\" \/><input type=\"hidden\" name=\"favoriteLabel\" value=\"\" \/><input type=\"hidden\" name=\"personmin\" value=\"1\" \/><input type=\"hidden\" name=\"personmax\" value=\"8\" \/><\/div><\/div><div class=\"heart\"><div class=\"banner\"><table cellpadding=\"0\" cellspacing=\"0\" border=\"0\" width=\"100%\" height=\"100%\"><tr valign=\"middle\"><td align=\"left\"><span class=\"name\">Man\u00e9 Guernehu\u00e9<\/span><\/td><td align=\"right\"><span class=\"situation\">Baden<br \/>Bretagne<\/span><\/td><\/tr><\/table><\/div><img decoding=\"async\" class=\"category-picture\" src=\"https:\/\/img.yellohvillage.fr\/var\/plain_site\/storage\/images\/_aliases\/galleria_slide_village\/site_marchand\/camping\/mane_guernehue\/nos_locations\/80830\/diaporama_hebergement\/1_cottage_grand_large_8p_4ch_2sdb_3f_exterieur_1_2021\/3212502-2-fre-FR\/1_cottage_grand_large_8p_4ch_2sdb_3f_exterieur_1_2021.jpg\" \/><div class=\"informations\"><span class=\"line-price\"><\/span><span class=\"category couleurT2\">Cottage Grand Large 8 people 4 bedrooms 2 bathrooms<b class=\"location-category-flowers-3\" ><\/b> <span class=\"dates\">From <strong>07\/06\/2026<\/strong> to <strong>14\/06\/2026<\/strong><\/span><\/span> <span class=\"quarter-name\"><\/span> <span class=\"nb-nights\">(7 nights)<\/span><div class=\"price-container\"><div class=\"price-zone couleur1\"> <span class=\"price-label\">  From<br \/>  <\/span><span class=\"price\">740.00 &euro;<\/span> <\/div><\/div><\/div><div style='clear:both'><\/div>\n<div class=\"datas\"><input type=\"hidden\" name=\"price\" value=\"740\" \/><input type=\"hidden\" name=\"promo\" value=\"0\" \/><input type=\"hidden\" name=\"category\" value=\"79590,43\" \/><input type=\"hidden\" name=\"idsite\" value=\"1457\" \/><input type=\"hidden\" name=\"begin\" value=\"2026-06-07\" \/><input type=\"hidden\" name=\"end\" value=\"2026-06-14\" \/><input type=\"hidden\" name=\"idtariff\" value=\"79590,95\" \/><input type=\"hidden\" name=\"animal\" value=\"1\" \/><input type=\"hidden\" name=\"isFavorite\" value=\"0\" \/><input type=\"hidden\" name=\"favoriteLabel\" value=\"\" \/><input type=\"hidden\" name=\"personmin\" value=\"1\" \/><input type=\"hidden\" name=\"personmax\" value=\"8\" \/><\/div><\/div><\/div><div class='ls-coups-de-coeur__title'>Favourites<\/div><\/div>\n<\/div>\n\n\n\n<div class=\"wp-block-column is-layout-flow wp-block-column-is-layout-flow\" style=\"flex-basis:66.66%\">\n<div id=\"ls-maillage-block_bd3ee21a958b7fdef9524f587e70791f\" class=\"ls-maillage animated fadeIn delay-200ms slow cta-style-normal\" data-rows=\"2\">\n\n    <div class=\"wp-block-columns\"><div class=\"wp-block-column\">\n\n<a href=\"https:\/\/www.camping-baden.com\/en\/events-summer-season-golfe-du-morbihan-sailing-festival-folklore-breton-concert-tour-de-france\/\" target=\"\" rel=\"noopener\" class=\"ls-cta__link news\" data-categ=\" news\">\n\t<div class=\"ls-cta__image\"><img decoding=\"async\" src=\"https:\/\/www.camping-baden.com\/wp-content\/uploads\/2024\/07\/fetes-historiques-vannes-2016-800px_upscayl_2x_realesrgan-x4plus.webp\" alt=\"2026 events in the Gulf of Morbihan: sailing, festivals, Breton folklore, concerts\"><\/div>\n\t<div class=\"ls-cta__title\">\n\t\t2026 events in the Gulf of Morbihan: sailing, festivals, Breton folklore, concerts\t\t<i class=\"mane-fleche\"><\/i>\n\t<\/div>\n\n\t\n\t<\/a><\/div><div class=\"wp-block-column\">\n\n<a href=\"https:\/\/www.camping-baden.com\/en\/book-your-holiday-stay-in-the-golfe-du-morbihan\/\" target=\"\" rel=\"noopener\" class=\"ls-cta__link news\" data-categ=\" news\">\n\t<div class=\"ls-cta__image\"><img decoding=\"async\" src=\"https:\/\/www.camping-baden.com\/wp-content\/uploads\/2024\/10\/BON-CADEAU-2026.jpg\" alt=\"Bon cadeau\"><\/div>\n\t<div class=\"ls-cta__title\">\n\t\tOffer a gift voucher!\t\t<i class=\"mane-fleche\"><\/i>\n\t<\/div>\n\n\t\n\t<\/a><\/div><\/div>\n<\/div><\/div>\n<\/div>\n\n\n\n<a href=\"\/actualites\/\" id=\"ls-button-block_a29683d7093dc52835b9b636fbfad4a0\" target=\"\" rel=\"\" class=\"ls-button aligncenter\" >\n    <span>See all news<\/span><i class=\"mane-fleche\"><\/i>\n<\/a>\n\r\n    <\/div>\r\n<\/section><section id=\"ls-section-block_f24f39a5fd014a4aeed929274a4e207f\" class=\"ls-section  home-thirteenth has-background has-color-2-background-color\" >\r\n        <div class=\"container \">\r\n        \n\n<div class=\"wp-block-columns is-layout-flex wp-container-core-columns-is-layout-9d6595d7 wp-block-columns-is-layout-flex\">\n<div class=\"wp-block-column is-layout-flow wp-block-column-is-layout-flow\" style=\"flex-basis:33.33%\">\n<div id=\"ls-heading ls-titre-div-block_b2ffcf285b1ed135ac84c7ab7be0f1a1\" class=\"ls-titre-div h1-like has-text-color has-color-white-color\" >\n    <em>Useful<\/em> info<\/div>\n<\/div>\n\n\n\n<div class=\"wp-block-column is-layout-flow wp-block-column-is-layout-flow\" style=\"flex-basis:66.66%\"><div id=\"faq\" class=\"faq-container animated fadeIn slow\"><div class=\"faq-wrap\" itemscope=\"\" itemtype=\"https:\/\/schema.org\/FAQPage\"><div class=\"faq__box faq__item\"><div class=\"faq__container\"><div class=\"faq__block\" itemscope=\"\" itemprop=\"mainEntity\" itemtype=\"https:\/\/schema.org\/Question\"><details class=\"faq\"><summary class=\"faq-question\" itemprop=\"name\"><div>What are the reception hours?<\/div><span class=\"faq-opener\"><\/span><\/summary><div class=\"content\" itemscope=\"\" itemprop=\"acceptedAnswer\" itemtype=\"https:\/\/schema.org\/Answer\"><div itemprop=\"text\"><p><strong>The reception is open:<\/strong><br \/>\nFrom the opening of the campsite in<strong> April, May and June<\/strong>: daily from<strong> 9am to 7pm<\/strong>. <strong>Until 8pm on Fridays<\/strong>.<br \/>\nIn <strong>July and August<\/strong>: daily from <strong>9am to 8pm<\/strong><br \/>\nIn <strong>September<\/strong>: daily from <strong>9am to 12:30pm and from 1:30pm to 7pm<\/strong><br \/>\nFrom October to March (except second half of December): offices open Monday to Friday from 9am to 12:30pm and from 2pm to 6pm.<\/p>\n<\/div><\/div><\/details><\/div><\/div><\/div><div class=\"faq__box faq__item\"><div class=\"faq__container\"><div class=\"faq__block\" itemscope=\"\" itemprop=\"mainEntity\" itemtype=\"https:\/\/schema.org\/Question\"><details class=\"faq\"><summary class=\"faq-question\" itemprop=\"name\"><div>When is the campsite open?<\/div><span class=\"faq-opener\"><\/span><\/summary><div class=\"content\" itemscope=\"\" itemprop=\"acceptedAnswer\" itemtype=\"https:\/\/schema.org\/Answer\"><div itemprop=\"text\"><p><span style=\"font-weight: 400;\"><strong>The campsite and all services are open from April 10, 2026 to September 20, 2026<\/strong>. <\/span><span style=\"font-weight: 400;\"><br \/>\n<\/span><span style=\"font-weight: 400;\"><strong>The g\u00eetes are open all year round<\/strong>.<br \/>\n<\/span>Our offices are open all year round and online booking is available 24 hours a day!<\/p>\n<\/div><\/div><\/details><\/div><\/div><\/div><div class=\"faq__box faq__item\"><div class=\"faq__container\"><div class=\"faq__block\" itemscope=\"\" itemprop=\"mainEntity\" itemtype=\"https:\/\/schema.org\/Question\"><details class=\"faq\"><summary class=\"faq-question\" itemprop=\"name\"><div>What are the arrival and departure times?<\/div><span class=\"faq-opener\"><\/span><\/summary><div class=\"content\" itemscope=\"\" itemprop=\"acceptedAnswer\" itemtype=\"https:\/\/schema.org\/Answer\"><div itemprop=\"text\"><p><b>For rental or self-catering accommodation: <\/b><br \/>\nArrival from 4 pm \/ departure before 10 am<\/p>\n<p><b>Pitches: <\/b><br \/>\nArrival from 2 pm \/ departure before 12 am<\/p>\n<p><b>For late arrivals after reception has closed<\/b>, please contact the office on the day of arrival. A letter containing all the necessary information will be posted for you at the reception gate. Please note that the gates are closed between 11pm and 7am. If you arrive when the gates are closed, you can park in the outdoor parking lot at the campsite entrance.   <\/p>\n<p><b>In case of departure before the opening of the reception<\/b>: Please come to the reception the day before. Leave the keys in the letterbox in front of reception.<\/p>\n<\/div><\/div><\/details><\/div><\/div><\/div><div class=\"faq__box faq__item\"><div class=\"faq__container\"><div class=\"faq__block\" itemscope=\"\" itemprop=\"mainEntity\" itemtype=\"https:\/\/schema.org\/Question\"><details class=\"faq\"><summary class=\"faq-question\" itemprop=\"name\"><div>Is a deposit required on arrival?<\/div><span class=\"faq-opener\"><\/span><\/summary><div class=\"content\" itemscope=\"\" itemprop=\"acceptedAnswer\" itemtype=\"https:\/\/schema.org\/Answer\"><div itemprop=\"text\"><p>As stipulated in the general conditions of sale, you must pay a <strong>deposit<\/strong> on arrival when you hand over the keys to your rental accommodation ( <strong>mobile home, g\u00eete or pitch with private bathroom<\/strong>).<\/p>\n<p>The 200 euro deposit can be paid in the form of a<strong>non-debited bank imprint<\/strong> (non-debited pre-authorization) or by <strong>check<\/strong>. Please note that some foreign banks may block the amount of the deposit without actually debiting it. <\/p>\n<p>At the end of your stay, once the rental accommodation has been checked, <strong>the deposit of 200 euros will be returned<\/strong> (cheque destroyed) if the rental accommodation is clean and without any damage. You will receive an email within 8 days. We will contact you if there are any problems. The price list is available at reception.   <\/p>\n<\/div><\/div><\/details><\/div><\/div><\/div><div class=\"faq__box faq__item\"><div class=\"faq__container\"><div class=\"faq__block\" itemscope=\"\" itemprop=\"mainEntity\" itemtype=\"https:\/\/schema.org\/Question\"><details class=\"faq\"><summary class=\"faq-question\" itemprop=\"name\"><div>Is wearing a bracelet compulsory?<\/div><span class=\"faq-opener\"><\/span><\/summary><div class=\"content\" itemscope=\"\" itemprop=\"acceptedAnswer\" itemtype=\"https:\/\/schema.org\/Answer\"><div itemprop=\"text\"><p><strong>The wristband given to you on arrival must be worn at all times during your stay<\/strong>. For your safety, everyone on site must wear a wristband.<br \/>\nIt also allows you to pass the <strong>access control to the water park and indoor swimming pool<\/strong>.<br \/>\nThe wristband is also a <strong>cashless wristband<\/strong>, allowing you to pay for services and activities during your stay without hassle. <a href=\"https:\/\/www.camping-baden.com\/en\/bracelet-cashless-payment-method\/\">more about the cashless wristband<\/a><\/p>\n<\/div><\/div><\/details><\/div><\/div><\/div><div class=\"faq__box faq__item\"><div class=\"faq__container\"><div class=\"faq__block\" itemscope=\"\" itemprop=\"mainEntity\" itemtype=\"https:\/\/schema.org\/Question\"><details class=\"faq\"><summary class=\"faq-question\" itemprop=\"name\"><div>What is the size and topology of the campground?<\/div><span class=\"faq-opener\"><\/span><\/summary><div class=\"content\" itemscope=\"\" itemprop=\"acceptedAnswer\" itemtype=\"https:\/\/schema.org\/Answer\"><div itemprop=\"text\"><p><strong>The Man\u00e9 Guernehu\u00e9 estate has a total surface area of 20 hectares<\/strong>. In a <strong>10-hectare landscaped park<\/strong>, you&#8217;ll find a wide choice of pitches and rental units (414 including 242 mobile homes).<br \/>\nPonds, ideal for walking and fishing in a beautiful natural setting, are located below the site. Part of the site slopes as you approach the ponds. In this area, the pitches are terraced.   The rest of the terrain (the vast majority) is flat.<br \/>\nThanks to the &#8220;preferential location&#8221; option, you can select the part of the estate where you want to be.<\/p>\n<\/div><\/div><\/details><\/div><\/div><\/div><div class=\"faq__box faq__item\"><div class=\"faq__container\"><div class=\"faq__block\" itemscope=\"\" itemprop=\"mainEntity\" itemtype=\"https:\/\/schema.org\/Question\"><details class=\"faq\"><summary class=\"faq-question\" itemprop=\"name\"><div>Are pets allowed at the campsite?<\/div><span class=\"faq-opener\"><\/span><\/summary><div class=\"content\" itemscope=\"\" itemprop=\"acceptedAnswer\" itemtype=\"https:\/\/schema.org\/Answer\"><div itemprop=\"text\"><p>Pets are welcome at the Man\u00e9 Guernehu\u00e9 campsite, except in certain mobile-home areas and in the g\u00eetes. A supplement will be charged. Dogs and pets must be kept on a leash and must not be left alone on the pitch, even if locked up, in the absence of their owners, who are civilly responsible for them. For your daily walks, please use the natural areas on the outskirts of the campsite.<br \/>\n<strong>New for 2026<\/strong>: discover the canidouche, the toutoubar and a park entirely dedicated to your four-legged friends!<\/p>\n<\/div><\/div><\/details><\/div><\/div><\/div><\/div><\/div>\n\n\n<a href=\"https:\/\/www.camping-baden.com\/en\/faq\/\" id=\"ls-button-block_9085de218fc13a5de73441c67b62e9f7\" target=\"\" rel=\"\" class=\"ls-button\" >\n    <span>Complete FAQ<\/span><i class=\"mane-fleche\"><\/i>\n<\/a><\/div>\n<\/div>\n\n\r\n    <\/div>\r\n<\/section><section id=\"ls-section-block_c2ead89757940ba5eb6cae87c31021a5\" class=\"ls-section  home-fourteenth\" >\r\n        <div class=\"container container--wide\">\r\n        \n\n<div id=\"ls-heading ls-titre-div-block_6f66b9c5614010e13a23557c1ddc04d3\" class=\"ls-titre-div aligncenter h2-like has-text-color has-color-1-color\" >\n    Thanks to our campers for their valuable testimonials<\/div>\n\n\n<div class=\"ls-avis-container\"><div class=\"ls-avis\"><div class=\"ls-avis-note\">5\/5<\/div><div class=\"ls-avis-auteur\">Brigitte, Ao\u00fbt 2025<\/div><div class=\"ls-avis-content\"><p><strong>Incredible campsite with attentive staff, great teen club, all the entertainers, restaurant and reception staff, Spa&#8230;<\/strong><\/p>\n<p>Safe swimming pool with water features for all ages, very clean sanitary facilities, well-kept surroundings, &#8230;.<br \/>\nA wide range of entertainment for all ages. Large park with various bouncy castles for all ages&#8230;<br \/>\nVigils at night. In short, a superb vacation even if the weather is not always pleasant.<br \/>\nMagnificent riding arena with well-tended horses and lots of meadows.<br \/>\nTop restaurant in front of the pool. Fast and reasonable prices.<br \/>\nA campsite to be recommended, as well as the whole team !!!!<br \/>\nI had a tent pitch with private sanitary facilitie[&#8230;]..<\/div><\/div><div class=\"ls-avis\"><div class=\"ls-avis-note\">5\/5<\/div><div class=\"ls-avis-auteur\">Coam, Ao\u00fbt 2025<\/div><div class=\"ls-avis-content\"><p><strong>We still love this family-run campsite, which is impeccably clean and always friendly.<\/strong><\/p>\n<p>We come back every year.<br \/>\nThe bar, restaurant and snack bar are always impeccable.<br \/>\nThe entertainment team is just top-notch!<br \/>\nThis year, the aquatic area has taken on a new lease of life with the opening of new slides worthy of a water park! With a team of lifeguards who are always vigilant and responsive. A real plus.<br \/>\nAnd the heated outdoor pool is really great!<br \/>\nWe love this campsite and will be back next year.<br \/>\nThanks to everyone for another great time.  <\/p>\n<\/div><\/div><div class=\"ls-avis\"><div class=\"ls-avis-note\">5\/5<\/div><div class=\"ls-avis-auteur\">Melt, Ao\u00fbt 2025<\/div><div class=\"ls-avis-content\"><p><strong>We spent a week in this campsite that we didn&#8217;t know. Great, we would have liked to stay another week. I recommend it 100%!  <\/strong><\/p>\n<p>I would like to thank the management for this truly wonderful campsite and I would like to thank all the staff. We had a great vacation. The Zen cottages are great.  <\/p>\n<p>The pool: 10\/10<br \/>\nWheelchair access. The pools and slides are great. Supervision is there.  <\/p>\n<p>Numerous activities: 10\/10<br \/>\nHorseback riding, zip line, mini disco for kids etc&#8230;<\/p>\n<p>The snack restaurant: 10\/10<br \/>\nGreat food, great service.<\/p>\n<p>Hut to donate anything you don&#8217;t want to bring back except food.<br \/>\nWe&#8217;ll be back. Thank you.<\/p>\n<\/div><\/div><div class=\"ls-avis\"><div class=\"ls-avis-note\">5\/5<\/div><div class=\"ls-avis-auteur\">Pierre, Juillet 2025<\/div><div class=\"ls-avis-content\"><p><strong>Two weeks of family vacation, and only one regret&#8230; that we&#8217;ll have to go back!<\/strong><\/p>\n<p>The on-site program was packed (and all the better for it!):<br \/>\nMini-golf at \u20ac2\/person, with a hellish last hole&#8230; our kids left a few hairs on their heads, but they&#8217;re still laughing about it.<br \/>\nAperitif games hosted by the smiling, energetic entertainment team.<br \/>\nFree laser tag &#8211; yes, free! &#8211; where we ran around like teenagers<br \/>\nFamily Games: very well organized, fun, sporty&#8230; we broke a sweat, but we loved it! <\/p>\n<p>The riding school is great, the staff are welcoming, our daughter had a great time there.<\/p>\n<p>Sports activities every day (running, soccer, table tennis, [&#8230;]..<\/div><\/div><div class=\"ls-avis\"><div class=\"ls-avis-note\">5\/5<\/div><div class=\"ls-avis-auteur\">Tracey, Ao\u00fbt 2025<\/div><div class=\"ls-avis-content\"><p><strong>The campsite really deserves its five stars.  <\/strong><\/p>\n<p>We had an excellent vacation here with our children and granddaughter in the Grand Cottage, which was clean, very spacious and very quiet.<\/p>\n<p>We ordered takeaway several times, which was very pleasant.<\/p>\n<p>The supermarket was well stocked every day.<\/p>\n<p>The weather was superb, with the exception of one or two days of rain, but that didn&#8217;t matter as we still went to the pool, which was very well maintained and very clean, and the slides were excellent. The kids loved them and my granddaughter (in her own words) thought it was fabulous. <\/p>\n<p>This was our third stay at this campsite over the years, and we&#8217;ve never had anything to complain [&#8230;]..<\/div><\/div><\/div>\n\n\n<a href=\"https:\/\/www.google.com\/travel\/search?gsas=1&#038;ts=GhwSGhIUCgcI6A8QCBgbEgcI6A8QCBgcGAEyAggC&#038;qs=MjNDaUlJak1iYy1jbXkxcTBuRU1HTmlzYUx2LVQxZmhvTUwyY3ZNVEpvYXpnNGJqVnpFQUU4Ag&#038;ap=ugEHcmV2aWV3cw&#038;rlz=1C1ONGR_frFR1074FR1074&#038;biw=1920&#038;bih=911&#038;hl=fr-FR&#038;ved=0CAAQ5JsGahcKEwjI-IH5kJWIAxUAAAAAHQAAAAAQDA\" id=\"ls-button-block_51452ee3961c2975731346702e8dc5bd\" target=\"_blank\" rel=\"\" class=\"ls-button aligncenter\" >\n    <span>See all reviews<\/span><i class=\"mane-fleche\"><\/i>\n<\/a>\n\r\n    <\/div>\r\n<\/section>","protected":false},"excerpt":{"rendered":"","protected":false},"author":1,"featured_media":0,"parent":0,"menu_order":0,"comment_status":"closed","ping_status":"closed","template":"","meta":{"_acf_changed":false,"footnotes":""},"sujet":[],"class_list":["post-11149","page","type-page","status-publish","hentry"],"acf":[],"yoast_head":"<!-- This site is optimized with the Yoast SEO plugin v25.3 - https:\/\/yoast.com\/wordpress\/plugins\/seo\/ -->\n<title>5-star campsite in Baden, in the Gulf of Morbihan<\/title>\n<meta name=\"description\" content=\"Enjoy a five-star holiday at our campsite in the Golfe du Morbihan: XXL water park, spa, wide choice of accommodation, g\u00eetes, entertainment, equestrian center...\" \/>\n<meta name=\"robots\" content=\"index, follow, max-snippet:-1, max-image-preview:large, max-video-preview:-1\" \/>\n<link rel=\"canonical\" href=\"https:\/\/www.camping-baden.com\/en\/\" \/>\n<meta property=\"og:locale\" content=\"en_US\" \/>\n<meta property=\"og:type\" content=\"article\" \/>\n<meta property=\"og:title\" content=\"5-star campsite in Baden, in the Gulf of Morbihan\" \/>\n<meta property=\"og:description\" content=\"Enjoy a five-star holiday at our campsite in the Golfe du Morbihan: XXL water park, spa, wide choice of accommodation, g\u00eetes, entertainment, equestrian center...\" \/>\n<meta property=\"og:url\" content=\"https:\/\/www.camping-baden.com\/en\/\" \/>\n<meta property=\"og:site_name\" content=\"Man\u00e9 Guernehu\u00e9\" \/>\n<meta property=\"article:modified_time\" content=\"2026-04-29T09:33:17+00:00\" \/>\n<meta property=\"og:image\" content=\"https:\/\/www.camping-baden.com\/wp-content\/uploads\/2024\/10\/golfe-morbihan-camping-mane-guernehue.webp\" \/>\n<meta name=\"twitter:card\" content=\"summary_large_image\" \/>\n<meta name=\"twitter:label1\" content=\"Est. reading time\" \/>\n\t<meta name=\"twitter:data1\" content=\"5 minutes\" \/>\n<script type=\"application\/ld+json\" class=\"yoast-schema-graph\">{\"@context\":\"https:\/\/schema.org\",\"@graph\":[{\"@type\":\"WebPage\",\"@id\":\"https:\/\/www.camping-baden.com\/en\/\",\"url\":\"https:\/\/www.camping-baden.com\/en\/\",\"name\":\"5-star campsite in Baden, in the Gulf of Morbihan\",\"isPartOf\":{\"@id\":\"https:\/\/www.camping-baden.com\/en\/#website\"},\"primaryImageOfPage\":{\"@id\":\"https:\/\/www.camping-baden.com\/en\/#primaryimage\"},\"image\":{\"@id\":\"https:\/\/www.camping-baden.com\/en\/#primaryimage\"},\"thumbnailUrl\":\"https:\/\/www.camping-baden.com\/wp-content\/uploads\/2025\/09\/2025-photo-drone-parc-aquatique-1425-800px-min.jpg\",\"datePublished\":\"2024-08-26T14:10:06+00:00\",\"dateModified\":\"2026-04-29T09:33:17+00:00\",\"description\":\"Enjoy a five-star holiday at our campsite in the Golfe du Morbihan: XXL water park, spa, wide choice of accommodation, g\u00eetes, entertainment, equestrian center...\",\"breadcrumb\":{\"@id\":\"https:\/\/www.camping-baden.com\/en\/#breadcrumb\"},\"inLanguage\":\"en-US\",\"potentialAction\":[{\"@type\":\"ReadAction\",\"target\":[\"https:\/\/www.camping-baden.com\/en\/\"]}]},{\"@type\":\"ImageObject\",\"inLanguage\":\"en-US\",\"@id\":\"https:\/\/www.camping-baden.com\/en\/#primaryimage\",\"url\":\"https:\/\/www.camping-baden.com\/wp-content\/uploads\/2025\/09\/2025-photo-drone-parc-aquatique-1425-800px-min.jpg\",\"contentUrl\":\"https:\/\/www.camping-baden.com\/wp-content\/uploads\/2025\/09\/2025-photo-drone-parc-aquatique-1425-800px-min.jpg\"},{\"@type\":\"BreadcrumbList\",\"@id\":\"https:\/\/www.camping-baden.com\/en\/#breadcrumb\",\"itemListElement\":[{\"@type\":\"ListItem\",\"position\":1,\"name\":\"Camping Golfe du Morbihan\",\"item\":\"https:\/\/www.camping-baden.com\/en\/\"},{\"@type\":\"ListItem\",\"position\":2,\"name\":\"Camping in Baden\"}]},{\"@type\":\"WebSite\",\"@id\":\"https:\/\/www.camping-baden.com\/en\/#website\",\"url\":\"https:\/\/www.camping-baden.com\/en\/\",\"name\":\"Man\u00e9 Guernehu\u00e9\",\"description\":\"\",\"publisher\":{\"@id\":\"https:\/\/www.camping-baden.com\/en\/#organization\"},\"potentialAction\":[{\"@type\":\"SearchAction\",\"target\":{\"@type\":\"EntryPoint\",\"urlTemplate\":\"https:\/\/www.camping-baden.com\/en\/?s={search_term_string}\"},\"query-input\":{\"@type\":\"PropertyValueSpecification\",\"valueRequired\":true,\"valueName\":\"search_term_string\"}}],\"inLanguage\":\"en-US\"},{\"@type\":\"Organization\",\"@id\":\"https:\/\/www.camping-baden.com\/en\/#organization\",\"name\":\"Man\u00e9 Guernehu\u00e9\",\"url\":\"https:\/\/www.camping-baden.com\/en\/\",\"logo\":{\"@type\":\"ImageObject\",\"inLanguage\":\"en-US\",\"@id\":\"https:\/\/www.camping-baden.com\/en\/#\/schema\/logo\/image\/\",\"url\":\"https:\/\/www.camping-baden.com\/wp-content\/uploads\/2024\/08\/logo-camping-mane-guernehue.png\",\"contentUrl\":\"https:\/\/www.camping-baden.com\/wp-content\/uploads\/2024\/08\/logo-camping-mane-guernehue.png\",\"width\":1000,\"height\":450,\"caption\":\"Man\u00e9 Guernehu\u00e9\"},\"image\":{\"@id\":\"https:\/\/www.camping-baden.com\/en\/#\/schema\/logo\/image\/\"}}]}<\/script>\n<!-- \/ Yoast SEO plugin. -->","yoast_head_json":{"title":"5-star campsite in Baden, in the Gulf of Morbihan","description":"Enjoy a five-star holiday at our campsite in the Golfe du Morbihan: XXL water park, spa, wide choice of accommodation, g\u00eetes, entertainment, equestrian center...","robots":{"index":"index","follow":"follow","max-snippet":"max-snippet:-1","max-image-preview":"max-image-preview:large","max-video-preview":"max-video-preview:-1"},"canonical":"https:\/\/www.camping-baden.com\/en\/","og_locale":"en_US","og_type":"article","og_title":"5-star campsite in Baden, in the Gulf of Morbihan","og_description":"Enjoy a five-star holiday at our campsite in the Golfe du Morbihan: XXL water park, spa, wide choice of accommodation, g\u00eetes, entertainment, equestrian center...","og_url":"https:\/\/www.camping-baden.com\/en\/","og_site_name":"Man\u00e9 Guernehu\u00e9","article_modified_time":"2026-04-29T09:33:17+00:00","og_image":[{"url":"https:\/\/www.camping-baden.com\/wp-content\/uploads\/2024\/10\/golfe-morbihan-camping-mane-guernehue.webp","type":"","width":"","height":""}],"twitter_card":"summary_large_image","twitter_misc":{"Est. reading time":"5 minutes"},"schema":{"@context":"https:\/\/schema.org","@graph":[{"@type":"WebPage","@id":"https:\/\/www.camping-baden.com\/en\/","url":"https:\/\/www.camping-baden.com\/en\/","name":"5-star campsite in Baden, in the Gulf of Morbihan","isPartOf":{"@id":"https:\/\/www.camping-baden.com\/en\/#website"},"primaryImageOfPage":{"@id":"https:\/\/www.camping-baden.com\/en\/#primaryimage"},"image":{"@id":"https:\/\/www.camping-baden.com\/en\/#primaryimage"},"thumbnailUrl":"https:\/\/www.camping-baden.com\/wp-content\/uploads\/2025\/09\/2025-photo-drone-parc-aquatique-1425-800px-min.jpg","datePublished":"2024-08-26T14:10:06+00:00","dateModified":"2026-04-29T09:33:17+00:00","description":"Enjoy a five-star holiday at our campsite in the Golfe du Morbihan: XXL water park, spa, wide choice of accommodation, g\u00eetes, entertainment, equestrian center...","breadcrumb":{"@id":"https:\/\/www.camping-baden.com\/en\/#breadcrumb"},"inLanguage":"en-US","potentialAction":[{"@type":"ReadAction","target":["https:\/\/www.camping-baden.com\/en\/"]}]},{"@type":"ImageObject","inLanguage":"en-US","@id":"https:\/\/www.camping-baden.com\/en\/#primaryimage","url":"https:\/\/www.camping-baden.com\/wp-content\/uploads\/2025\/09\/2025-photo-drone-parc-aquatique-1425-800px-min.jpg","contentUrl":"https:\/\/www.camping-baden.com\/wp-content\/uploads\/2025\/09\/2025-photo-drone-parc-aquatique-1425-800px-min.jpg"},{"@type":"BreadcrumbList","@id":"https:\/\/www.camping-baden.com\/en\/#breadcrumb","itemListElement":[{"@type":"ListItem","position":1,"name":"Camping Golfe du Morbihan","item":"https:\/\/www.camping-baden.com\/en\/"},{"@type":"ListItem","position":2,"name":"Camping in Baden"}]},{"@type":"WebSite","@id":"https:\/\/www.camping-baden.com\/en\/#website","url":"https:\/\/www.camping-baden.com\/en\/","name":"Man\u00e9 Guernehu\u00e9","description":"","publisher":{"@id":"https:\/\/www.camping-baden.com\/en\/#organization"},"potentialAction":[{"@type":"SearchAction","target":{"@type":"EntryPoint","urlTemplate":"https:\/\/www.camping-baden.com\/en\/?s={search_term_string}"},"query-input":{"@type":"PropertyValueSpecification","valueRequired":true,"valueName":"search_term_string"}}],"inLanguage":"en-US"},{"@type":"Organization","@id":"https:\/\/www.camping-baden.com\/en\/#organization","name":"Man\u00e9 Guernehu\u00e9","url":"https:\/\/www.camping-baden.com\/en\/","logo":{"@type":"ImageObject","inLanguage":"en-US","@id":"https:\/\/www.camping-baden.com\/en\/#\/schema\/logo\/image\/","url":"https:\/\/www.camping-baden.com\/wp-content\/uploads\/2024\/08\/logo-camping-mane-guernehue.png","contentUrl":"https:\/\/www.camping-baden.com\/wp-content\/uploads\/2024\/08\/logo-camping-mane-guernehue.png","width":1000,"height":450,"caption":"Man\u00e9 Guernehu\u00e9"},"image":{"@id":"https:\/\/www.camping-baden.com\/en\/#\/schema\/logo\/image\/"}}]}},"_links":{"self":[{"href":"https:\/\/www.camping-baden.com\/en\/wp-json\/wp\/v2\/pages\/11149","targetHints":{"allow":["GET"]}}],"collection":[{"href":"https:\/\/www.camping-baden.com\/en\/wp-json\/wp\/v2\/pages"}],"about":[{"href":"https:\/\/www.camping-baden.com\/en\/wp-json\/wp\/v2\/types\/page"}],"author":[{"embeddable":true,"href":"https:\/\/www.camping-baden.com\/en\/wp-json\/wp\/v2\/users\/1"}],"replies":[{"embeddable":true,"href":"https:\/\/www.camping-baden.com\/en\/wp-json\/wp\/v2\/comments?post=11149"}],"version-history":[{"count":30,"href":"https:\/\/www.camping-baden.com\/en\/wp-json\/wp\/v2\/pages\/11149\/revisions"}],"predecessor-version":[{"id":13844,"href":"https:\/\/www.camping-baden.com\/en\/wp-json\/wp\/v2\/pages\/11149\/revisions\/13844"}],"wp:attachment":[{"href":"https:\/\/www.camping-baden.com\/en\/wp-json\/wp\/v2\/media?parent=11149"}],"wp:term":[{"taxonomy":"sujet","embeddable":true,"href":"https:\/\/www.camping-baden.com\/en\/wp-json\/wp\/v2\/sujet?post=11149"}],"curies":[{"name":"wp","href":"https:\/\/api.w.org\/{rel}","templated":true}]}}