{"id":11125,"date":"2024-08-26T16:13:34","date_gmt":"2024-08-26T14:13:34","guid":{"rendered":"https:\/\/www.camping-baden.com\/tourism-baden-larmor-baden\/"},"modified":"2024-10-31T15:16:59","modified_gmt":"2024-10-31T14:16:59","slug":"tourism-baden-larmor-baden","status":"publish","type":"page","link":"https:\/\/www.camping-baden.com\/en\/tourism-baden-larmor-baden\/","title":{"rendered":"Baden and Larmor-Baden"},"content":{"rendered":"<section id=\"ls-section-block_3999a1e7928f63cbd31b833561889f69\" class=\"ls-section  home-sixth page-one\" >\r\n        <div class=\"container container--full\">\r\n        \n\n<div class=\"wp-block-columns first is-layout-flex wp-container-core-columns-is-layout-9d6595d7 wp-block-columns-is-layout-flex\">\n<div class=\"wp-block-column is-vertically-aligned-top text is-layout-flow wp-block-column-is-layout-flow\" style=\"flex-basis:50%\">\n<h1 class=\"ls__heading wp-block-heading\"><mark style=\"background-color:rgba(0, 0, 0, 0)\" class=\"has-inline-color has-color-2-color\"><strong>Spend an idyllic holiday in Baden<\/strong>, in the heart of the Golfe du Morbihan<\/mark><\/h1>\n\n\n\n<p class=\"ls-paragraph\">In the south of Brittany, the Gulf of Morbihan is a magnificent region to discover during your stay at <a href=\"https:\/\/www.camping-baden.com\/en\/\">camping Man\u00e9 Guernehu\u00e9 in Baden<\/a>. A land of light <strong>between land and sea<\/strong>, Baden is a <strong>protected nature reserve<\/strong> on the shores of the Gulf of Morbihan. In its mild climate, let us take you on a journey of discovery through its history, in the calm of its villages or along its coastal paths. At every turn, the magnificent views of its <strong>waterways dotted with islands<\/strong> invite you to take a <strong>gentle escape<\/strong>.   <\/p>\n\n\n\n<div class=\"ls-on-adore\">\n    \n\n<div id=\"ls-heading ls-titre-div-block_816f56938f5bafc0e6cb9f756bd482a8\" class=\"ls-titre-div h2-like\" >\n    We love<\/div>\n\n\n\n<ul class=\"ls-list ls-list-undefined wp-block-list\">\n<li>Extensive natural heritage: 37 km of coastline in the commune of Baden<\/li>\n\n\n\n<li>Brittany&#8217;s rich megalithic architectural heritage<\/li>\n\n\n\n<li>Sept-\u00eeles beach accessible at low tide<\/li>\n\n\n\n<li>Tour of Berder island at low tide<\/li>\n\n\n\n<li>Visit Gavrinis, one of the world&#8217;s most beautiful megalithic sites<\/li>\n\n\n\n<li>Stroll to Blair Point<\/li>\n\n\n\n<li>Magnificent views of the Golfe du Morbihan<\/li>\n<\/ul>\n\n<\/div><\/div>\n\n\n\n<div class=\"wp-block-column is-vertically-aligned-top is-layout-flow wp-block-column-is-layout-flow\" style=\"flex-basis:50%\">\n<div style=\"height:100px\" aria-hidden=\"true\" class=\"wp-block-spacer\"><\/div>\n\n\n\n<figure class=\"wp-block-gallery has-nested-images columns-default is-cropped animated fadeIn slow wp-block-gallery-1 is-layout-flex wp-block-gallery-is-layout-flex\">\n<figure class=\"wp-block-image size-full\"><a href=\"https:\/\/www.camping-baden.com\/wp-content\/uploads\/2024\/10\/crtb-ad3162_BERTHIER-Emmanuel.webp\"><img decoding=\"async\" width=\"1200\" height=\"798\" data-id=\"6852\" src=\"https:\/\/www.camping-baden.com\/wp-content\/uploads\/2024\/10\/crtb-ad3162_BERTHIER-Emmanuel.webp\" alt=\"Baden BERTHIER Emmanuel\" class=\"wp-image-6852\" srcset=\"https:\/\/www.camping-baden.com\/wp-content\/uploads\/2024\/10\/crtb-ad3162_BERTHIER-Emmanuel.webp 1200w, https:\/\/www.camping-baden.com\/wp-content\/uploads\/2024\/10\/crtb-ad3162_BERTHIER-Emmanuel-300x200.webp 300w, https:\/\/www.camping-baden.com\/wp-content\/uploads\/2024\/10\/crtb-ad3162_BERTHIER-Emmanuel-1024x681.webp 1024w, https:\/\/www.camping-baden.com\/wp-content\/uploads\/2024\/10\/crtb-ad3162_BERTHIER-Emmanuel-768x511.webp 768w\" sizes=\"(max-width: 1200px) 100vw, 1200px\" \/><\/a><figcaption class=\"wp-element-caption\">Baden @BERTHIER-Emmanuel<\/figcaption><\/figure>\n\n\n\n<figure class=\"wp-block-image size-full\"><a href=\"https:\/\/www.camping-baden.com\/wp-content\/uploads\/2024\/10\/alamoureux@Golfe17_DRN_0455-Berder.webp\"><img decoding=\"async\" width=\"1200\" height=\"800\" data-id=\"6856\" src=\"https:\/\/www.camping-baden.com\/wp-content\/uploads\/2024\/10\/alamoureux@Golfe17_DRN_0455-Berder.webp\" alt=\"alamoureux@Golfe DRN Berder\" class=\"wp-image-6856\" srcset=\"https:\/\/www.camping-baden.com\/wp-content\/uploads\/2024\/10\/alamoureux@Golfe17_DRN_0455-Berder.webp 1200w, https:\/\/www.camping-baden.com\/wp-content\/uploads\/2024\/10\/alamoureux@Golfe17_DRN_0455-Berder-300x200.webp 300w, https:\/\/www.camping-baden.com\/wp-content\/uploads\/2024\/10\/alamoureux@Golfe17_DRN_0455-Berder-1024x683.webp 1024w, https:\/\/www.camping-baden.com\/wp-content\/uploads\/2024\/10\/alamoureux@Golfe17_DRN_0455-Berder-768x512.webp 768w\" sizes=\"(max-width: 1200px) 100vw, 1200px\" \/><\/a><figcaption class=\"wp-element-caption\">Golfe du Morbihan alamoureux@Golfe17<\/figcaption><\/figure>\n\n\n\n<figure class=\"wp-block-image size-full\"><a href=\"https:\/\/www.camping-baden.com\/wp-content\/uploads\/2024\/10\/2022-ile-berder-octobre-5.webp\"><img decoding=\"async\" width=\"1067\" height=\"800\" data-id=\"6860\" src=\"https:\/\/www.camping-baden.com\/wp-content\/uploads\/2024\/10\/2022-ile-berder-octobre-5.webp\" alt=\"ile berder october  \" class=\"wp-image-6860\" srcset=\"https:\/\/www.camping-baden.com\/wp-content\/uploads\/2024\/10\/2022-ile-berder-octobre-5.webp 1067w, https:\/\/www.camping-baden.com\/wp-content\/uploads\/2024\/10\/2022-ile-berder-octobre-5-300x225.webp 300w, https:\/\/www.camping-baden.com\/wp-content\/uploads\/2024\/10\/2022-ile-berder-octobre-5-1024x768.webp 1024w, https:\/\/www.camping-baden.com\/wp-content\/uploads\/2024\/10\/2022-ile-berder-octobre-5-768x576.webp 768w\" sizes=\"(max-width: 1067px) 100vw, 1067px\" \/><\/a><figcaption class=\"wp-element-caption\">Berder Island<\/figcaption><\/figure>\n<\/figure>\n<\/div>\n<\/div>\n\n\r\n    <\/div>\r\n<\/section><section id=\"ls-section-block_33170c56b824cf9b1dace1055f595a43\" class=\"ls-section  home-sixth page-three bis\" >\r\n        <div class=\"container container--full\">\r\n        \n\n<div class=\"wp-block-columns are-vertically-aligned-center first is-layout-flex wp-container-core-columns-is-layout-9d6595d7 wp-block-columns-is-layout-flex\">\n<div class=\"wp-block-column is-vertically-aligned-center is-layout-flow wp-block-column-is-layout-flow\" style=\"flex-basis:55%\">\n<figure class=\"wp-block-gallery has-nested-images columns-default is-cropped animated fadeIn slow wp-block-gallery-2 is-layout-flex wp-block-gallery-is-layout-flex\">\n<figure class=\"wp-block-image size-full\"><a href=\"https:\/\/www.camping-baden.com\/wp-content\/uploads\/2024\/10\/sept-iles-a-lamoureux@OTGolfe17_MG_1067.webp\"><img decoding=\"async\" width=\"1200\" height=\"800\" data-id=\"6848\" src=\"https:\/\/www.camping-baden.com\/wp-content\/uploads\/2024\/10\/sept-iles-a-lamoureux@OTGolfe17_MG_1067.webp\" alt=\"sept iles a lamoureux@OTGolfe17\" class=\"wp-image-6848\" srcset=\"https:\/\/www.camping-baden.com\/wp-content\/uploads\/2024\/10\/sept-iles-a-lamoureux@OTGolfe17_MG_1067.webp 1200w, https:\/\/www.camping-baden.com\/wp-content\/uploads\/2024\/10\/sept-iles-a-lamoureux@OTGolfe17_MG_1067-300x200.webp 300w, https:\/\/www.camping-baden.com\/wp-content\/uploads\/2024\/10\/sept-iles-a-lamoureux@OTGolfe17_MG_1067-1024x683.webp 1024w, https:\/\/www.camping-baden.com\/wp-content\/uploads\/2024\/10\/sept-iles-a-lamoureux@OTGolfe17_MG_1067-768x512.webp 768w\" sizes=\"(max-width: 1200px) 100vw, 1200px\" \/><\/a><figcaption class=\"wp-element-caption\">sept iles a lamoureux @OTGolfe17<\/figcaption><\/figure>\n\n\n\n<figure class=\"wp-block-image size-full\"><a href=\"https:\/\/www.camping-baden.com\/wp-content\/uploads\/2024\/10\/OTVannes19@alamoureux_MG_0658.webp\"><img decoding=\"async\" width=\"1200\" height=\"800\" data-id=\"8397\" src=\"https:\/\/www.camping-baden.com\/wp-content\/uploads\/2024\/10\/OTVannes19@alamoureux_MG_0658.webp\" alt=\"OTVannes@alamoureux MG\" class=\"wp-image-8397\" srcset=\"https:\/\/www.camping-baden.com\/wp-content\/uploads\/2024\/10\/OTVannes19@alamoureux_MG_0658.webp 1200w, https:\/\/www.camping-baden.com\/wp-content\/uploads\/2024\/10\/OTVannes19@alamoureux_MG_0658-300x200.webp 300w, https:\/\/www.camping-baden.com\/wp-content\/uploads\/2024\/10\/OTVannes19@alamoureux_MG_0658-1024x683.webp 1024w, https:\/\/www.camping-baden.com\/wp-content\/uploads\/2024\/10\/OTVannes19@alamoureux_MG_0658-768x512.webp 768w\" sizes=\"(max-width: 1200px) 100vw, 1200px\" \/><\/a><figcaption class=\"wp-element-caption\">Observatoire oiseaux Vannes @alamoureux<\/figcaption><\/figure>\n<\/figure>\n<\/div>\n\n\n\n<div class=\"wp-block-column is-vertically-aligned-center text is-layout-flow wp-block-column-is-layout-flow\" style=\"flex-basis:45%\">\n<h2 class=\"ls__heading wp-block-heading has-color-1-color has-text-color has-link-color wp-elements-3c7cfd4ef56c7847733eaeed6af2b223\"><mark style=\"background-color:rgba(0, 0, 0, 0)\" class=\"has-inline-color has-color-1-color\">Discover an exceptional natural heritage<\/mark><\/h2>\n\n\n\n<p class=\"ls-paragraph\">With 37 km of coastline, the commune of <a href=\"https:\/\/www.golfedumorbihan.bzh\/explorer-vannes\/decouvrir-vannes\/golfe-morbihan\/autour-golfe\/baden\/\" target=\"_blank\" rel=\"noreferrer noopener\">Baden overlooks the Gulf of Morbihan and the Auray River<\/a>.<br\/><strong>The islands of<\/strong> <strong>Reno<\/strong>, <strong>Grand Vezy<\/strong>, <strong>Petit Vezy<\/strong> and <strong>Sept-\u00eeles<\/strong> (or Seniz) are located in the Baden area. Connected to the mainland by a <strong>sand spit<\/strong> submerged by strong currents at high tide, the Sept-Iles and their coastal paths offer superb views.<br\/>The <strong>Toulvern<\/strong>, <strong>Pomper<\/strong>, <strong>Moulin de Baden<\/strong> and <strong>Pont Neuf <\/strong> <strong>ponds<\/strong> attract <strong>birdwatchers<\/strong> to<strong>observe migratory<\/strong>, breeding and sedentary<strong>seabirds<\/strong> such as geese, terns, sandpipers, terns&#8230; <\/p>\n\n\n\n<p class=\"ls-paragraph\">The mild oceanic climate is conducive to a <strong>wide variety of vegetation<\/strong>: mimosas, fig and palm trees grow alongside maritime pines, oaks and chestnut trees, including the remarkable specimen of Man\u00e9 Moustran on the coastal road to Port Blanc, over 400 years old and 7.80m in circumference!<\/p>\n\n\n\n<p class=\"ls-paragraph\">The Gulf of Morbihan will never cease to amaze you with its changing and unusual landscapes, which vary according to the tide and the whims of the weather&#8230;<\/p>\n<\/div>\n<\/div>\n\n\r\n    <\/div>\r\n<\/section><section id=\"ls-section-block_89e68e909c2c9e7b48ef68a43054f482\" class=\"ls-section  page-two page-vague has-background has-color-4-background-color\" >\r\n        <div class=\"container container--full\">\r\n        \n\n<div class=\"wp-block-columns first is-layout-flex wp-container-core-columns-is-layout-9d6595d7 wp-block-columns-is-layout-flex\">\n<div class=\"wp-block-column is-layout-flow wp-block-column-is-layout-flow\" style=\"flex-basis:100%\">\n<div class=\"icone\"><i class=\"mane-g\"><\/i><\/div>\n\n\n\n<h2 class=\"ls__heading wp-block-heading has-text-align-center has-color-1-color has-text-color has-link-color wp-elements-bf048a66a9ffdd80f6931b6581c976b7\">Stroll or hike in Sept-\u00celes and along the coastal paths<\/h2>\n\n\n\n<p class=\"ls-paragraph has-text-align-center\">Just a stone&#8217;s throw from the Man\u00e9 Guernehu\u00e9 campsite, the <a href=\"https:\/\/www.visorando.com\/randonnee-tour-du-golfe-14-larmor-baden-baden-les-\/\" target=\"_blank\" rel=\"noreferrer noopener\">coastal paths around Les Sept-\u00eeles<\/a> offer <strong>wonderful walks<\/strong>. Along the way, you&#8217;ll come across <strong>a host of animal species<\/strong>, <strong>beaches<\/strong>, <strong>oyster beds <\/strong>and<strong> small harbours<\/strong>. A <strong>coastal path<\/strong> takes you around Les Sept-\u00eeles and<strong>\u00cele Berder<\/strong>, which are accessible at low tide. Admire the <strong>charming view over the Gulf<\/strong>.     <\/p>\n<\/div>\n<\/div>\n\n\n\n<figure class=\"wp-block-gallery has-nested-images columns-default is-cropped wp-block-gallery-3 is-layout-flex wp-block-gallery-is-layout-flex\">\n<figure class=\"wp-block-image size-full\"><a href=\"https:\/\/www.camping-baden.com\/wp-content\/uploads\/2024\/10\/2019-fev-26-berder.webp\"><img decoding=\"async\" width=\"1016\" height=\"800\" data-id=\"7871\" src=\"https:\/\/www.camping-baden.com\/wp-content\/uploads\/2024\/10\/2019-fev-26-berder.webp\" alt=\"fev berder\" class=\"wp-image-7871\" srcset=\"https:\/\/www.camping-baden.com\/wp-content\/uploads\/2024\/10\/2019-fev-26-berder.webp 1016w, https:\/\/www.camping-baden.com\/wp-content\/uploads\/2024\/10\/2019-fev-26-berder-300x236.webp 300w, https:\/\/www.camping-baden.com\/wp-content\/uploads\/2024\/10\/2019-fev-26-berder-768x605.webp 768w\" sizes=\"(max-width: 1016px) 100vw, 1016px\" \/><\/a><figcaption class=\"wp-element-caption\">Berder Island<\/figcaption><\/figure>\n\n\n\n<figure class=\"wp-block-image size-full\"><a href=\"https:\/\/www.camping-baden.com\/wp-content\/uploads\/2024\/10\/2020-golfe-du-morbihan-kayak-passage-berder-janv-2.webp\"><img decoding=\"async\" width=\"1200\" height=\"900\" data-id=\"10635\" src=\"https:\/\/www.camping-baden.com\/wp-content\/uploads\/2024\/10\/2020-golfe-du-morbihan-kayak-passage-berder-janv-2.webp\" alt=\"golfe du morbihan kayak passage berder janv ()\" class=\"wp-image-10635\" srcset=\"https:\/\/www.camping-baden.com\/wp-content\/uploads\/2024\/10\/2020-golfe-du-morbihan-kayak-passage-berder-janv-2.webp 1200w, https:\/\/www.camping-baden.com\/wp-content\/uploads\/2024\/10\/2020-golfe-du-morbihan-kayak-passage-berder-janv-2-300x225.webp 300w, https:\/\/www.camping-baden.com\/wp-content\/uploads\/2024\/10\/2020-golfe-du-morbihan-kayak-passage-berder-janv-2-1024x768.webp 1024w, https:\/\/www.camping-baden.com\/wp-content\/uploads\/2024\/10\/2020-golfe-du-morbihan-kayak-passage-berder-janv-2-768x576.webp 768w\" sizes=\"(max-width: 1200px) 100vw, 1200px\" \/><\/a><figcaption class=\"wp-element-caption\">Berder Island<\/figcaption><\/figure>\n<\/figure>\n\n\r\n    <\/div>\r\n<\/section><section id=\"ls-section-block_33170c56b824cf9b1dace1055f595a43\" class=\"ls-section  home-sixth page-three bis\" >\r\n        <div class=\"container container--full\">\r\n        \n\n<div class=\"wp-block-columns are-vertically-aligned-center first is-layout-flex wp-container-core-columns-is-layout-9d6595d7 wp-block-columns-is-layout-flex\">\n<div class=\"wp-block-column is-vertically-aligned-center is-layout-flow wp-block-column-is-layout-flow\" style=\"flex-basis:55%\">\n<figure class=\"wp-block-gallery has-nested-images columns-default is-cropped animated fadeIn slow wp-block-gallery-4 is-layout-flex wp-block-gallery-is-layout-flex\">\n<figure class=\"wp-block-image size-full\"><img decoding=\"async\" width=\"1200\" height=\"1600\" data-id=\"10562\" src=\"https:\/\/www.camping-baden.com\/wp-content\/uploads\/2024\/10\/2022-baden-pointe-du-blair2.webp\" alt=\"baden pointe du blair\" class=\"wp-image-10562\" srcset=\"https:\/\/www.camping-baden.com\/wp-content\/uploads\/2024\/10\/2022-baden-pointe-du-blair2.webp 1200w, https:\/\/www.camping-baden.com\/wp-content\/uploads\/2024\/10\/2022-baden-pointe-du-blair2-225x300.webp 225w, https:\/\/www.camping-baden.com\/wp-content\/uploads\/2024\/10\/2022-baden-pointe-du-blair2-768x1024.webp 768w, https:\/\/www.camping-baden.com\/wp-content\/uploads\/2024\/10\/2022-baden-pointe-du-blair2-1152x1536.webp 1152w\" sizes=\"(max-width: 1200px) 100vw, 1200px\" \/><\/figure>\n\n\n\n<figure class=\"wp-block-image size-full\"><img decoding=\"async\" width=\"1200\" height=\"900\" data-id=\"10567\" src=\"https:\/\/www.camping-baden.com\/wp-content\/uploads\/2024\/10\/2021-photo-locmiquel-baden.webp\" alt=\"photo locmiquel baden\" class=\"wp-image-10567\" srcset=\"https:\/\/www.camping-baden.com\/wp-content\/uploads\/2024\/10\/2021-photo-locmiquel-baden.webp 1200w, https:\/\/www.camping-baden.com\/wp-content\/uploads\/2024\/10\/2021-photo-locmiquel-baden-300x225.webp 300w, https:\/\/www.camping-baden.com\/wp-content\/uploads\/2024\/10\/2021-photo-locmiquel-baden-1024x768.webp 1024w, https:\/\/www.camping-baden.com\/wp-content\/uploads\/2024\/10\/2021-photo-locmiquel-baden-768x576.webp 768w\" sizes=\"(max-width: 1200px) 100vw, 1200px\" \/><\/figure>\n\n\n\n<figure class=\"wp-block-image size-full\"><img decoding=\"async\" width=\"1200\" height=\"801\" data-id=\"10583\" src=\"https:\/\/www.camping-baden.com\/wp-content\/uploads\/2024\/10\/2021-plage-locmiquel-baden.webp\" alt=\"locmiquel baden beach\" class=\"wp-image-10583\" srcset=\"https:\/\/www.camping-baden.com\/wp-content\/uploads\/2024\/10\/2021-plage-locmiquel-baden.webp 1200w, https:\/\/www.camping-baden.com\/wp-content\/uploads\/2024\/10\/2021-plage-locmiquel-baden-300x200.webp 300w, https:\/\/www.camping-baden.com\/wp-content\/uploads\/2024\/10\/2021-plage-locmiquel-baden-1024x684.webp 1024w, https:\/\/www.camping-baden.com\/wp-content\/uploads\/2024\/10\/2021-plage-locmiquel-baden-768x513.webp 768w\" sizes=\"(max-width: 1200px) 100vw, 1200px\" \/><\/figure>\n\n\n\n<figure class=\"wp-block-image size-full\"><img decoding=\"async\" width=\"1489\" height=\"800\" data-id=\"10588\" src=\"https:\/\/www.camping-baden.com\/wp-content\/uploads\/2024\/10\/2020-pointe-du-blair-oct-2.webp\" alt=\"pointe du blair oct ()\" class=\"wp-image-10588\" srcset=\"https:\/\/www.camping-baden.com\/wp-content\/uploads\/2024\/10\/2020-pointe-du-blair-oct-2.webp 1489w, https:\/\/www.camping-baden.com\/wp-content\/uploads\/2024\/10\/2020-pointe-du-blair-oct-2-300x161.webp 300w, https:\/\/www.camping-baden.com\/wp-content\/uploads\/2024\/10\/2020-pointe-du-blair-oct-2-1024x550.webp 1024w, https:\/\/www.camping-baden.com\/wp-content\/uploads\/2024\/10\/2020-pointe-du-blair-oct-2-768x413.webp 768w\" sizes=\"(max-width: 1489px) 100vw, 1489px\" \/><\/figure>\n\n\n\n<figure class=\"wp-block-image size-full\"><a href=\"https:\/\/www.camping-baden.com\/wp-content\/uploads\/2024\/10\/sept-iles-larmor-baden-alamoureux@OTGolfe17_DRN_0567.webp\"><img decoding=\"async\" width=\"1200\" height=\"800\" data-id=\"6885\" src=\"https:\/\/www.camping-baden.com\/wp-content\/uploads\/2024\/10\/sept-iles-larmor-baden-alamoureux@OTGolfe17_DRN_0567.webp\" alt=\"sept iles larmor baden alamoureux@OTGolfe DRN\" class=\"wp-image-6885\" srcset=\"https:\/\/www.camping-baden.com\/wp-content\/uploads\/2024\/10\/sept-iles-larmor-baden-alamoureux@OTGolfe17_DRN_0567.webp 1200w, https:\/\/www.camping-baden.com\/wp-content\/uploads\/2024\/10\/sept-iles-larmor-baden-alamoureux@OTGolfe17_DRN_0567-300x200.webp 300w, https:\/\/www.camping-baden.com\/wp-content\/uploads\/2024\/10\/sept-iles-larmor-baden-alamoureux@OTGolfe17_DRN_0567-1024x683.webp 1024w, https:\/\/www.camping-baden.com\/wp-content\/uploads\/2024\/10\/sept-iles-larmor-baden-alamoureux@OTGolfe17_DRN_0567-768x512.webp 768w\" sizes=\"(max-width: 1200px) 100vw, 1200px\" \/><\/a><figcaption class=\"wp-element-caption\">sept iles larmor baden alamoureux @OTGolfe17<\/figcaption><\/figure>\n<\/figure>\n<\/div>\n\n\n\n<div class=\"wp-block-column is-vertically-aligned-center text is-layout-flow wp-block-column-is-layout-flow\" style=\"flex-basis:45%\">\n<h2 class=\"ls__heading wp-block-heading has-color-1-color has-text-color has-link-color wp-elements-5c3dae6b6f8bfdda1a411f5ea46a6f9e\">Farniente on the Gulf&#8217;s sandy beaches<\/h2>\n\n\n\n<p class=\"ls-paragraph\">As you stroll along the coastal paths, stop off at the<strong> surprisingly wild<\/strong> <strong>Sept-\u00celes<\/strong><strong> beach<\/strong>. Further east, discover the <strong>large Locmiquel beach<\/strong> in Larmor-Baden, a quiet, family-friendly beach, as well as <strong>Toulindac<\/strong>. All along the coastal path, take advantage of the calm and charm of the small beaches to relax.  <\/p>\n<\/div>\n<\/div>\n\n\r\n    <\/div>\r\n<\/section><section id=\"ls-section-block_3999a1e7928f63cbd31b833561889f69\" class=\"ls-section  home-sixth page-one\" >\r\n        <div class=\"container container--full\">\r\n        \n\n<div class=\"wp-block-columns are-vertically-aligned-center first is-layout-flex wp-container-core-columns-is-layout-9d6595d7 wp-block-columns-is-layout-flex\">\n<div class=\"wp-block-column is-vertically-aligned-center text is-layout-flow wp-block-column-is-layout-flow\" style=\"flex-basis:45%\">\n<h2 class=\"ls__heading wp-block-heading has-color-1-color has-text-color has-link-color wp-elements-d95e93a2d8c700812ae56ac1dd8eecde\"><mark style=\"background-color:rgba(0, 0, 0, 0)\" class=\"has-inline-color has-color-1-color\">The villages of Baden and Larmor-Baden<\/mark><\/h2>\n\n\n\n<p class=\"ls-paragraph\"><strong>Baden <\/strong>and <strong>Larmor-Baden<\/strong> are <strong>charming, typical Morbihan villages<\/strong>.<\/p>\n\n\n\n<p class=\"ls-paragraph\"><strong>Port Blanc<\/strong>, Baden&#8217;s port and village, is a lively place all year round, especially during the vacations. It&#8217;s a magnet for visitors thanks to its incredible views over the Gulf of Morbihan and the strong marine current between the mainland and \u00cele-aux-Moines. It is the starting point for walks along the coastal paths, and its pier offers sea crossings to Ile aux Moines.  <\/p>\n\n\n\n<p class=\"ls-paragraph\"><strong>Megaliths<\/strong>: of the megaliths found in Baden, the Toulvern tumulus is the most remarkable, with its two-lane Y-shape dating from the Neolithic period, around 4000 BC.<\/p>\n\n\n\n<div class=\"ls-lire-plus\">\n    <input id=\"ls-lire-plus-block_a50381b2334262b8c68fda7de45b847469f2ff3f6211a\" type=\"checkbox\" class=\"ls-lire-plus__toggle\" \/>\n    <label for=\"ls-lire-plus-block_a50381b2334262b8c68fda7de45b847469f2ff3f6211a\" class=\"ls-lire-plus__toggle-label\">\n        <div>\n            <span>\n                Read more            <\/span>\n            <i class=\"mane-fleche\"><\/i>\n        <\/div>\n        <div>\n            <span>\n                Read less            <\/span>\n            <i class=\"mane-fleche\"><\/i>\n        <\/div>\n    <\/label>\n    <div class=\"ls-lire-plus__content\">\n        \n\n<p class=\"ls-paragraph\"><strong>L&#8217;\u00e9glise Saint-Pierre<\/strong>: only the outer buttresses recall the Romanesque origins of the parish church, rebuilt in the XIX\u1d49 century. Inside, admire the restored vault and the monumental XVI\u1d49 altarpiece, listed as a Monument Historique, from the chapel of the Chartreuse d&#8217;Auray. Baden&#8217;s bell tower is known to navigators entering the gulf: it serves as a bitter. Masses are generally celebrated on Saturdays at 6:30 pm and on Sundays at 10:30 am.   <\/p>\n\n\n\n<p class=\"ls-paragraph\"><strong>M\u00e9riadec chapel<\/strong>: its Breton toponymic imprint is a reminder of its ancient origins. Also dedicated to Saint Isidore, patron saint of ploughmen, the rectangular building was restored in 1812 and again more recently. In addition to a painting and an ancient statue, a Gallic cup stele now serves as a font. The pardon is celebrated on the second Sunday in August.   <\/p>\n\n\n\n<p class=\"ls-paragraph\"><strong>Crosses<\/strong>: Loh\u00e9ac, Penmern, Man\u00e9 Er Groez, C\u00e9lino, Quatre chemins.<\/p>\n\n        <div class=\"ls-lire-plus__gradient\" style=\"background: linear-gradient(to bottom,rgba(255,255,255,0) 0%,rgba(255,255,255,1) 100%);\"><\/div>\n    <\/div>\n<\/div><\/div>\n\n\n\n<div class=\"wp-block-column is-vertically-aligned-center is-layout-flow wp-block-column-is-layout-flow\" style=\"flex-basis:55%\">\n<figure class=\"wp-block-gallery has-nested-images columns-default is-cropped animated fadeIn slow wp-block-gallery-5 is-layout-flex wp-block-gallery-is-layout-flex\">\n<figure class=\"wp-block-image size-full\"><a href=\"https:\/\/www.camping-baden.com\/wp-content\/uploads\/2024\/10\/eglise-bretagne.webp\"><img decoding=\"async\" width=\"1200\" height=\"800\" data-id=\"6915\" src=\"https:\/\/www.camping-baden.com\/wp-content\/uploads\/2024\/10\/eglise-bretagne.webp\" alt=\"church bretagne\" class=\"wp-image-6915\" srcset=\"https:\/\/www.camping-baden.com\/wp-content\/uploads\/2024\/10\/eglise-bretagne.webp 1200w, https:\/\/www.camping-baden.com\/wp-content\/uploads\/2024\/10\/eglise-bretagne-300x200.webp 300w, https:\/\/www.camping-baden.com\/wp-content\/uploads\/2024\/10\/eglise-bretagne-1024x683.webp 1024w, https:\/\/www.camping-baden.com\/wp-content\/uploads\/2024\/10\/eglise-bretagne-768x512.webp 768w\" sizes=\"(max-width: 1200px) 100vw, 1200px\" \/><\/a><figcaption class=\"wp-element-caption\">Heritage of Larmor in Brittany<\/figcaption><\/figure>\n\n\n\n<figure class=\"wp-block-image size-full\"><a href=\"https:\/\/www.camping-baden.com\/wp-content\/uploads\/2024\/10\/eglise-morbihan.webp\"><img decoding=\"async\" width=\"1200\" height=\"800\" data-id=\"6911\" src=\"https:\/\/www.camping-baden.com\/wp-content\/uploads\/2024\/10\/eglise-morbihan.webp\" alt=\"morbihan church\" class=\"wp-image-6911\" srcset=\"https:\/\/www.camping-baden.com\/wp-content\/uploads\/2024\/10\/eglise-morbihan.webp 1200w, https:\/\/www.camping-baden.com\/wp-content\/uploads\/2024\/10\/eglise-morbihan-300x200.webp 300w, https:\/\/www.camping-baden.com\/wp-content\/uploads\/2024\/10\/eglise-morbihan-1024x683.webp 1024w, https:\/\/www.camping-baden.com\/wp-content\/uploads\/2024\/10\/eglise-morbihan-768x512.webp 768w\" sizes=\"(max-width: 1200px) 100vw, 1200px\" \/><\/a><figcaption class=\"wp-element-caption\">Church of Larmor-Plage, Brittany<\/figcaption><\/figure>\n\n\n\n<figure class=\"wp-block-image size-full\"><a href=\"https:\/\/www.camping-baden.com\/wp-content\/uploads\/2024\/10\/baden-port-blanc-a-lamoureux@OTGolfe17_MG_7086-1.webp\"><img decoding=\"async\" width=\"1200\" height=\"800\" data-id=\"6905\" src=\"https:\/\/www.camping-baden.com\/wp-content\/uploads\/2024\/10\/baden-port-blanc-a-lamoureux@OTGolfe17_MG_7086-1.webp\" alt=\"baden port blanc a lamoureux@OTGolfe MG ()\" class=\"wp-image-6905\" srcset=\"https:\/\/www.camping-baden.com\/wp-content\/uploads\/2024\/10\/baden-port-blanc-a-lamoureux@OTGolfe17_MG_7086-1.webp 1200w, https:\/\/www.camping-baden.com\/wp-content\/uploads\/2024\/10\/baden-port-blanc-a-lamoureux@OTGolfe17_MG_7086-1-300x200.webp 300w, https:\/\/www.camping-baden.com\/wp-content\/uploads\/2024\/10\/baden-port-blanc-a-lamoureux@OTGolfe17_MG_7086-1-1024x683.webp 1024w, https:\/\/www.camping-baden.com\/wp-content\/uploads\/2024\/10\/baden-port-blanc-a-lamoureux@OTGolfe17_MG_7086-1-768x512.webp 768w\" sizes=\"(max-width: 1200px) 100vw, 1200px\" \/><\/a><\/figure>\n<\/figure>\n<\/div>\n<\/div>\n\n\r\n    <\/div>\r\n<\/section><section id=\"ls-section-block_33170c56b824cf9b1dace1055f595a43\" class=\"ls-section  home-sixth page-three bis\" >\r\n        <div class=\"container container--full\">\r\n        \n\n<div class=\"wp-block-columns are-vertically-aligned-center first is-layout-flex wp-container-core-columns-is-layout-9d6595d7 wp-block-columns-is-layout-flex\">\n<div class=\"wp-block-column is-vertically-aligned-center is-layout-flow wp-block-column-is-layout-flow\" style=\"flex-basis:55%\">\n<figure class=\"wp-block-gallery has-nested-images columns-default is-cropped animated fadeIn slow wp-block-gallery-6 is-layout-flex wp-block-gallery-is-layout-flex\">\n<figure class=\"wp-block-image size-full\"><a href=\"https:\/\/www.camping-baden.com\/wp-content\/uploads\/2024\/10\/gavrinis-alamoureux@OTGolfe17_D4_4461-recadre.webp\"><img decoding=\"async\" width=\"1036\" height=\"800\" data-id=\"6899\" src=\"https:\/\/www.camping-baden.com\/wp-content\/uploads\/2024\/10\/gavrinis-alamoureux@OTGolfe17_D4_4461-recadre.webp\" alt=\"gavrinis alamoureux@OTGolfe D recadre\" class=\"wp-image-6899\" srcset=\"https:\/\/www.camping-baden.com\/wp-content\/uploads\/2024\/10\/gavrinis-alamoureux@OTGolfe17_D4_4461-recadre.webp 1036w, https:\/\/www.camping-baden.com\/wp-content\/uploads\/2024\/10\/gavrinis-alamoureux@OTGolfe17_D4_4461-recadre-300x232.webp 300w, https:\/\/www.camping-baden.com\/wp-content\/uploads\/2024\/10\/gavrinis-alamoureux@OTGolfe17_D4_4461-recadre-1024x791.webp 1024w, https:\/\/www.camping-baden.com\/wp-content\/uploads\/2024\/10\/gavrinis-alamoureux@OTGolfe17_D4_4461-recadre-768x593.webp 768w\" sizes=\"(max-width: 1036px) 100vw, 1036px\" \/><\/a><\/figure>\n\n\n\n<figure class=\"wp-block-image size-full\"><a href=\"https:\/\/www.camping-baden.com\/wp-content\/uploads\/2024\/10\/crtb-ab8437_BERTHIER-Emmanuel.webp\"><img decoding=\"async\" width=\"1202\" height=\"800\" data-id=\"10614\" src=\"https:\/\/www.camping-baden.com\/wp-content\/uploads\/2024\/10\/crtb-ab8437_BERTHIER-Emmanuel.webp\" alt=\"crtb ab BERTHIER Emmanuel\" class=\"wp-image-10614\" srcset=\"https:\/\/www.camping-baden.com\/wp-content\/uploads\/2024\/10\/crtb-ab8437_BERTHIER-Emmanuel.webp 1202w, https:\/\/www.camping-baden.com\/wp-content\/uploads\/2024\/10\/crtb-ab8437_BERTHIER-Emmanuel-300x200.webp 300w, https:\/\/www.camping-baden.com\/wp-content\/uploads\/2024\/10\/crtb-ab8437_BERTHIER-Emmanuel-1024x682.webp 1024w, https:\/\/www.camping-baden.com\/wp-content\/uploads\/2024\/10\/crtb-ab8437_BERTHIER-Emmanuel-768x511.webp 768w\" sizes=\"(max-width: 1202px) 100vw, 1202px\" \/><\/a><\/figure>\n\n\n\n<figure class=\"wp-block-image size-full\"><a href=\"https:\/\/www.camping-baden.com\/wp-content\/uploads\/2024\/10\/crtb-ad3162_BERTHIER-Emmanuel-1.webp\"><img decoding=\"async\" width=\"1202\" height=\"800\" data-id=\"10619\" src=\"https:\/\/www.camping-baden.com\/wp-content\/uploads\/2024\/10\/crtb-ad3162_BERTHIER-Emmanuel-1.webp\" alt=\"crtb ad BERTHIER Emmanuel\" class=\"wp-image-10619\" srcset=\"https:\/\/www.camping-baden.com\/wp-content\/uploads\/2024\/10\/crtb-ad3162_BERTHIER-Emmanuel-1.webp 1202w, https:\/\/www.camping-baden.com\/wp-content\/uploads\/2024\/10\/crtb-ad3162_BERTHIER-Emmanuel-1-300x200.webp 300w, https:\/\/www.camping-baden.com\/wp-content\/uploads\/2024\/10\/crtb-ad3162_BERTHIER-Emmanuel-1-1024x682.webp 1024w, https:\/\/www.camping-baden.com\/wp-content\/uploads\/2024\/10\/crtb-ad3162_BERTHIER-Emmanuel-1-768x511.webp 768w\" sizes=\"(max-width: 1202px) 100vw, 1202px\" \/><\/a><\/figure>\n\n\n\n<figure class=\"wp-block-image size-full\"><a href=\"https:\/\/www.camping-baden.com\/wp-content\/uploads\/2024\/10\/crtb-ad3161_BERTHIER-Emmanuel.webp\"><img decoding=\"async\" width=\"1200\" height=\"798\" data-id=\"6895\" src=\"https:\/\/www.camping-baden.com\/wp-content\/uploads\/2024\/10\/crtb-ad3161_BERTHIER-Emmanuel.webp\" alt=\"crtb ad BERTHIER Emmanuel\" class=\"wp-image-6895\" srcset=\"https:\/\/www.camping-baden.com\/wp-content\/uploads\/2024\/10\/crtb-ad3161_BERTHIER-Emmanuel.webp 1200w, https:\/\/www.camping-baden.com\/wp-content\/uploads\/2024\/10\/crtb-ad3161_BERTHIER-Emmanuel-300x200.webp 300w, https:\/\/www.camping-baden.com\/wp-content\/uploads\/2024\/10\/crtb-ad3161_BERTHIER-Emmanuel-1024x681.webp 1024w, https:\/\/www.camping-baden.com\/wp-content\/uploads\/2024\/10\/crtb-ad3161_BERTHIER-Emmanuel-768x511.webp 768w\" sizes=\"(max-width: 1200px) 100vw, 1200px\" \/><\/a><figcaption class=\"wp-element-caption\">sept iles larmor baden alamoureux @OTGolfe17<\/figcaption><\/figure>\n\n\n\n<figure class=\"wp-block-image size-full\"><a href=\"https:\/\/www.camping-baden.com\/wp-content\/uploads\/2024\/10\/gavrinis-lamoureux@OTGolfe-office-tourisme-golfe-du-morbihan.webp\"><img decoding=\"async\" width=\"1200\" height=\"800\" data-id=\"10623\" src=\"https:\/\/www.camping-baden.com\/wp-content\/uploads\/2024\/10\/gavrinis-lamoureux@OTGolfe-office-tourisme-golfe-du-morbihan.webp\" alt=\"gavrinis lamoureux@OTGolfe office tourisme golfe du morbihan\" class=\"wp-image-10623\" srcset=\"https:\/\/www.camping-baden.com\/wp-content\/uploads\/2024\/10\/gavrinis-lamoureux@OTGolfe-office-tourisme-golfe-du-morbihan.webp 1200w, https:\/\/www.camping-baden.com\/wp-content\/uploads\/2024\/10\/gavrinis-lamoureux@OTGolfe-office-tourisme-golfe-du-morbihan-300x200.webp 300w, https:\/\/www.camping-baden.com\/wp-content\/uploads\/2024\/10\/gavrinis-lamoureux@OTGolfe-office-tourisme-golfe-du-morbihan-1024x683.webp 1024w, https:\/\/www.camping-baden.com\/wp-content\/uploads\/2024\/10\/gavrinis-lamoureux@OTGolfe-office-tourisme-golfe-du-morbihan-768x512.webp 768w\" sizes=\"(max-width: 1200px) 100vw, 1200px\" \/><\/a><\/figure>\n<\/figure>\n<\/div>\n\n\n\n<div class=\"wp-block-column is-vertically-aligned-center text is-layout-flow wp-block-column-is-layout-flow\" style=\"flex-basis:45%\">\n<h2 class=\"ls__heading wp-block-heading has-color-1-color has-text-color has-link-color wp-elements-ac46974972972c181378f324e8d80422\">Visit to the Gavrinis megalithic site<\/h2>\n\n\n\n<p class=\"ls-paragraph\">The island of Gavrinis, in the Gulf of Morbihan, is home to one of the world&#8217;s most remarkable megalithic sites.  <\/p>\n\n\n\n<p class=\"ls-paragraph\">The island is accessible by shuttle with <a href=\"https:\/\/www.passeurdesiles.com\/croisiere-port-navalo-gavrinis\">Le Passeur des \u00celes<\/a> from the Larmor-Baden pier.  <\/p>\n\n\n\n<p class=\"ls-paragraph\">The Gavrinis Cairn, over 6,000 years old, is a tumulus of earth and stones covering megalithic burials.  <\/p>\n\n\n\n<p class=\"ls-paragraph\">Beneath this mound lies the entrance to a huge dolmen famous for its enigmatic engravings and imposing standing stones.  <\/p>\n\n\n\n<p class=\"ls-paragraph\">The guided tour is particularly rewarding, immersing visitors in the history and mysteries of this prehistoric monument.  <\/p>\n\n\n\n<p class=\"ls-paragraph\">The beauty of the location, the breathtaking slideshow of the Gulf and the peaceful atmosphere of the island add to the magic of the experience, making Gavrinis a must for history and nature lovers.<\/p>\n<\/div>\n<\/div>\n\n\r\n    <\/div>\r\n<\/section><section id=\"ls-section-block_0c4a725e4db3dd8240ee81f24e2601e8\" class=\"ls-section  page-two page-vague-alt has-background has-color-4-background-color\" >\r\n        <div class=\"container container--full\">\r\n        \n\n<div class=\"wp-block-columns first is-layout-flex wp-container-core-columns-is-layout-9d6595d7 wp-block-columns-is-layout-flex\">\n<div class=\"wp-block-column is-layout-flow wp-block-column-is-layout-flow\"><\/div>\n\n\n\n<div class=\"wp-block-column is-layout-flow wp-block-column-is-layout-flow\" style=\"flex-basis:100%\">\n<div class=\"icone\"><i class=\"mane-g\"><\/i><\/div>\n\n\n\n<h2 class=\"ls__heading wp-block-heading has-text-align-center has-color-1-color has-text-color has-link-color wp-elements-deb82b857cd3854aca6c9dc03707438b\">Must-see sights and activities in Baden<\/h2>\n\n\n\n<p class=\"ls-paragraph has-text-align-center\">Baden, a <strong>quiet village<\/strong> on the edge of the Gulf of Morbihan, is <strong>bustling with life all year round<\/strong>! Just 900 metres from the Man\u00e9 Guernehu\u00e9 campsite, you&#8217;ll find :<\/p>\n\n\n\n<ul class=\"ls-list ls-list-undefined wp-block-list\">\n<li>Country market (local produce) every Friday from 4:30 to 7:30 p.m.<\/li>\n\n\n\n<li>Market in Baden Port Blanc on Wednesdays from 2 to 8 p.m. in July and August<\/li>\n\n\n\n<li>Carrefour Market&#8221; supermarket<\/li>\n\n\n\n<li>Shops: bar, grocery, bakery, butcher, oyster farmers&#8230; <a href=\"https:\/\/www.baden.fr\/annuaires\/?d=&amp;sd=\" target=\"_blank\" rel=\"noreferrer noopener\">see the list of shops in Baden<\/a> <\/li>\n\n\n\n<li>Restaurants and cr\u00eaperies<\/li>\n\n\n\n<li>Mus\u00e9e des Passions et des Ailes: find out more on the <a href=\"http:\/\/https\/\/www.museedebaden.fr\/\" target=\"_blank\" rel=\"noreferrer noopener\">Baden museum<\/a> website<\/li>\n\n\n\n<li>Pier at Port Blanc: passage to Ile aux Moines, cruises on the Golfe du Morbihan&#8230; <a href=\"https:\/\/www.izenah-croisieres.com\/\" target=\"_blank\" rel=\"noreferrer noopener\">Find out more on the Izenah website<\/a>.<\/li>\n<\/ul>\n<\/div>\n<\/div>\n\n\n\n<figure class=\"wp-block-gallery has-nested-images columns-default is-cropped wp-block-gallery-7 is-layout-flex wp-block-gallery-is-layout-flex\">\n<figure class=\"wp-block-image size-full animated fadeIn slow\"><a href=\"https:\/\/www.camping-baden.com\/wp-content\/uploads\/2024\/10\/2021-larmor-baden-port.webp\"><img decoding=\"async\" width=\"1200\" height=\"900\" data-id=\"10571\" src=\"https:\/\/www.camping-baden.com\/wp-content\/uploads\/2024\/10\/2021-larmor-baden-port.webp\" alt=\"larmor baden port\" class=\"wp-image-10571\" srcset=\"https:\/\/www.camping-baden.com\/wp-content\/uploads\/2024\/10\/2021-larmor-baden-port.webp 1200w, https:\/\/www.camping-baden.com\/wp-content\/uploads\/2024\/10\/2021-larmor-baden-port-300x225.webp 300w, https:\/\/www.camping-baden.com\/wp-content\/uploads\/2024\/10\/2021-larmor-baden-port-1024x768.webp 1024w, https:\/\/www.camping-baden.com\/wp-content\/uploads\/2024\/10\/2021-larmor-baden-port-768x576.webp 768w\" sizes=\"(max-width: 1200px) 100vw, 1200px\" \/><\/a><figcaption class=\"wp-element-caption\">Town of Baden<\/figcaption><\/figure>\n\n\n\n<figure class=\"wp-block-image size-full\"><a href=\"https:\/\/www.camping-baden.com\/wp-content\/uploads\/2024\/10\/2021-larmor-baden-port-barque-voile-rouge-5.webp\"><img decoding=\"async\" width=\"1200\" height=\"900\" data-id=\"10575\" src=\"https:\/\/www.camping-baden.com\/wp-content\/uploads\/2024\/10\/2021-larmor-baden-port-barque-voile-rouge-5.webp\" alt=\"larmor baden port barque voile rouge ()\" class=\"wp-image-10575\" srcset=\"https:\/\/www.camping-baden.com\/wp-content\/uploads\/2024\/10\/2021-larmor-baden-port-barque-voile-rouge-5.webp 1200w, https:\/\/www.camping-baden.com\/wp-content\/uploads\/2024\/10\/2021-larmor-baden-port-barque-voile-rouge-5-300x225.webp 300w, https:\/\/www.camping-baden.com\/wp-content\/uploads\/2024\/10\/2021-larmor-baden-port-barque-voile-rouge-5-1024x768.webp 1024w, https:\/\/www.camping-baden.com\/wp-content\/uploads\/2024\/10\/2021-larmor-baden-port-barque-voile-rouge-5-768x576.webp 768w\" sizes=\"(max-width: 1200px) 100vw, 1200px\" \/><\/a><figcaption class=\"wp-element-caption\">Oyster farmers of Brittany<\/figcaption><\/figure>\n\n\n\n<figure class=\"wp-block-image size-full\"><img decoding=\"async\" width=\"1200\" height=\"900\" data-id=\"10579\" src=\"https:\/\/www.camping-baden.com\/wp-content\/uploads\/2024\/10\/2021-larmor-baden-port-barque-voile-rouge-3.webp\" alt=\"larmor baden port barque voile rouge ()\" class=\"wp-image-10579\" srcset=\"https:\/\/www.camping-baden.com\/wp-content\/uploads\/2024\/10\/2021-larmor-baden-port-barque-voile-rouge-3.webp 1200w, https:\/\/www.camping-baden.com\/wp-content\/uploads\/2024\/10\/2021-larmor-baden-port-barque-voile-rouge-3-300x225.webp 300w, https:\/\/www.camping-baden.com\/wp-content\/uploads\/2024\/10\/2021-larmor-baden-port-barque-voile-rouge-3-1024x768.webp 1024w, https:\/\/www.camping-baden.com\/wp-content\/uploads\/2024\/10\/2021-larmor-baden-port-barque-voile-rouge-3-768x576.webp 768w\" sizes=\"(max-width: 1200px) 100vw, 1200px\" \/><\/figure>\n<\/figure>\n\n\r\n    <\/div>\r\n<\/section><section id=\"ls-section-block_f9969da6273f81891d68b85f756dc2a9\" class=\"ls-section \" >\r\n        <div class=\"container \">\r\n        \n\n<blockquote class=\"wp-block-quote has-color-6-background-color has-background is-layout-flow wp-block-quote-is-layout-flow\">\n<h2 class=\"ls__heading wp-block-heading has-text-align-center has-color-2-color has-text-color has-link-color wp-elements-8faeb7df750f945b64235a1e406abb3c\">Practical and tourist information for your visit to Baden in Southern Brittany<\/h2>\n\n\n\n<ul class=\"ls-list ls-list-undefined wp-block-list\">\n<li><strong><a href=\"https:\/\/www.golfedumorbihan.bzh\/\" target=\"_blank\" rel=\"noreferrer noopener\">Vannes<\/a><\/strong> Quai Eric Tabarly, Vannes Tel: 02 97 47 24 34<\/li>\n\n\n\n<li><strong><a href=\"https:\/\/www.baiedequiberon.bzh\/preparer-son-sejour-en-baie-de-quiberon\/l-office-de-tourisme-de-la-baie-de-quiberon\/nos-horaires-d-ouverture\/office-de-tourisme-d-auray\" target=\"_blank\" rel=\"noreferrer noopener\">Auray<\/a><\/strong> 20 rue du Lait, Auray Tel: 02 97 24 09 75<\/li>\n\n\n\n<li><a href=\"https:\/\/morbihan.com\/\" target=\"_blank\" rel=\"noreferrer noopener\">Morbihan Tourist Board<\/a><\/li>\n\n\n\n<li><a href=\"https:\/\/www.tourismebretagne.com\/\" target=\"_blank\" rel=\"noreferrer noopener\">Official website of Tourism in Brittany<\/a><\/li>\n\n\n\n<li><a href=\"https:\/\/www.museedebaden.fr\/\" target=\"_blank\" rel=\"noreferrer noopener\">Museum of Passions and Wings in Baden<\/a><\/li>\n\n\n\n<li><strong>The free shuttle service from the campsite in summer <\/strong>takes you to the town center, the beach and the Port Blanc pier: find out more about <a href=\"https:\/\/www.camping-baden.com\/en\/family-campsite-baden\/\" target=\"_blank\" rel=\"noreferrer noopener\">the free shuttle service<\/a>.<\/li>\n<\/ul>\n<\/blockquote>\n\n\r\n    <\/div>\r\n<\/section><section id=\"ls-section-block_8fcb707d1aa3b3594ae6abb9af72ef02\" class=\"ls-section  page-cta\" >\r\n        <div class=\"container container--wide\">\r\n        \n\n<div id=\"ls-heading ls-titre-div-block_0809fdd9e64f48cd30d1723ae51eb2ee\" class=\"ls-titre-div aligncenter h1-like has-text-color has-color-2-color\" >\n    Discover the <em>surrounding area<\/em><\/div>\n\n\n\n<div id=\"ls-maillage-block_6377dd11899f5641536bd507ac33abd7\" class=\"ls-maillage animated fadeIn slow cta-style-normal\" data-rows=\"3\">\n\n    <div class=\"wp-block-columns\"><div class=\"wp-block-column\">\n\n<a href=\"https:\/\/www.camping-baden.com\/en\/tourism-vannes\/\" target=\"\" rel=\"noopener\" class=\"ls-cta__link\" data-categ=\"\">\n\t<div class=\"ls-cta__image\"><img decoding=\"async\" src=\"https:\/\/www.camping-baden.com\/wp-content\/uploads\/2024\/10\/tourisme-vannes-alamoureux@OTGolfe17_D4_8662.webp\" alt=\"tourism vannes alamoureux@OTGolfe D\"><\/div>\n\t<div class=\"ls-cta__title\">\n\t\tVannes and its ramparts\t\t<i class=\"mane-fleche\"><\/i>\n\t<\/div>\n\n\t\n\t<\/a><\/div><div class=\"wp-block-column\">\n\n<a href=\"https:\/\/www.camping-baden.com\/en\/tourism-gastronomy-local-markets-baden\/\" target=\"\" rel=\"noopener\" class=\"ls-cta__link\" data-categ=\"\">\n\t<div class=\"ls-cta__image\"><img decoding=\"async\" src=\"https:\/\/www.camping-baden.com\/wp-content\/uploads\/2024\/10\/marches-produits-locaux-camping-mane-guernehue.webp\" alt=\"local produce markets camping mane guernehue\"><\/div>\n\t<div class=\"ls-cta__title\">\n\t\tLocal products and markets\t\t<i class=\"mane-fleche\"><\/i>\n\t<\/div>\n\n\t\n\t<\/a><\/div><div class=\"wp-block-column\">\n\n<a href=\"https:\/\/www.camping-baden.com\/en\/tourism-rhuys-peninsula\/\" target=\"\" rel=\"noopener\" class=\"ls-cta__link\" data-categ=\"\">\n\t<div class=\"ls-cta__image\"><img decoding=\"async\" src=\"https:\/\/www.camping-baden.com\/wp-content\/uploads\/2024\/10\/arzon-presqu-ile-rhuys-GMVT20@alamoureux_DJI_0056-1.webp\" alt=\"Rhuys peninsula\"><\/div>\n\t<div class=\"ls-cta__title\">\n\t\tRhuys peninsula\t\t<i class=\"mane-fleche\"><\/i>\n\t<\/div>\n\n\t\n\t<\/a><\/div><\/div>\n<\/div>\n\r\n    <\/div>\r\n<\/section>","protected":false},"excerpt":{"rendered":"","protected":false},"author":1,"featured_media":10557,"parent":0,"menu_order":0,"comment_status":"closed","ping_status":"closed","template":"","meta":{"_acf_changed":false,"footnotes":""},"sujet":[],"class_list":["post-11125","page","type-page","status-publish","has-post-thumbnail","hentry"],"acf":[],"yoast_head":"<!-- This site is optimized with the Yoast SEO plugin v25.3 - https:\/\/yoast.com\/wordpress\/plugins\/seo\/ -->\n<title>Tourism in Baden and Larmor-Baden<\/title>\n<meta name=\"description\" content=\"Spend a dream holiday in the Gulf of Morbihan: discover Baden and Larmor-Baden by staying at a campsite, where you can relax on the beaches and enjoy the natural heritage.\" \/>\n<meta name=\"robots\" content=\"index, follow, max-snippet:-1, max-image-preview:large, max-video-preview:-1\" \/>\n<link rel=\"canonical\" href=\"https:\/\/www.camping-baden.com\/en\/tourism-baden-larmor-baden\/\" \/>\n<meta property=\"og:locale\" content=\"en_US\" \/>\n<meta property=\"og:type\" content=\"article\" \/>\n<meta property=\"og:title\" content=\"Tourism in Baden and Larmor-Baden\" \/>\n<meta property=\"og:description\" content=\"Spend a dream holiday in the Gulf of Morbihan: discover Baden and Larmor-Baden by staying at a campsite, where you can relax on the beaches and enjoy the natural heritage.\" \/>\n<meta property=\"og:url\" content=\"https:\/\/www.camping-baden.com\/en\/tourism-baden-larmor-baden\/\" \/>\n<meta property=\"og:site_name\" content=\"Man\u00e9 Guernehu\u00e9\" \/>\n<meta property=\"article:modified_time\" content=\"2024-10-31T14:16:59+00:00\" \/>\n<meta property=\"og:image\" content=\"https:\/\/www.camping-baden.com\/wp-content\/uploads\/2024\/10\/sept-iles-larmor-baden-alamoureux@OTGolfe17_DRN_0567-2.webp\" \/>\n\t<meta property=\"og:image:width\" content=\"2000\" \/>\n\t<meta property=\"og:image:height\" content=\"1333\" \/>\n\t<meta property=\"og:image:type\" content=\"image\/webp\" \/>\n<meta name=\"twitter:card\" content=\"summary_large_image\" \/>\n<meta name=\"twitter:label1\" content=\"Est. reading time\" \/>\n\t<meta name=\"twitter:data1\" content=\"5 minutes\" \/>\n<script type=\"application\/ld+json\" class=\"yoast-schema-graph\">{\"@context\":\"https:\/\/schema.org\",\"@graph\":[{\"@type\":\"WebPage\",\"@id\":\"https:\/\/www.camping-baden.com\/en\/tourism-baden-larmor-baden\/\",\"url\":\"https:\/\/www.camping-baden.com\/en\/tourism-baden-larmor-baden\/\",\"name\":\"Tourism in Baden and Larmor-Baden\",\"isPartOf\":{\"@id\":\"https:\/\/www.camping-baden.com\/en\/#website\"},\"primaryImageOfPage\":{\"@id\":\"https:\/\/www.camping-baden.com\/en\/tourism-baden-larmor-baden\/#primaryimage\"},\"image\":{\"@id\":\"https:\/\/www.camping-baden.com\/en\/tourism-baden-larmor-baden\/#primaryimage\"},\"thumbnailUrl\":\"https:\/\/www.camping-baden.com\/wp-content\/uploads\/2024\/10\/sept-iles-larmor-baden-alamoureux@OTGolfe17_DRN_0567-2.webp\",\"datePublished\":\"2024-08-26T14:13:34+00:00\",\"dateModified\":\"2024-10-31T14:16:59+00:00\",\"description\":\"Spend a dream holiday in the Gulf of Morbihan: discover Baden and Larmor-Baden by staying at a campsite, where you can relax on the beaches and enjoy the natural heritage.\",\"breadcrumb\":{\"@id\":\"https:\/\/www.camping-baden.com\/en\/tourism-baden-larmor-baden\/#breadcrumb\"},\"inLanguage\":\"en-US\",\"potentialAction\":[{\"@type\":\"ReadAction\",\"target\":[\"https:\/\/www.camping-baden.com\/en\/tourism-baden-larmor-baden\/\"]}]},{\"@type\":\"ImageObject\",\"inLanguage\":\"en-US\",\"@id\":\"https:\/\/www.camping-baden.com\/en\/tourism-baden-larmor-baden\/#primaryimage\",\"url\":\"https:\/\/www.camping-baden.com\/wp-content\/uploads\/2024\/10\/sept-iles-larmor-baden-alamoureux@OTGolfe17_DRN_0567-2.webp\",\"contentUrl\":\"https:\/\/www.camping-baden.com\/wp-content\/uploads\/2024\/10\/sept-iles-larmor-baden-alamoureux@OTGolfe17_DRN_0567-2.webp\",\"width\":2000,\"height\":1333,\"caption\":\"Les Sept-Iles Golfe du Morbihan @ A. Lamoureux Office de Tourisme Golfe du Morbihan\"},{\"@type\":\"BreadcrumbList\",\"@id\":\"https:\/\/www.camping-baden.com\/en\/tourism-baden-larmor-baden\/#breadcrumb\",\"itemListElement\":[{\"@type\":\"ListItem\",\"position\":1,\"name\":\"Camping Golfe du Morbihan\",\"item\":\"https:\/\/www.camping-baden.com\/en\/\"},{\"@type\":\"ListItem\",\"position\":2,\"name\":\"Discover\"}]},{\"@type\":\"WebSite\",\"@id\":\"https:\/\/www.camping-baden.com\/en\/#website\",\"url\":\"https:\/\/www.camping-baden.com\/en\/\",\"name\":\"Man\u00e9 Guernehu\u00e9\",\"description\":\"\",\"publisher\":{\"@id\":\"https:\/\/www.camping-baden.com\/en\/#organization\"},\"potentialAction\":[{\"@type\":\"SearchAction\",\"target\":{\"@type\":\"EntryPoint\",\"urlTemplate\":\"https:\/\/www.camping-baden.com\/en\/?s={search_term_string}\"},\"query-input\":{\"@type\":\"PropertyValueSpecification\",\"valueRequired\":true,\"valueName\":\"search_term_string\"}}],\"inLanguage\":\"en-US\"},{\"@type\":\"Organization\",\"@id\":\"https:\/\/www.camping-baden.com\/en\/#organization\",\"name\":\"Man\u00e9 Guernehu\u00e9\",\"url\":\"https:\/\/www.camping-baden.com\/en\/\",\"logo\":{\"@type\":\"ImageObject\",\"inLanguage\":\"en-US\",\"@id\":\"https:\/\/www.camping-baden.com\/en\/#\/schema\/logo\/image\/\",\"url\":\"https:\/\/www.camping-baden.com\/wp-content\/uploads\/2024\/08\/logo-camping-mane-guernehue.png\",\"contentUrl\":\"https:\/\/www.camping-baden.com\/wp-content\/uploads\/2024\/08\/logo-camping-mane-guernehue.png\",\"width\":1000,\"height\":450,\"caption\":\"Man\u00e9 Guernehu\u00e9\"},\"image\":{\"@id\":\"https:\/\/www.camping-baden.com\/en\/#\/schema\/logo\/image\/\"}}]}<\/script>\n<!-- \/ Yoast SEO plugin. -->","yoast_head_json":{"title":"Tourism in Baden and Larmor-Baden","description":"Spend a dream holiday in the Gulf of Morbihan: discover Baden and Larmor-Baden by staying at a campsite, where you can relax on the beaches and enjoy the natural heritage.","robots":{"index":"index","follow":"follow","max-snippet":"max-snippet:-1","max-image-preview":"max-image-preview:large","max-video-preview":"max-video-preview:-1"},"canonical":"https:\/\/www.camping-baden.com\/en\/tourism-baden-larmor-baden\/","og_locale":"en_US","og_type":"article","og_title":"Tourism in Baden and Larmor-Baden","og_description":"Spend a dream holiday in the Gulf of Morbihan: discover Baden and Larmor-Baden by staying at a campsite, where you can relax on the beaches and enjoy the natural heritage.","og_url":"https:\/\/www.camping-baden.com\/en\/tourism-baden-larmor-baden\/","og_site_name":"Man\u00e9 Guernehu\u00e9","article_modified_time":"2024-10-31T14:16:59+00:00","og_image":[{"width":2000,"height":1333,"url":"https:\/\/www.camping-baden.com\/wp-content\/uploads\/2024\/10\/sept-iles-larmor-baden-alamoureux@OTGolfe17_DRN_0567-2.webp","type":"image\/webp"}],"twitter_card":"summary_large_image","twitter_misc":{"Est. reading time":"5 minutes"},"schema":{"@context":"https:\/\/schema.org","@graph":[{"@type":"WebPage","@id":"https:\/\/www.camping-baden.com\/en\/tourism-baden-larmor-baden\/","url":"https:\/\/www.camping-baden.com\/en\/tourism-baden-larmor-baden\/","name":"Tourism in Baden and Larmor-Baden","isPartOf":{"@id":"https:\/\/www.camping-baden.com\/en\/#website"},"primaryImageOfPage":{"@id":"https:\/\/www.camping-baden.com\/en\/tourism-baden-larmor-baden\/#primaryimage"},"image":{"@id":"https:\/\/www.camping-baden.com\/en\/tourism-baden-larmor-baden\/#primaryimage"},"thumbnailUrl":"https:\/\/www.camping-baden.com\/wp-content\/uploads\/2024\/10\/sept-iles-larmor-baden-alamoureux@OTGolfe17_DRN_0567-2.webp","datePublished":"2024-08-26T14:13:34+00:00","dateModified":"2024-10-31T14:16:59+00:00","description":"Spend a dream holiday in the Gulf of Morbihan: discover Baden and Larmor-Baden by staying at a campsite, where you can relax on the beaches and enjoy the natural heritage.","breadcrumb":{"@id":"https:\/\/www.camping-baden.com\/en\/tourism-baden-larmor-baden\/#breadcrumb"},"inLanguage":"en-US","potentialAction":[{"@type":"ReadAction","target":["https:\/\/www.camping-baden.com\/en\/tourism-baden-larmor-baden\/"]}]},{"@type":"ImageObject","inLanguage":"en-US","@id":"https:\/\/www.camping-baden.com\/en\/tourism-baden-larmor-baden\/#primaryimage","url":"https:\/\/www.camping-baden.com\/wp-content\/uploads\/2024\/10\/sept-iles-larmor-baden-alamoureux@OTGolfe17_DRN_0567-2.webp","contentUrl":"https:\/\/www.camping-baden.com\/wp-content\/uploads\/2024\/10\/sept-iles-larmor-baden-alamoureux@OTGolfe17_DRN_0567-2.webp","width":2000,"height":1333,"caption":"Les Sept-Iles Golfe du Morbihan @ A. Lamoureux Office de Tourisme Golfe du Morbihan"},{"@type":"BreadcrumbList","@id":"https:\/\/www.camping-baden.com\/en\/tourism-baden-larmor-baden\/#breadcrumb","itemListElement":[{"@type":"ListItem","position":1,"name":"Camping Golfe du Morbihan","item":"https:\/\/www.camping-baden.com\/en\/"},{"@type":"ListItem","position":2,"name":"Discover"}]},{"@type":"WebSite","@id":"https:\/\/www.camping-baden.com\/en\/#website","url":"https:\/\/www.camping-baden.com\/en\/","name":"Man\u00e9 Guernehu\u00e9","description":"","publisher":{"@id":"https:\/\/www.camping-baden.com\/en\/#organization"},"potentialAction":[{"@type":"SearchAction","target":{"@type":"EntryPoint","urlTemplate":"https:\/\/www.camping-baden.com\/en\/?s={search_term_string}"},"query-input":{"@type":"PropertyValueSpecification","valueRequired":true,"valueName":"search_term_string"}}],"inLanguage":"en-US"},{"@type":"Organization","@id":"https:\/\/www.camping-baden.com\/en\/#organization","name":"Man\u00e9 Guernehu\u00e9","url":"https:\/\/www.camping-baden.com\/en\/","logo":{"@type":"ImageObject","inLanguage":"en-US","@id":"https:\/\/www.camping-baden.com\/en\/#\/schema\/logo\/image\/","url":"https:\/\/www.camping-baden.com\/wp-content\/uploads\/2024\/08\/logo-camping-mane-guernehue.png","contentUrl":"https:\/\/www.camping-baden.com\/wp-content\/uploads\/2024\/08\/logo-camping-mane-guernehue.png","width":1000,"height":450,"caption":"Man\u00e9 Guernehu\u00e9"},"image":{"@id":"https:\/\/www.camping-baden.com\/en\/#\/schema\/logo\/image\/"}}]}},"_links":{"self":[{"href":"https:\/\/www.camping-baden.com\/en\/wp-json\/wp\/v2\/pages\/11125","targetHints":{"allow":["GET"]}}],"collection":[{"href":"https:\/\/www.camping-baden.com\/en\/wp-json\/wp\/v2\/pages"}],"about":[{"href":"https:\/\/www.camping-baden.com\/en\/wp-json\/wp\/v2\/types\/page"}],"author":[{"embeddable":true,"href":"https:\/\/www.camping-baden.com\/en\/wp-json\/wp\/v2\/users\/1"}],"replies":[{"embeddable":true,"href":"https:\/\/www.camping-baden.com\/en\/wp-json\/wp\/v2\/comments?post=11125"}],"version-history":[{"count":1,"href":"https:\/\/www.camping-baden.com\/en\/wp-json\/wp\/v2\/pages\/11125\/revisions"}],"predecessor-version":[{"id":11126,"href":"https:\/\/www.camping-baden.com\/en\/wp-json\/wp\/v2\/pages\/11125\/revisions\/11126"}],"wp:featuredmedia":[{"embeddable":true,"href":"https:\/\/www.camping-baden.com\/en\/wp-json\/wp\/v2\/media\/10557"}],"wp:attachment":[{"href":"https:\/\/www.camping-baden.com\/en\/wp-json\/wp\/v2\/media?parent=11125"}],"wp:term":[{"taxonomy":"sujet","embeddable":true,"href":"https:\/\/www.camping-baden.com\/en\/wp-json\/wp\/v2\/sujet?post=11125"}],"curies":[{"name":"wp","href":"https:\/\/api.w.org\/{rel}","templated":true}]}}