{"id":12915,"date":"2024-09-16T15:41:27","date_gmt":"2024-09-16T13:41:27","guid":{"rendered":"https:\/\/www.camping-baden.com\/faq\/"},"modified":"2026-04-27T09:24:29","modified_gmt":"2026-04-27T07:24:29","slug":"faq","status":"publish","type":"page","link":"https:\/\/www.camping-baden.com\/de\/faq\/","title":{"rendered":"FAQ"},"content":{"rendered":"<section id=\"ls-section-block_c68bb7aab488c5cd828ea468a6fb6c00\" class=\"ls-section  home-sixth page-one\" >\r\n        <div class=\"container container--wide\">\r\n        \n\n<h1 class=\"ls__heading wp-block-heading has-text-align-center has-color-2-color has-text-color has-link-color wp-elements-e65dc221f6a29bc3d69cc65e600798a3\">H\u00e4ufig gestellte Fragen<\/h1>\n\n\n\n<div style=\"height:64px\" aria-hidden=\"true\" class=\"wp-block-spacer\"><\/div>\n\n\n\n<div class=\"wp-block-columns are-vertically-aligned-center first is-layout-flex wp-container-core-columns-is-layout-9d6595d7 wp-block-columns-is-layout-flex\">\n<div class=\"wp-block-column is-vertically-aligned-center text is-layout-flow wp-block-column-is-layout-flow\" style=\"flex-basis:45%\">\n<h2 class=\"ls__heading wp-block-heading has-color-2-color has-text-color has-link-color wp-elements-8cecf2b7b1d01cc0347f1a00ec10515d\">Allgemeine Fragen<\/h2>\n<\/div>\n<\/div>\n\n\n\n<div class=\"wp-block-columns are-vertically-aligned-center first is-layout-flex wp-container-core-columns-is-layout-9d6595d7 wp-block-columns-is-layout-flex\">\n<div class=\"wp-block-column is-vertically-aligned-center is-layout-flow wp-block-column-is-layout-flow\" style=\"flex-basis:55%\"><div id=\"faq\" class=\"faq-container\"><div class=\"faq-wrap\" itemscope=\"\" itemtype=\"https:\/\/schema.org\/FAQPage\"><div class=\"faq__box faq__item\"><div class=\"faq__container\"><div class=\"faq__block\" itemscope=\"\" itemprop=\"mainEntity\" itemtype=\"https:\/\/schema.org\/Question\"><details class=\"faq\"><summary class=\"faq-question\" itemprop=\"name\"><div>Wie sind die \u00d6ffnungszeiten der Rezeption?<\/div><span class=\"faq-opener\"><\/span><\/summary><div class=\"content\" itemscope=\"\" itemprop=\"acceptedAnswer\" itemtype=\"https:\/\/schema.org\/Answer\"><div itemprop=\"text\"><p><strong>Die Rezeption ist ge\u00f6ffnet:<\/strong><br \/>\nAb der Er\u00f6ffnung des Campingplatzes <strong>im April, Mai und Juni<\/strong>: t\u00e4glich von <strong>9.00 bis 19.<\/strong>00 <strong>Uhr<\/strong>. <strong>Freitags bis 20 Uhr<\/strong>.<br \/>\n<strong>Im Juli und August<\/strong>: t\u00e4glich von <strong>9 bis 20 Uhr<\/strong><br \/>\n<strong>Im September<\/strong>: t\u00e4glich von <strong>9 bis 12.30 Uhr und von 13.30 bis 19 Uhr<\/strong><br \/>\nVon Oktober bis M\u00e4rz (au\u00dfer in der zweiten Dezemberh\u00e4lfte): Die B\u00fcros sind von Montag bis Freitag von 9 bis 12. <strong>30 Uhr<\/strong> und von 14 bis 18 Uhr ge\u00f6ffnet.<\/p>\n<\/div><\/div><\/details><\/div><\/div><\/div><div class=\"faq__box faq__item\"><div class=\"faq__container\"><div class=\"faq__block\" itemscope=\"\" itemprop=\"mainEntity\" itemtype=\"https:\/\/schema.org\/Question\"><details class=\"faq\"><summary class=\"faq-question\" itemprop=\"name\"><div>Wann ist der Campingplatz ge\u00f6ffnet?<\/div><span class=\"faq-opener\"><\/span><\/summary><div class=\"content\" itemscope=\"\" itemprop=\"acceptedAnswer\" itemtype=\"https:\/\/schema.org\/Answer\"><div itemprop=\"text\"><p><strong>Der Campingplatz und alle Dienstleistungen sind vom 10. April 2026 bis zum 20. September 2026 ge\u00f6ffnet<\/strong>.<br \/>\n<strong>Die Ferienh\u00e4user<\/strong> sind das ganze Jahr \u00fcber ge\u00f6ffnet.<\/p>\n<p>Unsere B\u00fcros sind das ganze Jahr \u00fcber ge\u00f6ffnet und die Online-Buchung ist rund um die Uhr m\u00f6glich!<\/p>\n<\/div><\/div><\/details><\/div><\/div><\/div><div class=\"faq__box faq__item\"><div class=\"faq__container\"><div class=\"faq__block\" itemscope=\"\" itemprop=\"mainEntity\" itemtype=\"https:\/\/schema.org\/Question\"><details class=\"faq\"><summary class=\"faq-question\" itemprop=\"name\"><div>Wie gro\u00df ist die Fl\u00e4che und die Topologie des Campingplatzes?<\/div><span class=\"faq-opener\"><\/span><\/summary><div class=\"content\" itemscope=\"\" itemprop=\"acceptedAnswer\" itemtype=\"https:\/\/schema.org\/Answer\"><div itemprop=\"text\"><p>Das Landgut Man\u00e9 Guernehu\u00e9 hat eine Gesamtfl\u00e4che von <strong>20 Hektar<\/strong>. In einem 10 Hektar gro\u00dfen Landschaftspark finden Sie eine gro\u00dfe Auswahl an Stellpl\u00e4tzen und Mietunterk\u00fcnften (414, davon 242 Mobilheime).<br \/>\nUnterhalb des Grundst\u00fccks befinden sich Teiche, die zu Spazierg\u00e4ngen und zum Angeln in einer sch\u00f6nen Naturumgebung einladen. Ein Teil des Gel\u00e4ndes f\u00e4llt zu den Teichen hin ab. In diesem Teil sind die Stellpl\u00e4tze terrassenf\u00f6rmig angelegt.   Der Rest des Grundst\u00fccks (der gr\u00f6\u00dfte Teil) ist flach.<br \/>\nMit der<strong>Option &#8222;Bevorzugte Lage&#8220;<\/strong> k\u00f6nnen Sie den Teil des Grundst\u00fccks ausw\u00e4hlen, in dem Sie sein m\u00f6chten.<\/p>\n<\/div><\/div><\/details><\/div><\/div><\/div><div class=\"faq__box faq__item\"><div class=\"faq__container\"><div class=\"faq__block\" itemscope=\"\" itemprop=\"mainEntity\" itemtype=\"https:\/\/schema.org\/Question\"><details class=\"faq\"><summary class=\"faq-question\" itemprop=\"name\"><div>Sind Haustiere auf dem Campingplatz erlaubt?<\/div><span class=\"faq-opener\"><\/span><\/summary><div class=\"content\" itemscope=\"\" itemprop=\"acceptedAnswer\" itemtype=\"https:\/\/schema.org\/Answer\"><div itemprop=\"text\"><p>Tiere sind auf dem Campingplatz Man\u00e9 Guernehu\u00e9 willkommen, au\u00dfer in einigen Mobilheimen und Ferienwohnungen.<\/p>\n<p>Es wird ein Zuschlag erhoben.<\/p>\n<p>Hunde und Tiere m\u00fcssen an der Leine gef\u00fchrt werden und d\u00fcrfen nicht allein auf dem Stellplatz zur\u00fcckgelassen werden, auch nicht eingesperrt, wenn ihre Besitzer nicht anwesend sind, die zivilrechtlich f\u00fcr sie verantwortlich sind.<\/p>\n<p>F\u00fcr den t\u00e4glichen Spaziergang sollten Sie die Naturgebiete am Rande des Campingplatzes bevorzugen.<\/p>\n<\/div><\/div><\/details><\/div><\/div><\/div><div class=\"faq__box faq__item\"><div class=\"faq__container\"><div class=\"faq__block\" itemscope=\"\" itemprop=\"mainEntity\" itemtype=\"https:\/\/schema.org\/Question\"><details class=\"faq\"><summary class=\"faq-question\" itemprop=\"name\"><div>Wie sind die Bedingungen f\u00fcr eine R\u00fcckerstattung, wenn ich meine Buchung storniere, ohne die Stornierungsgarantie abgeschlossen zu haben?<\/div><span class=\"faq-opener\"><\/span><\/summary><div class=\"content\" itemscope=\"\" itemprop=\"acceptedAnswer\" itemtype=\"https:\/\/schema.org\/Answer\"><div itemprop=\"text\"><p>Die R\u00fcckerstattungsmodalit\u00e4ten im Falle einer Stornierung sind in unseren <strong>Allgemeinen Gesch\u00e4ftsbedingungen<\/strong>, Abschnitt &#8220; <strong>Stornierung<\/strong> &#8222;, festgelegt. Bitte lesen Sie diese oder kontaktieren Sie uns, wenn Sie weitere Fragen haben. <\/p>\n<p><strong>Artikel 4 der Allgemeinen Gesch\u00e4ftsbedingungen<\/strong> <strong>:<\/strong> <strong> Stornierung durch den Camper<\/strong><br \/>\nIm Falle einer Stornierung durch den Camper, au\u00dfer im Falle h\u00f6herer Gewalt, gelten die folgenden Stornierungs- und R\u00fcckerstattungsbedingungen. <strong>Jede Stornierung muss per<\/strong> Post an die Postadresse des Campingplatzes Yelloh! Village <strong>oder per E-Mail<\/strong> (info@camping-baden.com) erfolgen. Telefonisch \u00fcbermittelte Stornierungen k\u00f6nnen nicht ber\u00fccksichtigt werden. Jede Stornierung hat die K\u00fcndigung der Reservierung zur Folge und der Campingplatz beh\u00e4lt sich das Recht vor, die Unterkunft erneut zu vermieten.<br \/>\n<strong>a. Bei Stornierung durch den Camper ohne Abschluss der Stornierungsgarantie <\/strong><br \/>\nAus einem der folgenden Gr\u00fcnde bis zum Ankunftsdatum:<br \/>\n-Grenzschlie\u00dfung durch Verwaltungsentscheidung,<br \/>\n-Verwaltungstechnische Schlie\u00dfung des Campingplatzes,<br \/>\n-Beschr\u00e4nkung der Reisen auf eine Kilometerzahl durch Verwaltungsentscheidung, die es nicht erlaubt, zum Campingplatz zu kommen,<br \/>\nEin Gutschein \u00fcber den Gesamtbetrag der gezahlten Betr\u00e4ge, der zwei Jahre lang g\u00fcltig ist, wird vom Campingplatz ausgestellt. Wenn der Kunde diesen Gutschein nicht annimmt, wird ihm auf Anfrage der entsprechende Betrag zur\u00fcckerstattet.<br \/>\n<strong>Aus anderen Gr\u00fcnden:<\/strong><br \/>\n&#8211; <strong>Fall 1 &#8211; Stornierung bis 16 (sechzehn) Tage vor Beginn des Aufenthalts.<\/strong><br \/>\nDie Anzahlung in H\u00f6he von 25% des Aufenthaltspreises wird vom Campingplatz als Stornierungsgeb\u00fchr einbehalten. Gezahlte Betr\u00e4ge, die vom Betrag der Anzahlung abgezogen werden, werden zur\u00fcckerstattet. Wenn die Zahlung teilweise oder vollst\u00e4ndig mit einem Wertgutschein geleistet wurde, dessen Wert h\u00f6her ist als die Anzahlung: Die Anzahlung von 25% des Aufenthaltspreises wird vom Campingplatz als Stornierungsgeb\u00fchr einbehalten. Ein neuer, nicht r\u00fcckzahlbarer Gutschein mit einer Laufzeit von 2 Jahren, der auf dem Campingplatz genutzt werden kann, auf dem der Aufenthalt storniert wurde, wird mit dem Betrag des urspr\u00fcnglichen Gutscheins abz\u00fcglich der Anzahlung von 25% ausgestellt. Der Rest der gezahlten Betr\u00e4ge au\u00dfer dem Wertgutschein wird zur\u00fcckerstattet.<br \/>\n&#8211; <strong>Fall 2: Stornierung zwischen T-15 und T-8 vor Beginn des Aufenthalts.<\/strong> Der Campingplatz beh\u00e4lt 50% des Gesamtpreises des Aufenthalts als Stornierungskosten ein. Es wird ein Gutschein \u00fcber einen Betrag ausgestellt, der den gezahlten Betr\u00e4gen abz\u00fcglich der Stornierungskosten von 50% des Gesamtbetrages des Aufenthalts entspricht. Dieser Gutschein ist nicht erstattungsf\u00e4hig, nicht \u00fcbertragbar, kann nur auf dem Campingplatz verwendet werden, auf dem der Aufenthalt storniert wurde, und hat eine G\u00fcltigkeitsdauer von zwei Jahren.<br \/>\n<strong>&#8211; Fall 3: Stornierung zwischen T-7 und T-0 vor Beginn des Aufenthalts.<\/strong>  Der gesamte gezahlte Betrag, d.h. der gesamte Betrag f\u00fcr den Aufenthalt, wird vom Campingplatz einbehalten. Eine R\u00fcckerstattung ist nicht m\u00f6glich. Wenn der Kunde nicht innerhalb von zwei Tagen nach Beginn seines Aufenthalts auf dem Campingplatz erscheint, ohne den Campingplatz vorher per Post oder E-Mail dar\u00fcber informiert zu haben, wird die Buchung als vom Kunden storniert betrachtet. Der Campingplatz beh\u00e4lt sich das Recht vor, die Unterkunft erneut zu vermieten.  <\/p>\n<\/div><\/div><\/details><\/div><\/div><\/div><div class=\"faq__box faq__item\"><div class=\"faq__container\"><div class=\"faq__block\" itemscope=\"\" itemprop=\"mainEntity\" itemtype=\"https:\/\/schema.org\/Question\"><details class=\"faq\"><summary class=\"faq-question\" itemprop=\"name\"><div>Welche Bedingungen gelten f\u00fcr die R\u00fcckerstattung, wenn ich meine Buchung mit der Stornierungsgarantie storniere?<\/div><span class=\"faq-opener\"><\/span><\/summary><div class=\"content\" itemscope=\"\" itemprop=\"acceptedAnswer\" itemtype=\"https:\/\/schema.org\/Answer\"><div itemprop=\"text\"><p>Die Modalit\u00e4ten der R\u00fcckerstattung im Falle einer Stornierung nach Abschluss der <strong>Stornierungsgarantie<\/strong> sind in unseren <strong>Allgemeinen Gesch\u00e4ftsbedingungen, Teil &#8222;Stornierung&#8220;<\/strong> sowie in den Bedingungen der <strong>Stornierungsgarantie<\/strong> festgelegt. Bitte lesen Sie diese oder kontaktieren Sie uns, wenn Sie weitere Fragen haben. <\/p>\n<p><strong>Artikel 4 der Allgemeinen Verkaufsbedingungen : Stornierung durch den Camper<\/strong><\/p>\n<p><strong>b. Im Falle einer Stornierung durch den Camper mit Abschluss der Stornierungsgarantie. <\/strong><br \/>\nDie gezahlten Betr\u00e4ge sind durch die Garantie gem\u00e4\u00df den Allgemeinen Gesch\u00e4ftsbedingungen f\u00fcr Stornierungen abgedeckt. Wenn der Grund nicht durch die Reiser\u00fccktrittsversicherung abgedeckt ist oder wenn der Fall von der Reiser\u00fccktrittsversicherung abgelehnt wird, gelten die allgemeinen Gesch\u00e4ftsbedingungen aus Absatz 4 a. (vorherige Frage) und die Kosten der Reiser\u00fccktrittsversicherung werden von den gezahlten Betr\u00e4gen im Falle einer Stornierung abgezogen.  <\/p>\n<p><strong>BEDINGUNGEN DER ANNULLIERUNGSGARANTIE<\/strong><\/p>\n<p><strong>1\/ AUSF\u00dcHRUNG DER GARANTIEN<\/strong><br \/>\nDie folgenden Ereignisse begr\u00fcnden einen Anspruch auf Garantie:<br \/>\na- Schwere Krankheit, Unfall oder Tod :<br \/>\n* von Ihnen selbst oder einer anderen Person, die ausdr\u00fccklich im Buchungsvertrag genannt wird<br \/>\n* von Ihrem Ehepartner (oder einer anderen Person, die in ehelicher Gemeinschaft unter demselben Dach lebt)<br \/>\n* von Ihren Verwandten in aufsteigender oder absteigender Linie<br \/>\n* von Ihren Geschwistern * von Ihren Schwiegers\u00f6hnen oder Schwiegert\u00f6chtern<br \/>\nb- Erhebliche Sch\u00e4den an Ihren R\u00e4umlichkeiten, unabh\u00e4ngig davon, ob es sich um ein Gesch\u00e4fts- oder Privatlokal handelt, Der Schaden muss innerhalb von 48 Stunden vor Beginn des Aufenthalts eintreten und erfordert die Instandsetzung der R\u00e4umlichkeiten und Ihre Anwesenheit vor Ort.<br \/>\nc- Schwere Sch\u00e4den an Ihrem Fahrzeug infolge eines Unfalls, die sich innerhalb von 48 Stunden vor der Abreise ereignen und Sie daran hindern, das Fahrzeug zu benutzen.<br \/>\nd- \u00c4nderungen Ihrer Urlaubsdaten, die vom Arbeitgeber auferlegt werden, die nach der Buchung eintreten und sich auf die Aufenthaltsdauer auswirken.<br \/>\ne- Entlassung Ihrerseits (oder Ihres Ehepartners) unter der Bedingung, dass die Einladung zum Vorstellungsgespr\u00e4ch nach der Buchung des Aufenthaltes erfolgt ist.<br \/>\nf- Versetzung Ihrerseits (oder Ihres Ehepartners) auf Initiative des Arbeitgebers, die einen Wechsel des Wohnsitzes mit sich bringt, unter der ausdr\u00fccklichen Bedingung, dass die Mitteilung nach der Buchung des Aufenthaltes erfolgt. Jedes Ereignis muss nach dem Abschluss der Versicherung eintreten, um den Versicherungsschutz zu begr\u00fcnden.<br \/>\n<strong>DEFINITIONEN<\/strong><br \/>\nKrankheit: Eine von einer zust\u00e4ndigen medizinischen Beh\u00f6rde ordnungsgem\u00e4\u00df festgestellte Beeintr\u00e4chtigung der Gesundheit, die es dem Kranken verbietet, den Wohnort oder das Krankenhaus, in dem er sich zum Zeitpunkt des Beginns der Buchungsperiode in Behandlung befindet, zu verlassen, und die die absolute Einstellung jeder beruflichen oder sonstigen T\u00e4tigkeit erfordert.<br \/>\nUnfall: Jedes unvorhergesehene und pl\u00f6tzliche Ereignis, das dem Buchenden k\u00f6rperliche Sch\u00e4den zuf\u00fcgt, die nicht auf sein vors\u00e4tzliches Handeln zur\u00fcckzuf\u00fchren sind, und die ihn daran hindern, den gebuchten Aufenthalt anzutreten.<br \/>\n<strong>NICHT<\/strong> VERSICHERT <strong>werden Sch\u00e4den, die aus folgenden Gr\u00fcnden entstehen:<\/strong><br \/>\n&#8211; durch Sie verursacht wurden und nicht im Vertrag vorgesehen sind.<br \/>\n&#8211; vor der Buchung bekannte Tatsachen, wobei eine nicht vorhersehbare Verschlechterung einer bereits bestehenden Krankheit nicht als bekannte Situation gilt<br \/>\n&#8211; Komplikationen oder Entbindung nach dem Ende des sechsten Monats der Schwangerschaft<br \/>\n&#8211; einer psychologischen Krankheit, die zum Zeitpunkt des Aufenthalts nicht station\u00e4r behandelt wurde.<br \/>\n&#8211; Ein chirurgischer oder medizinischer Eingriff, der vor der Buchung des Aufenthalts geplant wurde oder nach der Buchung durchgef\u00fchrt werden kann &#8211; Trunkenheit, Drogenkonsum, Gesundheitssch\u00e4den durch Einnahme von nicht verschreibungspflichtigen Medikamenten<br \/>\n&#8211; Gegenanzeigen f\u00fcr Impfungen oder Flugreisen aufgrund von vorbestehenden Gesundheitsproblemen<br \/>\n&#8211; B\u00fcrger- oder Auslandskriege, Aufruhr, Attentate, Volksbewegungen<br \/>\n&#8211; Epidemien, nukleare oder chemische Vorf\u00e4lle, Naturkatastrophen<br \/>\n&#8211; Nichteinhaltung der im urspr\u00fcnglichen Buchungsvertrag vorgesehenen Leistungen, aus welchen Gr\u00fcnden auch immer.<br \/>\n<strong>2\/ ART UND<\/strong> H\u00d6HE <strong>DER GARANTIEN<\/strong><br \/>\nIm Falle einer Stornierung des Aufenthalts erstattet Ihnen der Campingplatz MANE GUERNEHUE die gezahlten und tats\u00e4chlich eingenommenen Betr\u00e4ge gem\u00e4\u00df den Bedingungen des urspr\u00fcnglichen Buchungsvertrags. Die Garantiepr\u00e4mie, eventuelle Bearbeitungsgeb\u00fchren, Kosten und Leistungen, die nicht in der Berechnung der Pr\u00e4mie enthalten sind, werden nicht zur\u00fcckerstattet. Es gilt ein H\u00f6chstbetrag pro Schadensfall von 3.800 \u20ac inkl. MwSt. im Falle einer Stornierung.<br \/>\n<strong>3\/<\/strong> BEGINN<br \/>\nDie Stornierungsgarantie tritt ab dem Tag nach der Zahlung der Pr\u00e4mie in Kraft und gilt f\u00fcr den Zeitraum von der Buchung bis zum Tag vor dem Aufenthalt.<br \/>\n<strong>4\/ SCH<\/strong> ADENSERKL\u00c4RUNG <strong><br \/>\n Jede Stornierung einer Buchung muss schriftlich erfolgen und innerhalb von 5 Werktagen ab dem Datum, an dem Sie davon Kenntnis erhalten haben, an den Campingplatz MANE GUERNEHUE gesendet werden (Einschreiben mit R\u00fcckschein).<\/strong> <\/p>\n<\/div><\/div><\/details><\/div><\/div><\/div><div class=\"faq__box faq__item\"><div class=\"faq__container\"><div class=\"faq__block\" itemscope=\"\" itemprop=\"mainEntity\" itemtype=\"https:\/\/schema.org\/Question\"><details class=\"faq\"><summary class=\"faq-question\" itemprop=\"name\"><div>Wie kann ich meine Buchung stornieren?<\/div><span class=\"faq-opener\"><\/span><\/summary><div class=\"content\" itemscope=\"\" itemprop=\"acceptedAnswer\" itemtype=\"https:\/\/schema.org\/Answer\"><div itemprop=\"text\"><p>Wenn Sie Ihre Buchung stornieren m\u00f6chten, <strong>senden Sie uns bitte eine schriftliche Anfrage per E-Mail.<\/strong><br \/>\nEs gilt das Datum des Eingangs Ihrer Nachricht gem\u00e4\u00df unseren Allgemeinen Gesch\u00e4ftsbedingungen.<\/p>\n<\/div><\/div><\/details><\/div><\/div><\/div><div class=\"faq__box faq__item\"><div class=\"faq__container\"><div class=\"faq__block\" itemscope=\"\" itemprop=\"mainEntity\" itemtype=\"https:\/\/schema.org\/Question\"><details class=\"faq\"><summary class=\"faq-question\" itemprop=\"name\"><div>Kann ich meine Buchung \u00e4ndern? Wenn ja, wie? <\/div><span class=\"faq-opener\"><\/span><\/summary><div class=\"content\" itemscope=\"\" itemprop=\"acceptedAnswer\" itemtype=\"https:\/\/schema.org\/Answer\"><div itemprop=\"text\"><p>Sie k\u00f6nnen Ihre Buchung je nach Verf\u00fcgbarkeit und unter den in unseren Allgemeinen Gesch\u00e4ftsbedingungen festgelegten Bedingungen \u00e4ndern.<br \/>\nZ\u00f6gern Sie nicht, uns direkt zu kontaktieren, wenn Sie eine \u00c4nderung w\u00fcnschen.<\/p>\n<p><strong>Auszug aus den Allgemeinen Gesch\u00e4ftsbedingungen<\/strong>:<\/p>\n<p><strong>STORNIERUNG UND \u00c4NDERUNGEN<\/strong><br \/>\n<strong>1. \u00c4nderung Ihrer Buchung<\/strong><br \/>\nDer Kunde kann die \u00c4nderung seines Aufenthalts auf demselben Campingplatz (Datum, Art der Unterkunft, Optionen) auf schriftliche Anfrage beim Campingplatz (per Post oder E-Mail) im Rahmen der Verf\u00fcgbarkeit und M\u00f6glichkeiten beantragen.<br \/>\nEine \u00dcbertragung auf die n\u00e4chste Saison wird nicht akzeptiert. Wenn keine \u00c4nderung vorgenommen wird, muss der Kunde seinen Aufenthalt zu den urspr\u00fcnglichen Buchungsbedingungen antreten oder ihn gem\u00e4\u00df den Bedingungen der Reiser\u00fccktrittsversicherung stornieren.<br \/>\n&#8211; Alle Antr\u00e4ge auf Verl\u00e4ngerung der Aufenthaltsdauer werden nach Verf\u00fcgbarkeit und zu den geltenden Tarifen bearbeitet.<br \/>\n&#8211; Jeder Antrag auf Verk\u00fcrzung der Aufenthaltsdauer wird als Teilstornierung betrachtet und unterliegt den Bedingungen f\u00fcr Stornierung und Unterbrechung des Aufenthalts.<\/p>\n<\/div><\/div><\/details><\/div><\/div><\/div><div class=\"faq__box faq__item\"><div class=\"faq__container\"><div class=\"faq__block\" itemscope=\"\" itemprop=\"mainEntity\" itemtype=\"https:\/\/schema.org\/Question\"><details class=\"faq\"><summary class=\"faq-question\" itemprop=\"name\"><div>Ist Wi-Fi auf dem gesamten Campingplatz verf\u00fcgbar? Wird es angeboten? <\/div><span class=\"faq-opener\"><\/span><\/summary><div class=\"content\" itemscope=\"\" itemprop=\"acceptedAnswer\" itemtype=\"https:\/\/schema.org\/Answer\"><div itemprop=\"text\"><p>Wi-Fi ist kostenlos und auf dem gesamten Campingplatz verf\u00fcgbar, vorbehaltlich der Abdeckung und der Signalqualit\u00e4t in den verschiedenen Zonen.<\/p>\n<\/div><\/div><\/details><\/div><\/div><\/div><\/div><\/div><\/div>\n\n\n\n<div class=\"wp-block-column is-vertically-aligned-center is-layout-flow wp-block-column-is-layout-flow\" style=\"flex-basis:55%\"><div id=\"faq\" class=\"faq-container\"><div class=\"faq-wrap\" itemscope=\"\" itemtype=\"https:\/\/schema.org\/FAQPage\"><div class=\"faq__box faq__item\"><div class=\"faq__container\"><div class=\"faq__block\" itemscope=\"\" itemprop=\"mainEntity\" itemtype=\"https:\/\/schema.org\/Question\"><details class=\"faq\"><summary class=\"faq-question\" itemprop=\"name\"><div>Wie sind die Ankunfts- und Abreisezeiten? Was muss ich tun, wenn ich nach Schlie\u00dfung der Rezeption ankomme? <\/div><span class=\"faq-opener\"><\/span><\/summary><div class=\"content\" itemscope=\"\" itemprop=\"acceptedAnswer\" itemtype=\"https:\/\/schema.org\/Answer\"><div itemprop=\"text\"><p><strong>In einer Mietwohnung oder einem Ferienhaus <\/strong>: Ankunft ab 16 Uhr \/ Abreise vor 10 Uhr<\/p>\n<p><strong>In Stellpl\u00e4tzen<\/strong>: Anreise ab 14 Uhr \/ Abreise vor 12 Uhr<\/p>\n<p><strong>Im Falle einer sp\u00e4ten Ankunft<\/strong> nach Schlie\u00dfung der Rezeption, kontaktieren Sie bitte das B\u00fcro am Tag Ihrer Ankunft. Ein Schreiben mit allen notwendigen Informationen wird f\u00fcr Sie an der T\u00fcr der Rezeption ausgeh\u00e4ngt.<br \/>\nBitte beachten Sie, dass <strong>die Schranken zwischen 23:00 und 7:00 Uhr geschlossen sind<\/strong>. Wenn Sie ankommen, wenn die Schranken geschlossen sind, k\u00f6nnen Sie auf dem Au\u00dfenparkplatz am Eingang des Campingplatzes parken.  <\/p>\n<p><strong>Bei Abreise vor \u00d6ffnung der Rezeption<\/strong>: Sie werden gebeten, am Vortag an der Rezeption vorbeizukommen. Sie werfen die Schl\u00fcssel in den Briefkasten vor der Rezeption.<\/p>\n<\/div><\/div><\/details><\/div><\/div><\/div><div class=\"faq__box faq__item\"><div class=\"faq__container\"><div class=\"faq__block\" itemscope=\"\" itemprop=\"mainEntity\" itemtype=\"https:\/\/schema.org\/Question\"><details class=\"faq\"><summary class=\"faq-question\" itemprop=\"name\"><div>Wird bei der Ankunft eine Kaution verlangt?<\/div><span class=\"faq-opener\"><\/span><\/summary><div class=\"content\" itemscope=\"\" itemprop=\"acceptedAnswer\" itemtype=\"https:\/\/schema.org\/Answer\"><div itemprop=\"text\"><p>Wie in den Allgemeinen Gesch\u00e4ftsbedingungen festgelegt, m\u00fcssen Sie bei der<strong> Ankunft<\/strong> bei der Schl\u00fcssel\u00fcbergabe f\u00fcr Ihre Mietunterkunft<strong>(Mobilheim, G\u00eete oder Stellplatz mit eigenem Sanit\u00e4rbereich<\/strong>) eine Kaution hinterlegen.<br \/>\nDie Kaution von 200 Euro kann in Form eines<strong>nicht belasteten Bankabdrucks<\/strong> (nicht belastete Vorautorisierung), der nicht belastet wird, oder per <strong>Scheck<\/strong> hinterlegt werden. Bitte beachten Sie, dass einige ausl\u00e4ndische Banken eine Blockierung des Kautionsbetrags anzeigen k\u00f6nnen, ohne dass dieser tats\u00e4chlich abgebucht wird.<br \/>\n<strong>Am Ende Ihres Aufenthalts<\/strong>, nach \u00dcberpr\u00fcfung Ihrer Unterkunft, erhalten Sie innerhalb von 8 Tagen nach Ihrer Abreise eine E-Mail, in der wir Ihnen die Stornierung der Vorautorisierung oder die Vernichtung des Schecks best\u00e4tigen, sofern die Unterkunft sauber ist und keine Sch\u00e4den festgestellt wurden. Wir werden Sie im Falle eines Problems kontaktieren. Die Preisliste ist an der Rezeption erh\u00e4ltlich.  <\/p>\n<\/div><\/div><\/details><\/div><\/div><\/div><div class=\"faq__box faq__item\"><div class=\"faq__container\"><div class=\"faq__block\" itemscope=\"\" itemprop=\"mainEntity\" itemtype=\"https:\/\/schema.org\/Question\"><details class=\"faq\"><summary class=\"faq-question\" itemprop=\"name\"><div>Akzeptiert der Campingplatz VACAF-Beihilfen?<\/div><span class=\"faq-opener\"><\/span><\/summary><div class=\"content\" itemscope=\"\" itemprop=\"acceptedAnswer\" itemtype=\"https:\/\/schema.org\/Answer\"><div itemprop=\"text\"><p>Wir sind nicht VACAF-konventioniert und k\u00f6nnen daher leider keine VACAF-Beihilfen als Zahlungsmittel akzeptieren.<\/p>\n<\/div><\/div><\/details><\/div><\/div><\/div><div class=\"faq__box faq__item\"><div class=\"faq__container\"><div class=\"faq__block\" itemscope=\"\" itemprop=\"mainEntity\" itemtype=\"https:\/\/schema.org\/Question\"><details class=\"faq\"><summary class=\"faq-question\" itemprop=\"name\"><div>Kann ich mit Urlaubsschecks \/ ch\u00e8ques vacances connect die Buchung und die Aktivit\u00e4ten bezahlen?<\/div><span class=\"faq-opener\"><\/span><\/summary><div class=\"content\" itemscope=\"\" itemprop=\"acceptedAnswer\" itemtype=\"https:\/\/schema.org\/Answer\"><div itemprop=\"text\"><p>Ja, wir <strong>akzeptieren<\/strong> <strong>Urlaubsschecks und Ch\u00e8ques-Vacances Connect<\/strong> f\u00fcr die Bezahlung Ihres Aufenthalts auf dem Campingplatz.<br \/>\nF\u00fcr die <strong>Bezahlung der Aktivit\u00e4ten<\/strong> akzeptieren wir nur <strong>Urlaubsschecks in Papierform<\/strong>.<\/p>\n<\/div><\/div><\/details><\/div><\/div><\/div><div class=\"faq__box faq__item\"><div class=\"faq__container\"><div class=\"faq__block\" itemscope=\"\" itemprop=\"mainEntity\" itemtype=\"https:\/\/schema.org\/Question\"><details class=\"faq\"><summary class=\"faq-question\" itemprop=\"name\"><div>  Muss ich w\u00e4hrend meines Aufenthalts ein Armband tragen?<\/div><span class=\"faq-opener\"><\/span><\/summary><div class=\"content\" itemscope=\"\" itemprop=\"acceptedAnswer\" itemtype=\"https:\/\/schema.org\/Answer\"><div itemprop=\"text\"><p><strong>Das Tragen des Armbands, das Sie bei Ihrer Ankunft erhalten haben, ist obligatorisch und muss<\/strong> w\u00e4hrend Ihres Aufenthalts <strong>dauerhaft getragen<\/strong> werden. Zu Ihrer Sicherheit m\u00fcssen alle Personen auf dem Platz ein Armband am Handgelenk tragen.<br \/>\nDamit k\u00f6nnen Sie die <strong>Zugangskontrolle zum Wasserpark und zum Hallenbad<\/strong> passieren.<br \/>\n<strong>Das Armband ist auch ein Cashless-Armband<\/strong>, mit dem Sie w\u00e4hrend Ihres Aufenthalts problemlos f\u00fcr Dienstleistungen und Aktivit\u00e4ten bezahlen k\u00f6nnen.<br \/>\n<a href=\"https:\/\/www.camping-baden.com\/de\/armband-cashless-bezahlmethode\/\">Erfahren Sie mehr \u00fcber das Cashless-Armband<\/a><\/p>\n<\/div><\/div><\/details><\/div><\/div><\/div><div class=\"faq__box faq__item\"><div class=\"faq__container\"><div class=\"faq__block\" itemscope=\"\" itemprop=\"mainEntity\" itemtype=\"https:\/\/schema.org\/Question\"><details class=\"faq\"><summary class=\"faq-question\" itemprop=\"name\"><div>Bietet der Campingplatz Geschenkkarten an?<\/div><span class=\"faq-opener\"><\/span><\/summary><div class=\"content\" itemscope=\"\" itemprop=\"acceptedAnswer\" itemtype=\"https:\/\/schema.org\/Answer\"><div itemprop=\"text\"><p>Ja, wir bieten Geschenkkarten an. Um diese in Anspruch zu nehmen, f\u00fcllen Sie einfach das Formular auf unserer Website aus und senden Sie es an uns.<br \/>\n<strong><a href=\"https:\/\/www.camping-baden.com\/de\/buchen-sie-ihren-urlaub-im-golf-von-morbihan\/\">Klicken Sie auf diesen Link<\/a><\/strong><br \/>\nLaden Sie das Antragsformular f\u00fcr Geschenkgutscheine herunter,<br \/>\nW\u00e4hlen Sie den Betrag und die Zahlungsweise,<br \/>\nSenden Sie das ausgef\u00fcllte Formular zusammen mit der Zahlung zur\u00fcck.<\/p>\n<\/div><\/div><\/details><\/div><\/div><\/div><div class=\"faq__box faq__item\"><div class=\"faq__container\"><div class=\"faq__block\" itemscope=\"\" itemprop=\"mainEntity\" itemtype=\"https:\/\/schema.org\/Question\"><details class=\"faq\"><summary class=\"faq-question\" itemprop=\"name\"><div>Wie buche ich Aktivit\u00e4ten oder Dienstleistungen vor oder w\u00e4hrend meines Aufenthalts?<\/div><span class=\"faq-opener\"><\/span><\/summary><div class=\"content\" itemscope=\"\" itemprop=\"acceptedAnswer\" itemtype=\"https:\/\/schema.org\/Answer\"><div itemprop=\"text\"><p>Die Aktivit\u00e4ten und Dienstleistungen k\u00f6nnen \u00fcber unsere Website <a href=\"https:\/\/camping-baden.ouiresa.fr\/\" target=\"_blank\" rel=\"noopener\">im Online-Shop<\/a> gebucht werden, indem Sie auf diesen Link klicken, oder vor Ort an der Rezeption.<\/p>\n<\/div><\/div><\/details><\/div><\/div><\/div><div class=\"faq__box faq__item\"><div class=\"faq__container\"><div class=\"faq__block\" itemscope=\"\" itemprop=\"mainEntity\" itemtype=\"https:\/\/schema.org\/Question\"><details class=\"faq\"><summary class=\"faq-question\" itemprop=\"name\"><div>Wozu dient die mobile Anwendung von Yelloh Village?<\/div><span class=\"faq-opener\"><\/span><\/summary><div class=\"content\" itemscope=\"\" itemprop=\"acceptedAnswer\" itemtype=\"https:\/\/schema.org\/Answer\"><div itemprop=\"text\"><p>Village finden Sie alle n\u00fctzlichen Informationen, die Sie w\u00e4hrend Ihres Urlaubs ben\u00f6tigen, um Ihren Aufenthalt vorzubereiten, zu organisieren und zu erleichtern.<br \/>\nSie k\u00f6nnen sich auch den Animationsplan ansehen. <\/p>\n<p><a href=\"https:\/\/itunes.apple.com\/fr\/app\/yelloh!-village\/id720666338?mt=8\">Klicken Sie hier, um die Anwendung im Apple Store herunterzuladen.<\/a><\/p>\n<p><a href=\"https:\/\/play.google.com\/store\/apps\/details?id=fr.yellohvillage.application\">Klicken Sie hier, um die Anwendung auf Google Play herunterzuladen.<\/a><\/p>\n<p>&nbsp;<\/p>\n<\/div><\/div><\/details><\/div><\/div><\/div><div class=\"faq__box faq__item\"><div class=\"faq__container\"><div class=\"faq__block\" itemscope=\"\" itemprop=\"mainEntity\" itemtype=\"https:\/\/schema.org\/Question\"><details class=\"faq\"><summary class=\"faq-question\" itemprop=\"name\"><div>Treueprogramm Yelloh! Plus! <\/div><span class=\"faq-opener\"><\/span><\/summary><div class=\"content\" itemscope=\"\" itemprop=\"acceptedAnswer\" itemtype=\"https:\/\/schema.org\/Answer\"><div itemprop=\"text\"><p>Wenn Sie dem Treueprogramm Yelloh! Plus! beitreten, profitieren Sie von exklusiven Werbeangeboten und dem Sammeln von Punkten bei jedem Kauf eines Aufenthalts. So kommen Sie in den Genuss von Gratis\u00fcbernachtungen: Sie k\u00f6nnen diese Punkte bei Ihrem n\u00e4chsten Aufenthalt in allen Yelloh Village Campingd\u00f6rfern f\u00fcr jede gew\u00fcnschte Unterkunft einl\u00f6sen (au\u00dfer vom 1. Juli bis 31. August).  <\/p>\n<p>&nbsp;<\/p>\n<\/div><\/div><\/details><\/div><\/div><\/div><div class=\"faq__box faq__item\"><div class=\"faq__container\"><div class=\"faq__block\" itemscope=\"\" itemprop=\"mainEntity\" itemtype=\"https:\/\/schema.org\/Question\"><details class=\"faq\"><summary class=\"faq-question\" itemprop=\"name\"><div>So treten Sie dem Treueprogramm Yelloh! Plus bei! <\/div><span class=\"faq-opener\"><\/span><\/summary><div class=\"content\" itemscope=\"\" itemprop=\"acceptedAnswer\" itemtype=\"https:\/\/schema.org\/Answer\"><div itemprop=\"text\"><p>Wenn Sie am Treueprogramm Yelloh! Plus teilnehmen m\u00f6chten, wenden Sie sich an die Reservierungszentrale unter 04 66 739 739. <\/p>\n<\/div><\/div><\/details><\/div><\/div><\/div><\/div><\/div><\/div>\n<\/div>\n\n\r\n    <\/div>\r\n<\/section><section id=\"ls-section-block_9f7ed3f52911f30b8a88f6fc78d4397f\" class=\"ls-section  page-two page-vague-alt has-background has-color-4-background-color\" >\r\n        <div class=\"container container--full\">\r\n        \n\n<div class=\"wp-block-columns first is-layout-flex wp-container-core-columns-is-layout-9d6595d7 wp-block-columns-is-layout-flex\">\n<div class=\"wp-block-column is-layout-flow wp-block-column-is-layout-flow\" style=\"flex-basis:100%\">\n<div class=\"icone\"><i class=\"mane-g\"><\/i><\/div>\n\n\n\n<h2 class=\"ls__heading wp-block-heading has-text-align-center has-color-1-color has-text-color has-link-color wp-elements-ef88784aab88de26ddf15909a53caae5\">Bei Ihrer Buchung<\/h2>\n<\/div>\n<\/div>\n\n\n\n<div class=\"wp-block-columns are-vertically-aligned-center first is-layout-flex wp-container-core-columns-is-layout-9d6595d7 wp-block-columns-is-layout-flex\">\n<div class=\"wp-block-column is-vertically-aligned-center is-layout-flow wp-block-column-is-layout-flow\" style=\"flex-basis:55%\"><div id=\"faq\" class=\"faq-container\"><div class=\"faq-wrap\" itemscope=\"\" itemtype=\"https:\/\/schema.org\/FAQPage\"><div class=\"faq__box faq__item\"><div class=\"faq__container\"><div class=\"faq__block\" itemscope=\"\" itemprop=\"mainEntity\" itemtype=\"https:\/\/schema.org\/Question\"><details class=\"faq\"><summary class=\"faq-question\" itemprop=\"name\"><div>Ist es m\u00f6glich, ein zweites Fahrzeug in der N\u00e4he meiner Unterkunft zu parken?<\/div><span class=\"faq-opener\"><\/span><\/summary><div class=\"content\" itemscope=\"\" itemprop=\"acceptedAnswer\" itemtype=\"https:\/\/schema.org\/Answer\"><div itemprop=\"text\"><p>Es ist m\u00f6glich, ein zweites Fahrzeug hinzuzuf\u00fcgen, indem Sie bei der Buchung die<strong>Option &#8222;Zweites Fahrzeug<\/strong>&#8220; w\u00e4hlen. <strong>Au\u00dfer<\/strong> in den Mobilheimen in den Vierteln Belle Ile, Patio, Ty Bihan und Zen sowie im Viertel C\u00f4te Sauvage f\u00fcr 4 und 6 Personen. In diesem Fall <strong>steht Ihnen ein Parkplatz<\/strong> am Eingang des Campingplatzes oder auf der Wiese vor dem Eingang des Campingplatzes zur <strong>Verf\u00fcgung<\/strong>. <\/p>\n<\/div><\/div><\/details><\/div><\/div><\/div><div class=\"faq__box faq__item\"><div class=\"faq__container\"><div class=\"faq__block\" itemscope=\"\" itemprop=\"mainEntity\" itemtype=\"https:\/\/schema.org\/Question\"><details class=\"faq\"><summary class=\"faq-question\" itemprop=\"name\"><div>Sind Bettw\u00e4sche und Handt\u00fccher in der Unterkunft enthalten?<\/div><span class=\"faq-opener\"><\/span><\/summary><div class=\"content\" itemscope=\"\" itemprop=\"acceptedAnswer\" itemtype=\"https:\/\/schema.org\/Answer\"><div itemprop=\"text\"><p><strong>In den Mobilheimen 4 Blumen und Premium<\/strong> werden Handt\u00fccher und Bettw\u00e4sche <strong>kostenlos<\/strong> zur Verf\u00fcgung gestellt. Sie sind bei Ihrer Ankunft im Mobilheim vorhanden, je nach Anzahl der Personen, die Sie in Ihrer Buchung angegeben haben.<br \/>\n<strong>In den Mobilheimen mit 2 Blumen und 3 Blumen und in den Ferienh\u00e4usern<\/strong> k\u00f6nnen Sie bei der Buchung die <strong>Optionen Handt\u00fccher und Bettw\u00e4sche<\/strong> hinzuf\u00fcgen (12 \u20ac \/ Person f\u00fcr Handt\u00fccher und 18 \u20ac \/ Bett f\u00fcr Bettw\u00e4sche).<\/p>\n<\/div><\/div><\/details><\/div><\/div><\/div><div class=\"faq__box faq__item\"><div class=\"faq__container\"><div class=\"faq__block\" itemscope=\"\" itemprop=\"mainEntity\" itemtype=\"https:\/\/schema.org\/Question\"><details class=\"faq\"><summary class=\"faq-question\" itemprop=\"name\"><div>Ich habe keine Buchungsbest\u00e4tigung erhalten, was soll ich tun?<\/div><span class=\"faq-opener\"><\/span><\/summary><div class=\"content\" itemscope=\"\" itemprop=\"acceptedAnswer\" itemtype=\"https:\/\/schema.org\/Answer\"><div itemprop=\"text\"><p>Bitte \u00fcberpr\u00fcfen Sie zun\u00e4chst Ihre Spam-E-Mails. Wenn Sie Ihre Buchungsbest\u00e4tigung nicht erhalten haben, wenden Sie sich bitte direkt an den Campingplatz (telefonisch oder per E-Mail), damit wir die Situation \u00fcberpr\u00fcfen k\u00f6nnen. <\/p>\n<\/div><\/div><\/details><\/div><\/div><\/div><div class=\"faq__box faq__item\"><div class=\"faq__container\"><div class=\"faq__block\" itemscope=\"\" itemprop=\"mainEntity\" itemtype=\"https:\/\/schema.org\/Question\"><details class=\"faq\"><summary class=\"faq-question\" itemprop=\"name\"><div>Was deckt die Stornierungsgarantie ab?<\/div><span class=\"faq-opener\"><\/span><\/summary><div class=\"content\" itemscope=\"\" itemprop=\"acceptedAnswer\" itemtype=\"https:\/\/schema.org\/Answer\"><div itemprop=\"text\"><p><strong>BEDINGUNGEN DER ANNULLIERUNGSGARANTIE <\/strong><br \/>\n1\/ AUSF\u00dcHRUNG DER <strong>GARANTIEN <\/strong><br \/>\nDie Garantie gilt f\u00fcr die folgenden Ereignisse:<br \/>\na- Schwere Krankheit, Unfall oder Tod :<br \/>\n* von Ihnen selbst oder einer anderen Person, die ausdr\u00fccklich im Buchungsvertrag genannt wird<br \/>\n* von Ihrem Ehepartner (oder einer anderen Person, die in ehelicher Gemeinschaft unter demselben Dach lebt)<br \/>\n* von Ihren Verwandten in aufsteigender oder absteigender Linie<br \/>\n* von Ihren Geschwistern * von Ihren Schwiegers\u00f6hnen oder Schwiegert\u00f6chtern<br \/>\nb- Schwere Sch\u00e4den an Ihren R\u00e4umlichkeiten, unabh\u00e4ngig davon, ob es sich um ein Gesch\u00e4fts- oder Privatlokal handelt, Der Schaden muss innerhalb von 48 Stunden vor Beginn des Aufenthalts eintreten und erfordert die Instandsetzung der R\u00e4umlichkeiten und Ihre Anwesenheit vor Ort.<br \/>\nc- Schwere Sch\u00e4den an Ihrem Fahrzeug infolge eines Unfalls, die sich innerhalb von 48 Stunden vor der Abreise ereignen und Sie daran hindern, das Fahrzeug zu benutzen.<br \/>\nd- \u00c4nderungen Ihrer Urlaubsdaten, die vom Arbeitgeber auferlegt werden, die nach der Buchung eintreten und sich auf die Aufenthaltsdauer auswirken.<br \/>\ne- Entlassung Ihrerseits (oder Ihres Ehepartners) unter der Bedingung, dass die Einladung zum Vorstellungsgespr\u00e4ch nach der Buchung des Aufenthaltes erfolgt ist.<br \/>\nf- Versetzung Ihrerseits (oder Ihres Ehepartners) auf Initiative des Arbeitgebers, die einen Wechsel des Wohnsitzes mit sich bringt, unter der ausdr\u00fccklichen Bedingung, dass die Mitteilung nach der Buchung des Aufenthaltes erfolgt. Jedes Ereignis muss nach dem Abschluss der Versicherung eintreten, um den Versicherungsschutz zu begr\u00fcnden.<br \/>\nDEFINITIONEN<br \/>\nKrankheit: Eine von einer zust\u00e4ndigen medizinischen Beh\u00f6rde ordnungsgem\u00e4\u00df festgestellte Beeintr\u00e4chtigung der Gesundheit, die es dem Kranken verbietet, entweder den Wohnort oder das Krankenhaus, in dem er sich zum Zeitpunkt des Beginns der Buchungsperiode in Behandlung befindet, zu verlassen und die die absolute Einstellung jeder beruflichen oder sonstigen T\u00e4tigkeit erfordert.<br \/>\nUnfall: jedes unvorhergesehene und pl\u00f6tzliche Ereignis, das dem Buchenden k\u00f6rperliche Sch\u00e4den zuf\u00fcgt, die nicht auf seine Absicht zur\u00fcckzuf\u00fchren sind und die ihn daran hindern, den gebuchten Urlaub anzutreten.<br \/>\nNICHT VERSICHERT SIND SCH\u00c4DEN, DIE AUS FOLGENDEN EREIGNISSEN RESULTIEREN<br \/>\n&#8211; von Ihnen verursachte andere als die im Vertrag vorgesehenen Sch\u00e4den<br \/>\n&#8211; vor der Buchung bekannte Tatsachen, wobei eine nicht vorhersehbare Verschlechterung einer bereits bestehenden Krankheit nicht als bekannte Situation gilt<br \/>\n&#8211; Komplikationen oder Entbindung nach dem Ende des sechsten Monats der Schwangerschaft<br \/>\n&#8211; einer psychologischen Krankheit, die zum Zeitpunkt des Aufenthalts nicht station\u00e4r behandelt wurde.<br \/>\n&#8211; Ein chirurgischer oder medizinischer Eingriff, der vor der Buchung des Aufenthalts geplant wurde oder nach der Buchung durchgef\u00fchrt werden kann &#8211; Trunkenheit, Drogenkonsum, Gesundheitssch\u00e4den durch Einnahme von nicht verschriebenen Medikamenten<br \/>\n&#8211; Gegenanzeigen f\u00fcr Impfungen oder Flugreisen aufgrund von bereits bestehenden Gesundheitsproblemen<br \/>\n&#8211; B\u00fcrger- oder Auslandskriege, Aufruhr, Attentate, Volksbewegungen<br \/>\n&#8211; Epidemien, nukleare oder chemische Vorf\u00e4lle, Naturkatastrophen<br \/>\n&#8211; Nichteinhaltung der im urspr\u00fcnglichen Buchungsvertrag vorgesehenen Leistungen, aus welchen Gr\u00fcnden auch immer.<br \/>\n2\/ ART UND H\u00d6HE DER GARANTIEN<br \/>\nIm Falle einer Stornierung des Aufenthalts erstattet Ihnen der Campingplatz MANE GUERNEHUE die gezahlten und tats\u00e4chlich eingenommenen Betr\u00e4ge gem\u00e4\u00df den Bedingungen des urspr\u00fcnglichen Buchungsvertrags. Die Garantiepr\u00e4mie, eventuelle Bearbeitungsgeb\u00fchren, Kosten und Leistungen, die nicht in der Berechnung der Pr\u00e4mie enthalten sind, werden nicht zur\u00fcckerstattet. Es gilt ein H\u00f6chstbetrag pro Schadensfall von 3.800 \u20ac inkl. MwSt. im Falle einer Stornierung.<br \/>\n3\/ BEGINN<br \/>\nDie Stornierungsgarantie tritt ab dem Mittag des Tages nach der Zahlung der Pr\u00e4mie und f\u00fcr den Zeitraum von der Buchung bis zum Vortag des Aufenthalts in Kraft.<br \/>\n4\/ SCHADENSERKL\u00c4RUNG Jede Stornierung einer Buchung muss schriftlich erfolgen und innerhalb von 5 Werktagen ab dem Datum, an dem Sie davon Kenntnis erhalten haben, an den Campingplatz MANE GUERNEHUE geschickt werden (Einschreiben mit Empfangsbest\u00e4tigung).  <\/p>\n<\/div><\/div><\/details><\/div><\/div><\/div><div class=\"faq__box faq__item\"><div class=\"faq__container\"><div class=\"faq__block\" itemscope=\"\" itemprop=\"mainEntity\" itemtype=\"https:\/\/schema.org\/Question\"><details class=\"faq\"><summary class=\"faq-question\" itemprop=\"name\"><div>Gibt es Mobilheime mit Klimaanlage?<\/div><span class=\"faq-opener\"><\/span><\/summary><div class=\"content\" itemscope=\"\" itemprop=\"acceptedAnswer\" itemtype=\"https:\/\/schema.org\/Answer\"><div itemprop=\"text\"><p>Ja, die Premium Mobilheime (Terrasse de Man\u00e9, C\u00f4te Sauvage und Bretagne) sind klimatisiert.<\/p>\n<\/div><\/div><\/details><\/div><\/div><\/div><div class=\"faq__box faq__item\"><div class=\"faq__container\"><div class=\"faq__block\" itemscope=\"\" itemprop=\"mainEntity\" itemtype=\"https:\/\/schema.org\/Question\"><details class=\"faq\"><summary class=\"faq-question\" itemprop=\"name\"><div>Gibt es einen Fernseher in den Mobilheimen?  <\/div><span class=\"faq-opener\"><\/span><\/summary><div class=\"content\" itemscope=\"\" itemprop=\"acceptedAnswer\" itemtype=\"https:\/\/schema.org\/Answer\"><div itemprop=\"text\"><p>Ja, alle unsere Mobilheime sind mit einem Fernseher ausgestattet, au\u00dfer die Cottages Ty Meur.<\/p>\n<\/div><\/div><\/details><\/div><\/div><\/div><\/div><\/div><\/div>\n\n\n\n<div class=\"wp-block-column is-vertically-aligned-center is-layout-flow wp-block-column-is-layout-flow\" style=\"flex-basis:55%\"><div id=\"faq\" class=\"faq-container\"><div class=\"faq-wrap\" itemscope=\"\" itemtype=\"https:\/\/schema.org\/FAQPage\"><div class=\"faq__box faq__item\"><div class=\"faq__container\"><div class=\"faq__block\" itemscope=\"\" itemprop=\"mainEntity\" itemtype=\"https:\/\/schema.org\/Question\"><details class=\"faq\"><summary class=\"faq-question\" itemprop=\"name\"><div>Kann ein Babybett in das Schlafzimmer gestellt werden?<\/div><span class=\"faq-opener\"><\/span><\/summary><div class=\"content\" itemscope=\"\" itemprop=\"acceptedAnswer\" itemtype=\"https:\/\/schema.org\/Answer\"><div itemprop=\"text\"><p><strong>In den Mobilheimen mit 2 Blumen und 3 Blumen oder in den Ferienh\u00e4usern<\/strong> k\u00f6nnen Sie bei der Buchung die<strong>Option Babyausstattung<\/strong> (Babystuhl und Kinderbett, Matratze nicht inbegriffen) f\u00fcr EUR 6 pro Tag hinzubuchen.<br \/>\n<strong>In den Mobilheimen mit 4 Blumen und Premium ist das Babyset kostenlos<\/strong>. Sie brauchen es nur bei <strong>der Buchung anzufordern<\/strong>. <\/p>\n<p><strong>In welchem Mobilheim ist es m\u00f6glich, ein Babybett aufzustellen?<\/strong><\/p>\n<p>In den folgenden Mobilheimen sind die Kinderzimmer mit einem<strong> Ausziehbett<\/strong> ausgestattet: Ein Bett ist ausziehbar, wenn die Beine zusammengeklappt werden, kann es unter das andere <strong>Bett<\/strong> geschoben werden:<\/p>\n<p>Bretagne Cottage 4P, Cap West 4P, Atlantique 4P, M\u00e9diterran\u00e9e 4P (je nach Modell), Patio 4P und 6P, Patio Belle-Ile 4P und 6P, C\u00f4te Sauvage 4P und 6P, Zen 5P, Lodge 6P, Morbihan 6\/7P, Oc\u00e9ane PMR 6P, Grand Large 8P.<br \/>\nDie Terrassen von Man\u00e9 10P und 12P bieten Platz f\u00fcr 2 Klappbetten (eines im Kinderzimmer in jedem der beiden Module).<br \/>\nBei den Modellen C\u00f4te Sauvage 8P und Patio Belle-Ile 8P kann das Reisebett entweder im Kinderzimmer anstelle eines Klappbettes oder im Studio aufgestellt werden.<br \/>\nIn den Modellen Cap West 6P und Celtic 5P kann im Kinderzimmer durch Zusammenklappen eines Bettes ein Regenschirmbett hinzugef\u00fcgt werden, aber der Platz im Zimmer bleibt begrenzt.<br \/>\nBei Ty Cozy 2P kann das Kinderbett im Wohnzimmer aufgestellt werden.<br \/>\nIn Ty Meur 4P und Ty Bihan 6P ist es nicht m\u00f6glich, ein Kinderbett aufzustellen.<\/p>\n<\/div><\/div><\/details><\/div><\/div><\/div><div class=\"faq__box faq__item\"><div class=\"faq__container\"><div class=\"faq__block\" itemscope=\"\" itemprop=\"mainEntity\" itemtype=\"https:\/\/schema.org\/Question\"><details class=\"faq\"><summary class=\"faq-question\" itemprop=\"name\"><div>Ist es m\u00f6glich, 2 Mobilheime nebeneinander zu buchen?  <\/div><span class=\"faq-opener\"><\/span><\/summary><div class=\"content\" itemscope=\"\" itemprop=\"acceptedAnswer\" itemtype=\"https:\/\/schema.org\/Answer\"><div itemprop=\"text\"><p>Ja, die Buchung von zwei Mobilheimen nebeneinander ist m\u00f6glich, <strong>in der gleichen Mobilheimkategorie<\/strong>, mit einem Aufpreis von \u20ac 40<strong>(Vorzugsplatz<\/strong>), je nach Verf\u00fcgbarkeit.<\/p>\n<\/div><\/div><\/details><\/div><\/div><\/div><div class=\"faq__box faq__item\"><div class=\"faq__container\"><div class=\"faq__block\" itemscope=\"\" itemprop=\"mainEntity\" itemtype=\"https:\/\/schema.org\/Question\"><details class=\"faq\"><summary class=\"faq-question\" itemprop=\"name\"><div>Ist es m\u00f6glich, den Standort zu w\u00e4hlen?<\/div><span class=\"faq-opener\"><\/span><\/summary><div class=\"content\" itemscope=\"\" itemprop=\"acceptedAnswer\" itemtype=\"https:\/\/schema.org\/Answer\"><div itemprop=\"text\"><p>Die Wahl des Stellplatzes ist m\u00f6glich, je nach Verf\u00fcgbarkeit<br \/>\nmit einem <strong>Aufpreis von 40 \u20ac (Vorzugsplatz)<\/strong>. Sie k\u00f6nnen w\u00e4hlen, ob Sie in einem bestimmten Bereich des Campingplatzes (in der N\u00e4he des Campingplatzzentrums und der Aktivit\u00e4ten, an den Teichen, in der N\u00e4he des Reitzentrums, am Eingang), in der Sonne oder im Schatten, ruhig, in der N\u00e4he eines Freundes&#8230; liegen m\u00f6chten. <\/p>\n<\/div><\/div><\/details><\/div><\/div><\/div><div class=\"faq__box faq__item\"><div class=\"faq__container\"><div class=\"faq__block\" itemscope=\"\" itemprop=\"mainEntity\" itemtype=\"https:\/\/schema.org\/Question\"><details class=\"faq\"><summary class=\"faq-question\" itemprop=\"name\"><div>Kann man neben einem Mobilheim ein Zelt aufstellen?<\/div><span class=\"faq-opener\"><\/span><\/summary><div class=\"content\" itemscope=\"\" itemprop=\"acceptedAnswer\" itemtype=\"https:\/\/schema.org\/Answer\"><div itemprop=\"text\"><p>Nein, es ist nicht erlaubt, ein Zelt neben einem Mobilheim aufzustellen.<\/p>\n<\/div><\/div><\/details><\/div><\/div><\/div><div class=\"faq__box faq__item\"><div class=\"faq__container\"><div class=\"faq__block\" itemscope=\"\" itemprop=\"mainEntity\" itemtype=\"https:\/\/schema.org\/Question\"><details class=\"faq\"><summary class=\"faq-question\" itemprop=\"name\"><div>Ist es m\u00f6glich, meinen Aufenthalt nach der Ankunft zu verl\u00e4ngern?<\/div><span class=\"faq-opener\"><\/span><\/summary><div class=\"content\" itemscope=\"\" itemprop=\"acceptedAnswer\" itemtype=\"https:\/\/schema.org\/Answer\"><div itemprop=\"text\"><p>Ja, es ist m\u00f6glich, Ihren Aufenthalt vor Ort zu verl\u00e4ngern, je nach Verf\u00fcgbarkeit. Bitte kontaktieren Sie die Rezeption. <\/p>\n<\/div><\/div><\/details><\/div><\/div><\/div><div class=\"faq__box faq__item\"><div class=\"faq__container\"><div class=\"faq__block\" itemscope=\"\" itemprop=\"mainEntity\" itemtype=\"https:\/\/schema.org\/Question\"><details class=\"faq\"><summary class=\"faq-question\" itemprop=\"name\"><div>Kann ich in Raten zahlen?<\/div><span class=\"faq-opener\"><\/span><\/summary><div class=\"content\" itemscope=\"\" itemprop=\"acceptedAnswer\" itemtype=\"https:\/\/schema.org\/Answer\"><div itemprop=\"text\"><p>Ja, die Zahlung in Raten ist m\u00f6glich: <strong>3 Mal geb\u00fchrenfrei <\/strong>oder in Raten, die Sie selbst festlegen.  <\/p>\n<\/div><\/div><\/details><\/div><\/div><\/div><\/div><\/div><\/div>\n<\/div>\n\n\r\n    <\/div>\r\n<\/section><section id=\"ls-section-block_c68bb7aab488c5cd828ea468a6fb6c00\" class=\"ls-section  home-sixth page-one\" >\r\n        <div class=\"container container--wide\">\r\n        \n\n<div class=\"wp-block-columns are-vertically-aligned-center first is-layout-flex wp-container-core-columns-is-layout-9d6595d7 wp-block-columns-is-layout-flex\">\n<div class=\"wp-block-column is-vertically-aligned-center text is-layout-flow wp-block-column-is-layout-flow\" style=\"flex-basis:45%\">\n<h2 class=\"ls__heading wp-block-heading has-color-2-color has-text-color has-link-color wp-elements-2e1977933e7ad62e105452e63fcb724b\">Bereiten Sie Ihre Ankunft vor  <\/h2>\n<\/div>\n<\/div>\n\n\n\n<div class=\"wp-block-columns are-vertically-aligned-center first is-layout-flex wp-container-core-columns-is-layout-9d6595d7 wp-block-columns-is-layout-flex\">\n<div class=\"wp-block-column is-vertically-aligned-center is-layout-flow wp-block-column-is-layout-flow\" style=\"flex-basis:55%\"><div id=\"faq\" class=\"faq-container\"><div class=\"faq-wrap\" itemscope=\"\" itemtype=\"https:\/\/schema.org\/FAQPage\"><div class=\"faq__box faq__item\"><div class=\"faq__container\"><div class=\"faq__block\" itemscope=\"\" itemprop=\"mainEntity\" itemtype=\"https:\/\/schema.org\/Question\"><details class=\"faq\"><summary class=\"faq-question\" itemprop=\"name\"><div>Welche Dokumente muss ich bei meiner Ankunft vorlegen?<\/div><span class=\"faq-opener\"><\/span><\/summary><div class=\"content\" itemscope=\"\" itemprop=\"acceptedAnswer\" itemtype=\"https:\/\/schema.org\/Answer\"><div itemprop=\"text\"><p>Ein Ausweisdokument, Ihren Buchungsschein und, wenn Sie mit einem Hund reisen, dessen Gesundheitszeugnis.<\/p>\n<\/div><\/div><\/details><\/div><\/div><\/div><div class=\"faq__box faq__item\"><div class=\"faq__container\"><div class=\"faq__block\" itemscope=\"\" itemprop=\"mainEntity\" itemtype=\"https:\/\/schema.org\/Question\"><details class=\"faq\"><summary class=\"faq-question\" itemprop=\"name\"><div>Ist es m\u00f6glich, au\u00dferhalb der \u00d6ffnungszeiten der Rezeption anzureisen?<\/div><span class=\"faq-opener\"><\/span><\/summary><div class=\"content\" itemscope=\"\" itemprop=\"acceptedAnswer\" itemtype=\"https:\/\/schema.org\/Answer\"><div itemprop=\"text\"><p>Ja, wir haben ein Verfahren f\u00fcr versp\u00e4tete Ankunft eingerichtet.<br \/>\n<strong>Bitte informieren Sie uns am Vortag oder am selben Tag,<\/strong> damit wir sie Ihnen mitteilen k\u00f6nnen.<\/p>\n<p><strong>Die Rezeption ist ge\u00f6ffnet:<\/strong><br \/>\nAb der Er\u00f6ffnung des Campingplatzes im April, Mai und Juni: t\u00e4glich von 9:00 bis 19:00 Uhr. Freitags bis 20.00 Uhr.<br \/>\nIm Juli und August: t\u00e4glich von 9.00 bis 20.00 Uhr<br \/>\nIm September: t\u00e4glich von 9.00 bis 12.30 Uhr und von 13.30 bis 19.00 Uhr. <\/p>\n<\/div><\/div><\/details><\/div><\/div><\/div><div class=\"faq__box faq__item\"><div class=\"faq__container\"><div class=\"faq__block\" itemscope=\"\" itemprop=\"mainEntity\" itemtype=\"https:\/\/schema.org\/Question\"><details class=\"faq\"><summary class=\"faq-question\" itemprop=\"name\"><div>Wie funktioniert das Cashless-Armband?<\/div><span class=\"faq-opener\"><\/span><\/summary><div class=\"content\" itemscope=\"\" itemprop=\"acceptedAnswer\" itemtype=\"https:\/\/schema.org\/Answer\"><div itemprop=\"text\"><p>Nur <strong>Zahlungen mit Kreditkarte und Bargeld<\/strong> werden vor Ort in den verschiedenen Einrichtungen des Campingplatzes akzeptiert.<br \/>\nMit dem wasserdichten Bargeldlos-Armband, das Sie bei der Ankunft erhalten, k\u00f6nnen Sie w\u00e4hrend Ihres Aufenthalts problemlos die Dienstleistungen und Aktivit\u00e4ten bezahlen. Es erm\u00f6glicht Ihnen auch den<strong>Zugang zum Wasserpark und zum Hallenbad<\/strong>.<br \/>\nWenn Sie <strong>bei Ihrer Ankunft<\/strong> das Cashless-Armband erhalten, m\u00fcssen Sie <strong>ein Cashless-Konto einrichten<\/strong>. Wenn Sie keine Begr\u00fc\u00dfungsmail erhalten haben, klicken Sie auf den Link &#8222;Passwort vergessen&#8220; und erstellen Sie ein Passwort.<br \/>\n<strong>Laden Sie Ihr Armband auf<\/strong>: online (Kreditkarte) oder an der Rezeption (Bargeld, Scheck, Ferienschecks, Kreditkarte). Sie k\u00f6nnen Ihr Armband w\u00e4hrend Ihres Aufenthalts so oft aufladen, wie Sie m\u00f6chten. Dann k\u00f6nnen Sie mit Ihrem Armband in allen unseren Einrichtungen bezahlen und konsumieren.  <\/p>\n<p>Wenn Sie <strong>am Ende Ihres Aufenthalts<\/strong> noch Guthaben haben und in der gleichen Saison zum Campingplatz Man\u00e9 Guernehu\u00e9 zur\u00fcckkehren m\u00f6chten, behalten Sie Ihr Armband: Sie k\u00f6nnen Ihr Guthaben bei Ihrem n\u00e4chsten Aufenthalt in Man\u00e9 Guernehu\u00e9 in der gleichen Saison verwenden. Andernfalls k\u00f6nnen Sie Ihr Armband an der Rezeption zur Wiederverwertung zur\u00fcckgeben.<br \/>\nMelden Sie sich innerhalb von zwei Wochen nach Ende Ihres Aufenthalts bei Ihrem Konto an, um die R\u00fcckerstattung des verbleibenden Guthabens anzufordern. F\u00fcr die R\u00fcckerstattung wird keine Geb\u00fchr erhoben. Der Mindestbetrag f\u00fcr die R\u00fcckerstattung betr\u00e4gt 3 Euro. Es ist eine Verwaltungsfrist erforderlich, bevor die R\u00fcckerstattung auf Ihrem Bankkonto erscheint<br \/>\nF\u00fcr alle Zahlungen mit Urlaubsschecks kann am Ende des Aufenthalts keine R\u00fcckerstattung erfolgen.<br \/>\n<strong>Bei Problemen mit der R\u00fcckerstattung<\/strong>: Schicken Sie uns eine E-Mail an info(@)camping-baden.com. Geben Sie Ihren Namen, die Chipnummer und das Problem an.<br \/>\nZ\u00f6gern Sie nicht, die Rezeption zu kontaktieren, wenn Sie Fragen haben.<\/p>\n<\/div><\/div><\/details><\/div><\/div><\/div><div class=\"faq__box faq__item\"><div class=\"faq__container\"><div class=\"faq__block\" itemscope=\"\" itemprop=\"mainEntity\" itemtype=\"https:\/\/schema.org\/Question\"><details class=\"faq\"><summary class=\"faq-question\" itemprop=\"name\"><div>Muss ich meine eigene Bettw\u00e4sche mitbringen?<\/div><span class=\"faq-opener\"><\/span><\/summary><div class=\"content\" itemscope=\"\" itemprop=\"acceptedAnswer\" itemtype=\"https:\/\/schema.org\/Answer\"><div itemprop=\"text\"><p>In den Mobilheimen Premium und 4 Blumen ist die Bettw\u00e4sche vorhanden. In den anderen Mobilheimen k\u00f6nnen Sie bei der Buchung die Option &#8222;Bettw\u00e4sche f\u00fcr 1 Person mieten&#8220; oder &#8222;Bettw\u00e4sche f\u00fcr 2 Personen mieten&#8220; hinzuf\u00fcgen. <\/p>\n<\/div><\/div><\/details><\/div><\/div><\/div><\/div><\/div><\/div>\n\n\n\n<div class=\"wp-block-column is-vertically-aligned-center is-layout-flow wp-block-column-is-layout-flow\" style=\"flex-basis:55%\"><div id=\"faq\" class=\"faq-container\"><div class=\"faq-wrap\" itemscope=\"\" itemtype=\"https:\/\/schema.org\/FAQPage\"><div class=\"faq__box faq__item\"><div class=\"faq__container\"><div class=\"faq__block\" itemscope=\"\" itemprop=\"mainEntity\" itemtype=\"https:\/\/schema.org\/Question\"><details class=\"faq\"><summary class=\"faq-question\" itemprop=\"name\"><div>Muss ich meine eigenen Handt\u00fccher mitbringen?<\/div><span class=\"faq-opener\"><\/span><\/summary><div class=\"content\" itemscope=\"\" itemprop=\"acceptedAnswer\" itemtype=\"https:\/\/schema.org\/Answer\"><div itemprop=\"text\"><p>In den Mobilheimen Premium und 4 Blumen ist ein Handtuchset enthalten. In den anderen Mobilheimen oder auf dem Stellplatz k\u00f6nnen Sie bei der Buchung die Option &#8222;Handtuchset mieten&#8220; hinzuf\u00fcgen.<br \/>\nEin Handtuchset besteht aus: einem gro\u00dfen Handtuch, einem kleinen Handtuch, einer Badematte und einem Geschirrtuch. <\/p>\n<\/div><\/div><\/details><\/div><\/div><\/div><div class=\"faq__box faq__item\"><div class=\"faq__container\"><div class=\"faq__block\" itemscope=\"\" itemprop=\"mainEntity\" itemtype=\"https:\/\/schema.org\/Question\"><details class=\"faq\"><summary class=\"faq-question\" itemprop=\"name\"><div>Kann ich meinen Holzkohlegrill mitbringen?<\/div><span class=\"faq-opener\"><\/span><\/summary><div class=\"content\" itemscope=\"\" itemprop=\"acceptedAnswer\" itemtype=\"https:\/\/schema.org\/Answer\"><div itemprop=\"text\"><p>Sie k\u00f6nnen Ihren eigenen <strong>Holzkohlegrill<\/strong> mitbringen. Elektrische Grills sind nicht erlaubt. Einige Mobilheime sind mit einem Holzkohlegrill oder einer Gasplancha ausgestattet. Es gibt auch Gemeinschaftsgrills auf dem Grundst\u00fcck und einen Picknickbereich mit einer gemeinsamen Gasplancha, neben den Boulepl\u00e4tzen und einem Spielplatz.   <\/p>\n<p>Im Falle eines Pr\u00e4fekturerlasses in Verbindung mit einer schweren D\u00fcrre ist die Verwendung von Holzkohlegrills untersagt.<\/p>\n<\/div><\/div><\/details><\/div><\/div><\/div><div class=\"faq__box faq__item\"><div class=\"faq__container\"><div class=\"faq__block\" itemscope=\"\" itemprop=\"mainEntity\" itemtype=\"https:\/\/schema.org\/Question\"><details class=\"faq\"><summary class=\"faq-question\" itemprop=\"name\"><div>Kann ich die Aktivit\u00e4ten vor meiner Ankunft buchen?<\/div><span class=\"faq-opener\"><\/span><\/summary><div class=\"content\" itemscope=\"\" itemprop=\"acceptedAnswer\" itemtype=\"https:\/\/schema.org\/Answer\"><div itemprop=\"text\"><p>Ja, die Buchung von Aktivit\u00e4ten ist im Voraus m\u00f6glich Unsere Website: <a href=\"https:\/\/camping-baden.ouiresa.fr\/\" target=\"_blank\" rel=\"noopener\">Klicken Sie auf diesen Link, um zum Online-Shop zu gelangen<\/a>.<\/p>\n<\/div><\/div><\/details><\/div><\/div><\/div><div class=\"faq__box faq__item\"><div class=\"faq__container\"><div class=\"faq__block\" itemscope=\"\" itemprop=\"mainEntity\" itemtype=\"https:\/\/schema.org\/Question\"><details class=\"faq\"><summary class=\"faq-question\" itemprop=\"name\"><div>Zugang zum Campingplatz: \u00f6ffentliche Verkehrsmittel, Taxi, VTC<\/div><span class=\"faq-opener\"><\/span><\/summary><div class=\"content\" itemscope=\"\" itemprop=\"acceptedAnswer\" itemtype=\"https:\/\/schema.org\/Answer\"><div itemprop=\"text\"><p>Der Campingplatz ist mit verschiedenen Transportmitteln erreichbar:<br \/>\n<strong>Mit dem Zug:<\/strong><br \/>\nDie n\u00e4chstgelegenen Bahnh\u00f6fe sind der Bahnhof von Auray und der Bahnhof von Vannes.<br \/>\nVon einem dieser Bahnh\u00f6fe aus k\u00f6nnen Sie den Campingplatz mit dem Bus (je nach Linie und Zeit) oder mit dem Taxi\/VTC erreichen.<br \/>\n<strong>Mit dem Bus:<\/strong><br \/>\nEs gibt Buslinien, die die Gemeinde und ihre Umgebung bedienen. Wir empfehlen Ihnen, sich im Voraus \u00fcber die Fahrpl\u00e4ne und Verbindungen zu informieren, insbesondere in der Hochsaison.<br \/>\n<strong>Mit dem Taxi oder VTC:<\/strong><br \/>\nTaxis und VTC-Dienste stehen von den Bahnh\u00f6fen Auray und Vannes sowie von den wichtigsten St\u00e4dten in der Umgebung zur Verf\u00fcgung.<\/p>\n<\/div><\/div><\/details><\/div><\/div><\/div><\/div><\/div><\/div>\n<\/div>\n\n\r\n    <\/div>\r\n<\/section><section id=\"ls-section-block_9f7ed3f52911f30b8a88f6fc78d4397f\" class=\"ls-section  page-two page-vague-alt has-background has-color-4-background-color\" >\r\n        <div class=\"container container--full\">\r\n        \n\n<div class=\"wp-block-columns first is-layout-flex wp-container-core-columns-is-layout-9d6595d7 wp-block-columns-is-layout-flex\">\n<div class=\"wp-block-column is-layout-flow wp-block-column-is-layout-flow\" style=\"flex-basis:100%\">\n<div class=\"icone\"><i class=\"mane-g\"><\/i><\/div>\n\n\n\n<h2 class=\"ls__heading wp-block-heading has-text-align-center has-color-1-color has-text-color has-link-color wp-elements-345cd6c70fa50351bc5a0234836e75f8\">W\u00e4hrend Ihres Aufenthalts<\/h2>\n<\/div>\n<\/div>\n\n\n\n<div class=\"wp-block-columns are-vertically-aligned-center first is-layout-flex wp-container-core-columns-is-layout-9d6595d7 wp-block-columns-is-layout-flex\">\n<div class=\"wp-block-column is-vertically-aligned-center is-layout-flow wp-block-column-is-layout-flow\" style=\"flex-basis:55%\"><div id=\"faq\" class=\"faq-container\"><div class=\"faq-wrap\" itemscope=\"\" itemtype=\"https:\/\/schema.org\/FAQPage\"><div class=\"faq__box faq__item\"><div class=\"faq__container\"><div class=\"faq__block\" itemscope=\"\" itemprop=\"mainEntity\" itemtype=\"https:\/\/schema.org\/Question\"><details class=\"faq\"><summary class=\"faq-question\" itemprop=\"name\"><div>An wen kann ich mich wenden, wenn ich ein Problem mit meiner Unterkunft habe?<\/div><span class=\"faq-opener\"><\/span><\/summary><div class=\"content\" itemscope=\"\" itemprop=\"acceptedAnswer\" itemtype=\"https:\/\/schema.org\/Answer\"><div itemprop=\"text\"><p>Wenn Sie bei Ihrer Ankunft im Mobilheim einen <strong>Mangel an Sauberkeit<\/strong> feststellen, <strong>melden<\/strong> Sie dies bitte <strong>sofort an der Rezeption<\/strong>, damit unsere Mitarbeiter schnell eingreifen k\u00f6nnen. Wenn die Rezeption geschlossen ist, k\u00f6nnen Sie dies am n\u00e4chsten Morgen nachholen.<br \/>\nBei technischen Problemen wenden Sie sich bitte an die Rezeption, vorzugsweise am Morgen. <\/p>\n<\/div><\/div><\/details><\/div><\/div><\/div><div class=\"faq__box faq__item\"><div class=\"faq__container\"><div class=\"faq__block\" itemscope=\"\" itemprop=\"mainEntity\" itemtype=\"https:\/\/schema.org\/Question\"><details class=\"faq\"><summary class=\"faq-question\" itemprop=\"name\"><div>Wie man eine Beschwerde formuliert<\/div><span class=\"faq-opener\"><\/span><\/summary><div class=\"content\" itemscope=\"\" itemprop=\"acceptedAnswer\" itemtype=\"https:\/\/schema.org\/Answer\"><div itemprop=\"text\"><p>Im Falle einer Beschwerde wenden Sie sich bitte direkt an die Rezeption des Campingplatzes.<\/p>\n<\/div><\/div><\/details><\/div><\/div><\/div><div class=\"faq__box faq__item\"><div class=\"faq__container\"><div class=\"faq__block\" itemscope=\"\" itemprop=\"mainEntity\" itemtype=\"https:\/\/schema.org\/Question\"><details class=\"faq\"><summary class=\"faq-question\" itemprop=\"name\"><div>Ist der Campingplatz nachts sicher?<\/div><span class=\"faq-opener\"><\/span><\/summary><div class=\"content\" itemscope=\"\" itemprop=\"acceptedAnswer\" itemtype=\"https:\/\/schema.org\/Answer\"><div itemprop=\"text\"><p>Ja, ein Nachtw\u00e4chter sorgt f\u00fcr die Sicherheit des Campingplatzes.<\/p>\n<\/div><\/div><\/details><\/div><\/div><\/div><\/div><\/div><\/div>\n\n\n\n<div class=\"wp-block-column is-vertically-aligned-center is-layout-flow wp-block-column-is-layout-flow\" style=\"flex-basis:55%\"><div id=\"faq\" class=\"faq-container\"><div class=\"faq-wrap\" itemscope=\"\" itemtype=\"https:\/\/schema.org\/FAQPage\"><div class=\"faq__box faq__item\"><div class=\"faq__container\"><div class=\"faq__block\" itemscope=\"\" itemprop=\"mainEntity\" itemtype=\"https:\/\/schema.org\/Question\"><details class=\"faq\"><summary class=\"faq-question\" itemprop=\"name\"><div>Sind Besucher erlaubt?<\/div><span class=\"faq-opener\"><\/span><\/summary><div class=\"content\" itemscope=\"\" itemprop=\"acceptedAnswer\" itemtype=\"https:\/\/schema.org\/Answer\"><div itemprop=\"text\"><p>Besucher k\u00f6nnen au\u00dferhalb der Monate Juli und August zu einem Tagestarif zugelassen werden, vorbehaltlich der vorherigen Zustimmung des Campingplatzes und bis zu zwei Besucher pro Stellplatz. Sie bleiben unter der Verantwortung der Bewohner und m\u00fcssen von diesen an der Rezeption angemeldet werden. <\/p>\n<\/div><\/div><\/details><\/div><\/div><\/div><div class=\"faq__box faq__item\"><div class=\"faq__container\"><div class=\"faq__block\" itemscope=\"\" itemprop=\"mainEntity\" itemtype=\"https:\/\/schema.org\/Question\"><details class=\"faq\"><summary class=\"faq-question\" itemprop=\"name\"><div>Was tun bei einem Unfall oder k\u00f6rperlichen Zwischenfall?<\/div><span class=\"faq-opener\"><\/span><\/summary><div class=\"content\" itemscope=\"\" itemprop=\"acceptedAnswer\" itemtype=\"https:\/\/schema.org\/Answer\"><div itemprop=\"text\"><p>Kontaktieren Sie zuerst den Campingplatz oder rufen Sie 112 an, wenn Sie einen Notfall haben, der spezialisierte Hilfe erfordert.<\/p>\n<\/div><\/div><\/details><\/div><\/div><\/div><div class=\"faq__box faq__item\"><div class=\"faq__container\"><div class=\"faq__block\" itemscope=\"\" itemprop=\"mainEntity\" itemtype=\"https:\/\/schema.org\/Question\"><details class=\"faq\"><summary class=\"faq-question\" itemprop=\"name\"><div>Kann ich ein Elektrofahrzeug direkt auf dem Campingplatz aufladen?<\/div><span class=\"faq-opener\"><\/span><\/summary><div class=\"content\" itemscope=\"\" itemprop=\"acceptedAnswer\" itemtype=\"https:\/\/schema.org\/Answer\"><div itemprop=\"text\"><p>Ja, wir haben zwei elektrische Ladestationen auf dem Parkplatz am Eingang des Campingplatzes.<\/p>\n<\/div><\/div><\/details><\/div><\/div><\/div><\/div><\/div><\/div>\n<\/div>\n\n\r\n    <\/div>\r\n<\/section>\n<div class=\"wp-block-columns are-vertically-aligned-center first is-layout-flex wp-container-core-columns-is-layout-9d6595d7 wp-block-columns-is-layout-flex\">\n<div class=\"wp-block-column is-vertically-aligned-center text is-layout-flow wp-block-column-is-layout-flow\" style=\"flex-basis:45%\"><\/div>\n<\/div>\n<section id=\"ls-section-block_c68bb7aab488c5cd828ea468a6fb6c00\" class=\"ls-section  home-sixth page-one\" >\r\n        <div class=\"container container--wide\">\r\n        \n\n<div class=\"wp-block-columns are-vertically-aligned-center first is-layout-flex wp-container-core-columns-is-layout-9d6595d7 wp-block-columns-is-layout-flex\">\n<div class=\"wp-block-column is-vertically-aligned-center text is-layout-flow wp-block-column-is-layout-flow\" style=\"flex-basis:45%\">\n<h2 class=\"ls__heading wp-block-heading has-color-2-color has-text-color has-link-color wp-elements-8b03718018dc45ee7eb4eea8f6dfd99b\">Nach Ihrem Aufenthalt<\/h2>\n<\/div>\n<\/div>\n\n\n\n<div class=\"wp-block-columns are-vertically-aligned-center first is-layout-flex wp-container-core-columns-is-layout-9d6595d7 wp-block-columns-is-layout-flex\">\n<div class=\"wp-block-column is-vertically-aligned-center is-layout-flow wp-block-column-is-layout-flow\" style=\"flex-basis:55%\"><div id=\"faq\" class=\"faq-container\"><div class=\"faq-wrap\" itemscope=\"\" itemtype=\"https:\/\/schema.org\/FAQPage\"><div class=\"faq__box faq__item\"><div class=\"faq__container\"><div class=\"faq__block\" itemscope=\"\" itemprop=\"mainEntity\" itemtype=\"https:\/\/schema.org\/Question\"><details class=\"faq\"><summary class=\"faq-question\" itemprop=\"name\"><div>Was muss ich tun, bevor ich meine Wohnung verlasse?<\/div><span class=\"faq-opener\"><\/span><\/summary><div class=\"content\" itemscope=\"\" itemprop=\"acceptedAnswer\" itemtype=\"https:\/\/schema.org\/Answer\"><div itemprop=\"text\"><p><strong>F\u00fcr Mobilheime, Stellpl\u00e4tze mit eigener Sanit\u00e4ranlage und G\u00eetes wird Folgendes verlangt:<\/strong><br \/>\n<strong>Mit und ohne Reinigungspauschale:<\/strong><br \/>\n\u00dcberpr\u00fcfen Sie, ob Sie nichts in den Schr\u00e4nken vergessen haben,<br \/>\nK\u00fcche reinigen, Geschirr sp\u00fclen und abtrocknen. K\u00fchlschrank und Gefrierteil abtauen, ausschalten und die T\u00fcren offen lassen,<br \/>\nLeeren und reinigen Sie den M\u00fclleimer und den Kaffeefilter,<br \/>\nWenn Sie Bettw\u00e4sche und Handt\u00fccher haben, legen Sie diese in den blauen Sack,<br \/>\nStellen Sie die M\u00f6bel an ihren Platz,<br \/>\nSchalten Sie den Hauptschalter aus.<br \/>\nWenn Sie vor der \u00d6ffnung der Rezeption (9 Uhr) abreisen m\u00f6chten, kommen Sie bitte am Vortag an der Rezeption vorbei. Bei Ihrer Abreise k\u00f6nnen Sie die Schl\u00fcssel in den Briefkasten vor der Rezeption werfen.  <\/p>\n<p><strong>Ohne Haushaltspauschale sollten Sie auch nicht vergessen :<\/strong><\/p>\n<p>Die K\u00fcche und die Haushaltsger\u00e4te (Backofen, K\u00fchlschrank, Kochplatte, Mikrowelle&#8230;) gr\u00fcndlich reinigen,<br \/>\nB\u00f6den und unter M\u00f6beln fegen und waschen,<br \/>\nSanit\u00e4ranlagen, Badezimmer und Fenster reinigen,<br \/>\nSpuren an T\u00fcren und Fenstern beseitigen,<br \/>\nDas Babybett zusammenklappen (sauber),<br \/>\nDie Gartenm\u00f6bel aufr\u00e4umen und reinigen,<br \/>\nDen Grill\/Plancha leeren und reinigen, falls zutreffend.<\/p>\n<\/div><\/div><\/details><\/div><\/div><\/div><div class=\"faq__box faq__item\"><div class=\"faq__container\"><div class=\"faq__block\" itemscope=\"\" itemprop=\"mainEntity\" itemtype=\"https:\/\/schema.org\/Question\"><details class=\"faq\"><summary class=\"faq-question\" itemprop=\"name\"><div>Muss ich bei meiner Abreise einen Termin f\u00fcr die Bestandsaufnahme vereinbaren?<\/div><span class=\"faq-opener\"><\/span><\/summary><div class=\"content\" itemscope=\"\" itemprop=\"acceptedAnswer\" itemtype=\"https:\/\/schema.org\/Answer\"><div itemprop=\"text\"><p>Bei Ihrer Abreise bitten wir Sie, an der Rezeption vorbeizugehen, um die Schl\u00fcssel f\u00fcr das Mobilheim zu hinterlegen. Ihr Mietobjekt wird \u00fcberpr\u00fcft. Die Kaution wird vernichtet, wenn das Mietobjekt sauber ist und keine Sch\u00e4den aufweist. Innerhalb von 8 Tagen nach Ihrer Abreise erhalten Sie eine E-Mail, um Sie \u00fcber die Abreise zu informieren. Wir werden Sie im Falle eines Problems kontaktieren. Die Preisliste ist an der Rezeption erh\u00e4ltlich.     <\/p>\n<\/div><\/div><\/details><\/div><\/div><\/div><div class=\"faq__box faq__item\"><div class=\"faq__container\"><div class=\"faq__block\" itemscope=\"\" itemprop=\"mainEntity\" itemtype=\"https:\/\/schema.org\/Question\"><details class=\"faq\"><summary class=\"faq-question\" itemprop=\"name\"><div>Wie Sie eine Aufenthaltsbescheinigung und eine Rechnung erhalten  <\/div><span class=\"faq-opener\"><\/span><\/summary><div class=\"content\" itemscope=\"\" itemprop=\"acceptedAnswer\" itemtype=\"https:\/\/schema.org\/Answer\"><div itemprop=\"text\"><p>Sie k\u00f6nnen sie am Ende Ihres Aufenthalts an der Rezeption oder per E-Mail anfordern.<\/p>\n<\/div><\/div><\/details><\/div><\/div><\/div><\/div><\/div><\/div>\n\n\n\n<div class=\"wp-block-column is-vertically-aligned-center is-layout-flow wp-block-column-is-layout-flow\" style=\"flex-basis:55%\"><div id=\"faq\" class=\"faq-container\"><div class=\"faq-wrap\" itemscope=\"\" itemtype=\"https:\/\/schema.org\/FAQPage\"><div class=\"faq__box faq__item\"><div class=\"faq__container\"><div class=\"faq__block\" itemscope=\"\" itemprop=\"mainEntity\" itemtype=\"https:\/\/schema.org\/Question\"><details class=\"faq\"><summary class=\"faq-question\" itemprop=\"name\"><div>Kann ich vor der \u00d6ffnung der Rezeption abreisen?<\/div><span class=\"faq-opener\"><\/span><\/summary><div class=\"content\" itemscope=\"\" itemprop=\"acceptedAnswer\" itemtype=\"https:\/\/schema.org\/Answer\"><div itemprop=\"text\"><p>Wenn Sie vor der \u00d6ffnung der Rezeption (9.00 Uhr) abreisen m\u00f6chten, kommen Sie bitte am Vortag an der Rezeption vorbei. Bei Ihrer Abreise k\u00f6nnen Sie die Schl\u00fcssel in den Briefkasten vor der Rezeption werfen. <\/p>\n<\/div><\/div><\/details><\/div><\/div><\/div><div class=\"faq__box faq__item\"><div class=\"faq__container\"><div class=\"faq__block\" itemscope=\"\" itemprop=\"mainEntity\" itemtype=\"https:\/\/schema.org\/Question\"><details class=\"faq\"><summary class=\"faq-question\" itemprop=\"name\"><div>Wie gehe ich vor, wenn ich bei meiner Abreise einen pers\u00f6nlichen Gegenstand vergessen habe?<\/div><span class=\"faq-opener\"><\/span><\/summary><div class=\"content\" itemscope=\"\" itemprop=\"acceptedAnswer\" itemtype=\"https:\/\/schema.org\/Answer\"><div itemprop=\"text\"><p>Wenn Sie dies vergessen haben, wenden Sie sich bitte an den Campingplatz. Wir k\u00f6nnen eine R\u00fccksendung \u00fcber L&#8217;Host organisieren, wobei die Versandkosten zu Ihren Lasten gehen. <\/p>\n<\/div><\/div><\/details><\/div><\/div><\/div><div class=\"faq__box faq__item\"><div class=\"faq__container\"><div class=\"faq__block\" itemscope=\"\" itemprop=\"mainEntity\" itemtype=\"https:\/\/schema.org\/Question\"><details class=\"faq\"><summary class=\"faq-question\" itemprop=\"name\"><div>Ihre Meinung ist uns wichtig<\/div><span class=\"faq-opener\"><\/span><\/summary><div class=\"content\" itemscope=\"\" itemprop=\"acceptedAnswer\" itemtype=\"https:\/\/schema.org\/Answer\"><div itemprop=\"text\"><p><strong>Wir lesen Ihre Bewertungen und Kommentare aufmerksam und verarbeiten sie, um unseren Service zu verbessern.<\/strong><br \/>\n<strong>Nach Ihrem Aufenthalt<\/strong> erhalten Sie eine E-Mail, in der Sie um Ihre <strong>Meinung<\/strong> zu Ihrer Gesamterfahrung, dem Campingplatz, der Unterkunft oder dem Stellplatz, dem Pool, den Aktivit\u00e4ten und Animationen und den verschiedenen Dienstleistungen gebeten werden. <strong>Ihre Gesamtzufriedenheitsbewertung ist f\u00fcr uns sehr wichtig.<\/strong><\/p>\n<\/div><\/div><\/details><\/div><\/div><\/div><\/div><\/div><\/div>\n<\/div>\n\n\r\n    <\/div>\r\n<\/section><section id=\"ls-section-block_9f7ed3f52911f30b8a88f6fc78d4397f\" class=\"ls-section  page-two page-vague-alt has-background has-color-4-background-color\" >\r\n        <div class=\"container container--full\">\r\n        \n\n<div class=\"wp-block-columns first is-layout-flex wp-container-core-columns-is-layout-9d6595d7 wp-block-columns-is-layout-flex\">\n<div class=\"wp-block-column is-layout-flow wp-block-column-is-layout-flow\" style=\"flex-basis:100%\">\n<div class=\"icone\"><i class=\"mane-g\"><\/i><\/div>\n\n\n\n<h2 class=\"ls__heading wp-block-heading has-text-align-center has-color-1-color has-text-color has-link-color wp-elements-cff8d454ea6ccad460d4c6920b845ae4\">Unsere Dienstleistungen<\/h2>\n<\/div>\n<\/div>\n\n\n\n<div class=\"wp-block-columns are-vertically-aligned-center first is-layout-flex wp-container-core-columns-is-layout-9d6595d7 wp-block-columns-is-layout-flex\">\n<div class=\"wp-block-column is-vertically-aligned-center is-layout-flow wp-block-column-is-layout-flow\" style=\"flex-basis:55%\"><div id=\"faq\" class=\"faq-container\"><div class=\"faq-wrap\" itemscope=\"\" itemtype=\"https:\/\/schema.org\/FAQPage\"><div class=\"faq__box faq__item\"><div class=\"faq__container\"><div class=\"faq__block\" itemscope=\"\" itemprop=\"mainEntity\" itemtype=\"https:\/\/schema.org\/Question\"><details class=\"faq\"><summary class=\"faq-question\" itemprop=\"name\"><div>Kann man auf dem Campingplatz Fahrr\u00e4der mieten?<\/div><span class=\"faq-opener\"><\/span><\/summary><div class=\"content\" itemscope=\"\" itemprop=\"acceptedAnswer\" itemtype=\"https:\/\/schema.org\/Answer\"><div itemprop=\"text\"><p>Ja, wir bieten einen <strong>Fahrradverleih<\/strong> an: klassische Erwachsenenr\u00e4der oder Elektrofahrr\u00e4der, Kinderr\u00e4der, Anh\u00e4nger f\u00fcr Kinder (nur in Verbindung mit dem Fahrradverleih). Helme und Schl\u00f6sser werden zur Verf\u00fcgung gestellt.<br \/>\n<a href=\"https:\/\/camping-baden.ouiresa.fr\/#\/?type=46081\" target=\"_blank\" rel=\"noopener\">Klicken Sie hier, um \u00fcber unsere Website im Online-Shop zu buchen<\/a>.<\/p>\n<\/div><\/div><\/details><\/div><\/div><\/div><div class=\"faq__box faq__item\"><div class=\"faq__container\"><div class=\"faq__block\" itemscope=\"\" itemprop=\"mainEntity\" itemtype=\"https:\/\/schema.org\/Question\"><details class=\"faq\"><summary class=\"faq-question\" itemprop=\"name\"><div>Gibt es eine Brotverkaufsstelle?<\/div><span class=\"faq-opener\"><\/span><\/summary><div class=\"content\" itemscope=\"\" itemprop=\"acceptedAnswer\" itemtype=\"https:\/\/schema.org\/Answer\"><div itemprop=\"text\"><p>Im Lebensmittelgesch\u00e4ft des Campingplatzes finden Sie jeden Morgen frisches Brot und Geb\u00e4ck.<\/p>\n<\/div><\/div><\/details><\/div><\/div><\/div><div class=\"faq__box faq__item\"><div class=\"faq__container\"><div class=\"faq__block\" itemscope=\"\" itemprop=\"mainEntity\" itemtype=\"https:\/\/schema.org\/Question\"><details class=\"faq\"><summary class=\"faq-question\" itemprop=\"name\"><div>Wo befinden sich die Sanit\u00e4ranlagen?<\/div><span class=\"faq-opener\"><\/span><\/summary><div class=\"content\" itemscope=\"\" itemprop=\"acceptedAnswer\" itemtype=\"https:\/\/schema.org\/Answer\"><div itemprop=\"text\"><p>In der N\u00e4he Ihres Stellplatzes finden Sie eines unserer 3 hochwertigen Sanit\u00e4rgeb\u00e4ude mit PMR-Zugang. Sie sind f\u00fcr Kinder ausgestattet und f\u00fcr Behinderte zug\u00e4nglich. Einer der Sanit\u00e4rbereiche ist beheizt, um in der Nebensaison einen optimalen Komfort zu bieten.<\/p>\n<\/div><\/div><\/details><\/div><\/div><\/div><div class=\"faq__box faq__item\"><div class=\"faq__container\"><div class=\"faq__block\" itemscope=\"\" itemprop=\"mainEntity\" itemtype=\"https:\/\/schema.org\/Question\"><details class=\"faq\"><summary class=\"faq-question\" itemprop=\"name\"><div>Verf\u00fcgt der Campingplatz \u00fcber einen W\u00e4scheservice\/eine W\u00e4scherei?<\/div><span class=\"faq-opener\"><\/span><\/summary><div class=\"content\" itemscope=\"\" itemprop=\"acceptedAnswer\" itemtype=\"https:\/\/schema.org\/Answer\"><div itemprop=\"text\"><p>Der Campingplatz verf\u00fcgt \u00fcber einen Waschsalon mit Waschmaschinen, Trocknern und B\u00fcgelbrettern. Das B\u00fcgeleisen steht an der Rezeption zur Verf\u00fcgung. Die Bezahlung erfolgt in bar (Banknoten oder M\u00fcnzen) und ein M\u00fcnzautomat steht zur Verf\u00fcgung, um das Wechselgeld vor Ort zu wechseln.  <\/p>\n<\/div><\/div><\/details><\/div><\/div><\/div><div class=\"faq__box faq__item\"><div class=\"faq__container\"><div class=\"faq__block\" itemscope=\"\" itemprop=\"mainEntity\" itemtype=\"https:\/\/schema.org\/Question\"><details class=\"faq\"><summary class=\"faq-question\" itemprop=\"name\"><div>Kann ich mein eigenes Waschmittel im Waschsalon verwenden?<\/div><span class=\"faq-opener\"><\/span><\/summary><div class=\"content\" itemscope=\"\" itemprop=\"acceptedAnswer\" itemtype=\"https:\/\/schema.org\/Answer\"><div itemprop=\"text\"><p>Ja, Sie k\u00f6nnen Ihr eigenes Waschmittel mitbringen oder aus dem Automaten im Waschsalon kaufen.<\/p>\n<\/div><\/div><\/details><\/div><\/div><\/div><\/div><\/div><\/div>\n\n\n\n<div class=\"wp-block-column is-vertically-aligned-center is-layout-flow wp-block-column-is-layout-flow\" style=\"flex-basis:55%\"><div id=\"faq\" class=\"faq-container\"><div class=\"faq-wrap\" itemscope=\"\" itemtype=\"https:\/\/schema.org\/FAQPage\"><div class=\"faq__box faq__item\"><div class=\"faq__container\"><div class=\"faq__block\" itemscope=\"\" itemprop=\"mainEntity\" itemtype=\"https:\/\/schema.org\/Question\"><details class=\"faq\"><summary class=\"faq-question\" itemprop=\"name\"><div>Verf\u00fcgt der Campingplatz im Sommer \u00fcber einen kostenlosen Shuttle-Service?<\/div><span class=\"faq-opener\"><\/span><\/summary><div class=\"content\" itemscope=\"\" itemprop=\"acceptedAnswer\" itemtype=\"https:\/\/schema.org\/Answer\"><div itemprop=\"text\"><p><strong>Im Hochsommer<\/strong> (au\u00dfer an Wochenenden und Feiertagen) steht Ihnen <strong>ein kostenloser Shuttleservice<\/strong> vom Campingplatz aus zur Verf\u00fcgung. Er f\u00e4hrt zum Strand von Locmiquel, in die Stadt Lamor-Baden und nach Port Blanc, der Anlegestelle f\u00fcr die Ile aux Moines. Erkundigen Sie sich an der Rezeption oder auf der Informationstafel an der Haltestelle des Pendelbusses vor der Rezeption nach den Daten und Fahrpl\u00e4nen.  <\/p>\n<\/div><\/div><\/details><\/div><\/div><\/div><div class=\"faq__box faq__item\"><div class=\"faq__container\"><div class=\"faq__block\" itemscope=\"\" itemprop=\"mainEntity\" itemtype=\"https:\/\/schema.org\/Question\"><details class=\"faq\"><summary class=\"faq-question\" itemprop=\"name\"><div>Verf\u00fcgt der Campingplatz \u00fcber ein Spa?<\/div><span class=\"faq-opener\"><\/span><\/summary><div class=\"content\" itemscope=\"\" itemprop=\"acceptedAnswer\" itemtype=\"https:\/\/schema.org\/Answer\"><div itemprop=\"text\"><p>Der Campingplatz bietet einen Wellnessbereich, der der Entspannung gewidmet ist und von April bis September ge\u00f6ffnet ist. Sie k\u00f6nnen den Eintritt zum Spa (Sauna, Dampfbad, Jacuzzi, Entspannungsbereich), Behandlungen, Modellagen und Entspannungsmomente auf Reservierung genie\u00dfen.<br \/>\n<a href=\"https:\/\/camping-baden.ouiresa.fr\/#\/?type=205\" target=\"_blank\" rel=\"noopener\">Buchen Sie Ihre Behandlung oder den Eintritt ins Spa<\/a><br \/>\n<a href=\"https:\/\/www.camping-baden.com\/de\/campingplatz-spa-wohlbefinden-baden\/\">Mehr \u00fcber die Gesundheitskarte und die Geb\u00fchren<\/a><\/p>\n<p>Der Zugang zum Spa ist Personen \u00fcber 16 Jahren vorbehalten.<\/p>\n<\/div><\/div><\/details><\/div><\/div><\/div><div class=\"faq__box faq__item\"><div class=\"faq__container\"><div class=\"faq__block\" itemscope=\"\" itemprop=\"mainEntity\" itemtype=\"https:\/\/schema.org\/Question\"><details class=\"faq\"><summary class=\"faq-question\" itemprop=\"name\"><div>Sind Grills zur Miete verf\u00fcgbar?<\/div><span class=\"faq-opener\"><\/span><\/summary><div class=\"content\" itemscope=\"\" itemprop=\"acceptedAnswer\" itemtype=\"https:\/\/schema.org\/Answer\"><div itemprop=\"text\"><p>Im Lebensmittelgesch\u00e4ft k\u00f6nnen Sie einen Holzkohlegrill mieten.<\/p>\n<\/div><\/div><\/details><\/div><\/div><\/div><div class=\"faq__box faq__item\"><div class=\"faq__container\"><div class=\"faq__block\" itemscope=\"\" itemprop=\"mainEntity\" itemtype=\"https:\/\/schema.org\/Question\"><details class=\"faq\"><summary class=\"faq-question\" itemprop=\"name\"><div>Gibt es einen Supermarkt auf dem Campingplatz?<\/div><span class=\"faq-opener\"><\/span><\/summary><div class=\"content\" itemscope=\"\" itemprop=\"acceptedAnswer\" itemtype=\"https:\/\/schema.org\/Answer\"><div itemprop=\"text\"><p>Der Minimarkt des Campingplatzes bietet Ihnen einen Hotspot mit Brot und Geb\u00e4ck, eine Obst- und Gem\u00fcseabteilung, Tiefk\u00fchlkost, Eis, lokale Produkte, Spiele im Freien, Souvenirs, Trikots und Kleidung, Grillverleih&#8230;<\/p>\n<\/div><\/div><\/details><\/div><\/div><\/div><div class=\"faq__box faq__item\"><div class=\"faq__container\"><div class=\"faq__block\" itemscope=\"\" itemprop=\"mainEntity\" itemtype=\"https:\/\/schema.org\/Question\"><details class=\"faq\"><summary class=\"faq-question\" itemprop=\"name\"><div>Gibt es einen Punkt, an dem man auf dem Campingplatz Geld wechseln kann?<\/div><span class=\"faq-opener\"><\/span><\/summary><div class=\"content\" itemscope=\"\" itemprop=\"acceptedAnswer\" itemtype=\"https:\/\/schema.org\/Answer\"><div itemprop=\"text\"><p>Auf dem Campingplatz stehen zwei M\u00fcnzautomaten zur Verf\u00fcgung, um Geld zu wechseln: im Waschsalon und in der Bar.<\/p>\n<\/div><\/div><\/details><\/div><\/div><\/div><\/div><\/div><\/div>\n<\/div>\n\n\r\n    <\/div>\r\n<\/section><section id=\"ls-section-block_c68bb7aab488c5cd828ea468a6fb6c00\" class=\"ls-section  home-sixth page-one\" >\r\n        <div class=\"container container--wide\">\r\n        \n\n<div class=\"wp-block-columns are-vertically-aligned-center first is-layout-flex wp-container-core-columns-is-layout-9d6595d7 wp-block-columns-is-layout-flex\">\n<div class=\"wp-block-column is-vertically-aligned-center text is-layout-flow wp-block-column-is-layout-flow\" style=\"flex-basis:45%\">\n<h2 class=\"ls__heading wp-block-heading has-color-2-color has-text-color has-link-color wp-elements-2a87d7365d4db327580b388bf93e9eaa\">Der Wasserbereich<\/h2>\n<\/div>\n<\/div>\n\n\n\n<div class=\"wp-block-columns are-vertically-aligned-center first is-layout-flex wp-container-core-columns-is-layout-9d6595d7 wp-block-columns-is-layout-flex\">\n<div class=\"wp-block-column is-vertically-aligned-center is-layout-flow wp-block-column-is-layout-flow\" style=\"flex-basis:55%\"><div id=\"faq\" class=\"faq-container\"><div class=\"faq-wrap\" itemscope=\"\" itemtype=\"https:\/\/schema.org\/FAQPage\"><div class=\"faq__box faq__item\"><div class=\"faq__container\"><div class=\"faq__block\" itemscope=\"\" itemprop=\"mainEntity\" itemtype=\"https:\/\/schema.org\/Question\"><details class=\"faq\"><summary class=\"faq-question\" itemprop=\"name\"><div>Ist der Wasserpark die ganze Saison \u00fcber ge\u00f6ffnet?<\/div><span class=\"faq-opener\"><\/span><\/summary><div class=\"content\" itemscope=\"\" itemprop=\"acceptedAnswer\" itemtype=\"https:\/\/schema.org\/Answer\"><div itemprop=\"text\"><p>Der Wasserpark ist w\u00e4hrend der gesamten \u00d6ffnungszeiten des Campingplatzes ge\u00f6ffnet.<\/p>\n<\/div><\/div><\/details><\/div><\/div><\/div><div class=\"faq__box faq__item\"><div class=\"faq__container\"><div class=\"faq__block\" itemscope=\"\" itemprop=\"mainEntity\" itemtype=\"https:\/\/schema.org\/Question\"><details class=\"faq\"><summary class=\"faq-question\" itemprop=\"name\"><div>Sind Speisen und Getr\u00e4nke im Wasserbereich erlaubt?  <\/div><span class=\"faq-opener\"><\/span><\/summary><div class=\"content\" itemscope=\"\" itemprop=\"acceptedAnswer\" itemtype=\"https:\/\/schema.org\/Answer\"><div itemprop=\"text\"><p>Essen und Getr\u00e4nke sind im Wasserbereich nicht erlaubt. Die Bar und das Restaurant stehen Ihnen zur Verf\u00fcgung und Sie k\u00f6nnen die Terrassen vor dem Pool zum Essen und Trinken nutzen. <\/p>\n<\/div><\/div><\/details><\/div><\/div><\/div><div class=\"faq__box faq__item\"><div class=\"faq__container\"><div class=\"faq__block\" itemscope=\"\" itemprop=\"mainEntity\" itemtype=\"https:\/\/schema.org\/Question\"><details class=\"faq\"><summary class=\"faq-question\" itemprop=\"name\"><div>Wie sind die \u00d6ffnungszeiten des Aquaparks?<\/div><span class=\"faq-opener\"><\/span><\/summary><div class=\"content\" itemscope=\"\" itemprop=\"acceptedAnswer\" itemtype=\"https:\/\/schema.org\/Answer\"><div itemprop=\"text\"><p>Die \u00d6ffnungszeiten der Schwimmb\u00e4der sind von 10.00 bis 19.00 Uhr in der Nebensaison und von 10.00 bis 20.00 Uhr in der Hochsaison.<br \/>\nEin Abend mit &#8222;Nachtschwimmen&#8220; wird bis 22.00 Uhr angeboten, vorbehaltlich der Best\u00e4tigung auf dem Animationsplan.<\/p>\n<\/div><\/div><\/details><\/div><\/div><\/div><div class=\"faq__box faq__item\"><div class=\"faq__container\"><div class=\"faq__block\" itemscope=\"\" itemprop=\"mainEntity\" itemtype=\"https:\/\/schema.org\/Question\"><details class=\"faq\"><summary class=\"faq-question\" itemprop=\"name\"><div>Sind die Wasserfl\u00e4chen auch abends zug\u00e4nglich?<\/div><span class=\"faq-opener\"><\/span><\/summary><div class=\"content\" itemscope=\"\" itemprop=\"acceptedAnswer\" itemtype=\"https:\/\/schema.org\/Answer\"><div itemprop=\"text\"><p>Der Pool schlie\u00dft um 19.00 Uhr in der Nebensaison und um 20.00 Uhr in der Hauptsaison. Ein Abend mit &#8222;Nachtschwimmen&#8220; wird bis 22.00 Uhr angeboten, vorbehaltlich der Best\u00e4tigung auf dem Animationsplan. Andere Abendveranstaltungen k\u00f6nnen von unseren Animationsteams am Pool angeboten werden.  <\/p>\n<\/div><\/div><\/details><\/div><\/div><\/div><div class=\"faq__box faq__item\"><div class=\"faq__container\"><div class=\"faq__block\" itemscope=\"\" itemprop=\"mainEntity\" itemtype=\"https:\/\/schema.org\/Question\"><details class=\"faq\"><summary class=\"faq-question\" itemprop=\"name\"><div>Sind Tiere im Wasserbereich erlaubt?<\/div><span class=\"faq-opener\"><\/span><\/summary><div class=\"content\" itemscope=\"\" itemprop=\"acceptedAnswer\" itemtype=\"https:\/\/schema.org\/Answer\"><div itemprop=\"text\"><p>Haustiere sind im Wasserbereich nicht erlaubt.<\/p>\n<\/div><\/div><\/details><\/div><\/div><\/div><\/div><\/div><\/div>\n\n\n\n<div class=\"wp-block-column is-vertically-aligned-center is-layout-flow wp-block-column-is-layout-flow\" style=\"flex-basis:55%\"><div id=\"faq\" class=\"faq-container\"><div class=\"faq-wrap\" itemscope=\"\" itemtype=\"https:\/\/schema.org\/FAQPage\"><div class=\"faq__box faq__item\"><div class=\"faq__container\"><div class=\"faq__block\" itemscope=\"\" itemprop=\"mainEntity\" itemtype=\"https:\/\/schema.org\/Question\"><details class=\"faq\"><summary class=\"faq-question\" itemprop=\"name\"><div>Ist das Wassersportzentrum beheizt?<\/div><span class=\"faq-opener\"><\/span><\/summary><div class=\"content\" itemscope=\"\" itemprop=\"acceptedAnswer\" itemtype=\"https:\/\/schema.org\/Answer\"><div itemprop=\"text\"><p>Ja, die Pools sind alle beheizt, sobald der Campingplatz \u00f6ffnet. Die Temperatur der Au\u00dfenpools kann je nach Wetter und Lufttemperatur variieren.<br \/>\nIm Hallenbad wird das Wasser auf 29\u00b0C und die Umgebungsluft auf 25\u00b0C erw\u00e4rmt. <\/p>\n<\/div><\/div><\/details><\/div><\/div><\/div><div class=\"faq__box faq__item\"><div class=\"faq__container\"><div class=\"faq__block\" itemscope=\"\" itemprop=\"mainEntity\" itemtype=\"https:\/\/schema.org\/Question\"><details class=\"faq\"><summary class=\"faq-question\" itemprop=\"name\"><div>Welcher Badeanzug ist im Schwimmbad erlaubt?<\/div><span class=\"faq-opener\"><\/span><\/summary><div class=\"content\" itemscope=\"\" itemprop=\"acceptedAnswer\" itemtype=\"https:\/\/schema.org\/Answer\"><div itemprop=\"text\"><p>Badeanz\u00fcge und Badeshorts, die zum Schwimmen geeignet sind, sind im Pool erlaubt. Lange Shorts und andere Badehosen sind nicht erlaubt. <\/p>\n<\/div><\/div><\/details><\/div><\/div><\/div><div class=\"faq__box faq__item\"><div class=\"faq__container\"><div class=\"faq__block\" itemscope=\"\" itemprop=\"mainEntity\" itemtype=\"https:\/\/schema.org\/Question\"><details class=\"faq\"><summary class=\"faq-question\" itemprop=\"name\"><div>Ist der Wasserpark beaufsichtigt?<\/div><span class=\"faq-opener\"><\/span><\/summary><div class=\"content\" itemscope=\"\" itemprop=\"acceptedAnswer\" itemtype=\"https:\/\/schema.org\/Answer\"><div itemprop=\"text\"><p>Der Wasserpark und das Hallenbad sind nicht beaufsichtigt. Das Baden von Kindern unterliegt der Aufsicht und Verantwortung der Eltern. Bei gro\u00dfem Andrang sorgen die Bademeister daf\u00fcr, dass die Anweisungen eingehalten werden und die Rutschen funktionieren.  <\/p>\n<\/div><\/div><\/details><\/div><\/div><\/div><div class=\"faq__box faq__item\"><div class=\"faq__container\"><div class=\"faq__block\" itemscope=\"\" itemprop=\"mainEntity\" itemtype=\"https:\/\/schema.org\/Question\"><details class=\"faq\"><summary class=\"faq-question\" itemprop=\"name\"><div>Ist der Pool f\u00fcr Besucher des Campingplatzes zug\u00e4nglich?<\/div><span class=\"faq-opener\"><\/span><\/summary><div class=\"content\" itemscope=\"\" itemprop=\"acceptedAnswer\" itemtype=\"https:\/\/schema.org\/Answer\"><div itemprop=\"text\"><p>Besucher k\u00f6nnen au\u00dferhalb der Monate Juli und August zu einem Tagestarif zugelassen werden, vorbehaltlich der vorherigen Zustimmung des Campingplatzes und bis zu zwei Besucher pro Stellplatz. Sie bleiben unter der Verantwortung der Bewohner und m\u00fcssen von diesen an der Rezeption angemeldet werden.  Besucher haben keinen Zugang zum Pool. Bitte erkundigen Sie sich an der Rezeption. <\/p>\n<\/div><\/div><\/details><\/div><\/div><\/div><\/div><\/div><\/div>\n<\/div>\n\n\r\n    <\/div>\r\n<\/section><section id=\"ls-section-block_c68bb7aab488c5cd828ea468a6fb6c00\" class=\"ls-section  home-sixth page-one\" >\r\n        <div class=\"container container--wide\">\r\n        \n\n<div class=\"wp-block-columns are-vertically-aligned-center first is-layout-flex wp-container-core-columns-is-layout-9d6595d7 wp-block-columns-is-layout-flex\">\n<div class=\"wp-block-column is-vertically-aligned-center text is-layout-flow wp-block-column-is-layout-flow\" style=\"flex-basis:45%\">\n<h2 class=\"ls__heading wp-block-heading has-color-2-color has-text-color has-link-color wp-elements-52bed55562c232c7cb2bd6059f579b33\">Aktivit\u00e4ten und Animationen<\/h2>\n<\/div>\n<\/div>\n\n\n\n<div class=\"wp-block-columns are-vertically-aligned-center first is-layout-flex wp-container-core-columns-is-layout-9d6595d7 wp-block-columns-is-layout-flex\">\n<div class=\"wp-block-column is-vertically-aligned-center is-layout-flow wp-block-column-is-layout-flow\" style=\"flex-basis:55%\"><div id=\"faq\" class=\"faq-container\"><div class=\"faq-wrap\" itemscope=\"\" itemtype=\"https:\/\/schema.org\/FAQPage\"><div class=\"faq__box faq__item\"><div class=\"faq__container\"><div class=\"faq__block\" itemscope=\"\" itemprop=\"mainEntity\" itemtype=\"https:\/\/schema.org\/Question\"><details class=\"faq\"><summary class=\"faq-question\" itemprop=\"name\"><div>Gibt es w\u00e4hrend der gesamten Saison Animationen?<\/div><span class=\"faq-opener\"><\/span><\/summary><div class=\"content\" itemscope=\"\" itemprop=\"acceptedAnswer\" itemtype=\"https:\/\/schema.org\/Answer\"><div itemprop=\"text\"><p>Die Animationen werden w\u00e4hrend der gesamten Saison angeboten. Der Zeitplan wird t\u00e4glich aktualisiert, mit einem verst\u00e4rkten Programm im Juli\/August. Er wird w\u00f6chentlich an der Rezeption oder im Animationsb\u00fcro ausgeh\u00e4ngt sowie in der Yelloh Village App ver\u00f6ffentlicht.  <\/p>\n<\/div><\/div><\/details><\/div><\/div><\/div><div class=\"faq__box faq__item\"><div class=\"faq__container\"><div class=\"faq__block\" itemscope=\"\" itemprop=\"mainEntity\" itemtype=\"https:\/\/schema.org\/Question\"><details class=\"faq\"><summary class=\"faq-question\" itemprop=\"name\"><div>Was sind die Anfangs- und Endzeiten der Animationen?<\/div><span class=\"faq-opener\"><\/span><\/summary><div class=\"content\" itemscope=\"\" itemprop=\"acceptedAnswer\" itemtype=\"https:\/\/schema.org\/Answer\"><div itemprop=\"text\"><p>Die \u00d6ffnungszeiten der Animationen variieren je nach Aktivit\u00e4t und sind im Animationsplan angegeben: w\u00f6chentlicher Aushang an der Rezeption oder im Animationsb\u00fcro sowie in der Yelloh Village App.<br \/>\nIm Juli und August k\u00f6nnen sich die Animationen bis in den Abend erstrecken und enden im Allgemeinen gegen 23:00 Uhr.<\/p>\n<\/div><\/div><\/details><\/div><\/div><\/div><div class=\"faq__box faq__item\"><div class=\"faq__container\"><div class=\"faq__block\" itemscope=\"\" itemprop=\"mainEntity\" itemtype=\"https:\/\/schema.org\/Question\"><details class=\"faq\"><summary class=\"faq-question\" itemprop=\"name\"><div>Sollten Sie die Animationen buchen?<\/div><span class=\"faq-opener\"><\/span><\/summary><div class=\"content\" itemscope=\"\" itemprop=\"acceptedAnswer\" itemtype=\"https:\/\/schema.org\/Answer\"><div itemprop=\"text\"><p>Es ist nicht m\u00f6glich, die kostenlosen Veranstaltungen zu buchen.<\/p>\n<\/div><\/div><\/details><\/div><\/div><\/div><div class=\"faq__box faq__item\"><div class=\"faq__container\"><div class=\"faq__block\" itemscope=\"\" itemprop=\"mainEntity\" itemtype=\"https:\/\/schema.org\/Question\"><details class=\"faq\"><summary class=\"faq-question\" itemprop=\"name\"><div>Gibt es Spiele f\u00fcr Kinder unter 5 Jahren?<\/div><span class=\"faq-opener\"><\/span><\/summary><div class=\"content\" itemscope=\"\" itemprop=\"acceptedAnswer\" itemtype=\"https:\/\/schema.org\/Answer\"><div itemprop=\"text\"><p>Der neue Spielplatz wird Kinder von klein auf begeistern:<\/p>\n<ul>\n<li>eine Multiaktivit\u00e4tsstruktur f\u00fcr Kleinkinder mit Rutschen und Spielh\u00e4usern, die ab 6 Monaten oder 2 Jahren zug\u00e4nglich ist,<\/li>\n<li>eine gro\u00dfe Spielanlage mit Turm, R\u00f6hrenrutsche, Kletterger\u00fcsten und Aktivit\u00e4ten zum Anfassen f\u00fcr Kinder ab 2 Jahren,<\/li>\n<li>Spiele auf Federn ab einem Jahr: Raupe und Traktor,<\/li>\n<li>und ein Kletterger\u00fcst mit Gondel f\u00fcr Kinder ab 2 Jahren.<\/li>\n<\/ul>\n<\/div><\/div><\/details><\/div><\/div><\/div><\/div><\/div><\/div>\n\n\n\n<div class=\"wp-block-column is-vertically-aligned-center is-layout-flow wp-block-column-is-layout-flow\" style=\"flex-basis:55%\"><div id=\"faq\" class=\"faq-container\"><div class=\"faq-wrap\" itemscope=\"\" itemtype=\"https:\/\/schema.org\/FAQPage\"><div class=\"faq__box faq__item\"><div class=\"faq__container\"><div class=\"faq__block\" itemscope=\"\" itemprop=\"mainEntity\" itemtype=\"https:\/\/schema.org\/Question\"><details class=\"faq\"><summary class=\"faq-question\" itemprop=\"name\"><div>Ab welchem Alter sind Kinder im Kinderclub erlaubt?<\/div><span class=\"faq-opener\"><\/span><\/summary><div class=\"content\" itemscope=\"\" itemprop=\"acceptedAnswer\" itemtype=\"https:\/\/schema.org\/Answer\"><div itemprop=\"text\"><p>Ihre Kinder sind ab 5 Jahren im Kinderclub erlaubt, je nach Verf\u00fcgbarkeit.<\/p>\n<\/div><\/div><\/details><\/div><\/div><\/div><div class=\"faq__box faq__item\"><div class=\"faq__container\"><div class=\"faq__block\" itemscope=\"\" itemprop=\"mainEntity\" itemtype=\"https:\/\/schema.org\/Question\"><details class=\"faq\"><summary class=\"faq-question\" itemprop=\"name\"><div>Wie kann ich den Animationsplan einsehen?<\/div><span class=\"faq-opener\"><\/span><\/summary><div class=\"content\" itemscope=\"\" itemprop=\"acceptedAnswer\" itemtype=\"https:\/\/schema.org\/Answer\"><div itemprop=\"text\"><p>Der Plan h\u00e4ngt an der Rezeption des Campingplatzes, vor dem Animationsb\u00fcro oder ist direkt \u00fcber die Yelloh Village App zug\u00e4nglich.<\/p>\n<\/div><\/div><\/details><\/div><\/div><\/div><div class=\"faq__box faq__item\"><div class=\"faq__container\"><div class=\"faq__block\" itemscope=\"\" itemprop=\"mainEntity\" itemtype=\"https:\/\/schema.org\/Question\"><details class=\"faq\"><summary class=\"faq-question\" itemprop=\"name\"><div>Wo befindet sich das Reitzentrum? Kann man die Ponys und Pferde sehen? <\/div><span class=\"faq-opener\"><\/span><\/summary><div class=\"content\" itemscope=\"\" itemprop=\"acceptedAnswer\" itemtype=\"https:\/\/schema.org\/Answer\"><div itemprop=\"text\"><p><strong>Das Reitzentrum Centre \u00e9questre Man\u00e9 Guernehu\u00e9 grenzt an den Campingplatz Man\u00e9 Guernehu\u00e9<\/strong>.<br \/>\nEtwa 40 Pferde und Sportponys, darunter Shetlands, grasen auf den Wiesen rund um das Zentrum, so dass Sie sie w\u00e4hrend Ihres Aufenthalts leicht sehen k\u00f6nnen.<br \/>\nDas Reitzentrum erm\u00f6glicht Ihnen, das Reiten in v\u00f6lliger Freiheit und unter den besten Bedingungen <strong>auszu\u00fcben<\/strong>.<br \/>\nEs ist mit den Labels <strong>Poney Club de France<\/strong> und <strong>Cheval Club de France<\/strong> ausgezeichnet und erf\u00fcllt die Qualit\u00e4tsanforderungen der <strong>\u00c9coles Fran\u00e7aises d&#8217;\u00c9quitation<\/strong>. Diese G\u00fctesiegel werten die Clubs auf, die die Einf\u00fchrung, die Perfektionierung und die Aus\u00fcbung des Reitsports auf Ponys und Pferden anbieten.<br \/>\nDas <strong>ganze Jahr \u00fcber ge\u00f6ffnet, mit einem diplomierten Lehrer, <\/strong>bietet es :<\/p>\n<ul>\n<li>Reitunterricht<\/li>\n<li>einst\u00fcndige gef\u00fchrte Spazierg\u00e4nge<\/li>\n<li>Ponyreiten f\u00fcr die J\u00fcngsten (in Begleitung der Eltern)<\/li>\n<li>Kurse werden auch in den Ferien im Februar, Ostern, Sommer und Allerheiligen angeboten.<\/li>\n<\/ul>\n<p><a href=\"https:\/\/camping-baden.ouiresa.fr\/#\/?type=202\" target=\"_blank\" rel=\"noopener\">Buchen Sie Ihre Reitaktivit\u00e4ten online.<\/a><\/p>\n<\/div><\/div><\/details><\/div><\/div><\/div><div class=\"faq__box faq__item\"><div class=\"faq__container\"><div class=\"faq__block\" itemscope=\"\" itemprop=\"mainEntity\" itemtype=\"https:\/\/schema.org\/Question\"><details class=\"faq\"><summary class=\"faq-question\" itemprop=\"name\"><div>Wie Sie kostenpflichtige Aktivit\u00e4ten mit Teilnahme buchen k\u00f6nnen: Abenteuerparcours, Reiten, etc.<\/div><span class=\"faq-opener\"><\/span><\/summary><div class=\"content\" itemscope=\"\" itemprop=\"acceptedAnswer\" itemtype=\"https:\/\/schema.org\/Answer\"><div itemprop=\"text\"><p>Die Buchung von Aktivit\u00e4ten ist \u00fcber unsere Website m\u00f6glich: <a href=\"https:\/\/camping-baden.ouiresa.fr\/\" target=\"_blank\" rel=\"noopener\">Klicken Sie auf diesen Link, um zum Online-Shop zu<\/a> gelangen.<\/p>\n<\/div><\/div><\/details><\/div><\/div><\/div><\/div><\/div><\/div>\n<\/div>\n\n\r\n    <\/div>\r\n<\/section><section id=\"ls-section-block_9f7ed3f52911f30b8a88f6fc78d4397f\" class=\"ls-section  page-two page-vague-alt has-background has-color-4-background-color\" >\r\n        <div class=\"container container--full\">\r\n        \n\n<div class=\"wp-block-columns first is-layout-flex wp-container-core-columns-is-layout-9d6595d7 wp-block-columns-is-layout-flex\">\n<div class=\"wp-block-column is-layout-flow wp-block-column-is-layout-flow\" style=\"flex-basis:100%\">\n<div class=\"icone\"><i class=\"mane-g\"><\/i><\/div>\n\n\n\n<h2 class=\"ls__heading wp-block-heading has-text-align-center has-color-1-color has-text-color has-link-color wp-elements-2d8f0c1401e6ca67635af06e633126b9\">In der Umgebung<\/h2>\n<\/div>\n<\/div>\n\n\n\n<div class=\"wp-block-columns are-vertically-aligned-center first is-layout-flex wp-container-core-columns-is-layout-9d6595d7 wp-block-columns-is-layout-flex\">\n<div class=\"wp-block-column is-vertically-aligned-center is-layout-flow wp-block-column-is-layout-flow\" style=\"flex-basis:55%\"><div id=\"faq\" class=\"faq-container\"><div class=\"faq-wrap\" itemscope=\"\" itemtype=\"https:\/\/schema.org\/FAQPage\"><div class=\"faq__box faq__item\"><div class=\"faq__container\"><div class=\"faq__block\" itemscope=\"\" itemprop=\"mainEntity\" itemtype=\"https:\/\/schema.org\/Question\"><details class=\"faq\"><summary class=\"faq-question\" itemprop=\"name\"><div>Wie weit ist der Campingplatz vom Strand entfernt?<\/div><span class=\"faq-opener\"><\/span><\/summary><div class=\"content\" itemscope=\"\" itemprop=\"acceptedAnswer\" itemtype=\"https:\/\/schema.org\/Answer\"><div itemprop=\"text\"><p>Der Campingplatz liegt 1 km vom Meer \u00fcber den K\u00fcstenpfad und 3 km von den ersten Str\u00e4nden entfernt.<\/p>\n<\/div><\/div><\/details><\/div><\/div><\/div><div class=\"faq__box faq__item\"><div class=\"faq__container\"><div class=\"faq__block\" itemscope=\"\" itemprop=\"mainEntity\" itemtype=\"https:\/\/schema.org\/Question\"><details class=\"faq\"><summary class=\"faq-question\" itemprop=\"name\"><div>Welche Wander- und Spazierwege gibt es?<\/div><span class=\"faq-opener\"><\/span><\/summary><div class=\"content\" itemscope=\"\" itemprop=\"acceptedAnswer\" itemtype=\"https:\/\/schema.org\/Answer\"><div itemprop=\"text\"><p>Der <strong>K\u00fcstenpfad<\/strong> liegt nur 1 km vom Campingplatz entfernt und verbindet sich mit dem ber\u00fchmten <strong>GR34<\/strong>, der auch &#8222;Z\u00f6llnerpfad&#8220; genannt wird. In der Gemeinde Baden gibt es <strong>37 km K\u00fcste<\/strong>, die Sie auf zahlreichen Wanderungen und Spazierg\u00e4ngen erkunden k\u00f6nnen, um das reiche Naturerbe des Golfs von Morbihan zu entdecken. <\/p>\n<p>Die <strong>Wanderrouten<\/strong> finden Sie in einem Ordner, der an der Rezeption erh\u00e4ltlich ist.<br \/>\nSie k\u00f6nnen auch die Cirkwi-App herunterladen (auf <a href=\"https:\/\/play.google.com\/store\/apps\/details?id=com.cirkwi.pit&amp;hl=fr\" target=\"_blank\" rel=\"noopener\">Google Play<\/a> oder im <a href=\"https:\/\/apps.apple.com\/fr\/app\/cirkwi\/id651471914\" target=\"_blank\" rel=\"noopener\">Apple Store<\/a>) und die Websites <a href=\"https:\/\/itirando.bzh\/blog\/departement\/morbihan\/\" target=\"_blank\" rel=\"noopener\">itirando.bzh<\/a> oder <a href=\"https:\/\/www.mongr.fr\/\" target=\"_blank\" rel=\"noopener\">mongr.fr<\/a> besuchen, um Ihre Routen vorzubereiten.<\/p>\n<\/div><\/div><\/details><\/div><\/div><\/div><div class=\"faq__box faq__item\"><div class=\"faq__container\"><div class=\"faq__block\" itemscope=\"\" itemprop=\"mainEntity\" itemtype=\"https:\/\/schema.org\/Question\"><details class=\"faq\"><summary class=\"faq-question\" itemprop=\"name\"><div>Gibt es Ausfl\u00fcge, die vom Campingplatz aus starten?<\/div><span class=\"faq-opener\"><\/span><\/summary><div class=\"content\" itemscope=\"\" itemprop=\"acceptedAnswer\" itemtype=\"https:\/\/schema.org\/Answer\"><div itemprop=\"text\"><p>Wir organisieren begleitete <strong>touristische Ausfl\u00fcge<\/strong> vom Campingplatz aus, zu Fu\u00df entlang der K\u00fcstenwege. Im Sommer werden auch Ausfl\u00fcge in Fahrgemeinschaften oder mit dem Shuttlebus organisiert. <\/p>\n<p>Schauen Sie sich das <strong>Animationsprogramm<\/strong> an, das an der Rezeption, vor dem Animationsb\u00fcro oder online in der Yelloh! Village-Applikation aush\u00e4ngt. <\/p>\n<\/div><\/div><\/details><\/div><\/div><\/div><div class=\"faq__box faq__item\"><div class=\"faq__container\"><div class=\"faq__block\" itemscope=\"\" itemprop=\"mainEntity\" itemtype=\"https:\/\/schema.org\/Question\"><details class=\"faq\"><summary class=\"faq-question\" itemprop=\"name\"><div>Wo befinden sich die Radwege?<\/div><span class=\"faq-opener\"><\/span><\/summary><div class=\"content\" itemscope=\"\" itemprop=\"acceptedAnswer\" itemtype=\"https:\/\/schema.org\/Answer\"><div itemprop=\"text\"><p>Der Campingplatz ist von zahlreichen Radwegen umgeben, die ideal sind, um die Region mit dem Fahrrad zu erkunden.<\/p>\n<p>An der Rezeption steht Ihnen ein Plan mit den Radwegen und Radrouten zur Verf\u00fcgung.<\/p>\n<p>Der Ordner mit den Radrouten kann vor Ort eingesehen werden.<\/p>\n<p>Sie k\u00f6nnen auch die <a href=\"https:\/\/geovelo.app\/fr\/\" target=\"_blank\" rel=\"noopener\">Geovelo-App<\/a> von <a href=\"https:\/\/play.google.com\/store\/apps\/details?id=fr.geovelo&amp;hl=fr&amp;pli=1\">Google Play<\/a> oder <a href=\"https:\/\/apps.apple.com\/fr\/app\/geovelo-gps-stats-v%C3%A9lo\/id1261357713\">Apple Store<\/a> herunterladen.<\/p>\n<\/div><\/div><\/details><\/div><\/div><\/div><div class=\"faq__box faq__item\"><div class=\"faq__container\"><div class=\"faq__block\" itemscope=\"\" itemprop=\"mainEntity\" itemtype=\"https:\/\/schema.org\/Question\"><details class=\"faq\"><summary class=\"faq-question\" itemprop=\"name\"><div>Welche Gesch\u00e4fte und Dienstleistungen kann ich in Baden finden?<\/div><span class=\"faq-opener\"><\/span><\/summary><div class=\"content\" itemscope=\"\" itemprop=\"acceptedAnswer\" itemtype=\"https:\/\/schema.org\/Answer\"><div itemprop=\"text\"><p>Baden bietet Ihnen zahlreiche Dienstleistungen und Gesch\u00e4fte in der N\u00e4he des Campingplatzes:<\/p>\n<ul>\n<li>Bauernmarkt (lokale Produkte) jeden Freitag von 16.30 bis 19.30 Uhr<\/li>\n<li>Markt in Port Blanc mittwochs von 14.00 bis 20.00 Uhr im Juli und August<\/li>\n<li>Supermarkt Carrefour Market<\/li>\n<li>Gesch\u00e4fte in der N\u00e4he: Bar, Lebensmittelgesch\u00e4ft, B\u00e4ckerei, Metzgerei, Austernz\u00fcchter&#8230; <a href=\"https:\/\/www.baden.fr\/annuaires\/?d=&amp;sd=\" target=\"_blank\" rel=\"noopener\">Siehe die vollst\u00e4ndige Liste auf der Website des Rathauses<\/a>.<\/li>\n<li>Restaurants und Cr\u00eaperien<\/li>\n<li>Mus\u00e9e des Passions et des Ailes: Erfahren Sie mehr \u00fcber die Geschichte und die Sammlungen auf der <a href=\"https:\/\/www.museedebaden.fr\/\" target=\"_blank\" rel=\"noopener\">offiziellen Website des Museums<\/a>.<\/li>\n<li>Port Blanc Pier: Abfahrten zur \u00cele-aux-Moines, Kreuzfahrten auf dem Golf von Morbihan mit <a href=\"https:\/\/www.izenah-croisieres.com\/\" target=\"_blank\" rel=\"noopener\">Izenah Croisi\u00e8res<\/a>&#8230;<\/li>\n<\/ul>\n<\/div><\/div><\/details><\/div><\/div><\/div><\/div><\/div><\/div>\n\n\n\n<div class=\"wp-block-column is-vertically-aligned-center is-layout-flow wp-block-column-is-layout-flow\" style=\"flex-basis:55%\"><div id=\"faq\" class=\"faq-container\"><div class=\"faq-wrap\" itemscope=\"\" itemtype=\"https:\/\/schema.org\/FAQPage\"><div class=\"faq__box faq__item\"><div class=\"faq__container\"><div class=\"faq__block\" itemscope=\"\" itemprop=\"mainEntity\" itemtype=\"https:\/\/schema.org\/Question\"><details class=\"faq\"><summary class=\"faq-question\" itemprop=\"name\"><div>Wird der Strand \u00fcberwacht?<\/div><span class=\"faq-opener\"><\/span><\/summary><div class=\"content\" itemscope=\"\" itemprop=\"acceptedAnswer\" itemtype=\"https:\/\/schema.org\/Answer\"><div itemprop=\"text\"><p>Die Str\u00e4nde am Golf von Morbihan, die dem Campingplatz am n\u00e4chsten liegen, werden nicht \u00fcberwacht.<\/p>\n<p>In Vannes wird der Strand von Conleau im Juli und August von 13:00 bis 19:00 Uhr \u00fcberwacht.<\/p>\n<\/div><\/div><\/details><\/div><\/div><\/div><div class=\"faq__box faq__item\"><div class=\"faq__container\"><div class=\"faq__block\" itemscope=\"\" itemprop=\"mainEntity\" itemtype=\"https:\/\/schema.org\/Question\"><details class=\"faq\"><summary class=\"faq-question\" itemprop=\"name\"><div>Liegt der Campingplatz in der N\u00e4he des Stadtzentrums<\/div><span class=\"faq-opener\"><\/span><\/summary><div class=\"content\" itemscope=\"\" itemprop=\"acceptedAnswer\" itemtype=\"https:\/\/schema.org\/Answer\"><div itemprop=\"text\"><p>Der Campingplatz liegt 900 m vom Zentrum von Baden entfernt.<\/p>\n<\/div><\/div><\/details><\/div><\/div><\/div><div class=\"faq__box faq__item\"><div class=\"faq__container\"><div class=\"faq__block\" itemscope=\"\" itemprop=\"mainEntity\" itemtype=\"https:\/\/schema.org\/Question\"><details class=\"faq\"><summary class=\"faq-question\" itemprop=\"name\"><div>Kann man einen Supermarkt zu Fu\u00df erreichen?<\/div><span class=\"faq-opener\"><\/span><\/summary><div class=\"content\" itemscope=\"\" itemprop=\"acceptedAnswer\" itemtype=\"https:\/\/schema.org\/Answer\"><div itemprop=\"text\"><p>Ja, Sie k\u00f6nnen zum Carrefour Market gehen, der 1,5 km oder 20 Minuten zu Fu\u00df vom Campingplatz entfernt ist.<\/p>\n<\/div><\/div><\/details><\/div><\/div><\/div><div class=\"faq__box faq__item\"><div class=\"faq__container\"><div class=\"faq__block\" itemscope=\"\" itemprop=\"mainEntity\" itemtype=\"https:\/\/schema.org\/Question\"><details class=\"faq\"><summary class=\"faq-question\" itemprop=\"name\"><div>Wo befindet sich das n\u00e4chstgelegene Touristenb\u00fcro?<\/div><span class=\"faq-opener\"><\/span><\/summary><div class=\"content\" itemscope=\"\" itemprop=\"acceptedAnswer\" itemtype=\"https:\/\/schema.org\/Answer\"><div itemprop=\"text\"><p>Im Rathaus von Baden (3 place Weilheim, Tel. 02 97 57 00 95) gibt es ein Touristeninformationsb\u00fcro. Die n\u00e4chstgelegenen Fremdenverkehrsb\u00fcros befinden sich in Auray, 20 rue du Lait (Tel.: 02 97 24 09 75) und Vannes, Quai Eric Tabarly (Tel.: 02 97 47 24 34).<br \/>\n<a href=\"https:\/\/www.golfedumorbihan.bzh\/preparer-sejour-vannes\/infos-pratiques\/office-de-tourisme\/\" target=\"_blank\" rel=\"noopener\">Weitere Informationen auf der Website der Fremdenverkehrs\u00e4mter des Golfs von Morbihan<\/a><\/p>\n<\/div><\/div><\/details><\/div><\/div><\/div><div class=\"faq__box faq__item\"><div class=\"faq__container\"><div class=\"faq__block\" itemscope=\"\" itemprop=\"mainEntity\" itemtype=\"https:\/\/schema.org\/Question\"><details class=\"faq\"><summary class=\"faq-question\" itemprop=\"name\"><div>Ist der Campingplatz mit \u00f6ffentlichen Verkehrsmitteln erreichbar? Gibt es einen kostenlosen Shuttle-Service vom Campingplatz aus? <\/div><span class=\"faq-opener\"><\/span><\/summary><div class=\"content\" itemscope=\"\" itemprop=\"acceptedAnswer\" itemtype=\"https:\/\/schema.org\/Answer\"><div itemprop=\"text\"><p>Es gibt <strong>Buslinien<\/strong>, die die Gemeinde und ihre Umgebung bedienen. Wir empfehlen Ihnen, sich im Voraus \u00fcber die Fahrpl\u00e4ne und Verbindungen zu informieren, besonders in der Hochsaison. <\/p>\n<p><strong>Im Hochsommer<\/strong> (au\u00dfer an Wochenenden und Feiertagen) <strong>steht Ihnen<\/strong> ein <strong>kostenloser Shuttle-Service zur Verf\u00fcgung<\/strong>. Er f\u00e4hrt zum Strand, in die Stadt Lamor-Baden und nach Port Blanc, der Anlegestelle f\u00fcr die Ile aux Moines. Erkundigen Sie sich an der Rezeption oder an der Haltestelle des Pendelbusses vor der Rezeption nach den Daten und Fahrpl\u00e4nen.  <\/p>\n<\/div><\/div><\/details><\/div><\/div><\/div><\/div><\/div><\/div>\n<\/div>\n\n\r\n    <\/div>\r\n<\/section><section id=\"ls-section-block_98fa97d1f62e8c89358d873a6dd1bb83\" class=\"ls-section  page-cta has-m-t m-t-10\" >\r\n        <div class=\"container container--wide\">\r\n        \n\n<div id=\"ls-heading ls-titre-div-block_28cf5e2b9a7e0dd354ec2368f01309cc\" class=\"ls-titre-div aligncenter h1-like has-text-color has-color-2-color\" >\n    Entdecken Sie alle <em>unsere Dienstleistungen<\/em><\/div>\n\n\n\n<div id=\"ls-maillage-block_7a148333c22c7050bb61d8c8e02c5946\" class=\"ls-maillage animated fadeIn slow cta-style-normal\" data-rows=\"3\">\n\n    <div class=\"wp-block-columns\"><div class=\"wp-block-column\">\n\n<a href=\"https:\/\/www.camping-baden.com\/de\/familien-campingplatz-baden\/\" target=\"\" rel=\"noopener\" class=\"ls-cta__link\" data-categ=\"\">\n\t<div class=\"ls-cta__image\"><img decoding=\"async\" src=\"https:\/\/www.camping-baden.com\/wp-content\/uploads\/2024\/10\/equipe-epicerie-point-chaud-anne-sophie.webp\" alt=\"team epicerie point chaud anne sophie\"><\/div>\n\t<div class=\"ls-cta__title\">\n\t\tDienste\t\t<i class=\"mane-fleche\"><\/i>\n\t<\/div>\n\n\t\n\t<\/a><\/div><div class=\"wp-block-column\">\n\n<a href=\"https:\/\/www.camping-baden.com\/de\/camping-wasserpark-baden\/\" target=\"\" rel=\"noopener\" class=\"ls-cta__link\" data-categ=\"\">\n\t<div class=\"ls-cta__image\"><img decoding=\"async\" src=\"https:\/\/www.camping-baden.com\/wp-content\/uploads\/2025\/09\/parc-aquatique-camping-mane-guernehue-800-683px.jpg\" alt=\"Wasserpark neue Rutschen Campingplatz Man\u00e9 Guernehu\u00e9\"><\/div>\n\t<div class=\"ls-cta__title\">\n\t\tWasserpark\t\t<i class=\"mane-fleche\"><\/i>\n\t<\/div>\n\n\t\n\t<\/a><\/div><div class=\"wp-block-column\">\n\n<a href=\"https:\/\/www.camping-baden.com\/de\/campingplatz-mit-familienanimation-baden\/\" target=\"\" rel=\"noopener\" class=\"ls-cta__link\" data-categ=\"\">\n\t<div class=\"ls-cta__image\"><img decoding=\"async\" src=\"https:\/\/www.camping-baden.com\/wp-content\/uploads\/2024\/10\/2024-parcours-aventure-Studio-4k-263-retouchee.webp\" alt=\"Abenteuerpfad Studio k retuschiert\"><\/div>\n\t<div class=\"ls-cta__title\">\n\t\tAnimationen und Aktivit\u00e4ten f\u00fcr Familien\t\t<i class=\"mane-fleche\"><\/i>\n\t<\/div>\n\n\t\n\t<\/a><\/div><\/div>\n<\/div>\n\r\n    <\/div>\r\n<\/section>","protected":false},"excerpt":{"rendered":"","protected":false},"author":1,"featured_media":0,"parent":0,"menu_order":0,"comment_status":"closed","ping_status":"closed","template":"","meta":{"_acf_changed":false,"footnotes":""},"sujet":[],"class_list":["post-12915","page","type-page","status-publish","hentry"],"acf":[],"yoast_head":"<!-- This site is optimized with the Yoast SEO plugin v25.3 - https:\/\/yoast.com\/wordpress\/plugins\/seo\/ -->\n<title>H\u00e4ufig gestellte Fragen \u00fcber den Campingplatz Man\u00e9 Guernehu\u00e9<\/title>\n<meta name=\"robots\" content=\"index, follow, max-snippet:-1, max-image-preview:large, max-video-preview:-1\" \/>\n<link rel=\"canonical\" href=\"https:\/\/www.camping-baden.com\/de\/faq\/\" \/>\n<meta property=\"og:locale\" content=\"de_DE\" \/>\n<meta property=\"og:type\" content=\"article\" \/>\n<meta property=\"og:title\" content=\"H\u00e4ufig gestellte Fragen \u00fcber den Campingplatz Man\u00e9 Guernehu\u00e9\" \/>\n<meta property=\"og:url\" content=\"https:\/\/www.camping-baden.com\/de\/faq\/\" \/>\n<meta property=\"og:site_name\" content=\"Man\u00e9 Guernehu\u00e9\" \/>\n<meta property=\"article:modified_time\" content=\"2026-04-27T07:24:29+00:00\" \/>\n<meta name=\"twitter:card\" content=\"summary_large_image\" \/>\n<script type=\"application\/ld+json\" class=\"yoast-schema-graph\">{\"@context\":\"https:\/\/schema.org\",\"@graph\":[{\"@type\":\"WebPage\",\"@id\":\"https:\/\/www.camping-baden.com\/de\/faq\/\",\"url\":\"https:\/\/www.camping-baden.com\/de\/faq\/\",\"name\":\"H\u00e4ufig gestellte Fragen \u00fcber den Campingplatz Man\u00e9 Guernehu\u00e9\",\"isPartOf\":{\"@id\":\"https:\/\/www.camping-baden.com\/de\/#website\"},\"datePublished\":\"2024-09-16T13:41:27+00:00\",\"dateModified\":\"2026-04-27T07:24:29+00:00\",\"breadcrumb\":{\"@id\":\"https:\/\/www.camping-baden.com\/de\/faq\/#breadcrumb\"},\"inLanguage\":\"de\",\"potentialAction\":[{\"@type\":\"ReadAction\",\"target\":[\"https:\/\/www.camping-baden.com\/de\/faq\/\"]}]},{\"@type\":\"BreadcrumbList\",\"@id\":\"https:\/\/www.camping-baden.com\/de\/faq\/#breadcrumb\",\"itemListElement\":[{\"@type\":\"ListItem\",\"position\":1,\"name\":\"Camping Golfe du Morbihan\",\"item\":\"https:\/\/www.camping-baden.com\/de\/\"},{\"@type\":\"ListItem\",\"position\":2,\"name\":\"FAQ\"}]},{\"@type\":\"WebSite\",\"@id\":\"https:\/\/www.camping-baden.com\/de\/#website\",\"url\":\"https:\/\/www.camping-baden.com\/de\/\",\"name\":\"Man\u00e9 Guernehu\u00e9\",\"description\":\"\",\"publisher\":{\"@id\":\"https:\/\/www.camping-baden.com\/de\/#organization\"},\"potentialAction\":[{\"@type\":\"SearchAction\",\"target\":{\"@type\":\"EntryPoint\",\"urlTemplate\":\"https:\/\/www.camping-baden.com\/de\/?s={search_term_string}\"},\"query-input\":{\"@type\":\"PropertyValueSpecification\",\"valueRequired\":true,\"valueName\":\"search_term_string\"}}],\"inLanguage\":\"de\"},{\"@type\":\"Organization\",\"@id\":\"https:\/\/www.camping-baden.com\/de\/#organization\",\"name\":\"Man\u00e9 Guernehu\u00e9\",\"url\":\"https:\/\/www.camping-baden.com\/de\/\",\"logo\":{\"@type\":\"ImageObject\",\"inLanguage\":\"de\",\"@id\":\"https:\/\/www.camping-baden.com\/de\/#\/schema\/logo\/image\/\",\"url\":\"https:\/\/www.camping-baden.com\/wp-content\/uploads\/2024\/08\/logo-camping-mane-guernehue.png\",\"contentUrl\":\"https:\/\/www.camping-baden.com\/wp-content\/uploads\/2024\/08\/logo-camping-mane-guernehue.png\",\"width\":1000,\"height\":450,\"caption\":\"Man\u00e9 Guernehu\u00e9\"},\"image\":{\"@id\":\"https:\/\/www.camping-baden.com\/de\/#\/schema\/logo\/image\/\"}}]}<\/script>\n<!-- \/ Yoast SEO plugin. -->","yoast_head_json":{"title":"H\u00e4ufig gestellte Fragen \u00fcber den Campingplatz Man\u00e9 Guernehu\u00e9","robots":{"index":"index","follow":"follow","max-snippet":"max-snippet:-1","max-image-preview":"max-image-preview:large","max-video-preview":"max-video-preview:-1"},"canonical":"https:\/\/www.camping-baden.com\/de\/faq\/","og_locale":"de_DE","og_type":"article","og_title":"H\u00e4ufig gestellte Fragen \u00fcber den Campingplatz Man\u00e9 Guernehu\u00e9","og_url":"https:\/\/www.camping-baden.com\/de\/faq\/","og_site_name":"Man\u00e9 Guernehu\u00e9","article_modified_time":"2026-04-27T07:24:29+00:00","twitter_card":"summary_large_image","schema":{"@context":"https:\/\/schema.org","@graph":[{"@type":"WebPage","@id":"https:\/\/www.camping-baden.com\/de\/faq\/","url":"https:\/\/www.camping-baden.com\/de\/faq\/","name":"H\u00e4ufig gestellte Fragen \u00fcber den Campingplatz Man\u00e9 Guernehu\u00e9","isPartOf":{"@id":"https:\/\/www.camping-baden.com\/de\/#website"},"datePublished":"2024-09-16T13:41:27+00:00","dateModified":"2026-04-27T07:24:29+00:00","breadcrumb":{"@id":"https:\/\/www.camping-baden.com\/de\/faq\/#breadcrumb"},"inLanguage":"de","potentialAction":[{"@type":"ReadAction","target":["https:\/\/www.camping-baden.com\/de\/faq\/"]}]},{"@type":"BreadcrumbList","@id":"https:\/\/www.camping-baden.com\/de\/faq\/#breadcrumb","itemListElement":[{"@type":"ListItem","position":1,"name":"Camping Golfe du Morbihan","item":"https:\/\/www.camping-baden.com\/de\/"},{"@type":"ListItem","position":2,"name":"FAQ"}]},{"@type":"WebSite","@id":"https:\/\/www.camping-baden.com\/de\/#website","url":"https:\/\/www.camping-baden.com\/de\/","name":"Man\u00e9 Guernehu\u00e9","description":"","publisher":{"@id":"https:\/\/www.camping-baden.com\/de\/#organization"},"potentialAction":[{"@type":"SearchAction","target":{"@type":"EntryPoint","urlTemplate":"https:\/\/www.camping-baden.com\/de\/?s={search_term_string}"},"query-input":{"@type":"PropertyValueSpecification","valueRequired":true,"valueName":"search_term_string"}}],"inLanguage":"de"},{"@type":"Organization","@id":"https:\/\/www.camping-baden.com\/de\/#organization","name":"Man\u00e9 Guernehu\u00e9","url":"https:\/\/www.camping-baden.com\/de\/","logo":{"@type":"ImageObject","inLanguage":"de","@id":"https:\/\/www.camping-baden.com\/de\/#\/schema\/logo\/image\/","url":"https:\/\/www.camping-baden.com\/wp-content\/uploads\/2024\/08\/logo-camping-mane-guernehue.png","contentUrl":"https:\/\/www.camping-baden.com\/wp-content\/uploads\/2024\/08\/logo-camping-mane-guernehue.png","width":1000,"height":450,"caption":"Man\u00e9 Guernehu\u00e9"},"image":{"@id":"https:\/\/www.camping-baden.com\/de\/#\/schema\/logo\/image\/"}}]}},"_links":{"self":[{"href":"https:\/\/www.camping-baden.com\/de\/wp-json\/wp\/v2\/pages\/12915","targetHints":{"allow":["GET"]}}],"collection":[{"href":"https:\/\/www.camping-baden.com\/de\/wp-json\/wp\/v2\/pages"}],"about":[{"href":"https:\/\/www.camping-baden.com\/de\/wp-json\/wp\/v2\/types\/page"}],"author":[{"embeddable":true,"href":"https:\/\/www.camping-baden.com\/de\/wp-json\/wp\/v2\/users\/1"}],"replies":[{"embeddable":true,"href":"https:\/\/www.camping-baden.com\/de\/wp-json\/wp\/v2\/comments?post=12915"}],"version-history":[{"count":65,"href":"https:\/\/www.camping-baden.com\/de\/wp-json\/wp\/v2\/pages\/12915\/revisions"}],"predecessor-version":[{"id":13807,"href":"https:\/\/www.camping-baden.com\/de\/wp-json\/wp\/v2\/pages\/12915\/revisions\/13807"}],"wp:attachment":[{"href":"https:\/\/www.camping-baden.com\/de\/wp-json\/wp\/v2\/media?parent=12915"}],"wp:term":[{"taxonomy":"sujet","embeddable":true,"href":"https:\/\/www.camping-baden.com\/de\/wp-json\/wp\/v2\/sujet?post=12915"}],"curies":[{"name":"wp","href":"https:\/\/api.w.org\/{rel}","templated":true}]}}