{"id":11099,"date":"2024-09-04T10:25:25","date_gmt":"2024-09-04T08:25:25","guid":{"rendered":"https:\/\/www.camping-baden.com\/familienereignisse-baden\/"},"modified":"2026-04-21T10:09:47","modified_gmt":"2026-04-21T08:09:47","slug":"familienereignisse-baden","status":"publish","type":"page","link":"https:\/\/www.camping-baden.com\/de\/familienereignisse-baden\/","title":{"rendered":"Familienereignisse"},"content":{"rendered":"<section id=\"repas\" class=\"ls-section  home-sixth page-one\" >\r\n        <div class=\"container container--full\">\r\n        \n\n<div class=\"wp-block-columns are-vertically-aligned-center first is-layout-flex wp-container-core-columns-is-layout-9d6595d7 wp-block-columns-is-layout-flex\">\n<div class=\"wp-block-column is-vertically-aligned-center text is-layout-flow wp-block-column-is-layout-flow\" style=\"flex-basis:45%\">\n<h1 class=\"ls__heading wp-block-heading has-color-2-color has-text-color has-link-color wp-elements-73f513a074aaa16c124e00ebfbeecf8e\"><strong>Unser Angebot an Mietwohnungen und Unterk\u00fcnften in Baden<\/strong> f\u00fcr Ihre Familienfeiern  <\/h1>\n\n\n\n<p class=\"ls-paragraph\">Die <a href=\"https:\/\/www.camping-baden.com\/de\/\">Domaine Man\u00e9 Guernehu\u00e9 in Baden<\/a> ist der ideale Ort f\u00fcr <strong>Ihre Familienfeier<\/strong>. Es bietet einen 300 m\u00b2 gro\u00dfen Veranstaltungsraum in einem <strong>Freizeit- und Unterkunftsbereich<\/strong> und liegt im Herzen des Golfs von Morbihan. Es bietet eine <strong>idyllische Umgebung<\/strong> und <strong>allen Komfort <\/strong>, um Ihren Anlass unvergesslich zu machen. <\/p>\n\n\n\n<p class=\"ls-paragraph\"><br\/>F\u00fcr einen <strong>Geburtstag<\/strong>, eine<strong> Hochzeit<\/strong>, eine <strong>Taufe<\/strong>, eine <strong>Cousinade<\/strong>, eine <strong>Kommunion<\/strong>, eine <strong>gro\u00dfe Veranstaltung<\/strong>, einen <strong>Empfang im Familien- oder Freundeskreis: Empfangen<\/strong> Sie Ihre G\u00e4ste zu einem unvergesslichen Fest!<\/p>\n<\/div>\n\n\n\n<div class=\"wp-block-column is-vertically-aligned-center is-layout-flow wp-block-column-is-layout-flow\" style=\"flex-basis:55%\">\n<figure class=\"wp-block-gallery has-nested-images columns-default is-cropped animated fadeIn slow wp-block-gallery-1 is-layout-flex wp-block-gallery-is-layout-flex\">\n<figure class=\"wp-block-image size-full\"><img decoding=\"async\" width=\"1125\" height=\"750\" data-id=\"13002\" src=\"https:\/\/www.camping-baden.com\/wp-content\/uploads\/2025\/10\/salle-de-reception-mariage-anniversaire-1125px-750px.jpg\" alt=\"Empfangsraum f&#xFC;r Hochzeiten, Geburtstage, Familienfeiern\" class=\"wp-image-13002\" srcset=\"https:\/\/www.camping-baden.com\/wp-content\/uploads\/2025\/10\/salle-de-reception-mariage-anniversaire-1125px-750px.jpg 1125w, https:\/\/www.camping-baden.com\/wp-content\/uploads\/2025\/10\/salle-de-reception-mariage-anniversaire-1125px-750px-300x200.jpg 300w, https:\/\/www.camping-baden.com\/wp-content\/uploads\/2025\/10\/salle-de-reception-mariage-anniversaire-1125px-750px-1024x683.jpg 1024w, https:\/\/www.camping-baden.com\/wp-content\/uploads\/2025\/10\/salle-de-reception-mariage-anniversaire-1125px-750px-768x512.jpg 768w\" sizes=\"(max-width: 1125px) 100vw, 1125px\" \/><figcaption class=\"wp-element-caption\">Empfangssaal: Hochzeit, Geburtstag, Cousinade&#8230;<\/figcaption><\/figure>\n\n\n\n<figure class=\"wp-block-image size-full\"><a href=\"https:\/\/www.camping-baden.com\/wp-content\/uploads\/2024\/10\/2016-mariage-laic-dans-le-pre-1.webp\"><img decoding=\"async\" width=\"1200\" height=\"801\" data-id=\"8129\" src=\"https:\/\/www.camping-baden.com\/wp-content\/uploads\/2024\/10\/2016-mariage-laic-dans-le-pre-1.webp\" alt=\"Laizistische Hochzeit auf der Wiese ()\" class=\"wp-image-8129\" srcset=\"https:\/\/www.camping-baden.com\/wp-content\/uploads\/2024\/10\/2016-mariage-laic-dans-le-pre-1.webp 1200w, https:\/\/www.camping-baden.com\/wp-content\/uploads\/2024\/10\/2016-mariage-laic-dans-le-pre-1-300x200.webp 300w, https:\/\/www.camping-baden.com\/wp-content\/uploads\/2024\/10\/2016-mariage-laic-dans-le-pre-1-1024x684.webp 1024w, https:\/\/www.camping-baden.com\/wp-content\/uploads\/2024\/10\/2016-mariage-laic-dans-le-pre-1-768x513.webp 768w\" sizes=\"(max-width: 1200px) 100vw, 1200px\" \/><\/a><\/figure>\n\n\n\n<figure class=\"wp-block-image size-full\"><a href=\"https:\/\/www.camping-baden.com\/wp-content\/uploads\/2024\/10\/2020-salle-de-reception-selection-HD-3.webp\"><img decoding=\"async\" width=\"1200\" height=\"1600\" data-id=\"8133\" src=\"https:\/\/www.camping-baden.com\/wp-content\/uploads\/2024\/10\/2020-salle-de-reception-selection-HD-3.webp\" alt=\"Empfangsraum selection HD ()\" class=\"wp-image-8133\" srcset=\"https:\/\/www.camping-baden.com\/wp-content\/uploads\/2024\/10\/2020-salle-de-reception-selection-HD-3.webp 1200w, https:\/\/www.camping-baden.com\/wp-content\/uploads\/2024\/10\/2020-salle-de-reception-selection-HD-3-225x300.webp 225w, https:\/\/www.camping-baden.com\/wp-content\/uploads\/2024\/10\/2020-salle-de-reception-selection-HD-3-768x1024.webp 768w, https:\/\/www.camping-baden.com\/wp-content\/uploads\/2024\/10\/2020-salle-de-reception-selection-HD-3-1152x1536.webp 1152w\" sizes=\"(max-width: 1200px) 100vw, 1200px\" \/><\/a><\/figure>\n\n\n\n<figure class=\"wp-block-image size-full\"><a href=\"https:\/\/www.camping-baden.com\/wp-content\/uploads\/2024\/10\/2024-animation-soiree-dansante-animateurs-Studio-4k-463.webp\"><img decoding=\"async\" width=\"1200\" height=\"800\" data-id=\"8142\" src=\"https:\/\/www.camping-baden.com\/wp-content\/uploads\/2024\/10\/2024-animation-soiree-dansante-animateurs-Studio-4k-463.webp\" alt=\"Animation Tanzabend Animateure  \" class=\"wp-image-8142\" srcset=\"https:\/\/www.camping-baden.com\/wp-content\/uploads\/2024\/10\/2024-animation-soiree-dansante-animateurs-Studio-4k-463.webp 1200w, https:\/\/www.camping-baden.com\/wp-content\/uploads\/2024\/10\/2024-animation-soiree-dansante-animateurs-Studio-4k-463-300x200.webp 300w, https:\/\/www.camping-baden.com\/wp-content\/uploads\/2024\/10\/2024-animation-soiree-dansante-animateurs-Studio-4k-463-1024x683.webp 1024w, https:\/\/www.camping-baden.com\/wp-content\/uploads\/2024\/10\/2024-animation-soiree-dansante-animateurs-Studio-4k-463-768x512.webp 768w\" sizes=\"(max-width: 1200px) 100vw, 1200px\" \/><\/a><figcaption class=\"wp-element-caption\">Animation Tanzabend Animateure<\/figcaption><\/figure>\n<\/figure>\n<\/div>\n<\/div>\n\n\r\n    <\/div>\r\n<\/section><section id=\"snack\" class=\"ls-section  home-sixth page-three bis\" >\r\n        <div class=\"container container--full\">\r\n        \n\n<div class=\"wp-block-columns are-vertically-aligned-center first is-layout-flex wp-container-core-columns-is-layout-9d6595d7 wp-block-columns-is-layout-flex\">\n<div class=\"wp-block-column is-vertically-aligned-center is-layout-flow wp-block-column-is-layout-flow\" style=\"flex-basis:55%\">\n<figure class=\"wp-block-gallery has-nested-images columns-default is-cropped animated fadeIn slow wp-block-gallery-2 is-layout-flex wp-block-gallery-is-layout-flex\">\n<figure class=\"wp-block-image size-full\"><a href=\"https:\/\/www.camping-baden.com\/wp-content\/uploads\/2024\/10\/2021-sept-mariage-1-1.webp\"><img decoding=\"async\" width=\"1200\" height=\"900\" data-id=\"8138\" src=\"https:\/\/www.camping-baden.com\/wp-content\/uploads\/2024\/10\/2021-sept-mariage-1-1.webp\" alt=\"sieben Ehe ()\" class=\"wp-image-8138\" srcset=\"https:\/\/www.camping-baden.com\/wp-content\/uploads\/2024\/10\/2021-sept-mariage-1-1.webp 1200w, https:\/\/www.camping-baden.com\/wp-content\/uploads\/2024\/10\/2021-sept-mariage-1-1-300x225.webp 300w, https:\/\/www.camping-baden.com\/wp-content\/uploads\/2024\/10\/2021-sept-mariage-1-1-1024x768.webp 1024w, https:\/\/www.camping-baden.com\/wp-content\/uploads\/2024\/10\/2021-sept-mariage-1-1-768x576.webp 768w\" sizes=\"(max-width: 1200px) 100vw, 1200px\" \/><\/a><\/figure>\n\n\n\n<figure class=\"wp-block-image size-full\"><img decoding=\"async\" width=\"1200\" height=\"900\" data-id=\"8070\" src=\"https:\/\/www.camping-baden.com\/wp-content\/uploads\/2024\/10\/2023-avril-salle-de-reception-mariage-2.webp\" alt=\"April Empfangsraum Hochzeit ()\" class=\"wp-image-8070\" srcset=\"https:\/\/www.camping-baden.com\/wp-content\/uploads\/2024\/10\/2023-avril-salle-de-reception-mariage-2.webp 1200w, https:\/\/www.camping-baden.com\/wp-content\/uploads\/2024\/10\/2023-avril-salle-de-reception-mariage-2-300x225.webp 300w, https:\/\/www.camping-baden.com\/wp-content\/uploads\/2024\/10\/2023-avril-salle-de-reception-mariage-2-1024x768.webp 1024w, https:\/\/www.camping-baden.com\/wp-content\/uploads\/2024\/10\/2023-avril-salle-de-reception-mariage-2-768x576.webp 768w\" sizes=\"(max-width: 1200px) 100vw, 1200px\" \/><\/figure>\n\n\n\n<figure class=\"wp-block-image size-full\"><img decoding=\"async\" width=\"901\" height=\"600\" data-id=\"3080\" src=\"https:\/\/www.camping-baden.com\/wp-content\/uploads\/2023\/09\/salle-mariage-15-800px.webp\" alt=\"Hochzeitszimmer px\" class=\"wp-image-3080\" srcset=\"https:\/\/www.camping-baden.com\/wp-content\/uploads\/2023\/09\/salle-mariage-15-800px.webp 901w, https:\/\/www.camping-baden.com\/wp-content\/uploads\/2023\/09\/salle-mariage-15-800px-300x200.webp 300w, https:\/\/www.camping-baden.com\/wp-content\/uploads\/2023\/09\/salle-mariage-15-800px-768x511.webp 768w\" sizes=\"(max-width: 901px) 100vw, 901px\" \/><figcaption class=\"wp-element-caption\">Empfangssaal: Hochzeit, Geburtstag, Cousinade&#8230;<\/figcaption><\/figure>\n\n\n\n<figure class=\"wp-block-image size-full\"><img decoding=\"async\" width=\"901\" height=\"600\" data-id=\"3076\" src=\"https:\/\/www.camping-baden.com\/wp-content\/uploads\/2023\/09\/salle-mariage-14-800px.webp\" alt=\"Hochzeitszimmer px\" class=\"wp-image-3076\" srcset=\"https:\/\/www.camping-baden.com\/wp-content\/uploads\/2023\/09\/salle-mariage-14-800px.webp 901w, https:\/\/www.camping-baden.com\/wp-content\/uploads\/2023\/09\/salle-mariage-14-800px-300x200.webp 300w, https:\/\/www.camping-baden.com\/wp-content\/uploads\/2023\/09\/salle-mariage-14-800px-768x511.webp 768w\" sizes=\"(max-width: 901px) 100vw, 901px\" \/><figcaption class=\"wp-element-caption\">Empfangssaal: Hochzeit, Geburtstag, Cousinade&#8230;<\/figcaption><\/figure>\n<\/figure>\n<\/div>\n\n\n\n<div class=\"wp-block-column is-vertically-aligned-center text is-layout-flow wp-block-column-is-layout-flow\" style=\"flex-basis:45%\">\n<h2 class=\"ls__heading wp-block-heading has-text-align-center has-color-1-color has-text-color has-link-color wp-elements-bf860c2edd79367b298b07533ccb54f3\">  Empfangen Sie Ihre G\u00e4ste in unserem zu mietenden Empfangsraum.<\/h2>\n\n\n\n<p class=\"ls-paragraph\">Der 300m\u00b2 gro\u00dfe Empfangssaal wurde k\u00fcrzlich renoviert und ist in einem Holzstil und nat\u00fcrlichen Farben gehalten, die Ihre Feste und Ihren eigenen Einrichtungsstil hervorheben. Die Sanit\u00e4ranlagen sind komplett neu. Der Raum verf\u00fcgt \u00fcber eine<strong> ausgezeichnete Akustik<\/strong>.  <\/p>\n\n\n\n<p class=\"ls-paragraph\"><strong>Die Ausstattung des Saals :  <\/strong><\/p>\n\n\n\n<ul class=\"ls-list ls-list-undefined wp-block-list\">\n<li>B\u00fchne f\u00fcr Ihre Auff\u00fchrungen<\/li>\n\n\n\n<li>Bar mit Druckzug m\u00f6glich<\/li>\n\n\n\n<li>Catering- und Sp\u00fclbereich<\/li>\n\n\n\n<li>Erholungsraum f\u00fcr die Kinder<\/li>\n\n\n\n<li>Runde oder rechteckige Tische<\/li>\n\n\n\n<li>Sanit\u00e4re Einrichtungen<\/li>\n\n\n\n<li>Heizung, falls erforderlich<\/li>\n\n\n\n<li>Privater Parkplatz<\/li>\n\n\n\n<li>M\u00f6gliche Unterbringung<\/li>\n\n\n\n<li>Cocktail am Pool<\/li>\n<\/ul>\n\n\n\n<p class=\"ls-paragraph has-text-align-center\"><strong>Kontaktieren Sie uns, um die Verf\u00fcgbarkeit und die Preise des Saals<\/strong> zu erfahren.<\/p>\n\n\n\n<p class=\"ls-paragraph\"><strong><em>Bitte beachten Sie: Aufgrund von Bauarbeiten steht der Empfangssaal von Mitte September 2027 bis September 2028 nicht zur Verf\u00fcgung.<\/em><\/strong><\/p>\n<\/div>\n<\/div>\n\n\r\n    <\/div>\r\n<\/section><section id=\"ls-section-block_684ef4a2da2830cd21cdb777a8b90d3e\" class=\"ls-section  page-two page-vague-alt has-background has-color-4-background-color\" >\r\n        <div class=\"container container--full\">\r\n        \n\n<div class=\"wp-block-columns first is-layout-flex wp-container-core-columns-is-layout-9d6595d7 wp-block-columns-is-layout-flex\">\n<div class=\"wp-block-column is-layout-flow wp-block-column-is-layout-flow\" style=\"flex-basis:100%\">\n<div class=\"icone\"><i class=\"mane-g\"><\/i><\/div>\n\n\n\n<h2 class=\"ls__heading wp-block-heading has-text-align-center has-color-1-color has-text-color has-link-color wp-elements-00e476d0ca03b88dde9f29e21bcff615\">Unsere Mietunterk\u00fcnfte f\u00fcr Ihre Familienfeier in Baden<\/h2>\n\n\n\n<p class=\"ls-paragraph has-text-align-center\">Wir bieten Ihnen die M\u00f6glichkeit,<strong>Ihre G\u00e4ste vor Ort zu beherbergen<\/strong> und so einen komfortablen und praktischen Aufenthalt f\u00fcr alle zu gew\u00e4hrleisten. Unsere <a href=\"https:\/\/www.camping-baden.com\/de\/vermietung-von-mobilheimen-baden\/\">Unterk\u00fcnfte<\/a>, <a href=\"https:\/\/www.camping-baden.com\/de\/stellplatzvermietung-baden\/\">Campingpl\u00e4tze<\/a>, Mietunterk\u00fcnfte und <a href=\"https:\/\/www.camping-baden.com\/de\/ferienwohnung-mieten-baden\/\">Ferienwohnungen<\/a> sind so konzipiert, dass sie <strong>Komfort und Gem\u00fctlichkeit<\/strong> miteinander verbinden, und sind auf Ihre Bed\u00fcrfnisse zugeschnitten. Wenn Sie sich daf\u00fcr entscheiden, Ihre G\u00e4ste direkt auf unserem Gel\u00e4nde unterzubringen, vereinfachen Sie die Logistik Ihrer Veranstaltung und erm\u00f6glichen es allen, die<strong> hochwertigen Einrichtungen und Infrastrukturen vor Ort<\/strong> wie den <a href=\"https:\/\/www.camping-baden.com\/de\/camping-wasserpark-baden\/\">Wasserpark<\/a>, das Hallenbad, das <a href=\"https:\/\/www.camping-baden.com\/de\/campingplatz-spa-wohlbefinden-baden\/\">Spa<\/a> und andere Freizeitaktivit\u00e4ten wie <strong>Minigolf <\/strong>oder den <strong>Abenteuerparcours<\/strong> zu nutzen. Es ist auch die Gelegenheit, eine Familienveranstaltung auf ein Wochenende auszudehnen und einen <strong>geselligen Urlaub mit der Familie oder Freunden zu<\/strong> genie\u00dfen.   <\/p>\n<\/div>\n<\/div>\n\n\n\n<figure class=\"wp-block-gallery has-nested-images columns-default is-cropped wp-block-gallery-3 is-layout-flex wp-block-gallery-is-layout-flex\">\n<figure class=\"wp-block-image size-full animated fadeIn slow\"><a href=\"https:\/\/www.camping-baden.com\/wp-content\/uploads\/2024\/09\/terrasses-de-mane-10P-photo-principale.webp\"><img decoding=\"async\" width=\"2000\" height=\"1333\" data-id=\"2942\" src=\"https:\/\/www.camping-baden.com\/wp-content\/uploads\/2024\/09\/terrasses-de-mane-10P-photo-principale.webp\" alt=\"Vermietung von Mobilheimen Morbihan\" class=\"wp-image-2942\" srcset=\"https:\/\/www.camping-baden.com\/wp-content\/uploads\/2024\/09\/terrasses-de-mane-10P-photo-principale.webp 2000w, https:\/\/www.camping-baden.com\/wp-content\/uploads\/2024\/09\/terrasses-de-mane-10P-photo-principale-300x200.webp 300w, https:\/\/www.camping-baden.com\/wp-content\/uploads\/2024\/09\/terrasses-de-mane-10P-photo-principale-1024x682.webp 1024w, https:\/\/www.camping-baden.com\/wp-content\/uploads\/2024\/09\/terrasses-de-mane-10P-photo-principale-768x512.webp 768w, https:\/\/www.camping-baden.com\/wp-content\/uploads\/2024\/09\/terrasses-de-mane-10P-photo-principale-1536x1024.webp 1536w\" sizes=\"(max-width: 2000px) 100vw, 2000px\" \/><\/a><\/figure>\n\n\n\n<figure class=\"wp-block-image size-full animated fadeIn delay-100ms slow\"><a href=\"https:\/\/www.camping-baden.com\/wp-content\/uploads\/2024\/09\/Mane-Guernehue-spa-hydro-jacuzzi.webp\"><img decoding=\"async\" width=\"1200\" height=\"1029\" data-id=\"4513\" src=\"https:\/\/www.camping-baden.com\/wp-content\/uploads\/2024\/09\/Mane-Guernehue-spa-hydro-jacuzzi.webp\" alt=\"Man&#xE9; Guernehu&#xE9; spa hydro jacuzzi\" class=\"wp-image-4513\" srcset=\"https:\/\/www.camping-baden.com\/wp-content\/uploads\/2024\/09\/Mane-Guernehue-spa-hydro-jacuzzi.webp 1200w, https:\/\/www.camping-baden.com\/wp-content\/uploads\/2024\/09\/Mane-Guernehue-spa-hydro-jacuzzi-300x257.webp 300w, https:\/\/www.camping-baden.com\/wp-content\/uploads\/2024\/09\/Mane-Guernehue-spa-hydro-jacuzzi-1024x878.webp 1024w, https:\/\/www.camping-baden.com\/wp-content\/uploads\/2024\/09\/Mane-Guernehue-spa-hydro-jacuzzi-768x659.webp 768w\" sizes=\"(max-width: 1200px) 100vw, 1200px\" \/><\/a><\/figure>\n\n\n\n<figure class=\"wp-block-image size-full animated fadeIn delay-200ms slow\"><a href=\"https:\/\/www.camping-baden.com\/wp-content\/uploads\/2024\/01\/terrasse-mane-terrasse-vue-depuis-etang.webp\"><img decoding=\"async\" width=\"1000\" height=\"689\" data-id=\"2984\" src=\"https:\/\/www.camping-baden.com\/wp-content\/uploads\/2024\/01\/terrasse-mane-terrasse-vue-depuis-etang.webp\" alt=\"Mane Terrasse Terrasse mit Blick auf den Teich\" class=\"wp-image-2984\" srcset=\"https:\/\/www.camping-baden.com\/wp-content\/uploads\/2024\/01\/terrasse-mane-terrasse-vue-depuis-etang.webp 1000w, https:\/\/www.camping-baden.com\/wp-content\/uploads\/2024\/01\/terrasse-mane-terrasse-vue-depuis-etang-300x207.webp 300w, https:\/\/www.camping-baden.com\/wp-content\/uploads\/2024\/01\/terrasse-mane-terrasse-vue-depuis-etang-768x529.webp 768w\" sizes=\"(max-width: 1000px) 100vw, 1000px\" \/><\/a><\/figure>\n<\/figure>\n\n\r\n    <\/div>\r\n<\/section><section id=\"ls-section-block_e3bb57ee443ac2231bd89cd448cf0f88\" class=\"ls-section  page-two page-vague has-background has-color-4-background-color\" >\r\n        <div class=\"container container--full\">\r\n        \n\n<div class=\"wp-block-columns first is-layout-flex wp-container-core-columns-is-layout-9d6595d7 wp-block-columns-is-layout-flex\">\n<div class=\"wp-block-column is-layout-flow wp-block-column-is-layout-flow\" style=\"flex-basis:100%\">\n<div class=\"icone\"><i class=\"mane-g\"><\/i><\/div>\n\n\n\n<h2 class=\"ls__heading wp-block-heading has-text-align-center has-color-1-color has-text-color has-link-color wp-elements-58e8f0e0eed834a74b0eed916bc5feb6\">Restaurant f\u00fcr Ihre Veranstaltung im Golf von Morbihan<\/h2>\n\n\n\n<p class=\"ls-paragraph has-text-align-center\">Das <a href=\"https:\/\/www.camping-baden.com\/de\/restaurantangebot-baden\/\">Restaurant &#8222;Le P&#8217;tit V\u00e9zit&#8220;<\/a> liegt direkt am Pool und ist der ideale Ort f\u00fcr Ihre Familienveranstaltung. Es bietet eine <strong>warme und freundliche Umgebung<\/strong> im Herzen des Golfs von Morbihan. Mit einer flexiblen Aufnahmekapazit\u00e4t und einem Team, das sich dem Erfolg Ihrer Veranstaltung widmet, achten wir auf jedes Detail, um ein unvergessliches Erlebnis zu garantieren. Wir helfen Ihnen bei der Zusammenstellung eines <strong>abwechslungsreichen Men\u00fcs<\/strong> mit<strong> raffinierten Gerichten<\/strong>, die mit<strong> lokalen Zutaten <\/strong>zubereitet werden und Ihre G\u00e4ste begeistern werden. Dar\u00fcber hinaus tragen unser<strong> einladendes Ambiente<\/strong> und unser <strong>aufmerksamer Service<\/strong> dazu bei, eine perfekte Atmosph\u00e4re f\u00fcr Ihre Feier zu schaffen. Vertrauen Sie uns die Organisation Ihrer Familienfeier an und genie\u00dfen Sie einen unvergesslichen Moment in einer au\u00dfergew\u00f6hnlichen Umgebung.    <\/p>\n<\/div>\n<\/div>\n\n\n\n<a href=\"https:\/\/www.camping-baden.com\/de\/restaurantangebot-baden\/\" id=\"ls-button-block_78bb637f980a3207b1f3a89b90282261\" target=\"_blank\" rel=\"\" class=\"ls-button aligncenter\" >\n    <span>Mehr \u00fcber das Essen<\/span><i class=\"mane-fleche\"><\/i>\n<\/a>\n\n\n<figure class=\"wp-block-gallery has-nested-images columns-default is-cropped wp-block-gallery-4 is-layout-flex wp-block-gallery-is-layout-flex\">\n<figure class=\"wp-block-image size-full animated fadeIn slow\"><a href=\"https:\/\/www.camping-baden.com\/wp-content\/uploads\/2025\/10\/restaurant-terrasse-vue-piscine-toboggans.jpg\"><img decoding=\"async\" width=\"1125\" height=\"750\" data-id=\"13007\" src=\"https:\/\/www.camping-baden.com\/wp-content\/uploads\/2025\/10\/restaurant-terrasse-vue-piscine-toboggans.jpg\" alt=\"Restaurant auf der Terrasse mit Blick auf den Pool\" class=\"wp-image-13007\" srcset=\"https:\/\/www.camping-baden.com\/wp-content\/uploads\/2025\/10\/restaurant-terrasse-vue-piscine-toboggans.jpg 1125w, https:\/\/www.camping-baden.com\/wp-content\/uploads\/2025\/10\/restaurant-terrasse-vue-piscine-toboggans-300x200.jpg 300w, https:\/\/www.camping-baden.com\/wp-content\/uploads\/2025\/10\/restaurant-terrasse-vue-piscine-toboggans-1024x683.jpg 1024w, https:\/\/www.camping-baden.com\/wp-content\/uploads\/2025\/10\/restaurant-terrasse-vue-piscine-toboggans-768x512.jpg 768w\" sizes=\"(max-width: 1125px) 100vw, 1125px\" \/><\/a><\/figure>\n\n\n\n<figure class=\"wp-block-image size-full animated fadeIn slow\"><a href=\"https:\/\/www.camping-baden.com\/wp-content\/uploads\/2025\/10\/restaurant-vue-parc-aquatique-toboggans-1125px-750px-2.jpg\"><img decoding=\"async\" width=\"1125\" height=\"750\" data-id=\"12964\" src=\"https:\/\/www.camping-baden.com\/wp-content\/uploads\/2025\/10\/restaurant-vue-parc-aquatique-toboggans-1125px-750px-2.jpg\" alt=\"Restaurant Innenbereich mit Blick auf den Wasserpark\" class=\"wp-image-12964\" srcset=\"https:\/\/www.camping-baden.com\/wp-content\/uploads\/2025\/10\/restaurant-vue-parc-aquatique-toboggans-1125px-750px-2.jpg 1125w, https:\/\/www.camping-baden.com\/wp-content\/uploads\/2025\/10\/restaurant-vue-parc-aquatique-toboggans-1125px-750px-2-300x200.jpg 300w, https:\/\/www.camping-baden.com\/wp-content\/uploads\/2025\/10\/restaurant-vue-parc-aquatique-toboggans-1125px-750px-2-1024x683.jpg 1024w, https:\/\/www.camping-baden.com\/wp-content\/uploads\/2025\/10\/restaurant-vue-parc-aquatique-toboggans-1125px-750px-2-768x512.jpg 768w\" sizes=\"(max-width: 1125px) 100vw, 1125px\" \/><\/a><figcaption class=\"wp-element-caption\">Restaurant Innenbereich mit Blick auf den Wasserpark<\/figcaption><\/figure>\n\n\n\n<figure class=\"wp-block-image size-full animated fadeIn slow\"><a href=\"https:\/\/www.camping-baden.com\/wp-content\/uploads\/2025\/10\/restaurant-terrasse-piscine-1125px-750px.jpg\"><img decoding=\"async\" width=\"1125\" height=\"750\" data-id=\"12960\" src=\"https:\/\/www.camping-baden.com\/wp-content\/uploads\/2025\/10\/restaurant-terrasse-piscine-1125px-750px.jpg\" alt=\"Restaurant auf der Terrasse mit Blick auf den Pool\" class=\"wp-image-12960\" srcset=\"https:\/\/www.camping-baden.com\/wp-content\/uploads\/2025\/10\/restaurant-terrasse-piscine-1125px-750px.jpg 1125w, https:\/\/www.camping-baden.com\/wp-content\/uploads\/2025\/10\/restaurant-terrasse-piscine-1125px-750px-300x200.jpg 300w, https:\/\/www.camping-baden.com\/wp-content\/uploads\/2025\/10\/restaurant-terrasse-piscine-1125px-750px-1024x683.jpg 1024w, https:\/\/www.camping-baden.com\/wp-content\/uploads\/2025\/10\/restaurant-terrasse-piscine-1125px-750px-768x512.jpg 768w\" sizes=\"(max-width: 1125px) 100vw, 1125px\" \/><\/a><figcaption class=\"wp-element-caption\">Restaurant auf der Terrasse mit Blick auf den Pool<\/figcaption><\/figure>\n<\/figure>\n\n\r\n    <\/div>\r\n<\/section><section id=\"ls-section-block_a8a9728a3516f91bcdd18fe67c893d1e\" class=\"ls-section  page-cta\" >\r\n        <div class=\"container container--wide\">\r\n        \n\n<div id=\"ls-heading ls-titre-div-block_607fb62331b31b3e3ce43bd79b55f897\" class=\"ls-titre-div aligncenter h1-like has-text-color has-color-2-color\" >\n    Entdecken Sie den gesamten <em>Campingplatz <\/em><\/div>\n\n\n\n<div id=\"ls-maillage-block_07205517f7f188bd35f5f202ffe625b0\" class=\"ls-maillage animated fadeIn slow cta-style-normal\" data-rows=\"3\">\n\n    <div class=\"wp-block-columns\"><div class=\"wp-block-column\">\n\n<a href=\"https:\/\/www.camping-baden.com\/de\/vermietung-von-mobilheimen-baden\/\" target=\"\" rel=\"noopener\" class=\"ls-cta__link\" data-categ=\"\">\n\t<div class=\"ls-cta__image\"><img decoding=\"async\" src=\"https:\/\/www.camping-baden.com\/wp-content\/uploads\/2024\/09\/quartier-belle-ile-2-1.webp\" alt=\"Stadtteil Belle Ile\"><\/div>\n\t<div class=\"ls-cta__title\">\n\t\tMobilheime und Chalets\t\t<i class=\"mane-fleche\"><\/i>\n\t<\/div>\n\n\t\n\t<\/a><\/div><div class=\"wp-block-column\">\n\n<a href=\"https:\/\/www.camping-baden.com\/de\/camping-wasserpark-baden\/\" target=\"\" rel=\"noopener\" class=\"ls-cta__link\" data-categ=\"\">\n\t<div class=\"ls-cta__image\"><img decoding=\"async\" src=\"https:\/\/www.camping-baden.com\/wp-content\/uploads\/2025\/09\/parc-aquatique-camping-mane-guernehue-800-683px.jpg\" alt=\"Wasserpark neue Rutschen Campingplatz Man\u00e9 Guernehu\u00e9\"><\/div>\n\t<div class=\"ls-cta__title\">\n\t\tWasserpark\t\t<i class=\"mane-fleche\"><\/i>\n\t<\/div>\n\n\t\n\t<\/a><\/div><div class=\"wp-block-column\">\n\n<a href=\"https:\/\/www.camping-baden.com\/de\/campingplatz-mit-familienanimation-baden\/\" target=\"\" rel=\"noopener\" class=\"ls-cta__link\" data-categ=\"\">\n\t<div class=\"ls-cta__image\"><img decoding=\"async\" src=\"https:\/\/www.camping-baden.com\/wp-content\/uploads\/2024\/10\/2024-parcours-aventure-Studio-4k-263-retouchee.webp\" alt=\"Abenteuerpfad Studio k retuschiert\"><\/div>\n\t<div class=\"ls-cta__title\">\n\t\tAnimationen und Aktivit\u00e4ten f\u00fcr Familien\t\t<i class=\"mane-fleche\"><\/i>\n\t<\/div>\n\n\t\n\t<\/a><\/div><\/div>\n<\/div>\n\r\n    <\/div>\r\n<\/section>","protected":false},"excerpt":{"rendered":"","protected":false},"author":1,"featured_media":10467,"parent":0,"menu_order":0,"comment_status":"closed","ping_status":"closed","template":"","meta":{"_acf_changed":false,"footnotes":""},"sujet":[],"class_list":["post-11099","page","type-page","status-publish","has-post-thumbnail","hentry"],"acf":[],"yoast_head":"<!-- This site is optimized with the Yoast SEO plugin v25.3 - https:\/\/yoast.com\/wordpress\/plugins\/seo\/ -->\n<title>Vermietung f\u00fcr Familienfeier in Baden, Golf von Morbihan<\/title>\n<meta name=\"description\" content=\"Vermietung eines voll ausgestatteten Saals mit Sanit\u00e4ranlagen, Restaurant und Unterk\u00fcnften f\u00fcr Ihre Familienfeier im Golf von Morbihan, in Baden.\" \/>\n<meta name=\"robots\" content=\"index, follow, max-snippet:-1, max-image-preview:large, max-video-preview:-1\" \/>\n<link rel=\"canonical\" href=\"https:\/\/www.camping-baden.com\/de\/familienereignisse-baden\/\" \/>\n<meta property=\"og:locale\" content=\"de_DE\" \/>\n<meta property=\"og:type\" content=\"article\" \/>\n<meta property=\"og:title\" content=\"Vermietung f\u00fcr Familienfeier in Baden, Golf von Morbihan\" \/>\n<meta property=\"og:description\" content=\"Vermietung eines voll ausgestatteten Saals mit Sanit\u00e4ranlagen, Restaurant und Unterk\u00fcnften f\u00fcr Ihre Familienfeier im Golf von Morbihan, in Baden.\" \/>\n<meta property=\"og:url\" content=\"https:\/\/www.camping-baden.com\/de\/familienereignisse-baden\/\" \/>\n<meta property=\"og:site_name\" content=\"Man\u00e9 Guernehu\u00e9\" \/>\n<meta property=\"article:modified_time\" content=\"2026-04-21T08:09:47+00:00\" \/>\n<meta property=\"og:image\" content=\"https:\/\/www.camping-baden.com\/wp-content\/uploads\/2024\/10\/2016-mariage-laic-dans-le-pre-5.webp\" \/>\n\t<meta property=\"og:image:width\" content=\"2000\" \/>\n\t<meta property=\"og:image:height\" content=\"1335\" \/>\n\t<meta property=\"og:image:type\" content=\"image\/webp\" \/>\n<meta name=\"twitter:card\" content=\"summary_large_image\" \/>\n<meta name=\"twitter:label1\" content=\"Gesch\u00e4tzte Lesezeit\" \/>\n\t<meta name=\"twitter:data1\" content=\"3\u00a0Minuten\" \/>\n<script type=\"application\/ld+json\" class=\"yoast-schema-graph\">{\"@context\":\"https:\/\/schema.org\",\"@graph\":[{\"@type\":\"WebPage\",\"@id\":\"https:\/\/www.camping-baden.com\/de\/familienereignisse-baden\/\",\"url\":\"https:\/\/www.camping-baden.com\/de\/familienereignisse-baden\/\",\"name\":\"Vermietung f\u00fcr Familienfeier in Baden, Golf von Morbihan\",\"isPartOf\":{\"@id\":\"https:\/\/www.camping-baden.com\/de\/#website\"},\"primaryImageOfPage\":{\"@id\":\"https:\/\/www.camping-baden.com\/de\/familienereignisse-baden\/#primaryimage\"},\"image\":{\"@id\":\"https:\/\/www.camping-baden.com\/de\/familienereignisse-baden\/#primaryimage\"},\"thumbnailUrl\":\"https:\/\/www.camping-baden.com\/wp-content\/uploads\/2024\/10\/2016-mariage-laic-dans-le-pre-5.webp\",\"datePublished\":\"2024-09-04T08:25:25+00:00\",\"dateModified\":\"2026-04-21T08:09:47+00:00\",\"description\":\"Vermietung eines voll ausgestatteten Saals mit Sanit\u00e4ranlagen, Restaurant und Unterk\u00fcnften f\u00fcr Ihre Familienfeier im Golf von Morbihan, in Baden.\",\"breadcrumb\":{\"@id\":\"https:\/\/www.camping-baden.com\/de\/familienereignisse-baden\/#breadcrumb\"},\"inLanguage\":\"de\",\"potentialAction\":[{\"@type\":\"ReadAction\",\"target\":[\"https:\/\/www.camping-baden.com\/de\/familienereignisse-baden\/\"]}]},{\"@type\":\"ImageObject\",\"inLanguage\":\"de\",\"@id\":\"https:\/\/www.camping-baden.com\/de\/familienereignisse-baden\/#primaryimage\",\"url\":\"https:\/\/www.camping-baden.com\/wp-content\/uploads\/2024\/10\/2016-mariage-laic-dans-le-pre-5.webp\",\"contentUrl\":\"https:\/\/www.camping-baden.com\/wp-content\/uploads\/2024\/10\/2016-mariage-laic-dans-le-pre-5.webp\",\"width\":2000,\"height\":1335,\"caption\":\"Laizistische Hochzeit auf der Wiese ()\"},{\"@type\":\"BreadcrumbList\",\"@id\":\"https:\/\/www.camping-baden.com\/de\/familienereignisse-baden\/#breadcrumb\",\"itemListElement\":[{\"@type\":\"ListItem\",\"position\":1,\"name\":\"Camping Golfe du Morbihan\",\"item\":\"https:\/\/www.camping-baden.com\/de\/\"},{\"@type\":\"ListItem\",\"position\":2,\"name\":\"Mieten f\u00fcr Veranstaltungen im Golf von Morbihan\"}]},{\"@type\":\"WebSite\",\"@id\":\"https:\/\/www.camping-baden.com\/de\/#website\",\"url\":\"https:\/\/www.camping-baden.com\/de\/\",\"name\":\"Man\u00e9 Guernehu\u00e9\",\"description\":\"\",\"publisher\":{\"@id\":\"https:\/\/www.camping-baden.com\/de\/#organization\"},\"potentialAction\":[{\"@type\":\"SearchAction\",\"target\":{\"@type\":\"EntryPoint\",\"urlTemplate\":\"https:\/\/www.camping-baden.com\/de\/?s={search_term_string}\"},\"query-input\":{\"@type\":\"PropertyValueSpecification\",\"valueRequired\":true,\"valueName\":\"search_term_string\"}}],\"inLanguage\":\"de\"},{\"@type\":\"Organization\",\"@id\":\"https:\/\/www.camping-baden.com\/de\/#organization\",\"name\":\"Man\u00e9 Guernehu\u00e9\",\"url\":\"https:\/\/www.camping-baden.com\/de\/\",\"logo\":{\"@type\":\"ImageObject\",\"inLanguage\":\"de\",\"@id\":\"https:\/\/www.camping-baden.com\/de\/#\/schema\/logo\/image\/\",\"url\":\"https:\/\/www.camping-baden.com\/wp-content\/uploads\/2024\/08\/logo-camping-mane-guernehue.png\",\"contentUrl\":\"https:\/\/www.camping-baden.com\/wp-content\/uploads\/2024\/08\/logo-camping-mane-guernehue.png\",\"width\":1000,\"height\":450,\"caption\":\"Man\u00e9 Guernehu\u00e9\"},\"image\":{\"@id\":\"https:\/\/www.camping-baden.com\/de\/#\/schema\/logo\/image\/\"}}]}<\/script>\n<!-- \/ Yoast SEO plugin. -->","yoast_head_json":{"title":"Vermietung f\u00fcr Familienfeier in Baden, Golf von Morbihan","description":"Vermietung eines voll ausgestatteten Saals mit Sanit\u00e4ranlagen, Restaurant und Unterk\u00fcnften f\u00fcr Ihre Familienfeier im Golf von Morbihan, in Baden.","robots":{"index":"index","follow":"follow","max-snippet":"max-snippet:-1","max-image-preview":"max-image-preview:large","max-video-preview":"max-video-preview:-1"},"canonical":"https:\/\/www.camping-baden.com\/de\/familienereignisse-baden\/","og_locale":"de_DE","og_type":"article","og_title":"Vermietung f\u00fcr Familienfeier in Baden, Golf von Morbihan","og_description":"Vermietung eines voll ausgestatteten Saals mit Sanit\u00e4ranlagen, Restaurant und Unterk\u00fcnften f\u00fcr Ihre Familienfeier im Golf von Morbihan, in Baden.","og_url":"https:\/\/www.camping-baden.com\/de\/familienereignisse-baden\/","og_site_name":"Man\u00e9 Guernehu\u00e9","article_modified_time":"2026-04-21T08:09:47+00:00","og_image":[{"width":2000,"height":1335,"url":"https:\/\/www.camping-baden.com\/wp-content\/uploads\/2024\/10\/2016-mariage-laic-dans-le-pre-5.webp","type":"image\/webp"}],"twitter_card":"summary_large_image","twitter_misc":{"Gesch\u00e4tzte Lesezeit":"3\u00a0Minuten"},"schema":{"@context":"https:\/\/schema.org","@graph":[{"@type":"WebPage","@id":"https:\/\/www.camping-baden.com\/de\/familienereignisse-baden\/","url":"https:\/\/www.camping-baden.com\/de\/familienereignisse-baden\/","name":"Vermietung f\u00fcr Familienfeier in Baden, Golf von Morbihan","isPartOf":{"@id":"https:\/\/www.camping-baden.com\/de\/#website"},"primaryImageOfPage":{"@id":"https:\/\/www.camping-baden.com\/de\/familienereignisse-baden\/#primaryimage"},"image":{"@id":"https:\/\/www.camping-baden.com\/de\/familienereignisse-baden\/#primaryimage"},"thumbnailUrl":"https:\/\/www.camping-baden.com\/wp-content\/uploads\/2024\/10\/2016-mariage-laic-dans-le-pre-5.webp","datePublished":"2024-09-04T08:25:25+00:00","dateModified":"2026-04-21T08:09:47+00:00","description":"Vermietung eines voll ausgestatteten Saals mit Sanit\u00e4ranlagen, Restaurant und Unterk\u00fcnften f\u00fcr Ihre Familienfeier im Golf von Morbihan, in Baden.","breadcrumb":{"@id":"https:\/\/www.camping-baden.com\/de\/familienereignisse-baden\/#breadcrumb"},"inLanguage":"de","potentialAction":[{"@type":"ReadAction","target":["https:\/\/www.camping-baden.com\/de\/familienereignisse-baden\/"]}]},{"@type":"ImageObject","inLanguage":"de","@id":"https:\/\/www.camping-baden.com\/de\/familienereignisse-baden\/#primaryimage","url":"https:\/\/www.camping-baden.com\/wp-content\/uploads\/2024\/10\/2016-mariage-laic-dans-le-pre-5.webp","contentUrl":"https:\/\/www.camping-baden.com\/wp-content\/uploads\/2024\/10\/2016-mariage-laic-dans-le-pre-5.webp","width":2000,"height":1335,"caption":"Laizistische Hochzeit auf der Wiese ()"},{"@type":"BreadcrumbList","@id":"https:\/\/www.camping-baden.com\/de\/familienereignisse-baden\/#breadcrumb","itemListElement":[{"@type":"ListItem","position":1,"name":"Camping Golfe du Morbihan","item":"https:\/\/www.camping-baden.com\/de\/"},{"@type":"ListItem","position":2,"name":"Mieten f\u00fcr Veranstaltungen im Golf von Morbihan"}]},{"@type":"WebSite","@id":"https:\/\/www.camping-baden.com\/de\/#website","url":"https:\/\/www.camping-baden.com\/de\/","name":"Man\u00e9 Guernehu\u00e9","description":"","publisher":{"@id":"https:\/\/www.camping-baden.com\/de\/#organization"},"potentialAction":[{"@type":"SearchAction","target":{"@type":"EntryPoint","urlTemplate":"https:\/\/www.camping-baden.com\/de\/?s={search_term_string}"},"query-input":{"@type":"PropertyValueSpecification","valueRequired":true,"valueName":"search_term_string"}}],"inLanguage":"de"},{"@type":"Organization","@id":"https:\/\/www.camping-baden.com\/de\/#organization","name":"Man\u00e9 Guernehu\u00e9","url":"https:\/\/www.camping-baden.com\/de\/","logo":{"@type":"ImageObject","inLanguage":"de","@id":"https:\/\/www.camping-baden.com\/de\/#\/schema\/logo\/image\/","url":"https:\/\/www.camping-baden.com\/wp-content\/uploads\/2024\/08\/logo-camping-mane-guernehue.png","contentUrl":"https:\/\/www.camping-baden.com\/wp-content\/uploads\/2024\/08\/logo-camping-mane-guernehue.png","width":1000,"height":450,"caption":"Man\u00e9 Guernehu\u00e9"},"image":{"@id":"https:\/\/www.camping-baden.com\/de\/#\/schema\/logo\/image\/"}}]}},"_links":{"self":[{"href":"https:\/\/www.camping-baden.com\/de\/wp-json\/wp\/v2\/pages\/11099","targetHints":{"allow":["GET"]}}],"collection":[{"href":"https:\/\/www.camping-baden.com\/de\/wp-json\/wp\/v2\/pages"}],"about":[{"href":"https:\/\/www.camping-baden.com\/de\/wp-json\/wp\/v2\/types\/page"}],"author":[{"embeddable":true,"href":"https:\/\/www.camping-baden.com\/de\/wp-json\/wp\/v2\/users\/1"}],"replies":[{"embeddable":true,"href":"https:\/\/www.camping-baden.com\/de\/wp-json\/wp\/v2\/comments?post=11099"}],"version-history":[{"count":5,"href":"https:\/\/www.camping-baden.com\/de\/wp-json\/wp\/v2\/pages\/11099\/revisions"}],"predecessor-version":[{"id":13800,"href":"https:\/\/www.camping-baden.com\/de\/wp-json\/wp\/v2\/pages\/11099\/revisions\/13800"}],"wp:featuredmedia":[{"embeddable":true,"href":"https:\/\/www.camping-baden.com\/de\/wp-json\/wp\/v2\/media\/10467"}],"wp:attachment":[{"href":"https:\/\/www.camping-baden.com\/de\/wp-json\/wp\/v2\/media?parent=11099"}],"wp:term":[{"taxonomy":"sujet","embeddable":true,"href":"https:\/\/www.camping-baden.com\/de\/wp-json\/wp\/v2\/sujet?post=11099"}],"curies":[{"name":"wp","href":"https:\/\/api.w.org\/{rel}","templated":true}]}}