{"id":11033,"date":"2024-09-04T10:32:13","date_gmt":"2024-09-04T08:32:13","guid":{"rendered":"https:\/\/www.camping-baden.com\/tourismus-halbinsel-rhuys\/"},"modified":"2024-11-06T10:09:50","modified_gmt":"2024-11-06T09:09:50","slug":"tourismus-halbinsel-rhuys","status":"publish","type":"page","link":"https:\/\/www.camping-baden.com\/de\/tourismus-halbinsel-rhuys\/","title":{"rendered":"Halbinsel Rhuys"},"content":{"rendered":"<section id=\"repas\" class=\"ls-section  home-sixth page-one\" >\r\n        <div class=\"container container--full\">\r\n        \n\n<div class=\"wp-block-columns are-vertically-aligned-center first is-layout-flex wp-container-core-columns-is-layout-9d6595d7 wp-block-columns-is-layout-flex\">\n<div class=\"wp-block-column is-vertically-aligned-center text is-layout-flow wp-block-column-is-layout-flow\" style=\"flex-basis:45%\">\n<h1 class=\"ls__heading wp-block-heading has-color-2-color has-text-color has-link-color wp-elements-28a2937202c27f5a5b8aa6ffa8145398\">Die Halbinsel Rhuys zwischen Ozean und kleinem Meer<\/h1>\n\n\n\n<p class=\"ls-paragraph\">Die Halbinsel Rhuys liegt<strong> zwischen dem Atlantischen Ozean und dem Golf von Morbihan<\/strong> und bietet reizvolle Landschaften und viele Orte, die es zu entdecken gilt.  <\/p>\n\n\n\n<p class=\"ls-paragraph\">Ein Muss f\u00fcr Ihren Aufenthalt auf dem <a href=\"https:\/\/www.camping-baden.com\/de\/\">Campingplatz in Baden<\/a>.<\/p>\n\n\n\n<div class=\"ls-on-adore\">\n    \n\n<div id=\"ls-heading ls-titre-div-block_6315d0a8e510d8b847047323f4a73f38\" class=\"ls-titre-div h2-like\" >\n    Wir lieben es<\/div>\n\n\n\n<ul class=\"ls-list ls-list-undefined wp-block-list\">\n<li>Die Halbinsel Rhuys, wild und unber\u00fchrt<\/li>\n\n\n\n<li>Das Naturreservat von S\u00e9n\u00e9<\/li>\n\n\n\n<li>Der charmante Fischerhafen von Port Anna<\/li>\n\n\n\n<li>Arzon und der Hafen von Crouesty, am Eingang des Golfs von Morbihan<\/li>\n\n\n\n<li>Besichtigung des Schlosses von Suscinio, einem mittelalterlichen Juwel<\/li>\n<\/ul>\n\n<\/div><\/div>\n\n\n\n<div class=\"wp-block-column is-vertically-aligned-center is-layout-flow wp-block-column-is-layout-flow\" style=\"flex-basis:55%\">\n<figure class=\"wp-block-gallery has-nested-images columns-default is-cropped animated fadeIn slow wp-block-gallery-1 is-layout-flex wp-block-gallery-is-layout-flex\">\n<figure class=\"wp-block-image size-full\"><a href=\"https:\/\/www.camping-baden.com\/wp-content\/uploads\/2024\/10\/OTVannes19@alamoureux_MG_0718.webp\"><img decoding=\"async\" width=\"1200\" height=\"800\" data-id=\"7899\" src=\"https:\/\/www.camping-baden.com\/wp-content\/uploads\/2024\/10\/OTVannes19@alamoureux_MG_0718.webp\" alt=\"OTVannes@alamoureux MG\" class=\"wp-image-7899\" srcset=\"https:\/\/www.camping-baden.com\/wp-content\/uploads\/2024\/10\/OTVannes19@alamoureux_MG_0718.webp 1200w, https:\/\/www.camping-baden.com\/wp-content\/uploads\/2024\/10\/OTVannes19@alamoureux_MG_0718-300x200.webp 300w, https:\/\/www.camping-baden.com\/wp-content\/uploads\/2024\/10\/OTVannes19@alamoureux_MG_0718-1024x683.webp 1024w, https:\/\/www.camping-baden.com\/wp-content\/uploads\/2024\/10\/OTVannes19@alamoureux_MG_0718-768x512.webp 768w\" sizes=\"(max-width: 1200px) 100vw, 1200px\" \/><\/a><figcaption class=\"wp-element-caption\">Observatorium Naturreservat @alamoureu<\/figcaption><\/figure>\n\n\n\n<figure class=\"wp-block-image size-full\"><img decoding=\"async\" width=\"2061\" height=\"800\" data-id=\"10709\" src=\"https:\/\/www.camping-baden.com\/wp-content\/uploads\/2024\/10\/saint-armel-office-tourisme-golfe-du-morbihan.webp\" alt=\"saint armel office tourisme golfe du morbihan\" class=\"wp-image-10709\" srcset=\"https:\/\/www.camping-baden.com\/wp-content\/uploads\/2024\/10\/saint-armel-office-tourisme-golfe-du-morbihan.webp 2061w, https:\/\/www.camping-baden.com\/wp-content\/uploads\/2024\/10\/saint-armel-office-tourisme-golfe-du-morbihan-300x116.webp 300w, https:\/\/www.camping-baden.com\/wp-content\/uploads\/2024\/10\/saint-armel-office-tourisme-golfe-du-morbihan-1024x397.webp 1024w, https:\/\/www.camping-baden.com\/wp-content\/uploads\/2024\/10\/saint-armel-office-tourisme-golfe-du-morbihan-768x298.webp 768w, https:\/\/www.camping-baden.com\/wp-content\/uploads\/2024\/10\/saint-armel-office-tourisme-golfe-du-morbihan-1536x596.webp 1536w, https:\/\/www.camping-baden.com\/wp-content\/uploads\/2024\/10\/saint-armel-office-tourisme-golfe-du-morbihan-2048x795.webp 2048w\" sizes=\"(max-width: 2061px) 100vw, 2061px\" \/><\/figure>\n\n\n\n<figure class=\"wp-block-image size-full\"><a href=\"https:\/\/www.camping-baden.com\/wp-content\/uploads\/2024\/10\/Adt-aa1709_Copyright-Loic-Kersuzan.webp\"><img decoding=\"async\" width=\"1200\" height=\"800\" data-id=\"7904\" src=\"https:\/\/www.camping-baden.com\/wp-content\/uploads\/2024\/10\/Adt-aa1709_Copyright-Loic-Kersuzan.webp\" alt=\"Adt aa Copyright Loic Kersuzan\" class=\"wp-image-7904\" srcset=\"https:\/\/www.camping-baden.com\/wp-content\/uploads\/2024\/10\/Adt-aa1709_Copyright-Loic-Kersuzan.webp 1200w, https:\/\/www.camping-baden.com\/wp-content\/uploads\/2024\/10\/Adt-aa1709_Copyright-Loic-Kersuzan-300x200.webp 300w, https:\/\/www.camping-baden.com\/wp-content\/uploads\/2024\/10\/Adt-aa1709_Copyright-Loic-Kersuzan-1024x683.webp 1024w, https:\/\/www.camping-baden.com\/wp-content\/uploads\/2024\/10\/Adt-aa1709_Copyright-Loic-Kersuzan-768x512.webp 768w\" sizes=\"(max-width: 1200px) 100vw, 1200px\" \/><\/a><figcaption class=\"wp-element-caption\">Fischereihafen Bretagne @Loic Kersuzan<\/figcaption><\/figure>\n\n\n\n<figure class=\"wp-block-image size-full\"><a href=\"https:\/\/www.camping-baden.com\/wp-content\/uploads\/2024\/10\/alamoureux@Golfe17_DRN_0271.webp\"><img decoding=\"async\" width=\"1200\" height=\"800\" data-id=\"7908\" src=\"https:\/\/www.camping-baden.com\/wp-content\/uploads\/2024\/10\/alamoureux@Golfe17_DRN_0271.webp\" alt=\"alamoureux@Golfe DRN\" class=\"wp-image-7908\" srcset=\"https:\/\/www.camping-baden.com\/wp-content\/uploads\/2024\/10\/alamoureux@Golfe17_DRN_0271.webp 1200w, https:\/\/www.camping-baden.com\/wp-content\/uploads\/2024\/10\/alamoureux@Golfe17_DRN_0271-300x200.webp 300w, https:\/\/www.camping-baden.com\/wp-content\/uploads\/2024\/10\/alamoureux@Golfe17_DRN_0271-1024x683.webp 1024w, https:\/\/www.camping-baden.com\/wp-content\/uploads\/2024\/10\/alamoureux@Golfe17_DRN_0271-768x512.webp 768w\" sizes=\"(max-width: 1200px) 100vw, 1200px\" \/><\/a><figcaption class=\"wp-element-caption\">K\u00fcstenwanderwege Golf von Morbihan @Loic Kersuzan<\/figcaption><\/figure>\n\n\n\n<figure class=\"wp-block-image size-full\"><a href=\"https:\/\/www.camping-baden.com\/wp-content\/uploads\/2024\/10\/presqu-ILE-RHUYS.webp\"><img decoding=\"async\" width=\"1200\" height=\"800\" data-id=\"7912\" src=\"https:\/\/www.camping-baden.com\/wp-content\/uploads\/2024\/10\/presqu-ILE-RHUYS.webp\" alt=\"Halbinsel RHUYS\" class=\"wp-image-7912\" srcset=\"https:\/\/www.camping-baden.com\/wp-content\/uploads\/2024\/10\/presqu-ILE-RHUYS.webp 1200w, https:\/\/www.camping-baden.com\/wp-content\/uploads\/2024\/10\/presqu-ILE-RHUYS-300x200.webp 300w, https:\/\/www.camping-baden.com\/wp-content\/uploads\/2024\/10\/presqu-ILE-RHUYS-1024x683.webp 1024w, https:\/\/www.camping-baden.com\/wp-content\/uploads\/2024\/10\/presqu-ILE-RHUYS-768x512.webp 768w\" sizes=\"(max-width: 1200px) 100vw, 1200px\" \/><\/a><figcaption class=\"wp-element-caption\">Wandern in der Bretagne<\/figcaption><\/figure>\n<\/figure>\n<\/div>\n<\/div>\n\n\r\n    <\/div>\r\n<\/section><section id=\"ls-section-block_ed2d4154159a4fb5c4db80e517d4ce5f\" class=\"ls-section  home-sixth page-three bis\" >\r\n        <div class=\"container container--full\">\r\n        \n\n<div class=\"wp-block-columns are-vertically-aligned-center page-two page-vague-alt is-layout-flex wp-container-core-columns-is-layout-9d6595d7 wp-block-columns-is-layout-flex\">\n<div class=\"wp-block-column is-vertically-aligned-center is-layout-flow wp-block-column-is-layout-flow\" style=\"flex-basis:55%\">\n<figure class=\"wp-block-gallery has-nested-images columns-default is-cropped animated fadeIn slow wp-block-gallery-2 is-layout-flex wp-block-gallery-is-layout-flex\">\n<figure class=\"wp-block-image size-large\"><img decoding=\"async\" width=\"1024\" height=\"683\" data-id=\"10739\" src=\"https:\/\/www.camping-baden.com\/wp-content\/uploads\/2024\/10\/oiseaux-sene-crtb-ad2844_BOURCIER-Simon-1024x683.webp\" alt=\"V&#xF6;gel sene crtb ad BOURCIER Simon\" class=\"wp-image-10739\" srcset=\"https:\/\/www.camping-baden.com\/wp-content\/uploads\/2024\/10\/oiseaux-sene-crtb-ad2844_BOURCIER-Simon-1024x683.webp 1024w, https:\/\/www.camping-baden.com\/wp-content\/uploads\/2024\/10\/oiseaux-sene-crtb-ad2844_BOURCIER-Simon-300x200.webp 300w, https:\/\/www.camping-baden.com\/wp-content\/uploads\/2024\/10\/oiseaux-sene-crtb-ad2844_BOURCIER-Simon-768x512.webp 768w, https:\/\/www.camping-baden.com\/wp-content\/uploads\/2024\/10\/oiseaux-sene-crtb-ad2844_BOURCIER-Simon.webp 1200w\" sizes=\"(max-width: 1024px) 100vw, 1024px\" \/><\/figure>\n\n\n\n<figure class=\"wp-block-image size-full\"><img decoding=\"async\" width=\"1200\" height=\"800\" data-id=\"10767\" src=\"https:\/\/www.camping-baden.com\/wp-content\/uploads\/2024\/10\/OTVannes19@alamoureux_MG_0658-1.webp\" alt=\"OTVannes@alamoureux MG\" class=\"wp-image-10767\" srcset=\"https:\/\/www.camping-baden.com\/wp-content\/uploads\/2024\/10\/OTVannes19@alamoureux_MG_0658-1.webp 1200w, https:\/\/www.camping-baden.com\/wp-content\/uploads\/2024\/10\/OTVannes19@alamoureux_MG_0658-1-300x200.webp 300w, https:\/\/www.camping-baden.com\/wp-content\/uploads\/2024\/10\/OTVannes19@alamoureux_MG_0658-1-1024x683.webp 1024w, https:\/\/www.camping-baden.com\/wp-content\/uploads\/2024\/10\/OTVannes19@alamoureux_MG_0658-1-768x512.webp 768w\" sizes=\"(max-width: 1200px) 100vw, 1200px\" \/><\/figure>\n\n\n\n<figure class=\"wp-block-image size-full\"><a href=\"https:\/\/www.camping-baden.com\/wp-content\/uploads\/2024\/10\/oiseaux-sene-crtb-ad2845_BOURCIER-Simon.webp\"><img decoding=\"async\" width=\"1200\" height=\"800\" data-id=\"10743\" src=\"https:\/\/www.camping-baden.com\/wp-content\/uploads\/2024\/10\/oiseaux-sene-crtb-ad2845_BOURCIER-Simon.webp\" alt=\"V&#xF6;gel sene crtb ad BOURCIER Simon\" class=\"wp-image-10743\" srcset=\"https:\/\/www.camping-baden.com\/wp-content\/uploads\/2024\/10\/oiseaux-sene-crtb-ad2845_BOURCIER-Simon.webp 1200w, https:\/\/www.camping-baden.com\/wp-content\/uploads\/2024\/10\/oiseaux-sene-crtb-ad2845_BOURCIER-Simon-300x200.webp 300w, https:\/\/www.camping-baden.com\/wp-content\/uploads\/2024\/10\/oiseaux-sene-crtb-ad2845_BOURCIER-Simon-1024x683.webp 1024w, https:\/\/www.camping-baden.com\/wp-content\/uploads\/2024\/10\/oiseaux-sene-crtb-ad2845_BOURCIER-Simon-768x512.webp 768w\" sizes=\"(max-width: 1200px) 100vw, 1200px\" \/><\/a><figcaption class=\"wp-element-caption\">suscinio morbihan tourisme @Marc Schaffner<\/figcaption><\/figure>\n\n\n\n<figure class=\"wp-block-image size-full\"><img decoding=\"async\" width=\"1200\" height=\"800\" data-id=\"10748\" src=\"https:\/\/www.camping-baden.com\/wp-content\/uploads\/2024\/10\/oiseaux-sene-crtb-ad3068_BOURCIER-Simon.webp\" alt=\"V&#xF6;gel sene crtb ad BOURCIER Simon\" class=\"wp-image-10748\" srcset=\"https:\/\/www.camping-baden.com\/wp-content\/uploads\/2024\/10\/oiseaux-sene-crtb-ad3068_BOURCIER-Simon.webp 1200w, https:\/\/www.camping-baden.com\/wp-content\/uploads\/2024\/10\/oiseaux-sene-crtb-ad3068_BOURCIER-Simon-300x200.webp 300w, https:\/\/www.camping-baden.com\/wp-content\/uploads\/2024\/10\/oiseaux-sene-crtb-ad3068_BOURCIER-Simon-1024x683.webp 1024w, https:\/\/www.camping-baden.com\/wp-content\/uploads\/2024\/10\/oiseaux-sene-crtb-ad3068_BOURCIER-Simon-768x512.webp 768w\" sizes=\"(max-width: 1200px) 100vw, 1200px\" \/><\/figure>\n\n\n\n<figure class=\"wp-block-image size-full\"><img decoding=\"async\" width=\"1200\" height=\"800\" data-id=\"10752\" src=\"https:\/\/www.camping-baden.com\/wp-content\/uploads\/2024\/10\/oiseaux-sene-grand-cormoran-DERENNES-Yannick.webp\" alt=\"V&#xF6;gel Sene Kormoran DERENNES Yannick\" class=\"wp-image-10752\" srcset=\"https:\/\/www.camping-baden.com\/wp-content\/uploads\/2024\/10\/oiseaux-sene-grand-cormoran-DERENNES-Yannick.webp 1200w, https:\/\/www.camping-baden.com\/wp-content\/uploads\/2024\/10\/oiseaux-sene-grand-cormoran-DERENNES-Yannick-300x200.webp 300w, https:\/\/www.camping-baden.com\/wp-content\/uploads\/2024\/10\/oiseaux-sene-grand-cormoran-DERENNES-Yannick-1024x683.webp 1024w, https:\/\/www.camping-baden.com\/wp-content\/uploads\/2024\/10\/oiseaux-sene-grand-cormoran-DERENNES-Yannick-768x512.webp 768w\" sizes=\"(max-width: 1200px) 100vw, 1200px\" \/><\/figure>\n\n\n\n<figure class=\"wp-block-image size-full\"><img decoding=\"async\" width=\"1202\" height=\"800\" data-id=\"10756\" src=\"https:\/\/www.camping-baden.com\/wp-content\/uploads\/2024\/10\/oiseaux-sene-mouette-rieuse-BERTHIER-Emmanuel.webp\" alt=\"V&#xF6;gel Senegal Lachm&#xF6;we BERTHIER Emmanuel\" class=\"wp-image-10756\" srcset=\"https:\/\/www.camping-baden.com\/wp-content\/uploads\/2024\/10\/oiseaux-sene-mouette-rieuse-BERTHIER-Emmanuel.webp 1202w, https:\/\/www.camping-baden.com\/wp-content\/uploads\/2024\/10\/oiseaux-sene-mouette-rieuse-BERTHIER-Emmanuel-300x200.webp 300w, https:\/\/www.camping-baden.com\/wp-content\/uploads\/2024\/10\/oiseaux-sene-mouette-rieuse-BERTHIER-Emmanuel-1024x682.webp 1024w, https:\/\/www.camping-baden.com\/wp-content\/uploads\/2024\/10\/oiseaux-sene-mouette-rieuse-BERTHIER-Emmanuel-768x511.webp 768w\" sizes=\"(max-width: 1202px) 100vw, 1202px\" \/><\/figure>\n<\/figure>\n<\/div>\n\n\n\n<div class=\"wp-block-column is-vertically-aligned-center text is-layout-flow wp-block-column-is-layout-flow\" style=\"flex-basis:45%\">\n<h2 class=\"ls__heading wp-block-heading has-color-1-color has-text-color has-link-color wp-elements-035c52d6d1be063b3f999415dd372790\">Sen\u00e9<\/h2>\n\n\n\n<p class=\"ls-paragraph\">Die Stadt <strong>S\u00e9n\u00e9<\/strong> liegt s\u00fcd\u00f6stlich von Vannes und wird Sie mit ihrer <strong>nat\u00fcrlichen Sch\u00f6nheit<\/strong> und ihrer <strong>friedlichen Atmosph\u00e4re<\/strong> in Erstaunen versetzen. Wenn Sie auf den<strong> K\u00fcstenpfaden<\/strong> entlang des Golfs von Morbihan wandern, werden Sie von <strong>den atemberaubenden Aussichten auf die vielen kleinen Inseln <\/strong>, die den Golf durchziehen, begeistert sein.   <\/p>\n\n\n\n<p class=\"ls-paragraph\">Diese Spazierg\u00e4nge bieten die Gelegenheit, sich wieder mit der Natur zu verbinden und dabei das Panorama zu bewundern, das sich je nach Tageslicht und Gezeiten ver\u00e4ndert.<\/p>\n\n\n\n<p class=\"ls-paragraph\">Das <a href=\"https:\/\/www.reservedesene.bzh\/\" target=\"_blank\" rel=\"noreferrer noopener\">Naturreservat der S\u00fcmpfe von S\u00e9n\u00e9<\/a> ist ein Muss f\u00fcr Naturliebhaber. Das <strong>gr\u00f6\u00dfte Naturgebiet im Golf von Morbihan<\/strong> (530 Hektar) ist ein \u00f6kologisches Heiligtum, das f\u00fcr seine Biodiversit\u00e4t und insbesondere f\u00fcr seine Wasserv\u00f6gel bekannt ist.   <\/p>\n\n\n\n<div class=\"ls-lire-plus\">\n    <input id=\"ls-lire-plus-block_e737f10dd8262b6213c1cd8e7badbff969ef82b06e762\" type=\"checkbox\" class=\"ls-lire-plus__toggle\" \/>\n    <label for=\"ls-lire-plus-block_e737f10dd8262b6213c1cd8e7badbff969ef82b06e762\" class=\"ls-lire-plus__toggle-label\">\n        <div>\n            <span>\n                Lesen Sie mehr            <\/span>\n            <i class=\"mane-fleche\"><\/i>\n        <\/div>\n        <div>\n            <span>\n                Lesen Sie mehr            <\/span>\n            <i class=\"mane-fleche\"><\/i>\n        <\/div>\n    <\/label>\n    <div class=\"ls-lire-plus__content\">\n        \n\n<p class=\"ls-paragraph\">Jeder Besuch ist eine Gelegenheit, den Reichtum und die <strong>Vielfalt der feuchten \u00d6kosysteme<\/strong> zu entdecken, mit <strong>gut angelegten Pfaden<\/strong> zur Beobachtung von V\u00f6geln und einheimischen Pflanzen.  <\/p>\n\n\n\n<p class=\"ls-paragraph\">Die Stadt <strong>S\u00e9n\u00e9<\/strong> liegt s\u00fcd\u00f6stlich von Vannes und wird Sie mit ihrer <strong>nat\u00fcrlichen Sch\u00f6nheit<\/strong> und ihrer <strong>friedlichen Atmosph\u00e4re<\/strong> begeistern.  <\/p>\n\n\n\n<p class=\"ls-paragraph\">Wenn Sie auf den<strong> K\u00fcstenpfaden<\/strong> entlang des Golfs von Morbihan wandern, werden Sie von <strong>den atemberaubenden Aussichten auf die vielen kleinen Inseln <\/strong>, die den Golf \u00fcbers\u00e4en, begeistert sein. Diese Wanderungen bieten Ihnen die Gelegenheit, sich mit der Natur zu verbinden und gleichzeitig die Panoramen zu bewundern, die sich je nach Tageslicht und Gezeiten ver\u00e4ndern. <\/p>\n\n        <div class=\"ls-lire-plus__gradient\" style=\"background: linear-gradient(to bottom,rgba(255,255,255,0) 0%,rgba(255,255,255,1) 100%);\"><\/div>\n    <\/div>\n<\/div><\/div>\n<\/div>\n\n\r\n    <\/div>\r\n<\/section><section id=\"snack\" class=\"ls-section  home-sixth page-one\" >\r\n        <div class=\"container container--full\">\r\n        \n\n<div class=\"wp-block-columns are-vertically-aligned-center home-sixth page-one is-layout-flex wp-container-core-columns-is-layout-9d6595d7 wp-block-columns-is-layout-flex\">\n<div class=\"wp-block-column is-vertically-aligned-center text is-layout-flow wp-block-column-is-layout-flow\" style=\"flex-basis:45%\">\n<h2 class=\"ls__heading wp-block-heading has-color-1-color has-text-color has-link-color wp-elements-fbddd2c073c8f43b53035e84433ff818\">Port Anna  <\/h2>\n\n\n\n<p class=\"ls-paragraph\">Wenn Sie S\u00e9n\u00e9 besuchen, sollten Sie auch den <strong>charmanten Fischer- und Jachthafen<\/strong> Port Anna besuchen.  <\/p>\n\n\n\n<p class=\"ls-paragraph\">Dieser Hafen, der <strong>letzte noch aktive Fischereihafen<\/strong> am Golf von Morbihan, verbindet Tradition und Authentizit\u00e4t. Hier finden Sie <strong>bunte Boote<\/strong>, <strong>Fischer bei der Arbeit <\/strong>und eine <strong>vibrierende Atmosph\u00e4re<\/strong>, die das reiche maritime Erbe der Region widerspiegelt.   <\/p>\n\n\n\n<p class=\"ls-paragraph\">Bei einem Spaziergang um den Hafen k\u00f6nnen Sie auch die lokale Unterhaltung genie\u00dfen und die<strong> fangfrischen Meeresfr\u00fcchte-Spezialit\u00e4ten<\/strong> probieren, die ein einzigartiges kulinarisches Erlebnis bieten.<\/p>\n<\/div>\n\n\n\n<div class=\"wp-block-column is-vertically-aligned-center is-layout-flow wp-block-column-is-layout-flow\" style=\"flex-basis:55%\">\n<figure class=\"wp-block-gallery has-nested-images columns-default is-cropped animated fadeIn slow wp-block-gallery-3 is-layout-flex wp-block-gallery-is-layout-flex\">\n<figure class=\"wp-block-image size-full\"><a href=\"https:\/\/www.camping-baden.com\/wp-content\/uploads\/2024\/10\/port-anna-sene-a-lamoureux@Golfe-office-tourisme-golfe-du-morbihan.webp\"><img decoding=\"async\" width=\"1200\" height=\"800\" data-id=\"10760\" src=\"https:\/\/www.camping-baden.com\/wp-content\/uploads\/2024\/10\/port-anna-sene-a-lamoureux@Golfe-office-tourisme-golfe-du-morbihan.webp\" alt=\"port anna sene a lamoureux@Golfe office tourisme golfe du morbihan\" class=\"wp-image-10760\" srcset=\"https:\/\/www.camping-baden.com\/wp-content\/uploads\/2024\/10\/port-anna-sene-a-lamoureux@Golfe-office-tourisme-golfe-du-morbihan.webp 1200w, https:\/\/www.camping-baden.com\/wp-content\/uploads\/2024\/10\/port-anna-sene-a-lamoureux@Golfe-office-tourisme-golfe-du-morbihan-300x200.webp 300w, https:\/\/www.camping-baden.com\/wp-content\/uploads\/2024\/10\/port-anna-sene-a-lamoureux@Golfe-office-tourisme-golfe-du-morbihan-1024x683.webp 1024w, https:\/\/www.camping-baden.com\/wp-content\/uploads\/2024\/10\/port-anna-sene-a-lamoureux@Golfe-office-tourisme-golfe-du-morbihan-768x512.webp 768w\" sizes=\"(max-width: 1200px) 100vw, 1200px\" \/><\/a><figcaption class=\"wp-element-caption\">suscinio morbihan tourisme @Marc Schaffner<\/figcaption><\/figure>\n\n\n\n<figure class=\"wp-block-image size-full\"><a href=\"https:\/\/www.camping-baden.com\/wp-content\/uploads\/2024\/10\/crtb-ad9425_PORIEL-Thibault-_-SB.webp\"><img decoding=\"async\" width=\"1200\" height=\"800\" data-id=\"7931\" src=\"https:\/\/www.camping-baden.com\/wp-content\/uploads\/2024\/10\/crtb-ad9425_PORIEL-Thibault-_-SB.webp\" alt=\"crtb ad PORIEL Thibault SB\" class=\"wp-image-7931\" srcset=\"https:\/\/www.camping-baden.com\/wp-content\/uploads\/2024\/10\/crtb-ad9425_PORIEL-Thibault-_-SB.webp 1200w, https:\/\/www.camping-baden.com\/wp-content\/uploads\/2024\/10\/crtb-ad9425_PORIEL-Thibault-_-SB-300x200.webp 300w, https:\/\/www.camping-baden.com\/wp-content\/uploads\/2024\/10\/crtb-ad9425_PORIEL-Thibault-_-SB-1024x683.webp 1024w, https:\/\/www.camping-baden.com\/wp-content\/uploads\/2024\/10\/crtb-ad9425_PORIEL-Thibault-_-SB-768x512.webp 768w\" sizes=\"(max-width: 1200px) 100vw, 1200px\" \/><\/a><figcaption class=\"wp-element-caption\"><br\/>Austernhafen Bretagne @PORIEL Thibault SB<\/figcaption><\/figure>\n\n\n\n<figure class=\"wp-block-image size-full\"><img decoding=\"async\" width=\"1200\" height=\"800\" data-id=\"7941\" src=\"https:\/\/www.camping-baden.com\/wp-content\/uploads\/2024\/10\/vlo_29651073443_o.webp\" alt=\"Fahrradtour zum Hafen der Bretagne\" class=\"wp-image-7941\" srcset=\"https:\/\/www.camping-baden.com\/wp-content\/uploads\/2024\/10\/vlo_29651073443_o.webp 1200w, https:\/\/www.camping-baden.com\/wp-content\/uploads\/2024\/10\/vlo_29651073443_o-300x200.webp 300w, https:\/\/www.camping-baden.com\/wp-content\/uploads\/2024\/10\/vlo_29651073443_o-1024x683.webp 1024w, https:\/\/www.camping-baden.com\/wp-content\/uploads\/2024\/10\/vlo_29651073443_o-768x512.webp 768w\" sizes=\"(max-width: 1200px) 100vw, 1200px\" \/><figcaption class=\"wp-element-caption\">Fahrradtour Hafen Bretagne<\/figcaption><\/figure>\n<\/figure>\n<\/div>\n<\/div>\n\n\r\n    <\/div>\r\n<\/section><section id=\"ls-section-block_03ec8c542fa96c60e004772051a5c4a7\" class=\"ls-section  page-two page-vague has-background has-color-4-background-color\" >\r\n        <div class=\"container container--full\">\r\n        \n\n<div class=\"wp-block-columns first is-layout-flex wp-container-core-columns-is-layout-9d6595d7 wp-block-columns-is-layout-flex\">\n<div class=\"wp-block-column is-layout-flow wp-block-column-is-layout-flow\" style=\"flex-basis:100%\">\n<div class=\"icone\"><i class=\"mane-g\"><\/i><\/div>\n\n\n\n<h2 class=\"ls__heading wp-block-heading has-text-align-center has-color-1-color has-text-color has-link-color wp-elements-ca19f031b37c1b81ac41321b29f0f47b\">Sarzeau<\/h2>\n\n\n\n<p class=\"ls-paragraph\">Im Herzen der Halbinsel Rhuys, in Sarzeau, entdecken Sie eine wahre Oase der Ruhe, wo sich nat\u00fcrlicher Charme und historischer Reichtum vermischen.  <\/p>\n\n\n\n<p class=\"ls-paragraph\">Schlendern Sie entlang der<strong>malerischen kleinen Austernh\u00e4fen<\/strong>, wo die lokale Aktivit\u00e4t Sie dazu einl\u00e4dt, frisch geerntete Austern zu genie\u00dfen, w\u00e4hrend Sie die Meereslandschaft bewundern.  <\/p>\n\n\n\n<p class=\"ls-paragraph\">Die zahlreichen <strong>Wanderwege<\/strong> schl\u00e4ngeln sich durch atemberaubende Panoramen und bieten einen atemberaubenden Blick auf das Meer und die weiten <strong>Sandstr\u00e4nde<\/strong>.  <\/p>\n\n\n\n<p class=\"ls-paragraph\">Um in die lokale Geschichte einzutauchen, sollten Sie <a href=\"https:\/\/www.suscinio.fr\/\">das Ch\u00e2teau de Suscinio besuchen<\/a>, ein majest\u00e4tisches <strong>mittelalterliches<\/strong> <a href=\"https:\/\/www.suscinio.fr\/\">Schloss<\/a>, das nur 800 Meter vom gro\u00dfen Strand von Suscinio entfernt liegt.  <\/p>\n\n\n\n<p class=\"ls-paragraph\">Umgeben von S\u00fcmpfen und W\u00e4ldern, versetzt Sie dieses <strong>historische Monument<\/strong> mit seinen imposanten T\u00fcrmen und malerischen Gr\u00e4ben in die Vergangenheit. Sarzeau bietet mit seinen vielf\u00e4ltigen Attraktionen eine bereichernde und erholsame Erfahrung, ideal f\u00fcr einen ruhigen Urlaub. <\/p>\n<\/div>\n<\/div>\n\n\n\n<figure class=\"wp-block-gallery has-nested-images columns-default is-cropped wp-block-gallery-4 is-layout-flex wp-block-gallery-is-layout-flex\">\n<figure class=\"wp-block-image size-full\"><a href=\"https:\/\/www.camping-baden.com\/wp-content\/uploads\/2024\/10\/suscinio-morbihan-tourisme-Marc-Schaffner.webp\"><img decoding=\"async\" width=\"1200\" height=\"800\" data-id=\"7919\" src=\"https:\/\/www.camping-baden.com\/wp-content\/uploads\/2024\/10\/suscinio-morbihan-tourisme-Marc-Schaffner.webp\" alt=\"suscinio morbihan Tourismus Marc Schaffner\" class=\"wp-image-7919\" srcset=\"https:\/\/www.camping-baden.com\/wp-content\/uploads\/2024\/10\/suscinio-morbihan-tourisme-Marc-Schaffner.webp 1200w, https:\/\/www.camping-baden.com\/wp-content\/uploads\/2024\/10\/suscinio-morbihan-tourisme-Marc-Schaffner-300x200.webp 300w, https:\/\/www.camping-baden.com\/wp-content\/uploads\/2024\/10\/suscinio-morbihan-tourisme-Marc-Schaffner-1024x683.webp 1024w, https:\/\/www.camping-baden.com\/wp-content\/uploads\/2024\/10\/suscinio-morbihan-tourisme-Marc-Schaffner-768x512.webp 768w\" sizes=\"(max-width: 1200px) 100vw, 1200px\" \/><\/a><\/figure>\n\n\n\n<figure class=\"wp-block-image size-full\"><img decoding=\"async\" width=\"1200\" height=\"801\" data-id=\"10724\" src=\"https:\/\/www.camping-baden.com\/wp-content\/uploads\/2024\/10\/chateau_suscinio-a-lamoureux-office-tourisme-golfe-du-morbihan.webp\" alt=\"Schloss Suscinio in Lamoureux Fremdenverkehrsamt Golf von Morbihan\" class=\"wp-image-10724\" srcset=\"https:\/\/www.camping-baden.com\/wp-content\/uploads\/2024\/10\/chateau_suscinio-a-lamoureux-office-tourisme-golfe-du-morbihan.webp 1200w, https:\/\/www.camping-baden.com\/wp-content\/uploads\/2024\/10\/chateau_suscinio-a-lamoureux-office-tourisme-golfe-du-morbihan-300x200.webp 300w, https:\/\/www.camping-baden.com\/wp-content\/uploads\/2024\/10\/chateau_suscinio-a-lamoureux-office-tourisme-golfe-du-morbihan-1024x684.webp 1024w, https:\/\/www.camping-baden.com\/wp-content\/uploads\/2024\/10\/chateau_suscinio-a-lamoureux-office-tourisme-golfe-du-morbihan-768x513.webp 768w\" sizes=\"(max-width: 1200px) 100vw, 1200px\" \/><\/figure>\n\n\n\n<figure class=\"wp-block-image size-full\"><a href=\"https:\/\/www.camping-baden.com\/wp-content\/uploads\/2024\/10\/Suscinio-GMVT-alamoureux_MG_7435.webp\"><img decoding=\"async\" width=\"1200\" height=\"800\" data-id=\"7889\" src=\"https:\/\/www.camping-baden.com\/wp-content\/uploads\/2024\/10\/Suscinio-GMVT-alamoureux_MG_7435.webp\" alt=\"Suscinio GMVT alamoureux MG\" class=\"wp-image-7889\" srcset=\"https:\/\/www.camping-baden.com\/wp-content\/uploads\/2024\/10\/Suscinio-GMVT-alamoureux_MG_7435.webp 1200w, https:\/\/www.camping-baden.com\/wp-content\/uploads\/2024\/10\/Suscinio-GMVT-alamoureux_MG_7435-300x200.webp 300w, https:\/\/www.camping-baden.com\/wp-content\/uploads\/2024\/10\/Suscinio-GMVT-alamoureux_MG_7435-1024x683.webp 1024w, https:\/\/www.camping-baden.com\/wp-content\/uploads\/2024\/10\/Suscinio-GMVT-alamoureux_MG_7435-768x512.webp 768w\" sizes=\"(max-width: 1200px) 100vw, 1200px\" \/><\/a><\/figure>\n<\/figure>\n\n\r\n    <\/div>\r\n<\/section><section id=\"ls-section-block_ed2d4154159a4fb5c4db80e517d4ce5f\" class=\"ls-section  home-sixth page-three bis\" >\r\n        <div class=\"container container--full\">\r\n        \n\n<div class=\"wp-block-columns are-vertically-aligned-center first is-layout-flex wp-container-core-columns-is-layout-9d6595d7 wp-block-columns-is-layout-flex\">\n<div class=\"wp-block-column is-vertically-aligned-center is-layout-flow wp-block-column-is-layout-flow\" style=\"flex-basis:55%\">\n<figure class=\"wp-block-gallery has-nested-images columns-default is-cropped animated fadeIn slow wp-block-gallery-5 is-layout-flex wp-block-gallery-is-layout-flex\">\n<figure class=\"wp-block-image size-full\"><img decoding=\"async\" width=\"1200\" height=\"800\" data-id=\"10704\" src=\"https:\/\/www.camping-baden.com\/wp-content\/uploads\/2024\/10\/arzon_office-tourisme-golfe-du-morbihan-2.webp\" alt=\"arzon office tourisme golfe du morbihan ()\" class=\"wp-image-10704\" srcset=\"https:\/\/www.camping-baden.com\/wp-content\/uploads\/2024\/10\/arzon_office-tourisme-golfe-du-morbihan-2.webp 1200w, https:\/\/www.camping-baden.com\/wp-content\/uploads\/2024\/10\/arzon_office-tourisme-golfe-du-morbihan-2-300x200.webp 300w, https:\/\/www.camping-baden.com\/wp-content\/uploads\/2024\/10\/arzon_office-tourisme-golfe-du-morbihan-2-1024x683.webp 1024w, https:\/\/www.camping-baden.com\/wp-content\/uploads\/2024\/10\/arzon_office-tourisme-golfe-du-morbihan-2-768x512.webp 768w\" sizes=\"(max-width: 1200px) 100vw, 1200px\" \/><\/figure>\n\n\n\n<figure class=\"wp-block-image size-full animated fadeIn slow\"><a href=\"https:\/\/www.camping-baden.com\/wp-content\/uploads\/2024\/10\/8-moulin_pen_castel-arzon-a-lamoureux_office-tourisme-golfe-du-morbihan.webp\"><img decoding=\"async\" width=\"1200\" height=\"800\" data-id=\"10729\" src=\"https:\/\/www.camping-baden.com\/wp-content\/uploads\/2024\/10\/8-moulin_pen_castel-arzon-a-lamoureux_office-tourisme-golfe-du-morbihan.webp\" alt=\"M&#xFC;hle Pen Castel Arzon a Lamoureux Fremdenverkehrsamt Golf von Morbihan\" class=\"wp-image-10729\" srcset=\"https:\/\/www.camping-baden.com\/wp-content\/uploads\/2024\/10\/8-moulin_pen_castel-arzon-a-lamoureux_office-tourisme-golfe-du-morbihan.webp 1200w, https:\/\/www.camping-baden.com\/wp-content\/uploads\/2024\/10\/8-moulin_pen_castel-arzon-a-lamoureux_office-tourisme-golfe-du-morbihan-300x200.webp 300w, https:\/\/www.camping-baden.com\/wp-content\/uploads\/2024\/10\/8-moulin_pen_castel-arzon-a-lamoureux_office-tourisme-golfe-du-morbihan-1024x683.webp 1024w, https:\/\/www.camping-baden.com\/wp-content\/uploads\/2024\/10\/8-moulin_pen_castel-arzon-a-lamoureux_office-tourisme-golfe-du-morbihan-768x512.webp 768w\" sizes=\"(max-width: 1200px) 100vw, 1200px\" \/><\/a><figcaption class=\"wp-element-caption\">Halbinsel Rhuys alamoureux@Golfe<\/figcaption><\/figure>\n\n\n\n<figure class=\"wp-block-image size-full animated fadeIn slow\"><a href=\"https:\/\/www.camping-baden.com\/wp-content\/uploads\/2024\/10\/Suscinio-GMVT-alamoureux_MG_7435.webp\"><img decoding=\"async\" width=\"1200\" height=\"800\" data-id=\"7889\" src=\"https:\/\/www.camping-baden.com\/wp-content\/uploads\/2024\/10\/Suscinio-GMVT-alamoureux_MG_7435.webp\" alt=\"Suscinio GMVT alamoureux MG\" class=\"wp-image-7889\" srcset=\"https:\/\/www.camping-baden.com\/wp-content\/uploads\/2024\/10\/Suscinio-GMVT-alamoureux_MG_7435.webp 1200w, https:\/\/www.camping-baden.com\/wp-content\/uploads\/2024\/10\/Suscinio-GMVT-alamoureux_MG_7435-300x200.webp 300w, https:\/\/www.camping-baden.com\/wp-content\/uploads\/2024\/10\/Suscinio-GMVT-alamoureux_MG_7435-1024x683.webp 1024w, https:\/\/www.camping-baden.com\/wp-content\/uploads\/2024\/10\/Suscinio-GMVT-alamoureux_MG_7435-768x512.webp 768w\" sizes=\"(max-width: 1200px) 100vw, 1200px\" \/><\/a><figcaption class=\"wp-element-caption\">Panoramablick auf den Tourismus in Arzon @Suscinio GMVT alamoureux<\/figcaption><\/figure>\n<\/figure>\n<\/div>\n\n\n\n<div class=\"wp-block-column is-vertically-aligned-center text is-layout-flow wp-block-column-is-layout-flow\" style=\"flex-basis:45%\">\n<h2 class=\"ls__heading wp-block-heading has-color-1-color has-text-color has-link-color wp-elements-b2cc50a30e8a4eb2d9156e3f9bcdc798\">Arzon<\/h2>\n\n\n\n<p class=\"ls-paragraph\">Arzon liegt an der Spitze der Halbinsel Rhuys und ist ein <a href=\"https:\/\/www.sensation-bretagne.com\/destinations\/arzon-port-crouesty-port-navalo\/\" target=\"_blank\" rel=\"noreferrer noopener\">unumg\u00e4nglicher Ort auf der Halbinsel Rhuys<\/a>. In <strong>Port-Navalo<\/strong> haben Sie einen herrlichen Blick auf die <strong>Einfahrt in den Golf von Morbihan<\/strong>, die Kreuzung der Gew\u00e4sserdes Golfs und des Ozeans und die <strong>Parade der<\/strong> ein- und auslaufenden Segelschiffe .  <\/p>\n\n\n\n<p class=\"ls-paragraph\">Auf <a href=\"https:\/\/www.mongr.fr\/trouver-prochaine-randonnee\/suggestion\/gr-34-de-sene-a-arzon\" target=\"_blank\" rel=\"noreferrer noopener\">dem GR34<\/a> k\u00f6nnen Sie die herrliche Aussicht auf die K\u00fcste genie\u00dfen. Weiter \u00f6stlich, am <strong>Hafen von Crouesty<\/strong>, dem gr\u00f6\u00dften <strong>Hafen der Bretagne<\/strong>, k\u00f6nnen Sie flanieren, die vielen Boote bewundern, in den Gesch\u00e4ften einkaufen oder auch essen gehen. <\/p>\n<\/div>\n<\/div>\n\n\r\n    <\/div>\r\n<\/section><section id=\"ls-section-block_6a54871406e6c7efa7cc4eb42b82fe79\" class=\"ls-section  page-two page-vague-alt has-background has-color-6-background-color has-m-t m-t-0 has-m-b m-b-10 has-p-t p-t-7 has-p-b p-b-8\" >\r\n        <div class=\"container \">\r\n        \n\n<div id=\"ls-heading ls-titre-div-block_363560de621f6679e4993032f6e85a65\" class=\"ls-titre-div aligncenter h2-like has-text-color has-color-1-color\" >\n    Praktische Informationen f\u00fcr Ihren Besuch auf der Halbinsel Rhuys \/ Agenda  <\/div>\n\n\n\n<ul class=\"ls-list ls-list-undefined wp-block-list\">\n<li><a href=\"https:\/\/www.letelegramme.fr\/morbihan\/sarzeau-56370\/a-sarzeau-le-reveil-saint-jacques-prepare-la-85e-edition-de-la-fete-de-la-mer-le-21-juillet-6626066.php\" target=\"_blank\" rel=\"noreferrer noopener nofollow\">Meeresfest am Port de St Jacques, Sarzeau, Juli  <\/a><\/li>\n\n\n\n<li><a href=\"https:\/\/www.golfedumorbihan.bzh\/explorer-vannes\/decouvrir-vannes\/golfe-morbihan\/presquile-rhuys\/\" target=\"_blank\" rel=\"noreferrer noopener\">Presqu&#8217;\u00eele de Rhuys Tourismus<\/a> <\/li>\n\n\n\n<li><a href=\"https:\/\/morbihan.com\/decouvrir\/le-morbihan-et-ses-perles-bretonnes\/destination-golfe-du-morbihan\/presquile-de-rhuys\/\" target=\"_blank\" rel=\"noreferrer noopener\">Morbihan Tourismus<\/a> <\/li>\n<\/ul>\n\n\r\n    <\/div>\r\n<\/section><section id=\"ls-section-block_7b8acb1a13fa04c8c143d51d00aa216f\" class=\"ls-section  page-cta\" >\r\n        <div class=\"container container--wide\">\r\n        \n\n<div id=\"ls-heading ls-titre-div-block_0e100b7d5e64bda16eaf50479c3a4830\" class=\"ls-titre-div aligncenter h1-like has-text-color has-color-2-color\" >\n    Entdecken Sie <em>die Umgebung<\/em><\/div>\n\n\n\n<div id=\"ls-maillage-block_20f4278cd8bdea865d9400c83733fa6e\" class=\"ls-maillage animated fadeIn slow cta-style-normal\" data-rows=\"3\">\n\n    <div class=\"wp-block-columns\"><div class=\"wp-block-column\">\n\n<a href=\"https:\/\/www.camping-baden.com\/de\/tourismus-vannes\/\" target=\"\" rel=\"noopener\" class=\"ls-cta__link\" data-categ=\"\">\n\t<div class=\"ls-cta__image\"><img decoding=\"async\" src=\"https:\/\/www.camping-baden.com\/wp-content\/uploads\/2024\/10\/tourisme-vannes-alamoureux@OTGolfe17_D4_8662.webp\" alt=\"Tourismus Vannes alamoureux@OTGolfe D\"><\/div>\n\t<div class=\"ls-cta__title\">\n\t\tVannes und seine Stadtmauern\t\t<i class=\"mane-fleche\"><\/i>\n\t<\/div>\n\n\t\n\t<\/a><\/div><div class=\"wp-block-column\">\n\n<a href=\"https:\/\/www.camping-baden.com\/de\/tourismus-golf-von-morbihan\/\" target=\"\" rel=\"noopener\" class=\"ls-cta__link\" data-categ=\"\">\n\t<div class=\"ls-cta__image\"><img decoding=\"async\" src=\"https:\/\/www.camping-baden.com\/wp-content\/uploads\/2024\/10\/golfe-morbihan-et-ses-iles-crtb-ac8092_LE-GAL-Yannick.webp\" alt=\"Golf Morbihan und seine Inseln crtb ac LE GAL Yannick\"><\/div>\n\t<div class=\"ls-cta__title\">\n\t\tGolf von Morbihan und seine Inseln\t\t<i class=\"mane-fleche\"><\/i>\n\t<\/div>\n\n\t\n\t<\/a><\/div><div class=\"wp-block-column\">\n\n<a href=\"https:\/\/www.camping-baden.com\/de\/tourismus-baden-larmor-baden\/\" target=\"\" rel=\"noopener\" class=\"ls-cta__link\" data-categ=\"\">\n\t<div class=\"ls-cta__image\"><img decoding=\"async\" src=\"https:\/\/www.camping-baden.com\/wp-content\/uploads\/2024\/10\/sept-iles-larmor-baden-alamoureux@OTGolfe17_DRN_0567-1.webp\" alt=\"sieben Inseln larmor baden alamoureux@OTGolfe DRN\"><\/div>\n\t<div class=\"ls-cta__title\">\n\t\tBaden und Larmor Baden\t\t<i class=\"mane-fleche\"><\/i>\n\t<\/div>\n\n\t\n\t<\/a><\/div><\/div>\n<\/div>\n\r\n    <\/div>\r\n<\/section>","protected":false},"excerpt":{"rendered":"","protected":false},"author":1,"featured_media":7940,"parent":0,"menu_order":0,"comment_status":"closed","ping_status":"closed","template":"","meta":{"_acf_changed":false,"footnotes":""},"sujet":[],"class_list":["post-11033","page","type-page","status-publish","has-post-thumbnail","hentry"],"acf":[],"yoast_head":"<!-- This site is optimized with the Yoast SEO plugin v25.3 - https:\/\/yoast.com\/wordpress\/plugins\/seo\/ -->\n<title>Tourismus auf der Halbinsel Rhuys: S\u00e9n\u00e9, Arzon, Sarzeau<\/title>\n<meta name=\"description\" content=\"Erkunden Sie die Halbinsel Rhuys im S\u00fcden des Golfs von Morbihan: S\u00e9n\u00e9 und seine K\u00fcstenpfade, Arzon, Port-Navalo und der Hafen von Crouesty und Sarzeau und sein Schloss Suscinio.\" \/>\n<meta name=\"robots\" content=\"index, follow, max-snippet:-1, max-image-preview:large, max-video-preview:-1\" \/>\n<link rel=\"canonical\" href=\"https:\/\/www.camping-baden.com\/de\/tourismus-halbinsel-rhuys\/\" \/>\n<meta property=\"og:locale\" content=\"de_DE\" \/>\n<meta property=\"og:type\" content=\"article\" \/>\n<meta property=\"og:title\" content=\"Tourismus auf der Halbinsel Rhuys: S\u00e9n\u00e9, Arzon, Sarzeau\" \/>\n<meta property=\"og:description\" content=\"Erkunden Sie die Halbinsel Rhuys im S\u00fcden des Golfs von Morbihan: S\u00e9n\u00e9 und seine K\u00fcstenpfade, Arzon, Port-Navalo und der Hafen von Crouesty und Sarzeau und sein Schloss Suscinio.\" \/>\n<meta property=\"og:url\" content=\"https:\/\/www.camping-baden.com\/de\/tourismus-halbinsel-rhuys\/\" \/>\n<meta property=\"og:site_name\" content=\"Man\u00e9 Guernehu\u00e9\" \/>\n<meta property=\"article:modified_time\" content=\"2024-11-06T09:09:50+00:00\" \/>\n<meta property=\"og:image\" content=\"https:\/\/www.camping-baden.com\/wp-content\/uploads\/2024\/10\/arzon-presqu-ile-rhuys-GMVT20@alamoureux_DJI_0056-1.webp\" \/>\n\t<meta property=\"og:image:width\" content=\"2000\" \/>\n\t<meta property=\"og:image:height\" content=\"1332\" \/>\n\t<meta property=\"og:image:type\" content=\"image\/webp\" \/>\n<meta name=\"twitter:card\" content=\"summary_large_image\" \/>\n<meta name=\"twitter:label1\" content=\"Gesch\u00e4tzte Lesezeit\" \/>\n\t<meta name=\"twitter:data1\" content=\"4\u00a0Minuten\" \/>\n<script type=\"application\/ld+json\" class=\"yoast-schema-graph\">{\"@context\":\"https:\/\/schema.org\",\"@graph\":[{\"@type\":\"WebPage\",\"@id\":\"https:\/\/www.camping-baden.com\/de\/tourismus-halbinsel-rhuys\/\",\"url\":\"https:\/\/www.camping-baden.com\/de\/tourismus-halbinsel-rhuys\/\",\"name\":\"Tourismus auf der Halbinsel Rhuys: S\u00e9n\u00e9, Arzon, Sarzeau\",\"isPartOf\":{\"@id\":\"https:\/\/www.camping-baden.com\/de\/#website\"},\"primaryImageOfPage\":{\"@id\":\"https:\/\/www.camping-baden.com\/de\/tourismus-halbinsel-rhuys\/#primaryimage\"},\"image\":{\"@id\":\"https:\/\/www.camping-baden.com\/de\/tourismus-halbinsel-rhuys\/#primaryimage\"},\"thumbnailUrl\":\"https:\/\/www.camping-baden.com\/wp-content\/uploads\/2024\/10\/arzon-presqu-ile-rhuys-GMVT20@alamoureux_DJI_0056-1.webp\",\"datePublished\":\"2024-09-04T08:32:13+00:00\",\"dateModified\":\"2024-11-06T09:09:50+00:00\",\"description\":\"Erkunden Sie die Halbinsel Rhuys im S\u00fcden des Golfs von Morbihan: S\u00e9n\u00e9 und seine K\u00fcstenpfade, Arzon, Port-Navalo und der Hafen von Crouesty und Sarzeau und sein Schloss Suscinio.\",\"breadcrumb\":{\"@id\":\"https:\/\/www.camping-baden.com\/de\/tourismus-halbinsel-rhuys\/#breadcrumb\"},\"inLanguage\":\"de\",\"potentialAction\":[{\"@type\":\"ReadAction\",\"target\":[\"https:\/\/www.camping-baden.com\/de\/tourismus-halbinsel-rhuys\/\"]}]},{\"@type\":\"ImageObject\",\"inLanguage\":\"de\",\"@id\":\"https:\/\/www.camping-baden.com\/de\/tourismus-halbinsel-rhuys\/#primaryimage\",\"url\":\"https:\/\/www.camping-baden.com\/wp-content\/uploads\/2024\/10\/arzon-presqu-ile-rhuys-GMVT20@alamoureux_DJI_0056-1.webp\",\"contentUrl\":\"https:\/\/www.camping-baden.com\/wp-content\/uploads\/2024\/10\/arzon-presqu-ile-rhuys-GMVT20@alamoureux_DJI_0056-1.webp\",\"width\":2000,\"height\":1332,\"caption\":\"Arzon Presqu'ile de Rhuys @ A. Lamoureux Office de Tourisme Golfe du Morbihan\"},{\"@type\":\"BreadcrumbList\",\"@id\":\"https:\/\/www.camping-baden.com\/de\/tourismus-halbinsel-rhuys\/#breadcrumb\",\"itemListElement\":[{\"@type\":\"ListItem\",\"position\":1,\"name\":\"Camping Golfe du Morbihan\",\"item\":\"https:\/\/www.camping-baden.com\/de\/\"},{\"@type\":\"ListItem\",\"position\":2,\"name\":\"Entdecken Sie die Halbinsel Rhuys\"}]},{\"@type\":\"WebSite\",\"@id\":\"https:\/\/www.camping-baden.com\/de\/#website\",\"url\":\"https:\/\/www.camping-baden.com\/de\/\",\"name\":\"Man\u00e9 Guernehu\u00e9\",\"description\":\"\",\"publisher\":{\"@id\":\"https:\/\/www.camping-baden.com\/de\/#organization\"},\"potentialAction\":[{\"@type\":\"SearchAction\",\"target\":{\"@type\":\"EntryPoint\",\"urlTemplate\":\"https:\/\/www.camping-baden.com\/de\/?s={search_term_string}\"},\"query-input\":{\"@type\":\"PropertyValueSpecification\",\"valueRequired\":true,\"valueName\":\"search_term_string\"}}],\"inLanguage\":\"de\"},{\"@type\":\"Organization\",\"@id\":\"https:\/\/www.camping-baden.com\/de\/#organization\",\"name\":\"Man\u00e9 Guernehu\u00e9\",\"url\":\"https:\/\/www.camping-baden.com\/de\/\",\"logo\":{\"@type\":\"ImageObject\",\"inLanguage\":\"de\",\"@id\":\"https:\/\/www.camping-baden.com\/de\/#\/schema\/logo\/image\/\",\"url\":\"https:\/\/www.camping-baden.com\/wp-content\/uploads\/2024\/08\/logo-camping-mane-guernehue.png\",\"contentUrl\":\"https:\/\/www.camping-baden.com\/wp-content\/uploads\/2024\/08\/logo-camping-mane-guernehue.png\",\"width\":1000,\"height\":450,\"caption\":\"Man\u00e9 Guernehu\u00e9\"},\"image\":{\"@id\":\"https:\/\/www.camping-baden.com\/de\/#\/schema\/logo\/image\/\"}}]}<\/script>\n<!-- \/ Yoast SEO plugin. -->","yoast_head_json":{"title":"Tourismus auf der Halbinsel Rhuys: S\u00e9n\u00e9, Arzon, Sarzeau","description":"Erkunden Sie die Halbinsel Rhuys im S\u00fcden des Golfs von Morbihan: S\u00e9n\u00e9 und seine K\u00fcstenpfade, Arzon, Port-Navalo und der Hafen von Crouesty und Sarzeau und sein Schloss Suscinio.","robots":{"index":"index","follow":"follow","max-snippet":"max-snippet:-1","max-image-preview":"max-image-preview:large","max-video-preview":"max-video-preview:-1"},"canonical":"https:\/\/www.camping-baden.com\/de\/tourismus-halbinsel-rhuys\/","og_locale":"de_DE","og_type":"article","og_title":"Tourismus auf der Halbinsel Rhuys: S\u00e9n\u00e9, Arzon, Sarzeau","og_description":"Erkunden Sie die Halbinsel Rhuys im S\u00fcden des Golfs von Morbihan: S\u00e9n\u00e9 und seine K\u00fcstenpfade, Arzon, Port-Navalo und der Hafen von Crouesty und Sarzeau und sein Schloss Suscinio.","og_url":"https:\/\/www.camping-baden.com\/de\/tourismus-halbinsel-rhuys\/","og_site_name":"Man\u00e9 Guernehu\u00e9","article_modified_time":"2024-11-06T09:09:50+00:00","og_image":[{"width":2000,"height":1332,"url":"https:\/\/www.camping-baden.com\/wp-content\/uploads\/2024\/10\/arzon-presqu-ile-rhuys-GMVT20@alamoureux_DJI_0056-1.webp","type":"image\/webp"}],"twitter_card":"summary_large_image","twitter_misc":{"Gesch\u00e4tzte Lesezeit":"4\u00a0Minuten"},"schema":{"@context":"https:\/\/schema.org","@graph":[{"@type":"WebPage","@id":"https:\/\/www.camping-baden.com\/de\/tourismus-halbinsel-rhuys\/","url":"https:\/\/www.camping-baden.com\/de\/tourismus-halbinsel-rhuys\/","name":"Tourismus auf der Halbinsel Rhuys: S\u00e9n\u00e9, Arzon, Sarzeau","isPartOf":{"@id":"https:\/\/www.camping-baden.com\/de\/#website"},"primaryImageOfPage":{"@id":"https:\/\/www.camping-baden.com\/de\/tourismus-halbinsel-rhuys\/#primaryimage"},"image":{"@id":"https:\/\/www.camping-baden.com\/de\/tourismus-halbinsel-rhuys\/#primaryimage"},"thumbnailUrl":"https:\/\/www.camping-baden.com\/wp-content\/uploads\/2024\/10\/arzon-presqu-ile-rhuys-GMVT20@alamoureux_DJI_0056-1.webp","datePublished":"2024-09-04T08:32:13+00:00","dateModified":"2024-11-06T09:09:50+00:00","description":"Erkunden Sie die Halbinsel Rhuys im S\u00fcden des Golfs von Morbihan: S\u00e9n\u00e9 und seine K\u00fcstenpfade, Arzon, Port-Navalo und der Hafen von Crouesty und Sarzeau und sein Schloss Suscinio.","breadcrumb":{"@id":"https:\/\/www.camping-baden.com\/de\/tourismus-halbinsel-rhuys\/#breadcrumb"},"inLanguage":"de","potentialAction":[{"@type":"ReadAction","target":["https:\/\/www.camping-baden.com\/de\/tourismus-halbinsel-rhuys\/"]}]},{"@type":"ImageObject","inLanguage":"de","@id":"https:\/\/www.camping-baden.com\/de\/tourismus-halbinsel-rhuys\/#primaryimage","url":"https:\/\/www.camping-baden.com\/wp-content\/uploads\/2024\/10\/arzon-presqu-ile-rhuys-GMVT20@alamoureux_DJI_0056-1.webp","contentUrl":"https:\/\/www.camping-baden.com\/wp-content\/uploads\/2024\/10\/arzon-presqu-ile-rhuys-GMVT20@alamoureux_DJI_0056-1.webp","width":2000,"height":1332,"caption":"Arzon Presqu'ile de Rhuys @ A. Lamoureux Office de Tourisme Golfe du Morbihan"},{"@type":"BreadcrumbList","@id":"https:\/\/www.camping-baden.com\/de\/tourismus-halbinsel-rhuys\/#breadcrumb","itemListElement":[{"@type":"ListItem","position":1,"name":"Camping Golfe du Morbihan","item":"https:\/\/www.camping-baden.com\/de\/"},{"@type":"ListItem","position":2,"name":"Entdecken Sie die Halbinsel Rhuys"}]},{"@type":"WebSite","@id":"https:\/\/www.camping-baden.com\/de\/#website","url":"https:\/\/www.camping-baden.com\/de\/","name":"Man\u00e9 Guernehu\u00e9","description":"","publisher":{"@id":"https:\/\/www.camping-baden.com\/de\/#organization"},"potentialAction":[{"@type":"SearchAction","target":{"@type":"EntryPoint","urlTemplate":"https:\/\/www.camping-baden.com\/de\/?s={search_term_string}"},"query-input":{"@type":"PropertyValueSpecification","valueRequired":true,"valueName":"search_term_string"}}],"inLanguage":"de"},{"@type":"Organization","@id":"https:\/\/www.camping-baden.com\/de\/#organization","name":"Man\u00e9 Guernehu\u00e9","url":"https:\/\/www.camping-baden.com\/de\/","logo":{"@type":"ImageObject","inLanguage":"de","@id":"https:\/\/www.camping-baden.com\/de\/#\/schema\/logo\/image\/","url":"https:\/\/www.camping-baden.com\/wp-content\/uploads\/2024\/08\/logo-camping-mane-guernehue.png","contentUrl":"https:\/\/www.camping-baden.com\/wp-content\/uploads\/2024\/08\/logo-camping-mane-guernehue.png","width":1000,"height":450,"caption":"Man\u00e9 Guernehu\u00e9"},"image":{"@id":"https:\/\/www.camping-baden.com\/de\/#\/schema\/logo\/image\/"}}]}},"_links":{"self":[{"href":"https:\/\/www.camping-baden.com\/de\/wp-json\/wp\/v2\/pages\/11033","targetHints":{"allow":["GET"]}}],"collection":[{"href":"https:\/\/www.camping-baden.com\/de\/wp-json\/wp\/v2\/pages"}],"about":[{"href":"https:\/\/www.camping-baden.com\/de\/wp-json\/wp\/v2\/types\/page"}],"author":[{"embeddable":true,"href":"https:\/\/www.camping-baden.com\/de\/wp-json\/wp\/v2\/users\/1"}],"replies":[{"embeddable":true,"href":"https:\/\/www.camping-baden.com\/de\/wp-json\/wp\/v2\/comments?post=11033"}],"version-history":[{"count":7,"href":"https:\/\/www.camping-baden.com\/de\/wp-json\/wp\/v2\/pages\/11033\/revisions"}],"predecessor-version":[{"id":11588,"href":"https:\/\/www.camping-baden.com\/de\/wp-json\/wp\/v2\/pages\/11033\/revisions\/11588"}],"wp:featuredmedia":[{"embeddable":true,"href":"https:\/\/www.camping-baden.com\/de\/wp-json\/wp\/v2\/media\/7940"}],"wp:attachment":[{"href":"https:\/\/www.camping-baden.com\/de\/wp-json\/wp\/v2\/media?parent=11033"}],"wp:term":[{"taxonomy":"sujet","embeddable":true,"href":"https:\/\/www.camping-baden.com\/de\/wp-json\/wp\/v2\/sujet?post=11033"}],"curies":[{"name":"wp","href":"https:\/\/api.w.org\/{rel}","templated":true}]}}