{"id":11011,"date":"2024-08-26T16:13:49","date_gmt":"2024-08-26T14:13:49","guid":{"rendered":"https:\/\/www.camping-baden.com\/tourismus-gastronomie-markte-lokale-baden\/"},"modified":"2024-11-06T10:07:27","modified_gmt":"2024-11-06T09:07:27","slug":"tourismus-gastronomie-markte-lokale-baden","status":"publish","type":"page","link":"https:\/\/www.camping-baden.com\/de\/tourismus-gastronomie-markte-lokale-baden\/","title":{"rendered":"Lokale Produkte und M\u00e4rkte"},"content":{"rendered":"<section id=\"ls-section-block_3b8f9bfe85286898310be94ec8c9446e\" class=\"ls-section  home-sixth page-one\" >\r\n        <div class=\"container container--full\">\r\n        \n\n<div class=\"wp-block-columns first is-layout-flex wp-container-core-columns-is-layout-9d6595d7 wp-block-columns-is-layout-flex\">\n<div class=\"wp-block-column is-vertically-aligned-top text is-layout-flow wp-block-column-is-layout-flow\">\n<h1 class=\"ls__heading wp-block-heading has-color-1-color has-text-color has-link-color wp-elements-5929388586cbb2ff07dae586cc6c71b9\"><mark style=\"background-color:rgba(0, 0, 0, 0)\" class=\"has-inline-color has-color-2-color\"><strong>Entdecken Sie die bretonische Gastronomie<\/strong> w\u00e4hrend Ihres Aufenthalts in der s\u00fcdlichen Bretagne.<\/mark><\/h1>\n\n\n\n<p class=\"ls-paragraph\">Entdecken Sie die M\u00e4rkte der Region, auf denen sich Geschmack, Farben und D\u00fcfte vermischen, und treffen Sie auf <strong>lokale Handwerker und Produzenten<\/strong>.  <\/p>\n\n\n\n<p class=\"ls-paragraph\">Dies ist die perfekte Gelegenheit, um <strong>bretonische Produkte zu probieren<\/strong> und die <strong>handwerklichen Kreationen<\/strong> zu bewundern. Sie k\u00f6nnen ein St\u00fcck Bretagne als Andenken mit nach Hause nehmen! <\/p>\n\n\n\n<div style=\"height:100px\" aria-hidden=\"true\" class=\"wp-block-spacer\"><\/div>\n\n\n\n<div class=\"ls-on-adore\">\n    \n\n<div id=\"ls-heading ls-titre-div-block_abf6497e879328cda24c48857df4b943\" class=\"ls-titre-div h2-like\" >\n    Wir lieben es<\/div>\n\n\n\n<ul class=\"ls-list ls-list-undefined wp-block-list\">\n<li>Direktverkauf von Fisch in Baden<\/li>\n\n\n\n<li>Der Bauernmarkt in Baden am Freitagabend<\/li>\n\n\n\n<li>Der gro\u00dfe Markt in Auray am Montagmorgen<\/li>\n\n\n\n<li><a href=\"https:\/\/www.camping-baden.com\/de\/tourismus-gastronomie-markte-lokale-baden\/#marches\"><mark style=\"background-color:rgba(0, 0, 0, 0)\" class=\"has-inline-color has-color-2-color\">Die Agenda der M\u00e4rkte<\/mark><\/a><\/li>\n<\/ul>\n\n<\/div><\/div>\n\n\n\n<div class=\"wp-block-column is-vertically-aligned-top is-layout-flow wp-block-column-is-layout-flow\">\n<figure class=\"wp-block-gallery has-nested-images columns-default is-cropped animated fadeIn slow wp-block-gallery-1 is-layout-flex wp-block-gallery-is-layout-flex\">\n<figure class=\"wp-block-image size-full\"><a href=\"https:\/\/www.camping-baden.com\/wp-content\/uploads\/2024\/10\/marches-produits-locaux-Golfe18@alamoureux-4.webp\"><img decoding=\"async\" width=\"1200\" height=\"800\" data-id=\"7768\" src=\"https:\/\/www.camping-baden.com\/wp-content\/uploads\/2024\/10\/marches-produits-locaux-Golfe18@alamoureux-4.webp\" alt=\"M&#xE4;rkte f&#xFC;r lokale Produkte Golfe@alamoureux ()\" class=\"wp-image-7768\" srcset=\"https:\/\/www.camping-baden.com\/wp-content\/uploads\/2024\/10\/marches-produits-locaux-Golfe18@alamoureux-4.webp 1200w, https:\/\/www.camping-baden.com\/wp-content\/uploads\/2024\/10\/marches-produits-locaux-Golfe18@alamoureux-4-300x200.webp 300w, https:\/\/www.camping-baden.com\/wp-content\/uploads\/2024\/10\/marches-produits-locaux-Golfe18@alamoureux-4-1024x683.webp 1024w, https:\/\/www.camping-baden.com\/wp-content\/uploads\/2024\/10\/marches-produits-locaux-Golfe18@alamoureux-4-768x512.webp 768w\" sizes=\"(max-width: 1200px) 100vw, 1200px\" \/><\/a><figcaption class=\"wp-element-caption\">M\u00e4rkte lokale Produkte Golf Morbihan @alamoureux<\/figcaption><\/figure>\n\n\n\n<figure class=\"wp-block-image size-full\"><a href=\"https:\/\/www.camping-baden.com\/wp-content\/uploads\/2024\/10\/marches-produits-locaux-Golfe18@alamoureux-3.webp\"><img decoding=\"async\" width=\"1200\" height=\"800\" data-id=\"7776\" src=\"https:\/\/www.camping-baden.com\/wp-content\/uploads\/2024\/10\/marches-produits-locaux-Golfe18@alamoureux-3.webp\" alt=\"M&#xE4;rkte f&#xFC;r lokale Produkte Golfe@alamoureux ()\" class=\"wp-image-7776\" srcset=\"https:\/\/www.camping-baden.com\/wp-content\/uploads\/2024\/10\/marches-produits-locaux-Golfe18@alamoureux-3.webp 1200w, https:\/\/www.camping-baden.com\/wp-content\/uploads\/2024\/10\/marches-produits-locaux-Golfe18@alamoureux-3-300x200.webp 300w, https:\/\/www.camping-baden.com\/wp-content\/uploads\/2024\/10\/marches-produits-locaux-Golfe18@alamoureux-3-1024x683.webp 1024w, https:\/\/www.camping-baden.com\/wp-content\/uploads\/2024\/10\/marches-produits-locaux-Golfe18@alamoureux-3-768x512.webp 768w\" sizes=\"(max-width: 1200px) 100vw, 1200px\" \/><\/a><figcaption class=\"wp-element-caption\">Tourismus lokale M\u00e4rkte Golfe@alamoureux<\/figcaption><\/figure>\n<\/figure>\n<\/div>\n<\/div>\n\n\r\n    <\/div>\r\n<\/section><section id=\"ls-section-block_efb8bb8d721b3b01974140261dfcd8cb\" class=\"ls-section  home-sixth page-three bis\" >\r\n        <div class=\"container container--full\">\r\n        \n\n<div class=\"wp-block-columns are-vertically-aligned-center first is-layout-flex wp-container-core-columns-is-layout-9d6595d7 wp-block-columns-is-layout-flex\">\n<div class=\"wp-block-column is-vertically-aligned-center is-layout-flow wp-block-column-is-layout-flow\" style=\"flex-basis:55%\">\n<figure class=\"wp-block-gallery has-nested-images columns-default is-cropped animated fadeIn slow wp-block-gallery-2 is-layout-flex wp-block-gallery-is-layout-flex\">\n<figure class=\"wp-block-image size-full\"><a href=\"https:\/\/www.camping-baden.com\/wp-content\/uploads\/2024\/10\/marches-produits-locaux-Golfe18@alamoureux_saint-gildas-de-rhuys_29648874354_o.webp\"><img decoding=\"async\" width=\"1200\" height=\"800\" data-id=\"7780\" src=\"https:\/\/www.camping-baden.com\/wp-content\/uploads\/2024\/10\/marches-produits-locaux-Golfe18@alamoureux_saint-gildas-de-rhuys_29648874354_o.webp\" alt=\"m&#xE4;rkte f&#xFC;r lokale Produkte Golfe@alamoureux saint gildas de rhuys o\" class=\"wp-image-7780\" srcset=\"https:\/\/www.camping-baden.com\/wp-content\/uploads\/2024\/10\/marches-produits-locaux-Golfe18@alamoureux_saint-gildas-de-rhuys_29648874354_o.webp 1200w, https:\/\/www.camping-baden.com\/wp-content\/uploads\/2024\/10\/marches-produits-locaux-Golfe18@alamoureux_saint-gildas-de-rhuys_29648874354_o-300x200.webp 300w, https:\/\/www.camping-baden.com\/wp-content\/uploads\/2024\/10\/marches-produits-locaux-Golfe18@alamoureux_saint-gildas-de-rhuys_29648874354_o-1024x683.webp 1024w, https:\/\/www.camping-baden.com\/wp-content\/uploads\/2024\/10\/marches-produits-locaux-Golfe18@alamoureux_saint-gildas-de-rhuys_29648874354_o-768x512.webp 768w\" sizes=\"(max-width: 1200px) 100vw, 1200px\" \/><\/a><figcaption class=\"wp-element-caption\">m\u00e4rkte lokale produkte Golfe@alamoureux saint gildas de rhuys<\/figcaption><\/figure>\n\n\n\n<figure class=\"wp-block-image size-full\"><a href=\"https:\/\/www.camping-baden.com\/wp-content\/uploads\/2024\/10\/marches-produits-locaux-Golfe18@alamoureux-2.webp\"><img decoding=\"async\" width=\"1200\" height=\"1800\" data-id=\"7808\" src=\"https:\/\/www.camping-baden.com\/wp-content\/uploads\/2024\/10\/marches-produits-locaux-Golfe18@alamoureux-2.webp\" alt=\"M&#xE4;rkte f&#xFC;r lokale Produkte Golfe@alamoureux ()\" class=\"wp-image-7808\" srcset=\"https:\/\/www.camping-baden.com\/wp-content\/uploads\/2024\/10\/marches-produits-locaux-Golfe18@alamoureux-2.webp 1200w, https:\/\/www.camping-baden.com\/wp-content\/uploads\/2024\/10\/marches-produits-locaux-Golfe18@alamoureux-2-200x300.webp 200w, https:\/\/www.camping-baden.com\/wp-content\/uploads\/2024\/10\/marches-produits-locaux-Golfe18@alamoureux-2-683x1024.webp 683w, https:\/\/www.camping-baden.com\/wp-content\/uploads\/2024\/10\/marches-produits-locaux-Golfe18@alamoureux-2-768x1152.webp 768w, https:\/\/www.camping-baden.com\/wp-content\/uploads\/2024\/10\/marches-produits-locaux-Golfe18@alamoureux-2-1024x1536.webp 1024w\" sizes=\"(max-width: 1200px) 100vw, 1200px\" \/><\/a><figcaption class=\"wp-element-caption\">M\u00e4rkte in der N\u00e4he des Campingplatzes Bretagne @GOUNIOT Marie Julie<\/figcaption><\/figure>\n<\/figure>\n<\/div>\n\n\n\n<div class=\"wp-block-column is-vertically-aligned-center text is-layout-flow wp-block-column-is-layout-flow\" style=\"flex-basis:45%\">\n<h2 class=\"ls__heading wp-block-heading has-color-1-color has-text-color has-link-color wp-elements-78fa01fa23cee15bb1127b1d73505223\">M\u00e4rkte, die es in der N\u00e4he des Campingplatzes zu entdecken gibt<\/h2>\n\n\n\n<p class=\"ls-paragraph\">Erfreuen Sie Ihre Augen und Ihren Gaumen auf den M\u00e4rkten in der N\u00e4he des Campingplatzes im <a href=\"https:\/\/www.camping-baden.com\/de\/\">Golf von Morbihan<\/a>, von<strong>Auray<\/strong> bis <strong>Vannes<\/strong>, \u00fcber <strong>Le Bono<\/strong>, <strong>Baden<\/strong> und <strong>Larmor-Baden<\/strong>.<\/p>\n\n\n\n<p class=\"ls-paragraph\">  Die Region bietet eine <strong>reiche und vielf\u00e4ltige gastronomische Palette<\/strong>, die die<strong> Gro\u00dfz\u00fcgigkeit des Landes und des Wassers<\/strong> widerspiegelt.  <\/p>\n\n\n\n<p class=\"ls-paragraph\"><strong> Meeresfr\u00fcchte<\/strong> stehen hier neben <strong>traditionellen bretonischen Gerichten<\/strong> und lokalen S\u00fc\u00dfigkeiten an erster Stelle. Ob Sie nun Fisch, Meeresfr\u00fcchte oder bretonisches Geb\u00e4ck m\u00f6gen, in dieser au\u00dfergew\u00f6hnlichen Region finden Sie alles, was Ihr Gaumen begehrt. <\/p>\n<\/div>\n<\/div>\n\n\r\n    <\/div>\r\n<\/section><section id=\"ls-section-block_ba84d4ed8192f20f6530053cb780f9f4\" class=\"ls-section  page-two page-vague has-background has-color-4-background-color\" >\r\n        <div class=\"container container--full\">\r\n        \n\n<div class=\"wp-block-columns first is-layout-flex wp-container-core-columns-is-layout-9d6595d7 wp-block-columns-is-layout-flex\">\n<div class=\"wp-block-column is-layout-flow wp-block-column-is-layout-flow\" style=\"flex-basis:100%\">\n<div class=\"icone\"><i class=\"mane-g\"><\/i><\/div>\n\n\n\n<h2 class=\"ls__heading wp-block-heading has-text-align-center has-color-1-color has-text-color has-link-color wp-elements-20a615adcdd09ebb37c604b84336ee43\">Produzenten und Austernz\u00fcchter in Baden und Larmor-Baden<\/h2>\n\n\n\n<div class=\"wp-block-columns is-layout-flex wp-container-core-columns-is-layout-9d6595d7 wp-block-columns-is-layout-flex\">\n<div class=\"wp-block-column is-layout-flow wp-block-column-is-layout-flow\">\n<h3 class=\"ls__heading wp-block-heading\"><mark style=\"background-color:rgba(0, 0, 0, 0)\" class=\"has-inline-color has-color-1-color\">Bretonische Leckereien auf den M\u00e4rkten von Baden und Larmor-Baden  <\/mark><\/h3>\n\n\n\n<p class=\"ls-paragraph\">Auf den <a href=\"https:\/\/www.baden.fr\/decouvrir-baden\/les-marches\/\" target=\"_blank\" rel=\"noreferrer noopener\">M\u00e4rkten von Baden<\/a> und <a href=\"https:\/\/www.golfedumorbihan.bzh\/explorer-vannes\/gastronomie-vannes\/marches\/marche-de-larmor-baden\/\" target=\"_blank\" rel=\"noreferrer noopener\">Larmor-Baden<\/a> finden Sie die Produkte der zahlreichen <strong>lokalen Handwerker und Produzenten<\/strong>: Cr\u00eapes und Galettes, Cidre, bretonisches Geb\u00e4ck, Karamell mit gesalzener Butter&#8230;<\/p>\n\n\n\n<p class=\"ls-paragraph\">F\u00fcr die Feinschmecker unter Ihnen gibt es eine Auswahl an lokalen Spezialit\u00e4ten.<strong> <\/strong><\/p>\n<\/div>\n\n\n\n<div class=\"wp-block-column is-layout-flow wp-block-column-is-layout-flow\">\n<h3 class=\"ls__heading wp-block-heading has-color-1-color has-text-color has-link-color wp-elements-e96cf89217ebcc0c257ce5f45bd35c88\">Direktverkauf von frischen und lokalen Produkten in Baden<\/h3>\n\n\n\n<div class=\"ls-lire-plus\">\n    <input id=\"ls-lire-plus-block_50af4e0f23c832fd1f65165b08279aa369ef9440cc211\" type=\"checkbox\" class=\"ls-lire-plus__toggle\" \/>\n    <label for=\"ls-lire-plus-block_50af4e0f23c832fd1f65165b08279aa369ef9440cc211\" class=\"ls-lire-plus__toggle-label\">\n        <div>\n            <span>\n                Lesen Sie mehr            <\/span>\n            <i class=\"mane-fleche\"><\/i>\n        <\/div>\n        <div>\n            <span>\n                Lesen Sie mehr            <\/span>\n            <i class=\"mane-fleche\"><\/i>\n        <\/div>\n    <\/label>\n    <div class=\"ls-lire-plus__content\">\n        \n\n<p class=\"ls-paragraph\">In Baden, ZA de Toulbroch, k\u00f6nnen Sie <strong>frischen Fisch<\/strong>, <strong>Muscheln und Krustentiere<\/strong><strong>direkt aus Quiberon<\/strong> kaufen.  <\/p>\n\n\n\n<p class=\"ls-paragraph\">Die Austernz\u00fcchter von Baden und Larmor-Baden bieten vor Ort <strong>Austern und Muscheln zur Verkostung <\/strong>an: Maheo, Au Rythme des Mar\u00e9es, Les hu\u00eetres du Guern, Le Gouguec &#8230;  <\/p>\n\n\n\n<p class=\"ls-paragraph\">Probieren Sie die <strong>lokalen bretonischen K\u00e4sesorten<\/strong> in der Fromagerie de la Mer in Baden, essen Sie Obst und Gem\u00fcse von den <strong>lokalen Gem\u00fcsebauern<\/strong>, L&#8217;Oasis de Baden, Betty&#8217;s Garten und Les P&#8217;tits fruits du Man\u00e9guen.<\/p>\n\n\n\n<p class=\"ls-paragraph\">In Ma\u00dfen zu genie\u00dfen: der lokale Rum aus Plougoumelen Casa Punch, die handwerklich gebrauten Biere von Kerblei und der Apfelwein aus Colpo in der Cidrerie des Terroirs.<\/p>\n\n\n\n<p class=\"ls-paragraph\">Diese <strong>Direktverk\u00e4ufe <\/strong>bieten die Gelegenheit,<strong> gute und frische Produkte zu probieren<\/strong> und <strong>Rezepte und Tipps<\/strong> f\u00fcr die Zubereitung zu sammeln.  <\/p>\n\n        <div class=\"ls-lire-plus__gradient\" style=\"background: linear-gradient(to bottom,rgba(238,240,243,0) 0%,rgba(238,240,243,1) 100%);\"><\/div>\n    <\/div>\n<\/div><\/div>\n<\/div>\n<\/div>\n<\/div>\n\n\n\n<figure class=\"wp-block-gallery has-nested-images columns-default is-cropped wp-block-gallery-3 is-layout-flex wp-block-gallery-is-layout-flex\">\n<figure class=\"wp-block-image size-full animated fadeIn slow\"><a href=\"https:\/\/www.camping-baden.com\/wp-content\/uploads\/2024\/10\/marches-produits-locaux-Golfe18@alamoureux-5.webp\"><img decoding=\"async\" width=\"1200\" height=\"800\" data-id=\"7785\" src=\"https:\/\/www.camping-baden.com\/wp-content\/uploads\/2024\/10\/marches-produits-locaux-Golfe18@alamoureux-5.webp\" alt=\"M&#xE4;rkte f&#xFC;r lokale Produkte Golfe@alamoureux ()\" class=\"wp-image-7785\" srcset=\"https:\/\/www.camping-baden.com\/wp-content\/uploads\/2024\/10\/marches-produits-locaux-Golfe18@alamoureux-5.webp 1200w, https:\/\/www.camping-baden.com\/wp-content\/uploads\/2024\/10\/marches-produits-locaux-Golfe18@alamoureux-5-300x200.webp 300w, https:\/\/www.camping-baden.com\/wp-content\/uploads\/2024\/10\/marches-produits-locaux-Golfe18@alamoureux-5-1024x683.webp 1024w, https:\/\/www.camping-baden.com\/wp-content\/uploads\/2024\/10\/marches-produits-locaux-Golfe18@alamoureux-5-768x512.webp 768w\" sizes=\"(max-width: 1200px) 100vw, 1200px\" \/><\/a><figcaption class=\"wp-element-caption\">M\u00e4rkte lokale Produkte Golfe@alamoureux<\/figcaption><\/figure>\n\n\n\n<figure class=\"wp-block-image size-full\"><a href=\"https:\/\/www.camping-baden.com\/wp-content\/uploads\/2024\/10\/crtb-ab9001_GOUNIOT-Marie-Julie-1.webp\"><img decoding=\"async\" width=\"1200\" height=\"800\" data-id=\"7803\" src=\"https:\/\/www.camping-baden.com\/wp-content\/uploads\/2024\/10\/crtb-ab9001_GOUNIOT-Marie-Julie-1.webp\" alt=\"crtb ab GOUNIOT Marie Julie\" class=\"wp-image-7803\" srcset=\"https:\/\/www.camping-baden.com\/wp-content\/uploads\/2024\/10\/crtb-ab9001_GOUNIOT-Marie-Julie-1.webp 1200w, https:\/\/www.camping-baden.com\/wp-content\/uploads\/2024\/10\/crtb-ab9001_GOUNIOT-Marie-Julie-1-300x200.webp 300w, https:\/\/www.camping-baden.com\/wp-content\/uploads\/2024\/10\/crtb-ab9001_GOUNIOT-Marie-Julie-1-1024x683.webp 1024w, https:\/\/www.camping-baden.com\/wp-content\/uploads\/2024\/10\/crtb-ab9001_GOUNIOT-Marie-Julie-1-768x512.webp 768w\" sizes=\"(max-width: 1200px) 100vw, 1200px\" \/><\/a><figcaption class=\"wp-element-caption\">Meeresfr\u00fcchtem\u00e4rkte in der Bretagne @GOUNIOT Marie Julie<\/figcaption><\/figure>\n\n\n\n<figure class=\"wp-block-image size-full\"><a href=\"https:\/\/www.camping-baden.com\/wp-content\/uploads\/2024\/10\/marches-produits-locaux-Golfe18@alamoureux-6.webp\"><img decoding=\"async\" width=\"1200\" height=\"800\" data-id=\"7789\" src=\"https:\/\/www.camping-baden.com\/wp-content\/uploads\/2024\/10\/marches-produits-locaux-Golfe18@alamoureux-6.webp\" alt=\"M&#xE4;rkte f&#xFC;r lokale Produkte Golfe@alamoureux ()\" class=\"wp-image-7789\" srcset=\"https:\/\/www.camping-baden.com\/wp-content\/uploads\/2024\/10\/marches-produits-locaux-Golfe18@alamoureux-6.webp 1200w, https:\/\/www.camping-baden.com\/wp-content\/uploads\/2024\/10\/marches-produits-locaux-Golfe18@alamoureux-6-300x200.webp 300w, https:\/\/www.camping-baden.com\/wp-content\/uploads\/2024\/10\/marches-produits-locaux-Golfe18@alamoureux-6-1024x683.webp 1024w, https:\/\/www.camping-baden.com\/wp-content\/uploads\/2024\/10\/marches-produits-locaux-Golfe18@alamoureux-6-768x512.webp 768w\" sizes=\"(max-width: 1200px) 100vw, 1200px\" \/><\/a><figcaption class=\"wp-element-caption\">M\u00e4rkte lokale Produkte Golfe@alamoureux<\/figcaption><\/figure>\n<\/figure>\n\n\r\n    <\/div>\r\n<\/section><section id=\"marches\" class=\"ls-section  page-two page-vague-alt has-background has-color-6-background-color has-m-t m-t-0 has-m-b m-b-10 has-p-t p-t-7\" >\r\n        <div class=\"container \">\r\n        \n\n<h2 class=\"ls__heading wp-block-heading has-text-align-center has-color-2-color has-text-color has-link-color wp-elements-07e347f55a9f12ce303b540e77a72f68\">Praktische Informationen f\u00fcr den Genuss der lokalen Gastronomie w\u00e4hrend Ihres Aufenthalts in Baden<\/h2>\n\n\n\n<p class=\"ls-paragraph has-text-align-center\">Die M\u00e4rkte im Morbihan rund um Baden bieten Ihnen die M\u00f6glichkeit, in<strong> die lokale Kultur einzutauchen<\/strong>. Entdecken Sie am Montagmorgen den <strong>gro\u00dfen Markt in Auray<\/strong> mit seinen regionalen Produkten und seiner freundlichen Atmosph\u00e4re. Der <strong>Markt von Vannes<\/strong> findet mittwochs und samstags im Herzen des historischen Zentrums statt, in der N\u00e4he der Stadtmauer und der <strong>Markthallen<\/strong>, die ebenfalls einen Besuch wert sind. Die <strong>M\u00e4rkte<\/strong> in <strong>Le Bono und Baden<\/strong> sind intimer und authentischer. Hier finden Sie frische und handwerklich hergestellte Produkte, die perfekt sind, um die bretonischen Aromen zu probieren.   <br\/><\/p>\n\n\n\n<table id=\"tablepress-1\" class=\"tablepress tablepress-id-1\">\n<tbody>\n<tr class=\"row-1\">\n\t<td class=\"column-1\">Tag<\/td><td class=\"column-2\">Stadt<\/td><td class=\"column-3\">\u00d6ffnungszeiten<\/td>\n<\/tr>\n<tr class=\"row-2\">\n\t<td class=\"column-1\">Montag<\/td><td class=\"column-2\">Auray<\/td><td class=\"column-3\">8:00-14:30 Uhr<\/td>\n<\/tr>\n<tr class=\"row-3\">\n\t<td class=\"column-1\">Dienstag<\/td><td class=\"column-2\">Arradon<br \/>\nLa Trinit\u00e9-sur-Mer<\/td><td class=\"column-3\">8:30-13:30 Uhr<br \/>\n8:00-13:00 Uhr<\/td>\n<\/tr>\n<tr class=\"row-4\">\n\t<td class=\"column-1\">Mittwoch<\/td><td class=\"column-2\">Vannes<br \/>\nCarnac<br \/>\nLarmor-Baden<br \/>\nBaden<\/td><td class=\"column-3\">8:00-13:00 Uhr<br \/>\n8:30-14:00 Uhr<br \/>\n8:00-13:00 Uhr<br \/>\n14:00-20:00 Uhr<\/td>\n<\/tr>\n<tr class=\"row-5\">\n\t<td class=\"column-1\">Donnerstag<\/td><td class=\"column-2\">Le Bono<br \/>\nBio-Markt Auray<br \/>\nLarmor-Baden<br \/>\nCarnac<\/td><td class=\"column-3\">8:00-13:00 Uhr<br \/>\n17:00-20:00 Uhr<br \/>\n19:00-23:00 Uhr<br \/>\n18:00-23:00 Uhr<\/td>\n<\/tr>\n<tr class=\"row-6\">\n\t<td class=\"column-1\">Freitag<\/td><td class=\"column-2\">Arradon<br \/>\nLa Trinit\u00e9-sur-Mer<br \/>\nAuray<br \/>\nBaden<\/td><td class=\"column-3\">8:30-13:00 Uhr<br \/>\n8:00-13:00 Uhr<br \/>\n8:00-12:30 Uhr<br \/>\n16:30-19:30 Uhr<\/td>\n<\/tr>\n<tr class=\"row-7\">\n\t<td class=\"column-1\">Samstag<\/td><td class=\"column-2\">Le Bono<br \/>\nVannes<\/td><td class=\"column-3\">8:00-13:00 Uhr<br \/>\n8:00-13:00 Uhr<\/td>\n<\/tr>\n<tr class=\"row-8\">\n\t<td class=\"column-1\">Sonntag<\/td><td class=\"column-2\">Carnac<br \/>\nLarmor-Baden<\/td><td class=\"column-3\">8:30-14:00 Uhr<br \/>\n8:30-13:00 Uhr<\/td>\n<\/tr>\n<\/tbody>\n<\/table>\n\n\n\n\n<div class=\"wp-block-columns first is-layout-flex wp-container-core-columns-is-layout-9d6595d7 wp-block-columns-is-layout-flex\">\n<div class=\"wp-block-column text is-layout-flow wp-block-column-is-layout-flow\">\n<ul class=\"ls-list ls-list-undefined wp-block-list\">\n<li><a href=\"https:\/\/morbihan.com\/\" target=\"_blank\" rel=\"noreferrer noopener\">Departementaler Ausschuss f\u00fcr Tourismus Morbihan<\/a><\/li>\n\n\n\n<li><a href=\"https:\/\/www.tourismebretagne.com\/\" target=\"_blank\" rel=\"noreferrer noopener\">Offizielle Website des Tourismus in der Bretagne<\/a><\/li>\n<\/ul>\n<\/div>\n<\/div>\n\n\r\n    <\/div>\r\n<\/section><section id=\"ls-section-block_fe63065c8573b70f8d345a7be68c0ab3\" class=\"ls-section  page-cta\" >\r\n        <div class=\"container container--wide\">\r\n        \n\n<div id=\"ls-heading ls-titre-div-block_8912e0a4626a685b5d8809c456c3ebdd\" class=\"ls-titre-div aligncenter h1-like has-text-color has-color-2-color\" >\n    Entdecken Sie <em>die Umgebung<\/em><\/div>\n\n\n\n<div id=\"ls-maillage-block_e74eaaf022b7139e1d065454a37716da\" class=\"ls-maillage animated fadeIn slow cta-style-normal\" data-rows=\"3\">\n\n    <div class=\"wp-block-columns\"><div class=\"wp-block-column\">\n\n<a href=\"https:\/\/www.camping-baden.com\/de\/restaurantangebot-baden\/\" target=\"\" rel=\"noopener\" class=\"ls-cta__link\" data-categ=\"\">\n\t<div class=\"ls-cta__image\"><img decoding=\"async\" src=\"https:\/\/www.camping-baden.com\/wp-content\/uploads\/2025\/10\/2024-restaurant-terrasse-vignette-1000px-1164px-min.jpg\" alt=\"Restaurant auf der Terrasse mit Blick auf den Pool\"><\/div>\n\t<div class=\"ls-cta__title\">\n\t\tRestaurant\t\t<i class=\"mane-fleche\"><\/i>\n\t<\/div>\n\n\t\n\t<\/a><\/div><div class=\"wp-block-column\">\n\n<a href=\"https:\/\/www.camping-baden.com\/de\/tourismus-auray\/\" target=\"\" rel=\"noopener\" class=\"ls-cta__link\" data-categ=\"\">\n\t<div class=\"ls-cta__image\"><img decoding=\"async\" src=\"https:\/\/www.camping-baden.com\/wp-content\/uploads\/2024\/10\/auray-port-saint-goustan.webp\" alt=\"auray port saint goustan\"><\/div>\n\t<div class=\"ls-cta__title\">\n\t\tAuray und Saint-Goustan\t\t<i class=\"mane-fleche\"><\/i>\n\t<\/div>\n\n\t\n\t<\/a><\/div><div class=\"wp-block-column\">\n\n<a href=\"https:\/\/www.camping-baden.com\/de\/tourismus-baden-larmor-baden\/\" target=\"\" rel=\"noopener\" class=\"ls-cta__link\" data-categ=\"\">\n\t<div class=\"ls-cta__image\"><img decoding=\"async\" src=\"https:\/\/www.camping-baden.com\/wp-content\/uploads\/2024\/10\/sept-iles-larmor-baden-alamoureux@OTGolfe17_DRN_0567-1.webp\" alt=\"sieben Inseln larmor baden alamoureux@OTGolfe DRN\"><\/div>\n\t<div class=\"ls-cta__title\">\n\t\tBaden und Larmor Baden\t\t<i class=\"mane-fleche\"><\/i>\n\t<\/div>\n\n\t\n\t<\/a><\/div><\/div>\n<\/div>\n\r\n    <\/div>\r\n<\/section>","protected":false},"excerpt":{"rendered":"","protected":false},"author":1,"featured_media":7802,"parent":0,"menu_order":0,"comment_status":"closed","ping_status":"closed","template":"","meta":{"_acf_changed":false,"footnotes":""},"sujet":[],"class_list":["post-11011","page","type-page","status-publish","has-post-thumbnail","hentry"],"acf":[],"yoast_head":"<!-- This site is optimized with the Yoast SEO plugin v25.3 - https:\/\/yoast.com\/wordpress\/plugins\/seo\/ -->\n<title>Bretonische Gastronomie: Entdecken Sie Produkte und M\u00e4rkte<\/title>\n<meta name=\"description\" content=\"Genie\u00dfen Sie die bretonische Gastronomie w\u00e4hrend Ihres Campingurlaubs im Morbihan! Cr\u00eapes, Galettes und Meeresfr\u00fcchte erwarten Sie auf den Bauernm\u00e4rkten.\" \/>\n<meta name=\"robots\" content=\"index, follow, max-snippet:-1, max-image-preview:large, max-video-preview:-1\" \/>\n<link rel=\"canonical\" href=\"https:\/\/www.camping-baden.com\/de\/tourismus-gastronomie-markte-lokale-baden\/\" \/>\n<meta property=\"og:locale\" content=\"de_DE\" \/>\n<meta property=\"og:type\" content=\"article\" \/>\n<meta property=\"og:title\" content=\"Bretonische Gastronomie: Entdecken Sie Produkte und M\u00e4rkte\" \/>\n<meta property=\"og:description\" content=\"Genie\u00dfen Sie die bretonische Gastronomie w\u00e4hrend Ihres Campingurlaubs im Morbihan! Cr\u00eapes, Galettes und Meeresfr\u00fcchte erwarten Sie auf den Bauernm\u00e4rkten.\" \/>\n<meta property=\"og:url\" content=\"https:\/\/www.camping-baden.com\/de\/tourismus-gastronomie-markte-lokale-baden\/\" \/>\n<meta property=\"og:site_name\" content=\"Man\u00e9 Guernehu\u00e9\" \/>\n<meta property=\"article:modified_time\" content=\"2024-11-06T09:07:27+00:00\" \/>\n<meta property=\"og:image\" content=\"https:\/\/www.camping-baden.com\/wp-content\/uploads\/2024\/10\/le-tour-du-parc_marches-produits-locaux-Golfe18@alamoureux-30165663652_o.webp\" \/>\n\t<meta property=\"og:image:width\" content=\"2000\" \/>\n\t<meta property=\"og:image:height\" content=\"1333\" \/>\n\t<meta property=\"og:image:type\" content=\"image\/webp\" \/>\n<meta name=\"twitter:card\" content=\"summary_large_image\" \/>\n<meta name=\"twitter:label1\" content=\"Gesch\u00e4tzte Lesezeit\" \/>\n\t<meta name=\"twitter:data1\" content=\"3\u00a0Minuten\" \/>\n<script type=\"application\/ld+json\" class=\"yoast-schema-graph\">{\"@context\":\"https:\/\/schema.org\",\"@graph\":[{\"@type\":\"WebPage\",\"@id\":\"https:\/\/www.camping-baden.com\/de\/tourismus-gastronomie-markte-lokale-baden\/\",\"url\":\"https:\/\/www.camping-baden.com\/de\/tourismus-gastronomie-markte-lokale-baden\/\",\"name\":\"Bretonische Gastronomie: Entdecken Sie Produkte und M\u00e4rkte\",\"isPartOf\":{\"@id\":\"https:\/\/www.camping-baden.com\/de\/#website\"},\"primaryImageOfPage\":{\"@id\":\"https:\/\/www.camping-baden.com\/de\/tourismus-gastronomie-markte-lokale-baden\/#primaryimage\"},\"image\":{\"@id\":\"https:\/\/www.camping-baden.com\/de\/tourismus-gastronomie-markte-lokale-baden\/#primaryimage\"},\"thumbnailUrl\":\"https:\/\/www.camping-baden.com\/wp-content\/uploads\/2024\/10\/le-tour-du-parc_marches-produits-locaux-Golfe18@alamoureux-30165663652_o.webp\",\"datePublished\":\"2024-08-26T14:13:49+00:00\",\"dateModified\":\"2024-11-06T09:07:27+00:00\",\"description\":\"Genie\u00dfen Sie die bretonische Gastronomie w\u00e4hrend Ihres Campingurlaubs im Morbihan! Cr\u00eapes, Galettes und Meeresfr\u00fcchte erwarten Sie auf den Bauernm\u00e4rkten.\",\"breadcrumb\":{\"@id\":\"https:\/\/www.camping-baden.com\/de\/tourismus-gastronomie-markte-lokale-baden\/#breadcrumb\"},\"inLanguage\":\"de\",\"potentialAction\":[{\"@type\":\"ReadAction\",\"target\":[\"https:\/\/www.camping-baden.com\/de\/tourismus-gastronomie-markte-lokale-baden\/\"]}]},{\"@type\":\"ImageObject\",\"inLanguage\":\"de\",\"@id\":\"https:\/\/www.camping-baden.com\/de\/tourismus-gastronomie-markte-lokale-baden\/#primaryimage\",\"url\":\"https:\/\/www.camping-baden.com\/wp-content\/uploads\/2024\/10\/le-tour-du-parc_marches-produits-locaux-Golfe18@alamoureux-30165663652_o.webp\",\"contentUrl\":\"https:\/\/www.camping-baden.com\/wp-content\/uploads\/2024\/10\/le-tour-du-parc_marches-produits-locaux-Golfe18@alamoureux-30165663652_o.webp\",\"width\":2000,\"height\":1333,\"caption\":\"Ostr\u00e9iculteur @ A. Lamoureux Office de Tourisme Golfe du Morbihan\"},{\"@type\":\"BreadcrumbList\",\"@id\":\"https:\/\/www.camping-baden.com\/de\/tourismus-gastronomie-markte-lokale-baden\/#breadcrumb\",\"itemListElement\":[{\"@type\":\"ListItem\",\"position\":1,\"name\":\"Camping Golfe du Morbihan\",\"item\":\"https:\/\/www.camping-baden.com\/de\/\"},{\"@type\":\"ListItem\",\"position\":2,\"name\":\"Entdecken Sie die bretonischen Produkte und M\u00e4rkte\"}]},{\"@type\":\"WebSite\",\"@id\":\"https:\/\/www.camping-baden.com\/de\/#website\",\"url\":\"https:\/\/www.camping-baden.com\/de\/\",\"name\":\"Man\u00e9 Guernehu\u00e9\",\"description\":\"\",\"publisher\":{\"@id\":\"https:\/\/www.camping-baden.com\/de\/#organization\"},\"potentialAction\":[{\"@type\":\"SearchAction\",\"target\":{\"@type\":\"EntryPoint\",\"urlTemplate\":\"https:\/\/www.camping-baden.com\/de\/?s={search_term_string}\"},\"query-input\":{\"@type\":\"PropertyValueSpecification\",\"valueRequired\":true,\"valueName\":\"search_term_string\"}}],\"inLanguage\":\"de\"},{\"@type\":\"Organization\",\"@id\":\"https:\/\/www.camping-baden.com\/de\/#organization\",\"name\":\"Man\u00e9 Guernehu\u00e9\",\"url\":\"https:\/\/www.camping-baden.com\/de\/\",\"logo\":{\"@type\":\"ImageObject\",\"inLanguage\":\"de\",\"@id\":\"https:\/\/www.camping-baden.com\/de\/#\/schema\/logo\/image\/\",\"url\":\"https:\/\/www.camping-baden.com\/wp-content\/uploads\/2024\/08\/logo-camping-mane-guernehue.png\",\"contentUrl\":\"https:\/\/www.camping-baden.com\/wp-content\/uploads\/2024\/08\/logo-camping-mane-guernehue.png\",\"width\":1000,\"height\":450,\"caption\":\"Man\u00e9 Guernehu\u00e9\"},\"image\":{\"@id\":\"https:\/\/www.camping-baden.com\/de\/#\/schema\/logo\/image\/\"}}]}<\/script>\n<!-- \/ Yoast SEO plugin. -->","yoast_head_json":{"title":"Bretonische Gastronomie: Entdecken Sie Produkte und M\u00e4rkte","description":"Genie\u00dfen Sie die bretonische Gastronomie w\u00e4hrend Ihres Campingurlaubs im Morbihan! Cr\u00eapes, Galettes und Meeresfr\u00fcchte erwarten Sie auf den Bauernm\u00e4rkten.","robots":{"index":"index","follow":"follow","max-snippet":"max-snippet:-1","max-image-preview":"max-image-preview:large","max-video-preview":"max-video-preview:-1"},"canonical":"https:\/\/www.camping-baden.com\/de\/tourismus-gastronomie-markte-lokale-baden\/","og_locale":"de_DE","og_type":"article","og_title":"Bretonische Gastronomie: Entdecken Sie Produkte und M\u00e4rkte","og_description":"Genie\u00dfen Sie die bretonische Gastronomie w\u00e4hrend Ihres Campingurlaubs im Morbihan! Cr\u00eapes, Galettes und Meeresfr\u00fcchte erwarten Sie auf den Bauernm\u00e4rkten.","og_url":"https:\/\/www.camping-baden.com\/de\/tourismus-gastronomie-markte-lokale-baden\/","og_site_name":"Man\u00e9 Guernehu\u00e9","article_modified_time":"2024-11-06T09:07:27+00:00","og_image":[{"width":2000,"height":1333,"url":"https:\/\/www.camping-baden.com\/wp-content\/uploads\/2024\/10\/le-tour-du-parc_marches-produits-locaux-Golfe18@alamoureux-30165663652_o.webp","type":"image\/webp"}],"twitter_card":"summary_large_image","twitter_misc":{"Gesch\u00e4tzte Lesezeit":"3\u00a0Minuten"},"schema":{"@context":"https:\/\/schema.org","@graph":[{"@type":"WebPage","@id":"https:\/\/www.camping-baden.com\/de\/tourismus-gastronomie-markte-lokale-baden\/","url":"https:\/\/www.camping-baden.com\/de\/tourismus-gastronomie-markte-lokale-baden\/","name":"Bretonische Gastronomie: Entdecken Sie Produkte und M\u00e4rkte","isPartOf":{"@id":"https:\/\/www.camping-baden.com\/de\/#website"},"primaryImageOfPage":{"@id":"https:\/\/www.camping-baden.com\/de\/tourismus-gastronomie-markte-lokale-baden\/#primaryimage"},"image":{"@id":"https:\/\/www.camping-baden.com\/de\/tourismus-gastronomie-markte-lokale-baden\/#primaryimage"},"thumbnailUrl":"https:\/\/www.camping-baden.com\/wp-content\/uploads\/2024\/10\/le-tour-du-parc_marches-produits-locaux-Golfe18@alamoureux-30165663652_o.webp","datePublished":"2024-08-26T14:13:49+00:00","dateModified":"2024-11-06T09:07:27+00:00","description":"Genie\u00dfen Sie die bretonische Gastronomie w\u00e4hrend Ihres Campingurlaubs im Morbihan! Cr\u00eapes, Galettes und Meeresfr\u00fcchte erwarten Sie auf den Bauernm\u00e4rkten.","breadcrumb":{"@id":"https:\/\/www.camping-baden.com\/de\/tourismus-gastronomie-markte-lokale-baden\/#breadcrumb"},"inLanguage":"de","potentialAction":[{"@type":"ReadAction","target":["https:\/\/www.camping-baden.com\/de\/tourismus-gastronomie-markte-lokale-baden\/"]}]},{"@type":"ImageObject","inLanguage":"de","@id":"https:\/\/www.camping-baden.com\/de\/tourismus-gastronomie-markte-lokale-baden\/#primaryimage","url":"https:\/\/www.camping-baden.com\/wp-content\/uploads\/2024\/10\/le-tour-du-parc_marches-produits-locaux-Golfe18@alamoureux-30165663652_o.webp","contentUrl":"https:\/\/www.camping-baden.com\/wp-content\/uploads\/2024\/10\/le-tour-du-parc_marches-produits-locaux-Golfe18@alamoureux-30165663652_o.webp","width":2000,"height":1333,"caption":"Ostr\u00e9iculteur @ A. Lamoureux Office de Tourisme Golfe du Morbihan"},{"@type":"BreadcrumbList","@id":"https:\/\/www.camping-baden.com\/de\/tourismus-gastronomie-markte-lokale-baden\/#breadcrumb","itemListElement":[{"@type":"ListItem","position":1,"name":"Camping Golfe du Morbihan","item":"https:\/\/www.camping-baden.com\/de\/"},{"@type":"ListItem","position":2,"name":"Entdecken Sie die bretonischen Produkte und M\u00e4rkte"}]},{"@type":"WebSite","@id":"https:\/\/www.camping-baden.com\/de\/#website","url":"https:\/\/www.camping-baden.com\/de\/","name":"Man\u00e9 Guernehu\u00e9","description":"","publisher":{"@id":"https:\/\/www.camping-baden.com\/de\/#organization"},"potentialAction":[{"@type":"SearchAction","target":{"@type":"EntryPoint","urlTemplate":"https:\/\/www.camping-baden.com\/de\/?s={search_term_string}"},"query-input":{"@type":"PropertyValueSpecification","valueRequired":true,"valueName":"search_term_string"}}],"inLanguage":"de"},{"@type":"Organization","@id":"https:\/\/www.camping-baden.com\/de\/#organization","name":"Man\u00e9 Guernehu\u00e9","url":"https:\/\/www.camping-baden.com\/de\/","logo":{"@type":"ImageObject","inLanguage":"de","@id":"https:\/\/www.camping-baden.com\/de\/#\/schema\/logo\/image\/","url":"https:\/\/www.camping-baden.com\/wp-content\/uploads\/2024\/08\/logo-camping-mane-guernehue.png","contentUrl":"https:\/\/www.camping-baden.com\/wp-content\/uploads\/2024\/08\/logo-camping-mane-guernehue.png","width":1000,"height":450,"caption":"Man\u00e9 Guernehu\u00e9"},"image":{"@id":"https:\/\/www.camping-baden.com\/de\/#\/schema\/logo\/image\/"}}]}},"_links":{"self":[{"href":"https:\/\/www.camping-baden.com\/de\/wp-json\/wp\/v2\/pages\/11011","targetHints":{"allow":["GET"]}}],"collection":[{"href":"https:\/\/www.camping-baden.com\/de\/wp-json\/wp\/v2\/pages"}],"about":[{"href":"https:\/\/www.camping-baden.com\/de\/wp-json\/wp\/v2\/types\/page"}],"author":[{"embeddable":true,"href":"https:\/\/www.camping-baden.com\/de\/wp-json\/wp\/v2\/users\/1"}],"replies":[{"embeddable":true,"href":"https:\/\/www.camping-baden.com\/de\/wp-json\/wp\/v2\/comments?post=11011"}],"version-history":[{"count":2,"href":"https:\/\/www.camping-baden.com\/de\/wp-json\/wp\/v2\/pages\/11011\/revisions"}],"predecessor-version":[{"id":11577,"href":"https:\/\/www.camping-baden.com\/de\/wp-json\/wp\/v2\/pages\/11011\/revisions\/11577"}],"wp:featuredmedia":[{"embeddable":true,"href":"https:\/\/www.camping-baden.com\/de\/wp-json\/wp\/v2\/media\/7802"}],"wp:attachment":[{"href":"https:\/\/www.camping-baden.com\/de\/wp-json\/wp\/v2\/media?parent=11011"}],"wp:term":[{"taxonomy":"sujet","embeddable":true,"href":"https:\/\/www.camping-baden.com\/de\/wp-json\/wp\/v2\/sujet?post=11011"}],"curies":[{"name":"wp","href":"https:\/\/api.w.org\/{rel}","templated":true}]}}